{"id":1848,"date":"2018-01-29T11:53:10","date_gmt":"2018-01-29T10:53:10","guid":{"rendered":"https:\/\/www.denhandwierker.lu\/realizacoes\/"},"modified":"2024-11-09T13:36:58","modified_gmt":"2024-11-09T12:36:58","slug":"realizacoes","status":"publish","type":"page","link":"https:\/\/www.denhandwierker.lu\/pt-pt\/realizacoes\/","title":{"rendered":"Realiza\u00e7\u00f5es"},"content":{"rendered":"[vc_row type=&#8221;in_container&#8221; full_screen_row_position=&#8221;middle&#8221; scene_position=&#8221;center&#8221; text_color=&#8221;dark&#8221; text_align=&#8221;left&#8221; top_padding=&#8221;80&#8243; bottom_padding=&#8221;80&#8243; overlay_strength=&#8221;0.3&#8243; shape_divider_position=&#8221;bottom&#8221; shape_type=&#8221;&#8221;][vc_column enable_animation=&#8221;true&#8221; animation=&#8221;fade-in-from-bottom&#8221; centered_text=&#8221;true&#8221; column_padding=&#8221;no-extra-padding&#8221; column_padding_position=&#8221;all&#8221; background_color_opacity=&#8221;1&#8243; background_hover_color_opacity=&#8221;1&#8243; column_shadow=&#8221;none&#8221; column_border_radius=&#8221;none&#8221; width=&#8221;1\/1&#8243; tablet_text_alignment=&#8221;default&#8221; phone_text_alignment=&#8221;default&#8221; column_border_width=&#8221;none&#8221; column_border_style=&#8221;solid&#8221;][vc_column_text]<span class=\"jaune chapeau\">Saber-fazer<\/span><\/p>\n<h2 class=\"jaune\">AS NOSSAS REALIZA\u00c7\u00d5ES<\/h2>\n[\/vc_column_text][\/vc_column][\/vc_row][vc_row type=&#8221;in_container&#8221; full_screen_row_position=&#8221;middle&#8221; scene_position=&#8221;center&#8221; text_color=&#8221;dark&#8221; text_align=&#8221;left&#8221; overlay_strength=&#8221;0.3&#8243; shape_divider_position=&#8221;bottom&#8221;][vc_column enable_animation=&#8221;true&#8221; animation=&#8221;fade-in-from-bottom&#8221; column_padding=&#8221;no-extra-padding&#8221; column_padding_position=&#8221;all&#8221; background_color_opacity=&#8221;1&#8243; background_hover_color_opacity=&#8221;1&#8243; column_shadow=&#8221;none&#8221; column_border_radius=&#8221;none&#8221; top_margin=&#8221;-120&#8243; width=&#8221;1\/1&#8243; tablet_text_alignment=&#8221;default&#8221; phone_text_alignment=&#8221;default&#8221; column_border_width=&#8221;none&#8221; column_border_style=&#8221;solid&#8221; delay=&#8221;500&#8243;]\t\t\t\t<div class=\"portfolio-filters-inline full-width-section non-fw\" data-alignment=\"center\" data-color-scheme=\"accent-color-underline\">\n\t\t\t\t\t<div class=\"container \">\n\t\t\t\t\t\t\t\t\t\t\t\t<ul>\n\t\t\t\t\t\t\t\t\t\t\t\t\t\t\t<li><a href=\"#\" data-filter=\"*\">All<\/a><\/li>\n\t\t\t\t\t\t\t\t<li><a href=\"#\" data-filter=\".escadas\">Escadas<\/a><\/li>\n<li><a href=\"#\" data-filter=\".serralheiro\">Serralheiro<\/a><\/li>\n<li><a href=\"#\" data-filter=\".terracos\">Terra\u00e7os<\/a><\/li>\n<li><a href=\"#\" data-filter=\".carpintaria-de-interiores\">Carpintaria de interiores<\/a><\/li>\n<li><a href=\"#\" data-filter=\".parquet-laminado\">Parquet Laminado<\/a><\/li>\n<li><a href=\"#\" data-filter=\".marcenaria-exterior\">Marcenaria exterior<\/a><\/li>\n<li><a href=\"#\" data-filter=\".marcenaria-de-interiores\">Marcenaria de interiores<\/a><ul class='children'>\n<li><a href=\"#\" data-filter=\".quartos\">Quartos<\/a><\/li>\n<li><a href=\"#\" data-filter=\".sala-de-estar\">Sala de estar<\/a><\/li>\n<li><a href=\"#\" data-filter=\".escritorios\">Escrit\u00f3rios<\/a><\/li>\n<li><a href=\"#\" data-filter=\".casa-de-banho\">Casa de banho<\/a><\/li>\n<li><a href=\"#\" data-filter=\".garagens\">Garagens<\/a><\/li>\n<li><a href=\"#\" data-filter=\".cozinhas\">Cozinhas<\/a><\/li>\n<\/ul>\n<\/li>\n<li><a href=\"#\" data-filter=\".mobiliario\">Mobili\u00e1rio<\/a><\/li>\n\t\t\t\t\t\t\t<\/ul>\n\t\t\t\t\t\t\t<div class=\"clear\"><\/div>\n\t\t\t\t\t\t<\/div>\n\t\t\t\t\t<\/div>\n\t\t\t\t\t\t\t\t\n\t\t\t\t\n\t\t\t\t\n\t\t\t\t<div class=\"portfolio-wrap \">\n\t\t\t\t\t\n\t\t\t\t\t\t\t\t\t\t\n\t\t\t\t\t<span class=\"portfolio-loading  none\">   <\/span>\n\t\t\t\t\t\n\t\t\t\t\t\t\t\t\t\t\n\t\t\t\t\t<div class=\"row portfolio-items no-masonry  \" data-rcp=\"false\" data-masonry-type=\"default\" data-ps=\"2\" data-starting-filter=\"default\" data-gutter=\"default\" data-categories-to-show=\"\" data-bypass-cropping=\"\" data-lightbox-only=\"true\" data-col-num=\"cols-3\">\n\t\t\t\t\t\t\t\t\t\t\t\t\n\t\t\t\t\t\t\t\t\t\t\t\t\n\t\t\t\t\t\t<div class=\"col span_4  element serralheiro marcenaria-de-interiores \"  data-project-cat=\"serralheiro marcenaria-de-interiores \" data-default-color=\"true\" data-title-color=\"\" data-subtitle-color=\"\">\n\t\t\t\t\t\t\t\n\t\t\t\t\t\t\t<div class=\"inner-wrap animated\" data-animation=\"perspective\">\n\t\t\t\t\t\t\t\t\n\t\t\t\t\t\t\t\t\t\t\t\t\t\t\t\t\t\n\t\t\t\t\t\t\t\t\t<div class=\"work-item style-2\" data-custom-content=\"\">\n\t\t\t\t\t\t\t\t\t\t\n\t\t\t\t\t\t\t\t\t\t<img loading=\"lazy\" decoding=\"async\" class=\"size- skip-lazy\" src=\"https:\/\/www.denhandwierker.lu\/wp-content\/uploads\/2024\/02\/DSC_0897-600x403.jpg\" alt=\"\" height=\"403\" width=\"600\" srcset=\"https:\/\/www.denhandwierker.lu\/wp-content\/uploads\/2024\/02\/DSC_0897-600x403.jpg 600w, https:\/\/www.denhandwierker.lu\/wp-content\/uploads\/2024\/02\/DSC_0897-400x269.jpg 400w\" sizes=\"auto, (min-width: 1000px) 33.3vw, (min-width: 690px) 50vw, 100vw\" \/>\t\t\t\t\t\t\t\t\t\t\n\t\t\t\t\t\t\t\t\t\t<div class=\"work-info-bg\"><\/div>\n\t\t\t\t\t\t\t\t\t\t<div class=\"work-info\">\n\t\t\t\t\t\t\t\t\t\t\t\n\t\t\t\t\t\t\t\t\t\t\t\t\t\t\t\t\t\t\t\t\t\t\t\n\t\t\t\t\t\t\t\t\t\t\t\t\n\t\t\t\t\t\t\t\t\t\t\t\t\t\t\t\t\t\t\t\t\t\t\t\t\t\t\t<a href=\"https:\/\/www.denhandwierker.lu\/wp-content\/uploads\/2024\/02\/DSC_0897.jpg\"  class=\"pretty_photo\"><\/a>  \n\t\t\t\t\t\t\t\t\t\t\t\t\t\t\t\t\t\t\t\t\t\t\t\t\t\n\t\t\t\t\t\t\t\t\t\t\t\n\t\t\t\t\t\t\t\t\t\t\t<div class=\"vert-center\">\n\t\t\t\t\t\t\t\t\t\t\t\t\t\n\t\t\t\t\t\t\t\t\t\t\t\t\t<h3>Vesti\u00e1rios<\/h3> \n\t\t\t\t\t\t\t\t\t\t\t\t\t<p>23 Fevereiro 2024<\/p>\t\t\t\t\t\t\t\t\t\t\t<\/div><!--\/vert-center-->\n\t\t\t\t\t\t\t\t\t\t\t\n\t\t\t\t\t\t\t\t\t\t<\/div>\n\t\t\t\t\t\t\t\t\t<\/div><!--work-item-->\n\t\t\t\t\t\t\t\t\t\n\t\t\t\t\t\t\t\t\t\t\t\t\t\t\t\t\n\t\t\t\t\t\t\t\t\n\t\t\t\t\t\t\t<\/div><!--\/inner-wrap-->\n\t\t\t\t\t\t<\/div><!--\/col-->\n\t\t\t\t\t\t\n\t\t\t\t\t\t\t\t\t\t\t\n\t\t\t\t\t\t\t\t\t\t\t\t\n\t\t\t\t\t\t<div class=\"col span_4  element escritorios marcenaria-de-interiores \"  data-project-cat=\"escritorios marcenaria-de-interiores \" data-default-color=\"true\" data-title-color=\"\" data-subtitle-color=\"\">\n\t\t\t\t\t\t\t\n\t\t\t\t\t\t\t<div class=\"inner-wrap animated\" data-animation=\"perspective\">\n\t\t\t\t\t\t\t\t\n\t\t\t\t\t\t\t\t\t\t\t\t\t\t\t\t\t\n\t\t\t\t\t\t\t\t\t<div class=\"work-item style-2\" data-custom-content=\"\">\n\t\t\t\t\t\t\t\t\t\t\n\t\t\t\t\t\t\t\t\t\t<img loading=\"lazy\" decoding=\"async\" class=\"size- skip-lazy\" src=\"https:\/\/www.denhandwierker.lu\/wp-content\/uploads\/2024\/02\/k4-600x403.jpg\" alt=\"\" height=\"403\" width=\"600\" srcset=\"https:\/\/www.denhandwierker.lu\/wp-content\/uploads\/2024\/02\/k4-600x403.jpg 600w, https:\/\/www.denhandwierker.lu\/wp-content\/uploads\/2024\/02\/k4-400x269.jpg 400w\" sizes=\"auto, (min-width: 1000px) 33.3vw, (min-width: 690px) 50vw, 100vw\" \/>\t\t\t\t\t\t\t\t\t\t\n\t\t\t\t\t\t\t\t\t\t<div class=\"work-info-bg\"><\/div>\n\t\t\t\t\t\t\t\t\t\t<div class=\"work-info\">\n\t\t\t\t\t\t\t\t\t\t\t\n\t\t\t\t\t\t\t\t\t\t\t\t\t\t\t\t\t\t\t\t\t\t\t\n\t\t\t\t\t\t\t\t\t\t\t\t\n\t\t\t\t\t\t\t\t\t\t\t\t\t\t\t\t\t\t\t\t\t\t\t\t\t\t\t<a href=\"https:\/\/www.denhandwierker.lu\/wp-content\/uploads\/2024\/02\/k4.jpg\"  class=\"pretty_photo\"><\/a>  \n\t\t\t\t\t\t\t\t\t\t\t\t\t\t\t\t\t\t\t\t\t\t\t\t\t\n\t\t\t\t\t\t\t\t\t\t\t\n\t\t\t\t\t\t\t\t\t\t\t<div class=\"vert-center\">\n\t\t\t\t\t\t\t\t\t\t\t\t\t\n\t\t\t\t\t\t\t\t\t\t\t\t\t<h3>Escrit\u00f3rio<\/h3> \n\t\t\t\t\t\t\t\t\t\t\t\t\t<p>23 Fevereiro 2024<\/p>\t\t\t\t\t\t\t\t\t\t\t<\/div><!--\/vert-center-->\n\t\t\t\t\t\t\t\t\t\t\t\n\t\t\t\t\t\t\t\t\t\t<\/div>\n\t\t\t\t\t\t\t\t\t<\/div><!--work-item-->\n\t\t\t\t\t\t\t\t\t\n\t\t\t\t\t\t\t\t\t\t\t\t\t\t\t\t\n\t\t\t\t\t\t\t\t\n\t\t\t\t\t\t\t<\/div><!--\/inner-wrap-->\n\t\t\t\t\t\t<\/div><!--\/col-->\n\t\t\t\t\t\t\n\t\t\t\t\t\t\t\t\t\t\t\n\t\t\t\t\t\t\t\t\t\t\t\t\n\t\t\t\t\t\t<div class=\"col span_4  element marcenaria-de-interiores mobiliario \"  data-project-cat=\"marcenaria-de-interiores mobiliario \" data-default-color=\"true\" data-title-color=\"\" data-subtitle-color=\"\">\n\t\t\t\t\t\t\t\n\t\t\t\t\t\t\t<div class=\"inner-wrap animated\" data-animation=\"perspective\">\n\t\t\t\t\t\t\t\t\n\t\t\t\t\t\t\t\t\t\t\t\t\t\t\t\t\t\n\t\t\t\t\t\t\t\t\t<div class=\"work-item style-2\" data-custom-content=\"\">\n\t\t\t\t\t\t\t\t\t\t\n\t\t\t\t\t\t\t\t\t\t<img loading=\"lazy\" decoding=\"async\" class=\"size- skip-lazy\" src=\"https:\/\/www.denhandwierker.lu\/wp-content\/uploads\/2024\/02\/l5-600x403.jpg\" alt=\"\" height=\"403\" width=\"600\" srcset=\"https:\/\/www.denhandwierker.lu\/wp-content\/uploads\/2024\/02\/l5-600x403.jpg 600w, https:\/\/www.denhandwierker.lu\/wp-content\/uploads\/2024\/02\/l5-400x269.jpg 400w\" sizes=\"auto, (min-width: 1000px) 33.3vw, (min-width: 690px) 50vw, 100vw\" \/>\t\t\t\t\t\t\t\t\t\t\n\t\t\t\t\t\t\t\t\t\t<div class=\"work-info-bg\"><\/div>\n\t\t\t\t\t\t\t\t\t\t<div class=\"work-info\">\n\t\t\t\t\t\t\t\t\t\t\t\n\t\t\t\t\t\t\t\t\t\t\t\t\t\t\t\t\t\t\t\t\t\t\t\n\t\t\t\t\t\t\t\t\t\t\t\t\n\t\t\t\t\t\t\t\t\t\t\t\t\t\t\t\t\t\t\t\t\t\t\t\t\t\t\t<a href=\"https:\/\/www.denhandwierker.lu\/wp-content\/uploads\/2024\/02\/l5-scaled.jpg\"  class=\"pretty_photo\"><\/a>  \n\t\t\t\t\t\t\t\t\t\t\t\t\t\t\t\t\t\t\t\t\t\t\t\t\t\n\t\t\t\t\t\t\t\t\t\t\t\n\t\t\t\t\t\t\t\t\t\t\t<div class=\"vert-center\">\n\t\t\t\t\t\t\t\t\t\t\t\t\t\n\t\t\t\t\t\t\t\t\t\t\t\t\t<h3>Bar de bebidas<\/h3> \n\t\t\t\t\t\t\t\t\t\t\t\t\t<p>23 Fevereiro 2024<\/p>\t\t\t\t\t\t\t\t\t\t\t<\/div><!--\/vert-center-->\n\t\t\t\t\t\t\t\t\t\t\t\n\t\t\t\t\t\t\t\t\t\t<\/div>\n\t\t\t\t\t\t\t\t\t<\/div><!--work-item-->\n\t\t\t\t\t\t\t\t\t\n\t\t\t\t\t\t\t\t\t\t\t\t\t\t\t\t\n\t\t\t\t\t\t\t\t\n\t\t\t\t\t\t\t<\/div><!--\/inner-wrap-->\n\t\t\t\t\t\t<\/div><!--\/col-->\n\t\t\t\t\t\t\n\t\t\t\t\t\t\t\t\t\t\t\n\t\t\t\t\t\t\t\t\t\t\t\t\n\t\t\t\t\t\t<div class=\"col span_4  element carpintaria-de-interiores \"  data-project-cat=\"carpintaria-de-interiores \" data-default-color=\"true\" data-title-color=\"\" data-subtitle-color=\"\">\n\t\t\t\t\t\t\t\n\t\t\t\t\t\t\t<div class=\"inner-wrap animated\" data-animation=\"perspective\">\n\t\t\t\t\t\t\t\t\n\t\t\t\t\t\t\t\t\t\t\t\t\t\t\t\t\t\n\t\t\t\t\t\t\t\t\t<div class=\"work-item style-2\" data-custom-content=\"\">\n\t\t\t\t\t\t\t\t\t\t\n\t\t\t\t\t\t\t\t\t\t<img loading=\"lazy\" decoding=\"async\" class=\"size- skip-lazy\" src=\"https:\/\/www.denhandwierker.lu\/wp-content\/uploads\/2024\/01\/After-2-600x403.jpg\" alt=\"\" height=\"403\" width=\"600\" srcset=\"https:\/\/www.denhandwierker.lu\/wp-content\/uploads\/2024\/01\/After-2-600x403.jpg 600w, https:\/\/www.denhandwierker.lu\/wp-content\/uploads\/2024\/01\/After-2-400x269.jpg 400w\" sizes=\"auto, (min-width: 1000px) 33.3vw, (min-width: 690px) 50vw, 100vw\" \/>\t\t\t\t\t\t\t\t\t\t\n\t\t\t\t\t\t\t\t\t\t<div class=\"work-info-bg\"><\/div>\n\t\t\t\t\t\t\t\t\t\t<div class=\"work-info\">\n\t\t\t\t\t\t\t\t\t\t\t\n\t\t\t\t\t\t\t\t\t\t\t\t\t\t\t\t\t\t\t\t\t\t\t\n\t\t\t\t\t\t\t\t\t\t\t\t\n\t\t\t\t\t\t\t\t\t\t\t\t\t\t\t\t\t\t\t\t\t\t\t\t\t\t\t<a href=\"https:\/\/www.denhandwierker.lu\/wp-content\/uploads\/2024\/01\/After-2-scaled.jpg\"  class=\"pretty_photo\"><\/a>  \n\t\t\t\t\t\t\t\t\t\t\t\t\t\t\t\t\t\t\t\t\t\t\t\t\t\n\t\t\t\t\t\t\t\t\t\t\t\n\t\t\t\t\t\t\t\t\t\t\t<div class=\"vert-center\">\n\t\t\t\t\t\t\t\t\t\t\t\t\t\n\t\t\t\t\t\t\t\t\t\t\t\t\t<h3>Arruma\u00e7\u00e3o integrada na escada<\/h3> \n\t\t\t\t\t\t\t\t\t\t\t\t\t<p>17 Janeiro 2024<\/p>\t\t\t\t\t\t\t\t\t\t\t<\/div><!--\/vert-center-->\n\t\t\t\t\t\t\t\t\t\t\t\n\t\t\t\t\t\t\t\t\t\t<\/div>\n\t\t\t\t\t\t\t\t\t<\/div><!--work-item-->\n\t\t\t\t\t\t\t\t\t\n\t\t\t\t\t\t\t\t\t\t\t\t\t\t\t\t\n\t\t\t\t\t\t\t\t\n\t\t\t\t\t\t\t<\/div><!--\/inner-wrap-->\n\t\t\t\t\t\t<\/div><!--\/col-->\n\t\t\t\t\t\t\n\t\t\t\t\t\t\t\t\t\t\t\n\t\t\t\t\t\t\t\t\t\t\t\t\n\t\t\t\t\t\t<div class=\"col span_4  element \"  data-project-cat=\"\" data-default-color=\"true\" data-title-color=\"\" data-subtitle-color=\"\">\n\t\t\t\t\t\t\t\n\t\t\t\t\t\t\t<div class=\"inner-wrap animated\" data-animation=\"perspective\">\n\t\t\t\t\t\t\t\t\n\t\t\t\t\t\t\t\t\t\t\t\t\t\t\t\t\t\n\t\t\t\t\t\t\t\t\t<div class=\"work-item style-2\" data-custom-content=\"\">\n\t\t\t\t\t\t\t\t\t\t\n\t\t\t\t\t\t\t\t\t\t<img loading=\"lazy\" decoding=\"async\" class=\"size- skip-lazy\" src=\"https:\/\/www.denhandwierker.lu\/wp-content\/uploads\/2024\/01\/After-2-600x403.jpg\" alt=\"\" height=\"403\" width=\"600\" srcset=\"https:\/\/www.denhandwierker.lu\/wp-content\/uploads\/2024\/01\/After-2-600x403.jpg 600w, https:\/\/www.denhandwierker.lu\/wp-content\/uploads\/2024\/01\/After-2-400x269.jpg 400w\" sizes=\"auto, (min-width: 1000px) 33.3vw, (min-width: 690px) 50vw, 100vw\" \/>\t\t\t\t\t\t\t\t\t\t\n\t\t\t\t\t\t\t\t\t\t<div class=\"work-info-bg\"><\/div>\n\t\t\t\t\t\t\t\t\t\t<div class=\"work-info\">\n\t\t\t\t\t\t\t\t\t\t\t\n\t\t\t\t\t\t\t\t\t\t\t\t\t\t\t\t\t\t\t\t\t\t\t\n\t\t\t\t\t\t\t\t\t\t\t\t\n\t\t\t\t\t\t\t\t\t\t\t\t\t\t\t\t\t\t\t\t\t\t\t\t\t\t\t<a href=\"https:\/\/www.denhandwierker.lu\/wp-content\/uploads\/2024\/01\/After-2-scaled.jpg\"  class=\"pretty_photo\"><\/a>  \n\t\t\t\t\t\t\t\t\t\t\t\t\t\t\t\t\t\t\t\t\t\t\t\t\t\n\t\t\t\t\t\t\t\t\t\t\t\n\t\t\t\t\t\t\t\t\t\t\t<div class=\"vert-center\">\n\t\t\t\t\t\t\t\t\t\t\t\t\t\n\t\t\t\t\t\t\t\t\t\t\t\t\t<h3>Arruma\u00e7\u00e3o integrada na escada<\/h3> \n\t\t\t\t\t\t\t\t\t\t\t\t\t<p>22 Dezembro 2023<\/p>\t\t\t\t\t\t\t\t\t\t\t<\/div><!--\/vert-center-->\n\t\t\t\t\t\t\t\t\t\t\t\n\t\t\t\t\t\t\t\t\t\t<\/div>\n\t\t\t\t\t\t\t\t\t<\/div><!--work-item-->\n\t\t\t\t\t\t\t\t\t\n\t\t\t\t\t\t\t\t\t\t\t\t\t\t\t\t\n\t\t\t\t\t\t\t\t\n\t\t\t\t\t\t\t<\/div><!--\/inner-wrap-->\n\t\t\t\t\t\t<\/div><!--\/col-->\n\t\t\t\t\t\t\n\t\t\t\t\t\t\t\t\t\t\t\n\t\t\t\t\t\t\t\t\t\t\t\t\n\t\t\t\t\t\t<div class=\"col span_4  element sala-de-estar marcenaria-de-interiores mobiliario \"  data-project-cat=\"sala-de-estar marcenaria-de-interiores mobiliario \" data-default-color=\"true\" data-title-color=\"\" data-subtitle-color=\"\">\n\t\t\t\t\t\t\t\n\t\t\t\t\t\t\t<div class=\"inner-wrap animated\" data-animation=\"perspective\">\n\t\t\t\t\t\t\t\t\n\t\t\t\t\t\t\t\t\t\t\t\t\t\t\t\t\t\n\t\t\t\t\t\t\t\t\t<div class=\"work-item style-2\" data-custom-content=\"\">\n\t\t\t\t\t\t\t\t\t\t\n\t\t\t\t\t\t\t\t\t\t<img loading=\"lazy\" decoding=\"async\" class=\"size- skip-lazy\" src=\"https:\/\/www.denhandwierker.lu\/wp-content\/uploads\/2024\/01\/APRES-2-1-600x403.jpg\" alt=\"\" height=\"403\" width=\"600\" srcset=\"https:\/\/www.denhandwierker.lu\/wp-content\/uploads\/2024\/01\/APRES-2-1-600x403.jpg 600w, https:\/\/www.denhandwierker.lu\/wp-content\/uploads\/2024\/01\/APRES-2-1-400x269.jpg 400w\" sizes=\"auto, (min-width: 1000px) 33.3vw, (min-width: 690px) 50vw, 100vw\" \/>\t\t\t\t\t\t\t\t\t\t\n\t\t\t\t\t\t\t\t\t\t<div class=\"work-info-bg\"><\/div>\n\t\t\t\t\t\t\t\t\t\t<div class=\"work-info\">\n\t\t\t\t\t\t\t\t\t\t\t\n\t\t\t\t\t\t\t\t\t\t\t\t\t\t\t\t\t\t\t\t\t\t\t\n\t\t\t\t\t\t\t\t\t\t\t\t\n\t\t\t\t\t\t\t\t\t\t\t\t\t\t\t\t\t\t\t\t\t\t\t\t\t\t\t<a href=\"https:\/\/www.denhandwierker.lu\/wp-content\/uploads\/2024\/01\/APRES-2-1.jpg\"  class=\"pretty_photo\"><\/a>  \n\t\t\t\t\t\t\t\t\t\t\t\t\t\t\t\t\t\t\t\t\t\t\t\t\t\n\t\t\t\t\t\t\t\t\t\t\t\n\t\t\t\t\t\t\t\t\t\t\t<div class=\"vert-center\">\n\t\t\t\t\t\t\t\t\t\t\t\t\t\n\t\t\t\t\t\t\t\t\t\t\t\t\t<h3>Canto da televis\u00e3o<\/h3> \n\t\t\t\t\t\t\t\t\t\t\t\t\t<p>19 Dezembro 2023<\/p>\t\t\t\t\t\t\t\t\t\t\t<\/div><!--\/vert-center-->\n\t\t\t\t\t\t\t\t\t\t\t\n\t\t\t\t\t\t\t\t\t\t<\/div>\n\t\t\t\t\t\t\t\t\t<\/div><!--work-item-->\n\t\t\t\t\t\t\t\t\t\n\t\t\t\t\t\t\t\t\t\t\t\t\t\t\t\t\n\t\t\t\t\t\t\t\t\n\t\t\t\t\t\t\t<\/div><!--\/inner-wrap-->\n\t\t\t\t\t\t<\/div><!--\/col-->\n\t\t\t\t\t\t\n\t\t\t\t\t\t\t\t\t\t\t\n\t\t\t\t\t\t\t\t\t\t\t\t\n\t\t\t\t\t\t<div class=\"col span_4  element serralheiro \"  data-project-cat=\"serralheiro \" data-default-color=\"true\" data-title-color=\"\" data-subtitle-color=\"\">\n\t\t\t\t\t\t\t\n\t\t\t\t\t\t\t<div class=\"inner-wrap animated\" data-animation=\"perspective\">\n\t\t\t\t\t\t\t\t\n\t\t\t\t\t\t\t\t\t\t\t\t\t\t\t\t\t\n\t\t\t\t\t\t\t\t\t<div class=\"work-item style-2\" data-custom-content=\"\">\n\t\t\t\t\t\t\t\t\t\t\n\t\t\t\t\t\t\t\t\t\t<img loading=\"lazy\" decoding=\"async\" class=\"size- skip-lazy\" src=\"https:\/\/www.denhandwierker.lu\/wp-content\/uploads\/2024\/01\/Conduit-grille-after-600x403.jpg\" alt=\"\" height=\"403\" width=\"600\" srcset=\"https:\/\/www.denhandwierker.lu\/wp-content\/uploads\/2024\/01\/Conduit-grille-after-600x403.jpg 600w, https:\/\/www.denhandwierker.lu\/wp-content\/uploads\/2024\/01\/Conduit-grille-after-400x269.jpg 400w\" sizes=\"auto, (min-width: 1000px) 33.3vw, (min-width: 690px) 50vw, 100vw\" \/>\t\t\t\t\t\t\t\t\t\t\n\t\t\t\t\t\t\t\t\t\t<div class=\"work-info-bg\"><\/div>\n\t\t\t\t\t\t\t\t\t\t<div class=\"work-info\">\n\t\t\t\t\t\t\t\t\t\t\t\n\t\t\t\t\t\t\t\t\t\t\t\t\t\t\t\t\t\t\t\t\t\t\t\n\t\t\t\t\t\t\t\t\t\t\t\t\n\t\t\t\t\t\t\t\t\t\t\t\t\t\t\t\t\t\t\t\t\t\t\t\t\t\t\t<a href=\"https:\/\/www.denhandwierker.lu\/wp-content\/uploads\/2024\/01\/Conduit-grille-after.jpg\"  class=\"pretty_photo\"><\/a>  \n\t\t\t\t\t\t\t\t\t\t\t\t\t\t\t\t\t\t\t\t\t\t\t\t\t\n\t\t\t\t\t\t\t\t\t\t\t\n\t\t\t\t\t\t\t\t\t\t\t<div class=\"vert-center\">\n\t\t\t\t\t\t\t\t\t\t\t\t\t\n\t\t\t\t\t\t\t\t\t\t\t\t\t<h3>Condutas e grelhas de ventila\u00e7\u00e3o<\/h3> \n\t\t\t\t\t\t\t\t\t\t\t\t\t<p>19 Dezembro 2023<\/p>\t\t\t\t\t\t\t\t\t\t\t<\/div><!--\/vert-center-->\n\t\t\t\t\t\t\t\t\t\t\t\n\t\t\t\t\t\t\t\t\t\t<\/div>\n\t\t\t\t\t\t\t\t\t<\/div><!--work-item-->\n\t\t\t\t\t\t\t\t\t\n\t\t\t\t\t\t\t\t\t\t\t\t\t\t\t\t\n\t\t\t\t\t\t\t\t\n\t\t\t\t\t\t\t<\/div><!--\/inner-wrap-->\n\t\t\t\t\t\t<\/div><!--\/col-->\n\t\t\t\t\t\t\n\t\t\t\t\t\t\t\t\t\t\t\n\t\t\t\t\t\t\t\t\t\t\t\t\n\t\t\t\t\t\t<div class=\"col span_4  element serralheiro \"  data-project-cat=\"serralheiro \" data-default-color=\"true\" data-title-color=\"\" data-subtitle-color=\"\">\n\t\t\t\t\t\t\t\n\t\t\t\t\t\t\t<div class=\"inner-wrap animated\" data-animation=\"perspective\">\n\t\t\t\t\t\t\t\t\n\t\t\t\t\t\t\t\t\t\t\t\t\t\t\t\t\t\n\t\t\t\t\t\t\t\t\t<div class=\"work-item style-2\" data-custom-content=\"\">\n\t\t\t\t\t\t\t\t\t\t\n\t\t\t\t\t\t\t\t\t\t<img loading=\"lazy\" decoding=\"async\" class=\"size- skip-lazy\" src=\"https:\/\/www.denhandwierker.lu\/wp-content\/uploads\/2024\/01\/Vents-after-600x403.jpg\" alt=\"\" height=\"403\" width=\"600\" srcset=\"https:\/\/www.denhandwierker.lu\/wp-content\/uploads\/2024\/01\/Vents-after-600x403.jpg 600w, https:\/\/www.denhandwierker.lu\/wp-content\/uploads\/2024\/01\/Vents-after-400x269.jpg 400w\" sizes=\"auto, (min-width: 1000px) 33.3vw, (min-width: 690px) 50vw, 100vw\" \/>\t\t\t\t\t\t\t\t\t\t\n\t\t\t\t\t\t\t\t\t\t<div class=\"work-info-bg\"><\/div>\n\t\t\t\t\t\t\t\t\t\t<div class=\"work-info\">\n\t\t\t\t\t\t\t\t\t\t\t\n\t\t\t\t\t\t\t\t\t\t\t\t\t\t\t\t\t\t\t\t\t\t\t\n\t\t\t\t\t\t\t\t\t\t\t\t\n\t\t\t\t\t\t\t\t\t\t\t\t\t\t\t\t\t\t\t\t\t\t\t\t\t\t\t<a href=\"https:\/\/www.denhandwierker.lu\/wp-content\/uploads\/2024\/01\/Vents-after.jpg\"  class=\"pretty_photo\"><\/a>  \n\t\t\t\t\t\t\t\t\t\t\t\t\t\t\t\t\t\t\t\t\t\t\t\t\t\n\t\t\t\t\t\t\t\t\t\t\t\n\t\t\t\t\t\t\t\t\t\t\t<div class=\"vert-center\">\n\t\t\t\t\t\t\t\t\t\t\t\t\t\n\t\t\t\t\t\t\t\t\t\t\t\t\t<h3>Grelhas de ventila\u00e7\u00e3o<\/h3> \n\t\t\t\t\t\t\t\t\t\t\t\t\t<p>19 Dezembro 2023<\/p>\t\t\t\t\t\t\t\t\t\t\t<\/div><!--\/vert-center-->\n\t\t\t\t\t\t\t\t\t\t\t\n\t\t\t\t\t\t\t\t\t\t<\/div>\n\t\t\t\t\t\t\t\t\t<\/div><!--work-item-->\n\t\t\t\t\t\t\t\t\t\n\t\t\t\t\t\t\t\t\t\t\t\t\t\t\t\t\n\t\t\t\t\t\t\t\t\n\t\t\t\t\t\t\t<\/div><!--\/inner-wrap-->\n\t\t\t\t\t\t<\/div><!--\/col-->\n\t\t\t\t\t\t\n\t\t\t\t\t\t\t\t\t\t\t\n\t\t\t\t\t\t\t\t\t\t\t\t\n\t\t\t\t\t\t<div class=\"col span_4  element casa-de-banho marcenaria-de-interiores \"  data-project-cat=\"casa-de-banho marcenaria-de-interiores \" data-default-color=\"true\" data-title-color=\"\" data-subtitle-color=\"\">\n\t\t\t\t\t\t\t\n\t\t\t\t\t\t\t<div class=\"inner-wrap animated\" data-animation=\"perspective\">\n\t\t\t\t\t\t\t\t\n\t\t\t\t\t\t\t\t\t\t\t\t\t\t\t\t\t\n\t\t\t\t\t\t\t\t\t<div class=\"work-item style-2\" data-custom-content=\"\">\n\t\t\t\t\t\t\t\t\t\t\n\t\t\t\t\t\t\t\t\t\t<img loading=\"lazy\" decoding=\"async\" class=\"size- skip-lazy\" src=\"https:\/\/www.denhandwierker.lu\/wp-content\/uploads\/2024\/01\/APRES-2-600x403.jpg\" alt=\"\" height=\"403\" width=\"600\" srcset=\"https:\/\/www.denhandwierker.lu\/wp-content\/uploads\/2024\/01\/APRES-2-600x403.jpg 600w, https:\/\/www.denhandwierker.lu\/wp-content\/uploads\/2024\/01\/APRES-2-400x269.jpg 400w\" sizes=\"auto, (min-width: 1000px) 33.3vw, (min-width: 690px) 50vw, 100vw\" \/>\t\t\t\t\t\t\t\t\t\t\n\t\t\t\t\t\t\t\t\t\t<div class=\"work-info-bg\"><\/div>\n\t\t\t\t\t\t\t\t\t\t<div class=\"work-info\">\n\t\t\t\t\t\t\t\t\t\t\t\n\t\t\t\t\t\t\t\t\t\t\t\t\t\t\t\t\t\t\t\t\t\t\t\n\t\t\t\t\t\t\t\t\t\t\t\t\n\t\t\t\t\t\t\t\t\t\t\t\t\t\t\t\t\t\t\t\t\t\t\t\t\t\t\t<a href=\"https:\/\/www.denhandwierker.lu\/wp-content\/uploads\/2024\/01\/APRES-2-scaled.jpg\"  class=\"pretty_photo\"><\/a>  \n\t\t\t\t\t\t\t\t\t\t\t\t\t\t\t\t\t\t\t\t\t\t\t\t\t\n\t\t\t\t\t\t\t\t\t\t\t\n\t\t\t\t\t\t\t\t\t\t\t<div class=\"vert-center\">\n\t\t\t\t\t\t\t\t\t\t\t\t\t\n\t\t\t\t\t\t\t\t\t\t\t\t\t<h3>Chuveiro adjacente \u00e0 \u00e1rea de servi\u00e7o<\/h3> \n\t\t\t\t\t\t\t\t\t\t\t\t\t<p>11 Dezembro 2023<\/p>\t\t\t\t\t\t\t\t\t\t\t<\/div><!--\/vert-center-->\n\t\t\t\t\t\t\t\t\t\t\t\n\t\t\t\t\t\t\t\t\t\t<\/div>\n\t\t\t\t\t\t\t\t\t<\/div><!--work-item-->\n\t\t\t\t\t\t\t\t\t\n\t\t\t\t\t\t\t\t\t\t\t\t\t\t\t\t\n\t\t\t\t\t\t\t\t\n\t\t\t\t\t\t\t<\/div><!--\/inner-wrap-->\n\t\t\t\t\t\t<\/div><!--\/col-->\n\t\t\t\t\t\t\n\t\t\t\t\t\t\t\t\t\t\t\n\t\t\t\t\t\t\t\t\t\t\t\t\n\t\t\t\t\t\t<div class=\"col span_4  element parquet-laminado garagens marcenaria-de-interiores mobiliario \"  data-project-cat=\"parquet-laminado garagens marcenaria-de-interiores mobiliario \" data-default-color=\"true\" data-title-color=\"\" data-subtitle-color=\"\">\n\t\t\t\t\t\t\t\n\t\t\t\t\t\t\t<div class=\"inner-wrap animated\" data-animation=\"perspective\">\n\t\t\t\t\t\t\t\t\n\t\t\t\t\t\t\t\t\t\t\t\t\t\t\t\t\t\n\t\t\t\t\t\t\t\t\t<div class=\"work-item style-2\" data-custom-content=\"\">\n\t\t\t\t\t\t\t\t\t\t\n\t\t\t\t\t\t\t\t\t\t<img loading=\"lazy\" decoding=\"async\" class=\"size- skip-lazy\" src=\"https:\/\/www.denhandwierker.lu\/wp-content\/uploads\/2024\/01\/APRES-1-600x403.jpg\" alt=\"\" height=\"403\" width=\"600\" srcset=\"https:\/\/www.denhandwierker.lu\/wp-content\/uploads\/2024\/01\/APRES-1-600x403.jpg 600w, https:\/\/www.denhandwierker.lu\/wp-content\/uploads\/2024\/01\/APRES-1-400x269.jpg 400w\" sizes=\"auto, (min-width: 1000px) 33.3vw, (min-width: 690px) 50vw, 100vw\" \/>\t\t\t\t\t\t\t\t\t\t\n\t\t\t\t\t\t\t\t\t\t<div class=\"work-info-bg\"><\/div>\n\t\t\t\t\t\t\t\t\t\t<div class=\"work-info\">\n\t\t\t\t\t\t\t\t\t\t\t\n\t\t\t\t\t\t\t\t\t\t\t\t\t\t\t\t\t\t\t\t\t\t\t\n\t\t\t\t\t\t\t\t\t\t\t\t\n\t\t\t\t\t\t\t\t\t\t\t\t\t\t\t\t\t\t\t\t\t\t\t\t\t\t\t<a href=\"https:\/\/www.denhandwierker.lu\/wp-content\/uploads\/2024\/01\/APRES-1-scaled.jpg\"  class=\"pretty_photo\"><\/a>  \n\t\t\t\t\t\t\t\t\t\t\t\t\t\t\t\t\t\t\t\t\t\t\t\t\t\n\t\t\t\t\t\t\t\t\t\t\t\n\t\t\t\t\t\t\t\t\t\t\t<div class=\"vert-center\">\n\t\t\t\t\t\t\t\t\t\t\t\t\t\n\t\t\t\t\t\t\t\t\t\t\t\t\t<h3>Espa\u00e7o do utilizador<\/h3> \n\t\t\t\t\t\t\t\t\t\t\t\t\t<p>17 Janeiro 2024<\/p>\t\t\t\t\t\t\t\t\t\t\t<\/div><!--\/vert-center-->\n\t\t\t\t\t\t\t\t\t\t\t\n\t\t\t\t\t\t\t\t\t\t<\/div>\n\t\t\t\t\t\t\t\t\t<\/div><!--work-item-->\n\t\t\t\t\t\t\t\t\t\n\t\t\t\t\t\t\t\t\t\t\t\t\t\t\t\t\n\t\t\t\t\t\t\t\t\n\t\t\t\t\t\t\t<\/div><!--\/inner-wrap-->\n\t\t\t\t\t\t<\/div><!--\/col-->\n\t\t\t\t\t\t\n\t\t\t\t\t\t\t\t\t\t\t\n\t\t\t\t\t\t\t\t\t\t\t\t\n\t\t\t\t\t\t<div class=\"col span_4  element garagens marcenaria-de-interiores mobiliario \"  data-project-cat=\"garagens marcenaria-de-interiores mobiliario \" data-default-color=\"true\" data-title-color=\"\" data-subtitle-color=\"\">\n\t\t\t\t\t\t\t\n\t\t\t\t\t\t\t<div class=\"inner-wrap animated\" data-animation=\"perspective\">\n\t\t\t\t\t\t\t\t\n\t\t\t\t\t\t\t\t\t\t\t\t\t\t\t\t\t\n\t\t\t\t\t\t\t\t\t<div class=\"work-item style-2\" data-custom-content=\"\">\n\t\t\t\t\t\t\t\t\t\t\n\t\t\t\t\t\t\t\t\t\t<img loading=\"lazy\" decoding=\"async\" class=\"size- skip-lazy\" src=\"https:\/\/www.denhandwierker.lu\/wp-content\/uploads\/2024\/01\/DSC_0254-600x403.jpg\" alt=\"\" height=\"403\" width=\"600\" srcset=\"https:\/\/www.denhandwierker.lu\/wp-content\/uploads\/2024\/01\/DSC_0254-600x403.jpg 600w, https:\/\/www.denhandwierker.lu\/wp-content\/uploads\/2024\/01\/DSC_0254-400x269.jpg 400w\" sizes=\"auto, (min-width: 1000px) 33.3vw, (min-width: 690px) 50vw, 100vw\" \/>\t\t\t\t\t\t\t\t\t\t\n\t\t\t\t\t\t\t\t\t\t<div class=\"work-info-bg\"><\/div>\n\t\t\t\t\t\t\t\t\t\t<div class=\"work-info\">\n\t\t\t\t\t\t\t\t\t\t\t\n\t\t\t\t\t\t\t\t\t\t\t\t\t\t\t\t\t\t\t\t\t\t\t\n\t\t\t\t\t\t\t\t\t\t\t\t\n\t\t\t\t\t\t\t\t\t\t\t\t\t\t\t\t\t\t\t\t\t\t\t\t\t\t\t<a href=\"https:\/\/www.denhandwierker.lu\/wp-content\/uploads\/2024\/01\/DSC_0254-scaled.jpg\"  class=\"pretty_photo\"><\/a>  \n\t\t\t\t\t\t\t\t\t\t\t\t\t\t\t\t\t\t\t\t\t\t\t\t\t\n\t\t\t\t\t\t\t\t\t\t\t\n\t\t\t\t\t\t\t\t\t\t\t<div class=\"vert-center\">\n\t\t\t\t\t\t\t\t\t\t\t\t\t\n\t\t\t\t\t\t\t\t\t\t\t\t\t<h3>Espa\u00e7o do utilizador<\/h3> \n\t\t\t\t\t\t\t\t\t\t\t\t\t<p>8 Dezembro 2023<\/p>\t\t\t\t\t\t\t\t\t\t\t<\/div><!--\/vert-center-->\n\t\t\t\t\t\t\t\t\t\t\t\n\t\t\t\t\t\t\t\t\t\t<\/div>\n\t\t\t\t\t\t\t\t\t<\/div><!--work-item-->\n\t\t\t\t\t\t\t\t\t\n\t\t\t\t\t\t\t\t\t\t\t\t\t\t\t\t\n\t\t\t\t\t\t\t\t\n\t\t\t\t\t\t\t<\/div><!--\/inner-wrap-->\n\t\t\t\t\t\t<\/div><!--\/col-->\n\t\t\t\t\t\t\n\t\t\t\t\t\t\t\t\t\t\t\n\t\t\t\t\t\t\t\t\t\t\t\t\n\t\t\t\t\t\t<div class=\"col span_4  element garagens marcenaria-de-interiores mobiliario \"  data-project-cat=\"garagens marcenaria-de-interiores mobiliario \" data-default-color=\"true\" data-title-color=\"\" data-subtitle-color=\"\">\n\t\t\t\t\t\t\t\n\t\t\t\t\t\t\t<div class=\"inner-wrap animated\" data-animation=\"perspective\">\n\t\t\t\t\t\t\t\t\n\t\t\t\t\t\t\t\t\t\t\t\t\t\t\t\t\t\n\t\t\t\t\t\t\t\t\t<div class=\"work-item style-2\" data-custom-content=\"\">\n\t\t\t\t\t\t\t\t\t\t\n\t\t\t\t\t\t\t\t\t\t<img loading=\"lazy\" decoding=\"async\" class=\"size- skip-lazy\" src=\"https:\/\/www.denhandwierker.lu\/wp-content\/uploads\/2024\/01\/DSC_0236-600x403.jpg\" alt=\"\" height=\"403\" width=\"600\" srcset=\"https:\/\/www.denhandwierker.lu\/wp-content\/uploads\/2024\/01\/DSC_0236-600x403.jpg 600w, https:\/\/www.denhandwierker.lu\/wp-content\/uploads\/2024\/01\/DSC_0236-400x269.jpg 400w\" sizes=\"auto, (min-width: 1000px) 33.3vw, (min-width: 690px) 50vw, 100vw\" \/>\t\t\t\t\t\t\t\t\t\t\n\t\t\t\t\t\t\t\t\t\t<div class=\"work-info-bg\"><\/div>\n\t\t\t\t\t\t\t\t\t\t<div class=\"work-info\">\n\t\t\t\t\t\t\t\t\t\t\t\n\t\t\t\t\t\t\t\t\t\t\t\t\t\t\t\t\t\t\t\t\t\t\t\n\t\t\t\t\t\t\t\t\t\t\t\t\n\t\t\t\t\t\t\t\t\t\t\t\t\t\t\t\t\t\t\t\t\t\t\t\t\t\t\t<a href=\"https:\/\/www.denhandwierker.lu\/wp-content\/uploads\/2024\/01\/DSC_0236-scaled.jpg\"  class=\"pretty_photo\"><\/a>  \n\t\t\t\t\t\t\t\t\t\t\t\t\t\t\t\t\t\t\t\t\t\t\t\t\t\n\t\t\t\t\t\t\t\t\t\t\t\n\t\t\t\t\t\t\t\t\t\t\t<div class=\"vert-center\">\n\t\t\t\t\t\t\t\t\t\t\t\t\t\n\t\t\t\t\t\t\t\t\t\t\t\t\t<h3>Armazenamento na garagem<\/h3> \n\t\t\t\t\t\t\t\t\t\t\t\t\t<p>8 Dezembro 2023<\/p>\t\t\t\t\t\t\t\t\t\t\t<\/div><!--\/vert-center-->\n\t\t\t\t\t\t\t\t\t\t\t\n\t\t\t\t\t\t\t\t\t\t<\/div>\n\t\t\t\t\t\t\t\t\t<\/div><!--work-item-->\n\t\t\t\t\t\t\t\t\t\n\t\t\t\t\t\t\t\t\t\t\t\t\t\t\t\t\n\t\t\t\t\t\t\t\t\n\t\t\t\t\t\t\t<\/div><!--\/inner-wrap-->\n\t\t\t\t\t\t<\/div><!--\/col-->\n\t\t\t\t\t\t\n\t\t\t\t\t\t\t\t\t\t\t\n\t\t\t\t\t\t\t\t\t\t\t\t\n\t\t\t\t\t\t<div class=\"col span_4  element quartos marcenaria-de-interiores mobiliario \"  data-project-cat=\"quartos marcenaria-de-interiores mobiliario \" data-default-color=\"true\" data-title-color=\"\" data-subtitle-color=\"\">\n\t\t\t\t\t\t\t\n\t\t\t\t\t\t\t<div class=\"inner-wrap animated\" data-animation=\"perspective\">\n\t\t\t\t\t\t\t\t\n\t\t\t\t\t\t\t\t\t\t\t\t\t\t\t\t\t\n\t\t\t\t\t\t\t\t\t<div class=\"work-item style-2\" data-custom-content=\"\">\n\t\t\t\t\t\t\t\t\t\t\n\t\t\t\t\t\t\t\t\t\t<img loading=\"lazy\" decoding=\"async\" class=\"size- skip-lazy\" src=\"https:\/\/www.denhandwierker.lu\/wp-content\/uploads\/2024\/01\/20231023_05-600x403.jpg\" alt=\"\" height=\"403\" width=\"600\" srcset=\"https:\/\/www.denhandwierker.lu\/wp-content\/uploads\/2024\/01\/20231023_05-600x403.jpg 600w, https:\/\/www.denhandwierker.lu\/wp-content\/uploads\/2024\/01\/20231023_05-400x269.jpg 400w\" sizes=\"auto, (min-width: 1000px) 33.3vw, (min-width: 690px) 50vw, 100vw\" \/>\t\t\t\t\t\t\t\t\t\t\n\t\t\t\t\t\t\t\t\t\t<div class=\"work-info-bg\"><\/div>\n\t\t\t\t\t\t\t\t\t\t<div class=\"work-info\">\n\t\t\t\t\t\t\t\t\t\t\t\n\t\t\t\t\t\t\t\t\t\t\t\t\t\t\t\t\t\t\t\t\t\t\t\n\t\t\t\t\t\t\t\t\t\t\t\t\n\t\t\t\t\t\t\t\t\t\t\t\t\t\t\t\t\t\t\t\t\t\t\t\t\t\t\t<a href=\"https:\/\/www.denhandwierker.lu\/wp-content\/uploads\/2024\/01\/20231023_05-scaled.jpg\"  class=\"pretty_photo\"><\/a>  \n\t\t\t\t\t\t\t\t\t\t\t\t\t\t\t\t\t\t\t\t\t\t\t\t\t\n\t\t\t\t\t\t\t\t\t\t\t\n\t\t\t\t\t\t\t\t\t\t\t<div class=\"vert-center\">\n\t\t\t\t\t\t\t\t\t\t\t\t\t\n\t\t\t\t\t\t\t\t\t\t\t\t\t<h3>Quarto<\/h3> \n\t\t\t\t\t\t\t\t\t\t\t\t\t<p>17 Outubro 2023<\/p>\t\t\t\t\t\t\t\t\t\t\t<\/div><!--\/vert-center-->\n\t\t\t\t\t\t\t\t\t\t\t\n\t\t\t\t\t\t\t\t\t\t<\/div>\n\t\t\t\t\t\t\t\t\t<\/div><!--work-item-->\n\t\t\t\t\t\t\t\t\t\n\t\t\t\t\t\t\t\t\t\t\t\t\t\t\t\t\n\t\t\t\t\t\t\t\t\n\t\t\t\t\t\t\t<\/div><!--\/inner-wrap-->\n\t\t\t\t\t\t<\/div><!--\/col-->\n\t\t\t\t\t\t\n\t\t\t\t\t\t\t\t\t\t\t\n\t\t\t\t\t\t\t\t\t\t\t\t\n\t\t\t\t\t\t<div class=\"col span_4  element escadas \"  data-project-cat=\"escadas \" data-default-color=\"true\" data-title-color=\"\" data-subtitle-color=\"\">\n\t\t\t\t\t\t\t\n\t\t\t\t\t\t\t<div class=\"inner-wrap animated\" data-animation=\"perspective\">\n\t\t\t\t\t\t\t\t\n\t\t\t\t\t\t\t\t\t\t\t\t\t\t\t\t\t\n\t\t\t\t\t\t\t\t\t<div class=\"work-item style-2\" data-custom-content=\"\">\n\t\t\t\t\t\t\t\t\t\t\n\t\t\t\t\t\t\t\t\t\t<img loading=\"lazy\" decoding=\"async\" class=\"size- skip-lazy\" src=\"https:\/\/www.denhandwierker.lu\/wp-content\/uploads\/2023\/12\/41-600x403.jpg\" alt=\"\" height=\"403\" width=\"600\" srcset=\"https:\/\/www.denhandwierker.lu\/wp-content\/uploads\/2023\/12\/41-600x403.jpg 600w, https:\/\/www.denhandwierker.lu\/wp-content\/uploads\/2023\/12\/41-400x269.jpg 400w\" sizes=\"auto, (min-width: 1000px) 33.3vw, (min-width: 690px) 50vw, 100vw\" \/>\t\t\t\t\t\t\t\t\t\t\n\t\t\t\t\t\t\t\t\t\t<div class=\"work-info-bg\"><\/div>\n\t\t\t\t\t\t\t\t\t\t<div class=\"work-info\">\n\t\t\t\t\t\t\t\t\t\t\t\n\t\t\t\t\t\t\t\t\t\t\t\t\t\t\t\t\t\t\t\t\t\t\t\n\t\t\t\t\t\t\t\t\t\t\t\t\n\t\t\t\t\t\t\t\t\t\t\t\t\t\t\t\t\t\t\t\t\t\t\t\t\t\t\t<a href=\"https:\/\/www.denhandwierker.lu\/wp-content\/uploads\/2023\/12\/41-scaled.jpg\"  class=\"pretty_photo\"><\/a>  \n\t\t\t\t\t\t\t\t\t\t\t\t\t\t\t\t\t\t\t\t\t\t\t\t\t\n\t\t\t\t\t\t\t\t\t\t\t\n\t\t\t\t\t\t\t\t\t\t\t<div class=\"vert-center\">\n\t\t\t\t\t\t\t\t\t\t\t\t\t\n\t\t\t\t\t\t\t\t\t\t\t\t\t<h3>Escadas<\/h3> \n\t\t\t\t\t\t\t\t\t\t\t\t\t<p>9 Outubro 2023<\/p>\t\t\t\t\t\t\t\t\t\t\t<\/div><!--\/vert-center-->\n\t\t\t\t\t\t\t\t\t\t\t\n\t\t\t\t\t\t\t\t\t\t<\/div>\n\t\t\t\t\t\t\t\t\t<\/div><!--work-item-->\n\t\t\t\t\t\t\t\t\t\n\t\t\t\t\t\t\t\t\t\t\t\t\t\t\t\t\n\t\t\t\t\t\t\t\t\n\t\t\t\t\t\t\t<\/div><!--\/inner-wrap-->\n\t\t\t\t\t\t<\/div><!--\/col-->\n\t\t\t\t\t\t\n\t\t\t\t\t\t\t\t\t\t\t\n\t\t\t\t\t\t\t\t\t\t\t\t\n\t\t\t\t\t\t<div class=\"col span_4  element marcenaria-exterior \"  data-project-cat=\"marcenaria-exterior \" data-default-color=\"true\" data-title-color=\"\" data-subtitle-color=\"\">\n\t\t\t\t\t\t\t\n\t\t\t\t\t\t\t<div class=\"inner-wrap animated\" data-animation=\"perspective\">\n\t\t\t\t\t\t\t\t\n\t\t\t\t\t\t\t\t\t\t\t\t\t\t\t\t\t\n\t\t\t\t\t\t\t\t\t<div class=\"work-item style-2\" data-custom-content=\"\">\n\t\t\t\t\t\t\t\t\t\t\n\t\t\t\t\t\t\t\t\t\t<img loading=\"lazy\" decoding=\"async\" class=\"size- skip-lazy\" src=\"https:\/\/www.denhandwierker.lu\/wp-content\/uploads\/2021\/06\/153-600x403.jpg\" alt=\"\" height=\"403\" width=\"600\" srcset=\"https:\/\/www.denhandwierker.lu\/wp-content\/uploads\/2021\/06\/153-600x403.jpg 600w, https:\/\/www.denhandwierker.lu\/wp-content\/uploads\/2021\/06\/153-400x269.jpg 400w\" sizes=\"auto, (min-width: 1000px) 33.3vw, (min-width: 690px) 50vw, 100vw\" \/>\t\t\t\t\t\t\t\t\t\t\n\t\t\t\t\t\t\t\t\t\t<div class=\"work-info-bg\"><\/div>\n\t\t\t\t\t\t\t\t\t\t<div class=\"work-info\">\n\t\t\t\t\t\t\t\t\t\t\t\n\t\t\t\t\t\t\t\t\t\t\t\t\t\t\t\t\t\t\t\t\t\t\t\n\t\t\t\t\t\t\t\t\t\t\t\t\n\t\t\t\t\t\t\t\t\t\t\t\t\t\t\t\t\t\t\t\t\t\t\t\t\t\t\t<a href=\"https:\/\/www.denhandwierker.lu\/wp-content\/uploads\/2021\/06\/153.jpg\"  class=\"pretty_photo\"><\/a>  \n\t\t\t\t\t\t\t\t\t\t\t\t\t\t\t\t\t\t\t\t\t\t\t\t\t\n\t\t\t\t\t\t\t\t\t\t\t\n\t\t\t\t\t\t\t\t\t\t\t<div class=\"vert-center\">\n\t\t\t\t\t\t\t\t\t\t\t\t\t\n\t\t\t\t\t\t\t\t\t\t\t\t\t<h3>Marcenaria exterior<\/h3> \n\t\t\t\t\t\t\t\t\t\t\t\t\t<p>9 Outubro 2023<\/p>\t\t\t\t\t\t\t\t\t\t\t<\/div><!--\/vert-center-->\n\t\t\t\t\t\t\t\t\t\t\t\n\t\t\t\t\t\t\t\t\t\t<\/div>\n\t\t\t\t\t\t\t\t\t<\/div><!--work-item-->\n\t\t\t\t\t\t\t\t\t\n\t\t\t\t\t\t\t\t\t\t\t\t\t\t\t\t\n\t\t\t\t\t\t\t\t\n\t\t\t\t\t\t\t<\/div><!--\/inner-wrap-->\n\t\t\t\t\t\t<\/div><!--\/col-->\n\t\t\t\t\t\t\n\t\t\t\t\t\t\t\t\t\t\t\n\t\t\t\t\t\t\t\t\t\t\t\t\n\t\t\t\t\t\t<div class=\"col span_4  element serralheiro \"  data-project-cat=\"serralheiro \" data-default-color=\"true\" data-title-color=\"\" data-subtitle-color=\"\">\n\t\t\t\t\t\t\t\n\t\t\t\t\t\t\t<div class=\"inner-wrap animated\" data-animation=\"perspective\">\n\t\t\t\t\t\t\t\t\n\t\t\t\t\t\t\t\t\t\t\t\t\t\t\t\t\t\n\t\t\t\t\t\t\t\t\t<div class=\"work-item style-2\" data-custom-content=\"\">\n\t\t\t\t\t\t\t\t\t\t\n\t\t\t\t\t\t\t\t\t\t<img loading=\"lazy\" decoding=\"async\" class=\"size- skip-lazy\" src=\"https:\/\/www.denhandwierker.lu\/wp-content\/uploads\/2021\/05\/44-600x403.jpg\" alt=\"\" height=\"403\" width=\"600\" srcset=\"https:\/\/www.denhandwierker.lu\/wp-content\/uploads\/2021\/05\/44-600x403.jpg 600w, https:\/\/www.denhandwierker.lu\/wp-content\/uploads\/2021\/05\/44-400x269.jpg 400w\" sizes=\"auto, (min-width: 1000px) 33.3vw, (min-width: 690px) 50vw, 100vw\" \/>\t\t\t\t\t\t\t\t\t\t\n\t\t\t\t\t\t\t\t\t\t<div class=\"work-info-bg\"><\/div>\n\t\t\t\t\t\t\t\t\t\t<div class=\"work-info\">\n\t\t\t\t\t\t\t\t\t\t\t\n\t\t\t\t\t\t\t\t\t\t\t\t\t\t\t\t\t\t\t\t\t\t\t\n\t\t\t\t\t\t\t\t\t\t\t\t\n\t\t\t\t\t\t\t\t\t\t\t\t\t\t\t\t\t\t\t\t\t\t\t\t\t\t\t<a href=\"https:\/\/www.denhandwierker.lu\/wp-content\/uploads\/2021\/05\/44-scaled.jpg\"  class=\"pretty_photo\"><\/a>  \n\t\t\t\t\t\t\t\t\t\t\t\t\t\t\t\t\t\t\t\t\t\t\t\t\t\n\t\t\t\t\t\t\t\t\t\t\t\n\t\t\t\t\t\t\t\t\t\t\t<div class=\"vert-center\">\n\t\t\t\t\t\t\t\t\t\t\t\t\t\n\t\t\t\t\t\t\t\t\t\t\t\t\t<h3>Serralheiro<\/h3> \n\t\t\t\t\t\t\t\t\t\t\t\t\t<p>9 Outubro 2023<\/p>\t\t\t\t\t\t\t\t\t\t\t<\/div><!--\/vert-center-->\n\t\t\t\t\t\t\t\t\t\t\t\n\t\t\t\t\t\t\t\t\t\t<\/div>\n\t\t\t\t\t\t\t\t\t<\/div><!--work-item-->\n\t\t\t\t\t\t\t\t\t\n\t\t\t\t\t\t\t\t\t\t\t\t\t\t\t\t\n\t\t\t\t\t\t\t\t\n\t\t\t\t\t\t\t<\/div><!--\/inner-wrap-->\n\t\t\t\t\t\t<\/div><!--\/col-->\n\t\t\t\t\t\t\n\t\t\t\t\t\t\t\t\t\t\t\n\t\t\t\t\t\t\t\t\t\t\t\t\n\t\t\t\t\t\t<div class=\"col span_4  element quartos marcenaria-de-interiores mobiliario \"  data-project-cat=\"quartos marcenaria-de-interiores mobiliario \" data-default-color=\"true\" data-title-color=\"\" data-subtitle-color=\"\">\n\t\t\t\t\t\t\t\n\t\t\t\t\t\t\t<div class=\"inner-wrap animated\" data-animation=\"perspective\">\n\t\t\t\t\t\t\t\t\n\t\t\t\t\t\t\t\t\t\t\t\t\t\t\t\t\t\n\t\t\t\t\t\t\t\t\t<div class=\"work-item style-2\" data-custom-content=\"\">\n\t\t\t\t\t\t\t\t\t\t\n\t\t\t\t\t\t\t\t\t\t<img loading=\"lazy\" decoding=\"async\" class=\"size- skip-lazy\" src=\"https:\/\/www.denhandwierker.lu\/wp-content\/uploads\/2021\/05\/65-600x403.jpg\" alt=\"\" height=\"403\" width=\"600\" srcset=\"https:\/\/www.denhandwierker.lu\/wp-content\/uploads\/2021\/05\/65-600x403.jpg 600w, https:\/\/www.denhandwierker.lu\/wp-content\/uploads\/2021\/05\/65-400x269.jpg 400w\" sizes=\"auto, (min-width: 1000px) 33.3vw, (min-width: 690px) 50vw, 100vw\" \/>\t\t\t\t\t\t\t\t\t\t\n\t\t\t\t\t\t\t\t\t\t<div class=\"work-info-bg\"><\/div>\n\t\t\t\t\t\t\t\t\t\t<div class=\"work-info\">\n\t\t\t\t\t\t\t\t\t\t\t\n\t\t\t\t\t\t\t\t\t\t\t\t\t\t\t\t\t\t\t\t\t\t\t\n\t\t\t\t\t\t\t\t\t\t\t\t\n\t\t\t\t\t\t\t\t\t\t\t\t\t\t\t\t\t\t\t\t\t\t\t\t\t\t\t<a href=\"https:\/\/www.denhandwierker.lu\/wp-content\/uploads\/2021\/05\/65.jpg\"  class=\"pretty_photo\"><\/a>  \n\t\t\t\t\t\t\t\t\t\t\t\t\t\t\t\t\t\t\t\t\t\t\t\t\t\n\t\t\t\t\t\t\t\t\t\t\t\n\t\t\t\t\t\t\t\t\t\t\t<div class=\"vert-center\">\n\t\t\t\t\t\t\t\t\t\t\t\t\t\n\t\t\t\t\t\t\t\t\t\t\t\t\t<h3>Quarto<\/h3> \n\t\t\t\t\t\t\t\t\t\t\t\t\t<p>14 Dezembro 2023<\/p>\t\t\t\t\t\t\t\t\t\t\t<\/div><!--\/vert-center-->\n\t\t\t\t\t\t\t\t\t\t\t\n\t\t\t\t\t\t\t\t\t\t<\/div>\n\t\t\t\t\t\t\t\t\t<\/div><!--work-item-->\n\t\t\t\t\t\t\t\t\t\n\t\t\t\t\t\t\t\t\t\t\t\t\t\t\t\t\n\t\t\t\t\t\t\t\t\n\t\t\t\t\t\t\t<\/div><!--\/inner-wrap-->\n\t\t\t\t\t\t<\/div><!--\/col-->\n\t\t\t\t\t\t\n\t\t\t\t\t\t\t\t\t\t\t\n\t\t\t\t\t\t\t\t\t\t\t\t\n\t\t\t\t\t\t<div class=\"col span_4  element marcenaria-de-interiores mobiliario \"  data-project-cat=\"marcenaria-de-interiores mobiliario \" data-default-color=\"true\" data-title-color=\"\" data-subtitle-color=\"\">\n\t\t\t\t\t\t\t\n\t\t\t\t\t\t\t<div class=\"inner-wrap animated\" data-animation=\"perspective\">\n\t\t\t\t\t\t\t\t\n\t\t\t\t\t\t\t\t\t\t\t\t\t\t\t\t\t\n\t\t\t\t\t\t\t\t\t<div class=\"work-item style-2\" data-custom-content=\"\">\n\t\t\t\t\t\t\t\t\t\t\n\t\t\t\t\t\t\t\t\t\t<img loading=\"lazy\" decoding=\"async\" class=\"size- skip-lazy\" src=\"https:\/\/www.denhandwierker.lu\/wp-content\/uploads\/2021\/05\/30-600x403.jpg\" alt=\"\" height=\"403\" width=\"600\" srcset=\"https:\/\/www.denhandwierker.lu\/wp-content\/uploads\/2021\/05\/30-600x403.jpg 600w, https:\/\/www.denhandwierker.lu\/wp-content\/uploads\/2021\/05\/30-400x269.jpg 400w\" sizes=\"auto, (min-width: 1000px) 33.3vw, (min-width: 690px) 50vw, 100vw\" \/>\t\t\t\t\t\t\t\t\t\t\n\t\t\t\t\t\t\t\t\t\t<div class=\"work-info-bg\"><\/div>\n\t\t\t\t\t\t\t\t\t\t<div class=\"work-info\">\n\t\t\t\t\t\t\t\t\t\t\t\n\t\t\t\t\t\t\t\t\t\t\t\t\t\t\t\t\t\t\t\t\t\t\t\n\t\t\t\t\t\t\t\t\t\t\t\t\n\t\t\t\t\t\t\t\t\t\t\t\t\t\t\t\t\t\t\t\t\t\t\t\t\t\t\t<a href=\"https:\/\/www.denhandwierker.lu\/wp-content\/uploads\/2021\/05\/30-scaled.jpg\"  class=\"pretty_photo\"><\/a>  \n\t\t\t\t\t\t\t\t\t\t\t\t\t\t\t\t\t\t\t\t\t\t\t\t\t\n\t\t\t\t\t\t\t\t\t\t\t\n\t\t\t\t\t\t\t\t\t\t\t<div class=\"vert-center\">\n\t\t\t\t\t\t\t\t\t\t\t\t\t\n\t\t\t\t\t\t\t\t\t\t\t\t\t<h3>Banco em forma de U<\/h3> \n\t\t\t\t\t\t\t\t\t\t\t\t\t<p>9 Outubro 2023<\/p>\t\t\t\t\t\t\t\t\t\t\t<\/div><!--\/vert-center-->\n\t\t\t\t\t\t\t\t\t\t\t\n\t\t\t\t\t\t\t\t\t\t<\/div>\n\t\t\t\t\t\t\t\t\t<\/div><!--work-item-->\n\t\t\t\t\t\t\t\t\t\n\t\t\t\t\t\t\t\t\t\t\t\t\t\t\t\t\n\t\t\t\t\t\t\t\t\n\t\t\t\t\t\t\t<\/div><!--\/inner-wrap-->\n\t\t\t\t\t\t<\/div><!--\/col-->\n\t\t\t\t\t\t\n\t\t\t\t\t\t\t\t\t\t\t\n\t\t\t\t\t\t\t\t\t\t\t\t\n\t\t\t\t\t\t<div class=\"col span_4  element marcenaria-de-interiores mobiliario \"  data-project-cat=\"marcenaria-de-interiores mobiliario \" data-default-color=\"true\" data-title-color=\"\" data-subtitle-color=\"\">\n\t\t\t\t\t\t\t\n\t\t\t\t\t\t\t<div class=\"inner-wrap animated\" data-animation=\"perspective\">\n\t\t\t\t\t\t\t\t\n\t\t\t\t\t\t\t\t\t\t\t\t\t\t\t\t\t\n\t\t\t\t\t\t\t\t\t<div class=\"work-item style-2\" data-custom-content=\"\">\n\t\t\t\t\t\t\t\t\t\t\n\t\t\t\t\t\t\t\t\t\t<img loading=\"lazy\" decoding=\"async\" class=\"size- skip-lazy\" src=\"https:\/\/www.denhandwierker.lu\/wp-content\/uploads\/2021\/04\/58-600x403.jpg\" alt=\"\" height=\"403\" width=\"600\" srcset=\"https:\/\/www.denhandwierker.lu\/wp-content\/uploads\/2021\/04\/58-600x403.jpg 600w, https:\/\/www.denhandwierker.lu\/wp-content\/uploads\/2021\/04\/58-400x269.jpg 400w\" sizes=\"auto, (min-width: 1000px) 33.3vw, (min-width: 690px) 50vw, 100vw\" \/>\t\t\t\t\t\t\t\t\t\t\n\t\t\t\t\t\t\t\t\t\t<div class=\"work-info-bg\"><\/div>\n\t\t\t\t\t\t\t\t\t\t<div class=\"work-info\">\n\t\t\t\t\t\t\t\t\t\t\t\n\t\t\t\t\t\t\t\t\t\t\t\t\t\t\t\t\t\t\t\t\t\t\t\n\t\t\t\t\t\t\t\t\t\t\t\t\n\t\t\t\t\t\t\t\t\t\t\t\t\t\t\t\t\t\t\t\t\t\t\t\t\t\t\t<a href=\"https:\/\/www.denhandwierker.lu\/wp-content\/uploads\/2021\/04\/58-scaled.jpg\"  class=\"pretty_photo\"><\/a>  \n\t\t\t\t\t\t\t\t\t\t\t\t\t\t\t\t\t\t\t\t\t\t\t\t\t\n\t\t\t\t\t\t\t\t\t\t\t\n\t\t\t\t\t\t\t\t\t\t\t<div class=\"vert-center\">\n\t\t\t\t\t\t\t\t\t\t\t\t\t\n\t\t\t\t\t\t\t\t\t\t\t\t\t<h3>Mobili\u00e1rio<\/h3> \n\t\t\t\t\t\t\t\t\t\t\t\t\t<p>29 Setembro 2023<\/p>\t\t\t\t\t\t\t\t\t\t\t<\/div><!--\/vert-center-->\n\t\t\t\t\t\t\t\t\t\t\t\n\t\t\t\t\t\t\t\t\t\t<\/div>\n\t\t\t\t\t\t\t\t\t<\/div><!--work-item-->\n\t\t\t\t\t\t\t\t\t\n\t\t\t\t\t\t\t\t\t\t\t\t\t\t\t\t\n\t\t\t\t\t\t\t\t\n\t\t\t\t\t\t\t<\/div><!--\/inner-wrap-->\n\t\t\t\t\t\t<\/div><!--\/col-->\n\t\t\t\t\t\t\n\t\t\t\t\t\t\t\t\t\t\t\n\t\t\t\t\t\t\t\t\t\t\t\t\n\t\t\t\t\t\t<div class=\"col span_4  element escadas marcenaria-de-interiores \"  data-project-cat=\"escadas marcenaria-de-interiores \" data-default-color=\"true\" data-title-color=\"\" data-subtitle-color=\"\">\n\t\t\t\t\t\t\t\n\t\t\t\t\t\t\t<div class=\"inner-wrap animated\" data-animation=\"perspective\">\n\t\t\t\t\t\t\t\t\n\t\t\t\t\t\t\t\t\t\t\t\t\t\t\t\t\t\n\t\t\t\t\t\t\t\t\t<div class=\"work-item style-2\" data-custom-content=\"\">\n\t\t\t\t\t\t\t\t\t\t\n\t\t\t\t\t\t\t\t\t\t<img loading=\"lazy\" decoding=\"async\" class=\"size- skip-lazy\" src=\"https:\/\/www.denhandwierker.lu\/wp-content\/uploads\/2021\/04\/image002-600x403.jpg\" alt=\"\" height=\"403\" width=\"600\" srcset=\"https:\/\/www.denhandwierker.lu\/wp-content\/uploads\/2021\/04\/image002-600x403.jpg 600w, https:\/\/www.denhandwierker.lu\/wp-content\/uploads\/2021\/04\/image002-400x269.jpg 400w\" sizes=\"auto, (min-width: 1000px) 33.3vw, (min-width: 690px) 50vw, 100vw\" \/>\t\t\t\t\t\t\t\t\t\t\n\t\t\t\t\t\t\t\t\t\t<div class=\"work-info-bg\"><\/div>\n\t\t\t\t\t\t\t\t\t\t<div class=\"work-info\">\n\t\t\t\t\t\t\t\t\t\t\t\n\t\t\t\t\t\t\t\t\t\t\t\t\t\t\t\t\t\t\t\t\t\t\t\n\t\t\t\t\t\t\t\t\t\t\t\t\n\t\t\t\t\t\t\t\t\t\t\t\t\t\t\t\t\t\t\t\t\t\t\t\t\t\t\t<a href=\"https:\/\/www.denhandwierker.lu\/wp-content\/uploads\/2021\/04\/image002.jpg\"  class=\"pretty_photo\"><\/a>  \n\t\t\t\t\t\t\t\t\t\t\t\t\t\t\t\t\t\t\t\t\t\t\t\t\t\n\t\t\t\t\t\t\t\t\t\t\t\n\t\t\t\t\t\t\t\t\t\t\t<div class=\"vert-center\">\n\t\t\t\t\t\t\t\t\t\t\t\t\t\n\t\t\t\t\t\t\t\t\t\t\t\t\t<h3>Escadas<\/h3> \n\t\t\t\t\t\t\t\t\t\t\t\t\t<p>14 Abril 2021<\/p>\t\t\t\t\t\t\t\t\t\t\t<\/div><!--\/vert-center-->\n\t\t\t\t\t\t\t\t\t\t\t\n\t\t\t\t\t\t\t\t\t\t<\/div>\n\t\t\t\t\t\t\t\t\t<\/div><!--work-item-->\n\t\t\t\t\t\t\t\t\t\n\t\t\t\t\t\t\t\t\t\t\t\t\t\t\t\t\n\t\t\t\t\t\t\t\t\n\t\t\t\t\t\t\t<\/div><!--\/inner-wrap-->\n\t\t\t\t\t\t<\/div><!--\/col-->\n\t\t\t\t\t\t\n\t\t\t\t\t\t\t\t\t\t\t\n\t\t\t\t\t\t\t\t\t\t\t\t\n\t\t\t\t\t\t<div class=\"col span_4  element escadas marcenaria-de-interiores \"  data-project-cat=\"escadas marcenaria-de-interiores \" data-default-color=\"true\" data-title-color=\"\" data-subtitle-color=\"\">\n\t\t\t\t\t\t\t\n\t\t\t\t\t\t\t<div class=\"inner-wrap animated\" data-animation=\"perspective\">\n\t\t\t\t\t\t\t\t\n\t\t\t\t\t\t\t\t\t\t\t\t\t\t\t\t\t\n\t\t\t\t\t\t\t\t\t<div class=\"work-item style-2\" data-custom-content=\"\">\n\t\t\t\t\t\t\t\t\t\t\n\t\t\t\t\t\t\t\t\t\t<img loading=\"lazy\" decoding=\"async\" class=\"size- skip-lazy\" src=\"https:\/\/www.denhandwierker.lu\/wp-content\/uploads\/2021\/04\/image004-600x403.jpg\" alt=\"\" height=\"403\" width=\"600\" srcset=\"https:\/\/www.denhandwierker.lu\/wp-content\/uploads\/2021\/04\/image004-600x403.jpg 600w, https:\/\/www.denhandwierker.lu\/wp-content\/uploads\/2021\/04\/image004-400x269.jpg 400w\" sizes=\"auto, (min-width: 1000px) 33.3vw, (min-width: 690px) 50vw, 100vw\" \/>\t\t\t\t\t\t\t\t\t\t\n\t\t\t\t\t\t\t\t\t\t<div class=\"work-info-bg\"><\/div>\n\t\t\t\t\t\t\t\t\t\t<div class=\"work-info\">\n\t\t\t\t\t\t\t\t\t\t\t\n\t\t\t\t\t\t\t\t\t\t\t\t\t\t\t\t\t\t\t\t\t\t\t\n\t\t\t\t\t\t\t\t\t\t\t\t\n\t\t\t\t\t\t\t\t\t\t\t\t\t\t\t\t\t\t\t\t\t\t\t\t\t\t\t<a href=\"https:\/\/www.denhandwierker.lu\/wp-content\/uploads\/2021\/04\/image004.jpg\"  class=\"pretty_photo\"><\/a>  \n\t\t\t\t\t\t\t\t\t\t\t\t\t\t\t\t\t\t\t\t\t\t\t\t\t\n\t\t\t\t\t\t\t\t\t\t\t\n\t\t\t\t\t\t\t\t\t\t\t<div class=\"vert-center\">\n\t\t\t\t\t\t\t\t\t\t\t\t\t\n\t\t\t\t\t\t\t\t\t\t\t\t\t<h3>Escadas<\/h3> \n\t\t\t\t\t\t\t\t\t\t\t\t\t<p>14 Abril 2021<\/p>\t\t\t\t\t\t\t\t\t\t\t<\/div><!--\/vert-center-->\n\t\t\t\t\t\t\t\t\t\t\t\n\t\t\t\t\t\t\t\t\t\t<\/div>\n\t\t\t\t\t\t\t\t\t<\/div><!--work-item-->\n\t\t\t\t\t\t\t\t\t\n\t\t\t\t\t\t\t\t\t\t\t\t\t\t\t\t\n\t\t\t\t\t\t\t\t\n\t\t\t\t\t\t\t<\/div><!--\/inner-wrap-->\n\t\t\t\t\t\t<\/div><!--\/col-->\n\t\t\t\t\t\t\n\t\t\t\t\t\t\t\t\t\t\t\n\t\t\t\t\t\t\t\t\t\t\t\t\n\t\t\t\t\t\t<div class=\"col span_4  element marcenaria-de-interiores mobiliario \"  data-project-cat=\"marcenaria-de-interiores mobiliario \" data-default-color=\"true\" data-title-color=\"\" data-subtitle-color=\"\">\n\t\t\t\t\t\t\t\n\t\t\t\t\t\t\t<div class=\"inner-wrap animated\" data-animation=\"perspective\">\n\t\t\t\t\t\t\t\t\n\t\t\t\t\t\t\t\t\t\t\t\t\t\t\t\t\t\n\t\t\t\t\t\t\t\t\t<div class=\"work-item style-2\" data-custom-content=\"\">\n\t\t\t\t\t\t\t\t\t\t\n\t\t\t\t\t\t\t\t\t\t<img loading=\"lazy\" decoding=\"async\" class=\"size- skip-lazy\" src=\"https:\/\/www.denhandwierker.lu\/wp-content\/uploads\/2021\/04\/image006-600x403.jpg\" alt=\"\" height=\"403\" width=\"600\" srcset=\"https:\/\/www.denhandwierker.lu\/wp-content\/uploads\/2021\/04\/image006-600x403.jpg 600w, https:\/\/www.denhandwierker.lu\/wp-content\/uploads\/2021\/04\/image006-400x269.jpg 400w\" sizes=\"auto, (min-width: 1000px) 33.3vw, (min-width: 690px) 50vw, 100vw\" \/>\t\t\t\t\t\t\t\t\t\t\n\t\t\t\t\t\t\t\t\t\t<div class=\"work-info-bg\"><\/div>\n\t\t\t\t\t\t\t\t\t\t<div class=\"work-info\">\n\t\t\t\t\t\t\t\t\t\t\t\n\t\t\t\t\t\t\t\t\t\t\t\t\t\t\t\t\t\t\t\t\t\t\t\n\t\t\t\t\t\t\t\t\t\t\t\t\n\t\t\t\t\t\t\t\t\t\t\t\t\t\t\t\t\t\t\t\t\t\t\t\t\t\t\t<a href=\"https:\/\/www.denhandwierker.lu\/wp-content\/uploads\/2021\/04\/image006.jpg\"  class=\"pretty_photo\"><\/a>  \n\t\t\t\t\t\t\t\t\t\t\t\t\t\t\t\t\t\t\t\t\t\t\t\t\t\n\t\t\t\t\t\t\t\t\t\t\t\n\t\t\t\t\t\t\t\t\t\t\t<div class=\"vert-center\">\n\t\t\t\t\t\t\t\t\t\t\t\t\t\n\t\t\t\t\t\t\t\t\t\t\t\t\t<h3>Parquet e mobili\u00e1rio<\/h3> \n\t\t\t\t\t\t\t\t\t\t\t\t\t<p>14 Abril 2021<\/p>\t\t\t\t\t\t\t\t\t\t\t<\/div><!--\/vert-center-->\n\t\t\t\t\t\t\t\t\t\t\t\n\t\t\t\t\t\t\t\t\t\t<\/div>\n\t\t\t\t\t\t\t\t\t<\/div><!--work-item-->\n\t\t\t\t\t\t\t\t\t\n\t\t\t\t\t\t\t\t\t\t\t\t\t\t\t\t\n\t\t\t\t\t\t\t\t\n\t\t\t\t\t\t\t<\/div><!--\/inner-wrap-->\n\t\t\t\t\t\t<\/div><!--\/col-->\n\t\t\t\t\t\t\n\t\t\t\t\t\t\t\t\t\t\t\n\t\t\t\t\t\t\t\t\t\t\t\t\n\t\t\t\t\t\t<div class=\"col span_4  element marcenaria-de-interiores mobiliario \"  data-project-cat=\"marcenaria-de-interiores mobiliario \" data-default-color=\"true\" data-title-color=\"\" data-subtitle-color=\"\">\n\t\t\t\t\t\t\t\n\t\t\t\t\t\t\t<div class=\"inner-wrap animated\" data-animation=\"perspective\">\n\t\t\t\t\t\t\t\t\n\t\t\t\t\t\t\t\t\t\t\t\t\t\t\t\t\t\n\t\t\t\t\t\t\t\t\t<div class=\"work-item style-2\" data-custom-content=\"\">\n\t\t\t\t\t\t\t\t\t\t\n\t\t\t\t\t\t\t\t\t\t<img loading=\"lazy\" decoding=\"async\" class=\"size- skip-lazy\" src=\"https:\/\/www.denhandwierker.lu\/wp-content\/uploads\/2021\/04\/image007-600x403.jpg\" alt=\"\" height=\"403\" width=\"600\" srcset=\"https:\/\/www.denhandwierker.lu\/wp-content\/uploads\/2021\/04\/image007-600x403.jpg 600w, https:\/\/www.denhandwierker.lu\/wp-content\/uploads\/2021\/04\/image007-400x269.jpg 400w\" sizes=\"auto, (min-width: 1000px) 33.3vw, (min-width: 690px) 50vw, 100vw\" \/>\t\t\t\t\t\t\t\t\t\t\n\t\t\t\t\t\t\t\t\t\t<div class=\"work-info-bg\"><\/div>\n\t\t\t\t\t\t\t\t\t\t<div class=\"work-info\">\n\t\t\t\t\t\t\t\t\t\t\t\n\t\t\t\t\t\t\t\t\t\t\t\t\t\t\t\t\t\t\t\t\t\t\t\n\t\t\t\t\t\t\t\t\t\t\t\t\n\t\t\t\t\t\t\t\t\t\t\t\t\t\t\t\t\t\t\t\t\t\t\t\t\t\t\t<a href=\"https:\/\/www.denhandwierker.lu\/wp-content\/uploads\/2021\/04\/image007.jpg\"  class=\"pretty_photo\"><\/a>  \n\t\t\t\t\t\t\t\t\t\t\t\t\t\t\t\t\t\t\t\t\t\t\t\t\t\n\t\t\t\t\t\t\t\t\t\t\t\n\t\t\t\t\t\t\t\t\t\t\t<div class=\"vert-center\">\n\t\t\t\t\t\t\t\t\t\t\t\t\t\n\t\t\t\t\t\t\t\t\t\t\t\t\t<h3>Portas, m\u00f3veis e pavimentos em parquet<\/h3> \n\t\t\t\t\t\t\t\t\t\t\t\t\t<p>14 Abril 2021<\/p>\t\t\t\t\t\t\t\t\t\t\t<\/div><!--\/vert-center-->\n\t\t\t\t\t\t\t\t\t\t\t\n\t\t\t\t\t\t\t\t\t\t<\/div>\n\t\t\t\t\t\t\t\t\t<\/div><!--work-item-->\n\t\t\t\t\t\t\t\t\t\n\t\t\t\t\t\t\t\t\t\t\t\t\t\t\t\t\n\t\t\t\t\t\t\t\t\n\t\t\t\t\t\t\t<\/div><!--\/inner-wrap-->\n\t\t\t\t\t\t<\/div><!--\/col-->\n\t\t\t\t\t\t\n\t\t\t\t\t\t\t\t\t\t\t\n\t\t\t\t\t\t\t\t\t\t\t\t\n\t\t\t\t\t\t<div class=\"col span_4  element sala-de-estar marcenaria-de-interiores mobiliario \"  data-project-cat=\"sala-de-estar marcenaria-de-interiores mobiliario \" data-default-color=\"true\" data-title-color=\"\" data-subtitle-color=\"\">\n\t\t\t\t\t\t\t\n\t\t\t\t\t\t\t<div class=\"inner-wrap animated\" data-animation=\"perspective\">\n\t\t\t\t\t\t\t\t\n\t\t\t\t\t\t\t\t\t\t\t\t\t\t\t\t\t\n\t\t\t\t\t\t\t\t\t<div class=\"work-item style-2\" data-custom-content=\"\">\n\t\t\t\t\t\t\t\t\t\t\n\t\t\t\t\t\t\t\t\t\t<img loading=\"lazy\" decoding=\"async\" class=\"size- skip-lazy\" src=\"https:\/\/www.denhandwierker.lu\/wp-content\/uploads\/2021\/04\/64-600x403.jpg\" alt=\"\" height=\"403\" width=\"600\" srcset=\"https:\/\/www.denhandwierker.lu\/wp-content\/uploads\/2021\/04\/64-600x403.jpg 600w, https:\/\/www.denhandwierker.lu\/wp-content\/uploads\/2021\/04\/64-400x269.jpg 400w\" sizes=\"auto, (min-width: 1000px) 33.3vw, (min-width: 690px) 50vw, 100vw\" \/>\t\t\t\t\t\t\t\t\t\t\n\t\t\t\t\t\t\t\t\t\t<div class=\"work-info-bg\"><\/div>\n\t\t\t\t\t\t\t\t\t\t<div class=\"work-info\">\n\t\t\t\t\t\t\t\t\t\t\t\n\t\t\t\t\t\t\t\t\t\t\t\t\t\t\t\t\t\t\t\t\t\t\t\n\t\t\t\t\t\t\t\t\t\t\t\t\n\t\t\t\t\t\t\t\t\t\t\t\t\t\t\t\t\t\t\t\t\t\t\t\t\t\t\t<a href=\"https:\/\/www.denhandwierker.lu\/wp-content\/uploads\/2021\/04\/64.jpg\"  class=\"pretty_photo\"><\/a>  \n\t\t\t\t\t\t\t\t\t\t\t\t\t\t\t\t\t\t\t\t\t\t\t\t\t\n\t\t\t\t\t\t\t\t\t\t\t\n\t\t\t\t\t\t\t\t\t\t\t<div class=\"vert-center\">\n\t\t\t\t\t\t\t\t\t\t\t\t\t\n\t\t\t\t\t\t\t\t\t\t\t\t\t<h3>Sala de estar<\/h3> \n\t\t\t\t\t\t\t\t\t\t\t\t\t<p>14 Setembro 2023<\/p>\t\t\t\t\t\t\t\t\t\t\t<\/div><!--\/vert-center-->\n\t\t\t\t\t\t\t\t\t\t\t\n\t\t\t\t\t\t\t\t\t\t<\/div>\n\t\t\t\t\t\t\t\t\t<\/div><!--work-item-->\n\t\t\t\t\t\t\t\t\t\n\t\t\t\t\t\t\t\t\t\t\t\t\t\t\t\t\n\t\t\t\t\t\t\t\t\n\t\t\t\t\t\t\t<\/div><!--\/inner-wrap-->\n\t\t\t\t\t\t<\/div><!--\/col-->\n\t\t\t\t\t\t\n\t\t\t\t\t\t\t\t\t\t\t\n\t\t\t\t\t\t\t\t\t\t\t\t\n\t\t\t\t\t\t<div class=\"col span_4  element marcenaria-de-interiores mobiliario \"  data-project-cat=\"marcenaria-de-interiores mobiliario \" data-default-color=\"true\" data-title-color=\"\" data-subtitle-color=\"\">\n\t\t\t\t\t\t\t\n\t\t\t\t\t\t\t<div class=\"inner-wrap animated\" data-animation=\"perspective\">\n\t\t\t\t\t\t\t\t\n\t\t\t\t\t\t\t\t\t\t\t\t\t\t\t\t\t\n\t\t\t\t\t\t\t\t\t<div class=\"work-item style-2\" data-custom-content=\"\">\n\t\t\t\t\t\t\t\t\t\t\n\t\t\t\t\t\t\t\t\t\t<img loading=\"lazy\" decoding=\"async\" class=\"size- skip-lazy\" src=\"https:\/\/www.denhandwierker.lu\/wp-content\/uploads\/2021\/04\/image001-600x403.jpg\" alt=\"\" height=\"403\" width=\"600\" srcset=\"https:\/\/www.denhandwierker.lu\/wp-content\/uploads\/2021\/04\/image001-600x403.jpg 600w, https:\/\/www.denhandwierker.lu\/wp-content\/uploads\/2021\/04\/image001-400x269.jpg 400w\" sizes=\"auto, (min-width: 1000px) 33.3vw, (min-width: 690px) 50vw, 100vw\" \/>\t\t\t\t\t\t\t\t\t\t\n\t\t\t\t\t\t\t\t\t\t<div class=\"work-info-bg\"><\/div>\n\t\t\t\t\t\t\t\t\t\t<div class=\"work-info\">\n\t\t\t\t\t\t\t\t\t\t\t\n\t\t\t\t\t\t\t\t\t\t\t\t\t\t\t\t\t\t\t\t\t\t\t\n\t\t\t\t\t\t\t\t\t\t\t\t\n\t\t\t\t\t\t\t\t\t\t\t\t\t\t\t\t\t\t\t\t\t\t\t\t\t\t\t<a href=\"https:\/\/www.denhandwierker.lu\/wp-content\/uploads\/2021\/04\/image001.jpg\"  class=\"pretty_photo\"><\/a>  \n\t\t\t\t\t\t\t\t\t\t\t\t\t\t\t\t\t\t\t\t\t\t\t\t\t\n\t\t\t\t\t\t\t\t\t\t\t\n\t\t\t\t\t\t\t\t\t\t\t<div class=\"vert-center\">\n\t\t\t\t\t\t\t\t\t\t\t\t\t\n\t\t\t\t\t\t\t\t\t\t\t\t\t<h3>Portas, soalhos, m\u00f3veis<\/h3> \n\t\t\t\t\t\t\t\t\t\t\t\t\t<p>14 Abril 2021<\/p>\t\t\t\t\t\t\t\t\t\t\t<\/div><!--\/vert-center-->\n\t\t\t\t\t\t\t\t\t\t\t\n\t\t\t\t\t\t\t\t\t\t<\/div>\n\t\t\t\t\t\t\t\t\t<\/div><!--work-item-->\n\t\t\t\t\t\t\t\t\t\n\t\t\t\t\t\t\t\t\t\t\t\t\t\t\t\t\n\t\t\t\t\t\t\t\t\n\t\t\t\t\t\t\t<\/div><!--\/inner-wrap-->\n\t\t\t\t\t\t<\/div><!--\/col-->\n\t\t\t\t\t\t\n\t\t\t\t\t\t\t\t\t\t\t\n\t\t\t\t\t\t\t\t\t\t\t\t\n\t\t\t\t\t\t<div class=\"col span_4  element marcenaria-de-interiores mobiliario \"  data-project-cat=\"marcenaria-de-interiores mobiliario \" data-default-color=\"true\" data-title-color=\"\" data-subtitle-color=\"\">\n\t\t\t\t\t\t\t\n\t\t\t\t\t\t\t<div class=\"inner-wrap animated\" data-animation=\"perspective\">\n\t\t\t\t\t\t\t\t\n\t\t\t\t\t\t\t\t\t\t\t\t\t\t\t\t\t\n\t\t\t\t\t\t\t\t\t<div class=\"work-item style-2\" data-custom-content=\"\">\n\t\t\t\t\t\t\t\t\t\t\n\t\t\t\t\t\t\t\t\t\t<img loading=\"lazy\" decoding=\"async\" class=\"size- skip-lazy\" src=\"https:\/\/www.denhandwierker.lu\/wp-content\/uploads\/2021\/04\/chambre-600x403.jpg\" alt=\"\" height=\"403\" width=\"600\" srcset=\"https:\/\/www.denhandwierker.lu\/wp-content\/uploads\/2021\/04\/chambre-600x403.jpg 600w, https:\/\/www.denhandwierker.lu\/wp-content\/uploads\/2021\/04\/chambre-400x269.jpg 400w\" sizes=\"auto, (min-width: 1000px) 33.3vw, (min-width: 690px) 50vw, 100vw\" \/>\t\t\t\t\t\t\t\t\t\t\n\t\t\t\t\t\t\t\t\t\t<div class=\"work-info-bg\"><\/div>\n\t\t\t\t\t\t\t\t\t\t<div class=\"work-info\">\n\t\t\t\t\t\t\t\t\t\t\t\n\t\t\t\t\t\t\t\t\t\t\t\t\t\t\t\t\t\t\t\t\t\t\t\n\t\t\t\t\t\t\t\t\t\t\t\t\n\t\t\t\t\t\t\t\t\t\t\t\t\t\t\t\t\t\t\t\t\t\t\t\t\t\t\t<a href=\"https:\/\/www.denhandwierker.lu\/wp-content\/uploads\/2021\/04\/chambre.jpg\"  class=\"pretty_photo\"><\/a>  \n\t\t\t\t\t\t\t\t\t\t\t\t\t\t\t\t\t\t\t\t\t\t\t\t\t\n\t\t\t\t\t\t\t\t\t\t\t\n\t\t\t\t\t\t\t\t\t\t\t<div class=\"vert-center\">\n\t\t\t\t\t\t\t\t\t\t\t\t\t\n\t\t\t\t\t\t\t\t\t\t\t\t\t<h3>Porta<\/h3> \n\t\t\t\t\t\t\t\t\t\t\t\t\t<p>14 Abril 2021<\/p>\t\t\t\t\t\t\t\t\t\t\t<\/div><!--\/vert-center-->\n\t\t\t\t\t\t\t\t\t\t\t\n\t\t\t\t\t\t\t\t\t\t<\/div>\n\t\t\t\t\t\t\t\t\t<\/div><!--work-item-->\n\t\t\t\t\t\t\t\t\t\n\t\t\t\t\t\t\t\t\t\t\t\t\t\t\t\t\n\t\t\t\t\t\t\t\t\n\t\t\t\t\t\t\t<\/div><!--\/inner-wrap-->\n\t\t\t\t\t\t<\/div><!--\/col-->\n\t\t\t\t\t\t\n\t\t\t\t\t\t\t\t\t\t\t\n\t\t\t\t\t\t\t\t\t\t\t\t\n\t\t\t\t\t\t<div class=\"col span_4  element marcenaria-de-interiores mobiliario \"  data-project-cat=\"marcenaria-de-interiores mobiliario \" data-default-color=\"true\" data-title-color=\"\" data-subtitle-color=\"\">\n\t\t\t\t\t\t\t\n\t\t\t\t\t\t\t<div class=\"inner-wrap animated\" data-animation=\"perspective\">\n\t\t\t\t\t\t\t\t\n\t\t\t\t\t\t\t\t\t\t\t\t\t\t\t\t\t\n\t\t\t\t\t\t\t\t\t<div class=\"work-item style-2\" data-custom-content=\"\">\n\t\t\t\t\t\t\t\t\t\t\n\t\t\t\t\t\t\t\t\t\t<img loading=\"lazy\" decoding=\"async\" class=\"size- skip-lazy\" src=\"https:\/\/www.denhandwierker.lu\/wp-content\/uploads\/2021\/04\/sdb-600x403.jpg\" alt=\"\" height=\"403\" width=\"600\" srcset=\"https:\/\/www.denhandwierker.lu\/wp-content\/uploads\/2021\/04\/sdb-600x403.jpg 600w, https:\/\/www.denhandwierker.lu\/wp-content\/uploads\/2021\/04\/sdb-400x269.jpg 400w\" sizes=\"auto, (min-width: 1000px) 33.3vw, (min-width: 690px) 50vw, 100vw\" \/>\t\t\t\t\t\t\t\t\t\t\n\t\t\t\t\t\t\t\t\t\t<div class=\"work-info-bg\"><\/div>\n\t\t\t\t\t\t\t\t\t\t<div class=\"work-info\">\n\t\t\t\t\t\t\t\t\t\t\t\n\t\t\t\t\t\t\t\t\t\t\t\t\t\t\t\t\t\t\t\t\t\t\t\n\t\t\t\t\t\t\t\t\t\t\t\t\n\t\t\t\t\t\t\t\t\t\t\t\t\t\t\t\t\t\t\t\t\t\t\t\t\t\t\t<a href=\"https:\/\/www.denhandwierker.lu\/wp-content\/uploads\/2021\/04\/sdb.jpg\"  class=\"pretty_photo\"><\/a>  \n\t\t\t\t\t\t\t\t\t\t\t\t\t\t\t\t\t\t\t\t\t\t\t\t\t\n\t\t\t\t\t\t\t\t\t\t\t\n\t\t\t\t\t\t\t\t\t\t\t<div class=\"vert-center\">\n\t\t\t\t\t\t\t\t\t\t\t\t\t\n\t\t\t\t\t\t\t\t\t\t\t\t\t<h3>Porta<\/h3> \n\t\t\t\t\t\t\t\t\t\t\t\t\t<p>14 Abril 2021<\/p>\t\t\t\t\t\t\t\t\t\t\t<\/div><!--\/vert-center-->\n\t\t\t\t\t\t\t\t\t\t\t\n\t\t\t\t\t\t\t\t\t\t<\/div>\n\t\t\t\t\t\t\t\t\t<\/div><!--work-item-->\n\t\t\t\t\t\t\t\t\t\n\t\t\t\t\t\t\t\t\t\t\t\t\t\t\t\t\n\t\t\t\t\t\t\t\t\n\t\t\t\t\t\t\t<\/div><!--\/inner-wrap-->\n\t\t\t\t\t\t<\/div><!--\/col-->\n\t\t\t\t\t\t\n\t\t\t\t\t\t\t\t\t\t\t\n\t\t\t\t\t\t\t\t\t\t\t\t\n\t\t\t\t\t\t<div class=\"col span_4  element marcenaria-de-interiores mobiliario \"  data-project-cat=\"marcenaria-de-interiores mobiliario \" data-default-color=\"true\" data-title-color=\"\" data-subtitle-color=\"\">\n\t\t\t\t\t\t\t\n\t\t\t\t\t\t\t<div class=\"inner-wrap animated\" data-animation=\"perspective\">\n\t\t\t\t\t\t\t\t\n\t\t\t\t\t\t\t\t\t\t\t\t\t\t\t\t\t\n\t\t\t\t\t\t\t\t\t<div class=\"work-item style-2\" data-custom-content=\"\">\n\t\t\t\t\t\t\t\t\t\t\n\t\t\t\t\t\t\t\t\t\t<img loading=\"lazy\" decoding=\"async\" class=\"size- skip-lazy\" src=\"https:\/\/www.denhandwierker.lu\/wp-content\/uploads\/2021\/04\/sdb-2-600x403.jpg\" alt=\"\" height=\"403\" width=\"600\" srcset=\"https:\/\/www.denhandwierker.lu\/wp-content\/uploads\/2021\/04\/sdb-2-600x403.jpg 600w, https:\/\/www.denhandwierker.lu\/wp-content\/uploads\/2021\/04\/sdb-2-400x269.jpg 400w\" sizes=\"auto, (min-width: 1000px) 33.3vw, (min-width: 690px) 50vw, 100vw\" \/>\t\t\t\t\t\t\t\t\t\t\n\t\t\t\t\t\t\t\t\t\t<div class=\"work-info-bg\"><\/div>\n\t\t\t\t\t\t\t\t\t\t<div class=\"work-info\">\n\t\t\t\t\t\t\t\t\t\t\t\n\t\t\t\t\t\t\t\t\t\t\t\t\t\t\t\t\t\t\t\t\t\t\t\n\t\t\t\t\t\t\t\t\t\t\t\t\n\t\t\t\t\t\t\t\t\t\t\t\t\t\t\t\t\t\t\t\t\t\t\t\t\t\t\t<a href=\"https:\/\/www.denhandwierker.lu\/wp-content\/uploads\/2021\/04\/sdb-2.jpg\"  class=\"pretty_photo\"><\/a>  \n\t\t\t\t\t\t\t\t\t\t\t\t\t\t\t\t\t\t\t\t\t\t\t\t\t\n\t\t\t\t\t\t\t\t\t\t\t\n\t\t\t\t\t\t\t\t\t\t\t<div class=\"vert-center\">\n\t\t\t\t\t\t\t\t\t\t\t\t\t\n\t\t\t\t\t\t\t\t\t\t\t\t\t<h3>Porta<\/h3> \n\t\t\t\t\t\t\t\t\t\t\t\t\t<p>14 Abril 2021<\/p>\t\t\t\t\t\t\t\t\t\t\t<\/div><!--\/vert-center-->\n\t\t\t\t\t\t\t\t\t\t\t\n\t\t\t\t\t\t\t\t\t\t<\/div>\n\t\t\t\t\t\t\t\t\t<\/div><!--work-item-->\n\t\t\t\t\t\t\t\t\t\n\t\t\t\t\t\t\t\t\t\t\t\t\t\t\t\t\n\t\t\t\t\t\t\t\t\n\t\t\t\t\t\t\t<\/div><!--\/inner-wrap-->\n\t\t\t\t\t\t<\/div><!--\/col-->\n\t\t\t\t\t\t\n\t\t\t\t\t\t\t\t\t\t\t\n\t\t\t\t\t\t\t\t\t\t\t\t\n\t\t\t\t\t\t<div class=\"col span_4  element marcenaria-de-interiores mobiliario \"  data-project-cat=\"marcenaria-de-interiores mobiliario \" data-default-color=\"true\" data-title-color=\"\" data-subtitle-color=\"\">\n\t\t\t\t\t\t\t\n\t\t\t\t\t\t\t<div class=\"inner-wrap animated\" data-animation=\"perspective\">\n\t\t\t\t\t\t\t\t\n\t\t\t\t\t\t\t\t\t\t\t\t\t\t\t\t\t\n\t\t\t\t\t\t\t\t\t<div class=\"work-item style-2\" data-custom-content=\"\">\n\t\t\t\t\t\t\t\t\t\t\n\t\t\t\t\t\t\t\t\t\t<img loading=\"lazy\" decoding=\"async\" class=\"size- skip-lazy\" src=\"https:\/\/www.denhandwierker.lu\/wp-content\/uploads\/2021\/04\/porte-1-600x403.jpg\" alt=\"\" height=\"403\" width=\"600\" srcset=\"https:\/\/www.denhandwierker.lu\/wp-content\/uploads\/2021\/04\/porte-1-600x403.jpg 600w, https:\/\/www.denhandwierker.lu\/wp-content\/uploads\/2021\/04\/porte-1-400x269.jpg 400w\" sizes=\"auto, (min-width: 1000px) 33.3vw, (min-width: 690px) 50vw, 100vw\" \/>\t\t\t\t\t\t\t\t\t\t\n\t\t\t\t\t\t\t\t\t\t<div class=\"work-info-bg\"><\/div>\n\t\t\t\t\t\t\t\t\t\t<div class=\"work-info\">\n\t\t\t\t\t\t\t\t\t\t\t\n\t\t\t\t\t\t\t\t\t\t\t\t\t\t\t\t\t\t\t\t\t\t\t\n\t\t\t\t\t\t\t\t\t\t\t\t\n\t\t\t\t\t\t\t\t\t\t\t\t\t\t\t\t\t\t\t\t\t\t\t\t\t\t\t<a href=\"https:\/\/www.denhandwierker.lu\/wp-content\/uploads\/2021\/04\/porte-1.jpg\"  class=\"pretty_photo\"><\/a>  \n\t\t\t\t\t\t\t\t\t\t\t\t\t\t\t\t\t\t\t\t\t\t\t\t\t\n\t\t\t\t\t\t\t\t\t\t\t\n\t\t\t\t\t\t\t\t\t\t\t<div class=\"vert-center\">\n\t\t\t\t\t\t\t\t\t\t\t\t\t\n\t\t\t\t\t\t\t\t\t\t\t\t\t<h3>Porta<\/h3> \n\t\t\t\t\t\t\t\t\t\t\t\t\t<p>14 Abril 2021<\/p>\t\t\t\t\t\t\t\t\t\t\t<\/div><!--\/vert-center-->\n\t\t\t\t\t\t\t\t\t\t\t\n\t\t\t\t\t\t\t\t\t\t<\/div>\n\t\t\t\t\t\t\t\t\t<\/div><!--work-item-->\n\t\t\t\t\t\t\t\t\t\n\t\t\t\t\t\t\t\t\t\t\t\t\t\t\t\t\n\t\t\t\t\t\t\t\t\n\t\t\t\t\t\t\t<\/div><!--\/inner-wrap-->\n\t\t\t\t\t\t<\/div><!--\/col-->\n\t\t\t\t\t\t\n\t\t\t\t\t\t\t\t\t\t\t\n\t\t\t\t\t\t\t\t\t\t\t\t\n\t\t\t\t\t\t<div class=\"col span_4  element marcenaria-de-interiores mobiliario \"  data-project-cat=\"marcenaria-de-interiores mobiliario \" data-default-color=\"true\" data-title-color=\"\" data-subtitle-color=\"\">\n\t\t\t\t\t\t\t\n\t\t\t\t\t\t\t<div class=\"inner-wrap animated\" data-animation=\"perspective\">\n\t\t\t\t\t\t\t\t\n\t\t\t\t\t\t\t\t\t\t\t\t\t\t\t\t\t\n\t\t\t\t\t\t\t\t\t<div class=\"work-item style-2\" data-custom-content=\"\">\n\t\t\t\t\t\t\t\t\t\t\n\t\t\t\t\t\t\t\t\t\t<img loading=\"lazy\" decoding=\"async\" class=\"size- skip-lazy\" src=\"https:\/\/www.denhandwierker.lu\/wp-content\/uploads\/2021\/04\/porte-2-600x403.jpg\" alt=\"\" height=\"403\" width=\"600\" srcset=\"https:\/\/www.denhandwierker.lu\/wp-content\/uploads\/2021\/04\/porte-2-600x403.jpg 600w, https:\/\/www.denhandwierker.lu\/wp-content\/uploads\/2021\/04\/porte-2-400x269.jpg 400w\" sizes=\"auto, (min-width: 1000px) 33.3vw, (min-width: 690px) 50vw, 100vw\" \/>\t\t\t\t\t\t\t\t\t\t\n\t\t\t\t\t\t\t\t\t\t<div class=\"work-info-bg\"><\/div>\n\t\t\t\t\t\t\t\t\t\t<div class=\"work-info\">\n\t\t\t\t\t\t\t\t\t\t\t\n\t\t\t\t\t\t\t\t\t\t\t\t\t\t\t\t\t\t\t\t\t\t\t\n\t\t\t\t\t\t\t\t\t\t\t\t\n\t\t\t\t\t\t\t\t\t\t\t\t\t\t\t\t\t\t\t\t\t\t\t\t\t\t\t<a href=\"https:\/\/www.denhandwierker.lu\/wp-content\/uploads\/2021\/04\/porte-2.jpg\"  class=\"pretty_photo\"><\/a>  \n\t\t\t\t\t\t\t\t\t\t\t\t\t\t\t\t\t\t\t\t\t\t\t\t\t\n\t\t\t\t\t\t\t\t\t\t\t\n\t\t\t\t\t\t\t\t\t\t\t<div class=\"vert-center\">\n\t\t\t\t\t\t\t\t\t\t\t\t\t\n\t\t\t\t\t\t\t\t\t\t\t\t\t<h3>Porta<\/h3> \n\t\t\t\t\t\t\t\t\t\t\t\t\t<p>14 Abril 2021<\/p>\t\t\t\t\t\t\t\t\t\t\t<\/div><!--\/vert-center-->\n\t\t\t\t\t\t\t\t\t\t\t\n\t\t\t\t\t\t\t\t\t\t<\/div>\n\t\t\t\t\t\t\t\t\t<\/div><!--work-item-->\n\t\t\t\t\t\t\t\t\t\n\t\t\t\t\t\t\t\t\t\t\t\t\t\t\t\t\n\t\t\t\t\t\t\t\t\n\t\t\t\t\t\t\t<\/div><!--\/inner-wrap-->\n\t\t\t\t\t\t<\/div><!--\/col-->\n\t\t\t\t\t\t\n\t\t\t\t\t\t\t\t\t\t\t\n\t\t\t\t\t\t\t\t\t\t\t\t\n\t\t\t\t\t\t<div class=\"col span_4  element marcenaria-de-interiores mobiliario cozinhas \"  data-project-cat=\"marcenaria-de-interiores mobiliario cozinhas \" data-default-color=\"true\" data-title-color=\"\" data-subtitle-color=\"\">\n\t\t\t\t\t\t\t\n\t\t\t\t\t\t\t<div class=\"inner-wrap animated\" data-animation=\"perspective\">\n\t\t\t\t\t\t\t\t\n\t\t\t\t\t\t\t\t\t\t\t\t\t\t\t\t\t\n\t\t\t\t\t\t\t\t\t<div class=\"work-item style-2\" data-custom-content=\"\">\n\t\t\t\t\t\t\t\t\t\t\n\t\t\t\t\t\t\t\t\t\t<img loading=\"lazy\" decoding=\"async\" class=\"size- skip-lazy\" src=\"https:\/\/www.denhandwierker.lu\/wp-content\/uploads\/2021\/04\/cuisine-4-600x403.jpg\" alt=\"\" height=\"403\" width=\"600\" srcset=\"https:\/\/www.denhandwierker.lu\/wp-content\/uploads\/2021\/04\/cuisine-4-600x403.jpg 600w, https:\/\/www.denhandwierker.lu\/wp-content\/uploads\/2021\/04\/cuisine-4-400x269.jpg 400w\" sizes=\"auto, (min-width: 1000px) 33.3vw, (min-width: 690px) 50vw, 100vw\" \/>\t\t\t\t\t\t\t\t\t\t\n\t\t\t\t\t\t\t\t\t\t<div class=\"work-info-bg\"><\/div>\n\t\t\t\t\t\t\t\t\t\t<div class=\"work-info\">\n\t\t\t\t\t\t\t\t\t\t\t\n\t\t\t\t\t\t\t\t\t\t\t\t\t\t\t\t\t\t\t\t\t\t\t\n\t\t\t\t\t\t\t\t\t\t\t\t\n\t\t\t\t\t\t\t\t\t\t\t\t\t\t\t\t\t\t\t\t\t\t\t\t\t\t\t<a href=\"https:\/\/www.denhandwierker.lu\/wp-content\/uploads\/2021\/04\/cuisine-4.jpg\"  class=\"pretty_photo\"><\/a>  \n\t\t\t\t\t\t\t\t\t\t\t\t\t\t\t\t\t\t\t\t\t\t\t\t\t\n\t\t\t\t\t\t\t\t\t\t\t\n\t\t\t\t\t\t\t\t\t\t\t<div class=\"vert-center\">\n\t\t\t\t\t\t\t\t\t\t\t\t\t\n\t\t\t\t\t\t\t\t\t\t\t\t\t<h3>Cozinha<\/h3> \n\t\t\t\t\t\t\t\t\t\t\t\t\t<p>14 Abril 2021<\/p>\t\t\t\t\t\t\t\t\t\t\t<\/div><!--\/vert-center-->\n\t\t\t\t\t\t\t\t\t\t\t\n\t\t\t\t\t\t\t\t\t\t<\/div>\n\t\t\t\t\t\t\t\t\t<\/div><!--work-item-->\n\t\t\t\t\t\t\t\t\t\n\t\t\t\t\t\t\t\t\t\t\t\t\t\t\t\t\n\t\t\t\t\t\t\t\t\n\t\t\t\t\t\t\t<\/div><!--\/inner-wrap-->\n\t\t\t\t\t\t<\/div><!--\/col-->\n\t\t\t\t\t\t\n\t\t\t\t\t\t\t\t\t\t\t\n\t\t\t\t\t\t\t\t\t\t\t\t\n\t\t\t\t\t\t<div class=\"col span_4  element marcenaria-de-interiores mobiliario cozinhas \"  data-project-cat=\"marcenaria-de-interiores mobiliario cozinhas \" data-default-color=\"true\" data-title-color=\"\" data-subtitle-color=\"\">\n\t\t\t\t\t\t\t\n\t\t\t\t\t\t\t<div class=\"inner-wrap animated\" data-animation=\"perspective\">\n\t\t\t\t\t\t\t\t\n\t\t\t\t\t\t\t\t\t\t\t\t\t\t\t\t\t\n\t\t\t\t\t\t\t\t\t<div class=\"work-item style-2\" data-custom-content=\"\">\n\t\t\t\t\t\t\t\t\t\t\n\t\t\t\t\t\t\t\t\t\t<img loading=\"lazy\" decoding=\"async\" class=\"size- skip-lazy\" src=\"https:\/\/www.denhandwierker.lu\/wp-content\/uploads\/2021\/04\/cuisine-2-600x403.jpg\" alt=\"\" height=\"403\" width=\"600\" srcset=\"https:\/\/www.denhandwierker.lu\/wp-content\/uploads\/2021\/04\/cuisine-2-600x403.jpg 600w, https:\/\/www.denhandwierker.lu\/wp-content\/uploads\/2021\/04\/cuisine-2-400x269.jpg 400w\" sizes=\"auto, (min-width: 1000px) 33.3vw, (min-width: 690px) 50vw, 100vw\" \/>\t\t\t\t\t\t\t\t\t\t\n\t\t\t\t\t\t\t\t\t\t<div class=\"work-info-bg\"><\/div>\n\t\t\t\t\t\t\t\t\t\t<div class=\"work-info\">\n\t\t\t\t\t\t\t\t\t\t\t\n\t\t\t\t\t\t\t\t\t\t\t\t\t\t\t\t\t\t\t\t\t\t\t\n\t\t\t\t\t\t\t\t\t\t\t\t\n\t\t\t\t\t\t\t\t\t\t\t\t\t\t\t\t\t\t\t\t\t\t\t\t\t\t\t<a href=\"https:\/\/www.denhandwierker.lu\/wp-content\/uploads\/2021\/04\/cuisine-2.jpg\"  class=\"pretty_photo\"><\/a>  \n\t\t\t\t\t\t\t\t\t\t\t\t\t\t\t\t\t\t\t\t\t\t\t\t\t\n\t\t\t\t\t\t\t\t\t\t\t\n\t\t\t\t\t\t\t\t\t\t\t<div class=\"vert-center\">\n\t\t\t\t\t\t\t\t\t\t\t\t\t\n\t\t\t\t\t\t\t\t\t\t\t\t\t<h3>Cozinha<\/h3> \n\t\t\t\t\t\t\t\t\t\t\t\t\t<p>14 Abril 2021<\/p>\t\t\t\t\t\t\t\t\t\t\t<\/div><!--\/vert-center-->\n\t\t\t\t\t\t\t\t\t\t\t\n\t\t\t\t\t\t\t\t\t\t<\/div>\n\t\t\t\t\t\t\t\t\t<\/div><!--work-item-->\n\t\t\t\t\t\t\t\t\t\n\t\t\t\t\t\t\t\t\t\t\t\t\t\t\t\t\n\t\t\t\t\t\t\t\t\n\t\t\t\t\t\t\t<\/div><!--\/inner-wrap-->\n\t\t\t\t\t\t<\/div><!--\/col-->\n\t\t\t\t\t\t\n\t\t\t\t\t\t\t\t\t\t\t\n\t\t\t\t\t\t\t\t\t\t\t\t\n\t\t\t\t\t\t<div class=\"col span_4  element marcenaria-de-interiores mobiliario cozinhas \"  data-project-cat=\"marcenaria-de-interiores mobiliario cozinhas \" data-default-color=\"true\" data-title-color=\"\" data-subtitle-color=\"\">\n\t\t\t\t\t\t\t\n\t\t\t\t\t\t\t<div class=\"inner-wrap animated\" data-animation=\"perspective\">\n\t\t\t\t\t\t\t\t\n\t\t\t\t\t\t\t\t\t\t\t\t\t\t\t\t\t\n\t\t\t\t\t\t\t\t\t<div class=\"work-item style-2\" data-custom-content=\"\">\n\t\t\t\t\t\t\t\t\t\t\n\t\t\t\t\t\t\t\t\t\t<img loading=\"lazy\" decoding=\"async\" class=\"size- skip-lazy\" src=\"https:\/\/www.denhandwierker.lu\/wp-content\/uploads\/2021\/04\/cuisine-1-600x403.jpg\" alt=\"\" height=\"403\" width=\"600\" srcset=\"https:\/\/www.denhandwierker.lu\/wp-content\/uploads\/2021\/04\/cuisine-1-600x403.jpg 600w, https:\/\/www.denhandwierker.lu\/wp-content\/uploads\/2021\/04\/cuisine-1-400x269.jpg 400w\" sizes=\"auto, (min-width: 1000px) 33.3vw, (min-width: 690px) 50vw, 100vw\" \/>\t\t\t\t\t\t\t\t\t\t\n\t\t\t\t\t\t\t\t\t\t<div class=\"work-info-bg\"><\/div>\n\t\t\t\t\t\t\t\t\t\t<div class=\"work-info\">\n\t\t\t\t\t\t\t\t\t\t\t\n\t\t\t\t\t\t\t\t\t\t\t\t\t\t\t\t\t\t\t\t\t\t\t\n\t\t\t\t\t\t\t\t\t\t\t\t\n\t\t\t\t\t\t\t\t\t\t\t\t\t\t\t\t\t\t\t\t\t\t\t\t\t\t\t<a href=\"https:\/\/www.denhandwierker.lu\/wp-content\/uploads\/2021\/04\/cuisine-1.jpg\"  class=\"pretty_photo\"><\/a>  \n\t\t\t\t\t\t\t\t\t\t\t\t\t\t\t\t\t\t\t\t\t\t\t\t\t\n\t\t\t\t\t\t\t\t\t\t\t\n\t\t\t\t\t\t\t\t\t\t\t<div class=\"vert-center\">\n\t\t\t\t\t\t\t\t\t\t\t\t\t\n\t\t\t\t\t\t\t\t\t\t\t\t\t<h3>Cozinha<\/h3> \n\t\t\t\t\t\t\t\t\t\t\t\t\t<p>14 Abril 2021<\/p>\t\t\t\t\t\t\t\t\t\t\t<\/div><!--\/vert-center-->\n\t\t\t\t\t\t\t\t\t\t\t\n\t\t\t\t\t\t\t\t\t\t<\/div>\n\t\t\t\t\t\t\t\t\t<\/div><!--work-item-->\n\t\t\t\t\t\t\t\t\t\n\t\t\t\t\t\t\t\t\t\t\t\t\t\t\t\t\n\t\t\t\t\t\t\t\t\n\t\t\t\t\t\t\t<\/div><!--\/inner-wrap-->\n\t\t\t\t\t\t<\/div><!--\/col-->\n\t\t\t\t\t\t\n\t\t\t\t\t\t\t\t\t\t\t\n\t\t\t\t\t\t\t\t\t\t\t\t\n\t\t\t\t\t\t<div class=\"col span_4  element terracos marcenaria-exterior \"  data-project-cat=\"terracos marcenaria-exterior \" data-default-color=\"true\" data-title-color=\"\" data-subtitle-color=\"\">\n\t\t\t\t\t\t\t\n\t\t\t\t\t\t\t<div class=\"inner-wrap animated\" data-animation=\"perspective\">\n\t\t\t\t\t\t\t\t\n\t\t\t\t\t\t\t\t\t\t\t\t\t\t\t\t\t\n\t\t\t\t\t\t\t\t\t<div class=\"work-item style-2\" data-custom-content=\"\">\n\t\t\t\t\t\t\t\t\t\t\n\t\t\t\t\t\t\t\t\t\t<img loading=\"lazy\" decoding=\"async\" class=\"size- skip-lazy\" src=\"https:\/\/www.denhandwierker.lu\/wp-content\/uploads\/2021\/01\/TERRASSE_CLOISON-600x403.jpg\" alt=\"\" height=\"403\" width=\"600\" srcset=\"https:\/\/www.denhandwierker.lu\/wp-content\/uploads\/2021\/01\/TERRASSE_CLOISON-600x403.jpg 600w, https:\/\/www.denhandwierker.lu\/wp-content\/uploads\/2021\/01\/TERRASSE_CLOISON-400x269.jpg 400w\" sizes=\"auto, (min-width: 1000px) 33.3vw, (min-width: 690px) 50vw, 100vw\" \/>\t\t\t\t\t\t\t\t\t\t\n\t\t\t\t\t\t\t\t\t\t<div class=\"work-info-bg\"><\/div>\n\t\t\t\t\t\t\t\t\t\t<div class=\"work-info\">\n\t\t\t\t\t\t\t\t\t\t\t\n\t\t\t\t\t\t\t\t\t\t\t\t\t\t\t\t\t\t\t\t\t\t\t\n\t\t\t\t\t\t\t\t\t\t\t\t\n\t\t\t\t\t\t\t\t\t\t\t\t\t\t\t\t\t\t\t\t\t\t\t\t\t\t\t<a href=\"https:\/\/www.denhandwierker.lu\/wp-content\/uploads\/2021\/01\/TERRASSE_CLOISON.jpg\"  class=\"pretty_photo\"><\/a>  \n\t\t\t\t\t\t\t\t\t\t\t\t\t\t\t\t\t\t\t\t\t\t\t\t\t\n\t\t\t\t\t\t\t\t\t\t\t\n\t\t\t\t\t\t\t\t\t\t\t<div class=\"vert-center\">\n\t\t\t\t\t\t\t\t\t\t\t\t\t\n\t\t\t\t\t\t\t\t\t\t\t\t\t<h3>Divis\u00f3ria do terra\u00e7o<\/h3> \n\t\t\t\t\t\t\t\t\t\t\t\t\t<p>27 Janeiro 2021<\/p>\t\t\t\t\t\t\t\t\t\t\t<\/div><!--\/vert-center-->\n\t\t\t\t\t\t\t\t\t\t\t\n\t\t\t\t\t\t\t\t\t\t<\/div>\n\t\t\t\t\t\t\t\t\t<\/div><!--work-item-->\n\t\t\t\t\t\t\t\t\t\n\t\t\t\t\t\t\t\t\t\t\t\t\t\t\t\t\n\t\t\t\t\t\t\t\t\n\t\t\t\t\t\t\t<\/div><!--\/inner-wrap-->\n\t\t\t\t\t\t<\/div><!--\/col-->\n\t\t\t\t\t\t\n\t\t\t\t\t\t\t\t\t\t\t\n\t\t\t\t\t\t\t\t\t\t\t\t\n\t\t\t\t\t\t<div class=\"col span_4  element terracos marcenaria-exterior \"  data-project-cat=\"terracos marcenaria-exterior \" data-default-color=\"true\" data-title-color=\"\" data-subtitle-color=\"\">\n\t\t\t\t\t\t\t\n\t\t\t\t\t\t\t<div class=\"inner-wrap animated\" data-animation=\"perspective\">\n\t\t\t\t\t\t\t\t\n\t\t\t\t\t\t\t\t\t\t\t\t\t\t\t\t\t\n\t\t\t\t\t\t\t\t\t<div class=\"work-item style-2\" data-custom-content=\"\">\n\t\t\t\t\t\t\t\t\t\t\n\t\t\t\t\t\t\t\t\t\t<img loading=\"lazy\" decoding=\"async\" class=\"size- skip-lazy\" src=\"https:\/\/www.denhandwierker.lu\/wp-content\/uploads\/2021\/01\/TERRASSE_02_1-600x403.jpg\" alt=\"\" height=\"403\" width=\"600\" srcset=\"https:\/\/www.denhandwierker.lu\/wp-content\/uploads\/2021\/01\/TERRASSE_02_1-600x403.jpg 600w, https:\/\/www.denhandwierker.lu\/wp-content\/uploads\/2021\/01\/TERRASSE_02_1-400x269.jpg 400w\" sizes=\"auto, (min-width: 1000px) 33.3vw, (min-width: 690px) 50vw, 100vw\" \/>\t\t\t\t\t\t\t\t\t\t\n\t\t\t\t\t\t\t\t\t\t<div class=\"work-info-bg\"><\/div>\n\t\t\t\t\t\t\t\t\t\t<div class=\"work-info\">\n\t\t\t\t\t\t\t\t\t\t\t\n\t\t\t\t\t\t\t\t\t\t\t\t\t\t\t\t\t\t\t\t\t\t\t\n\t\t\t\t\t\t\t\t\t\t\t\t\n\t\t\t\t\t\t\t\t\t\t\t\t\t\t\t\t\t\t\t\t\t\t\t\t\t\t\t<a href=\"https:\/\/www.denhandwierker.lu\/wp-content\/uploads\/2021\/01\/TERRASSE_02_1.jpg\"  class=\"pretty_photo\"><\/a>  \n\t\t\t\t\t\t\t\t\t\t\t\t\t\t\t\t\t\t\t\t\t\t\t\t\t\n\t\t\t\t\t\t\t\t\t\t\t\n\t\t\t\t\t\t\t\t\t\t\t<div class=\"vert-center\">\n\t\t\t\t\t\t\t\t\t\t\t\t\t\n\t\t\t\t\t\t\t\t\t\t\t\t\t<h3>Terra\u00e7o<\/h3> \n\t\t\t\t\t\t\t\t\t\t\t\t\t<p>27 Janeiro 2021<\/p>\t\t\t\t\t\t\t\t\t\t\t<\/div><!--\/vert-center-->\n\t\t\t\t\t\t\t\t\t\t\t\n\t\t\t\t\t\t\t\t\t\t<\/div>\n\t\t\t\t\t\t\t\t\t<\/div><!--work-item-->\n\t\t\t\t\t\t\t\t\t\n\t\t\t\t\t\t\t\t\t\t\t\t\t\t\t\t\n\t\t\t\t\t\t\t\t\n\t\t\t\t\t\t\t<\/div><!--\/inner-wrap-->\n\t\t\t\t\t\t<\/div><!--\/col-->\n\t\t\t\t\t\t\n\t\t\t\t\t\t\t\t\t\t\t\n\t\t\t\t\t\t\t\t\t\t\t\t\n\t\t\t\t\t\t<div class=\"col span_4  element terracos marcenaria-exterior \"  data-project-cat=\"terracos marcenaria-exterior \" data-default-color=\"true\" data-title-color=\"\" data-subtitle-color=\"\">\n\t\t\t\t\t\t\t\n\t\t\t\t\t\t\t<div class=\"inner-wrap animated\" data-animation=\"perspective\">\n\t\t\t\t\t\t\t\t\n\t\t\t\t\t\t\t\t\t\t\t\t\t\t\t\t\t\n\t\t\t\t\t\t\t\t\t<div class=\"work-item style-2\" data-custom-content=\"\">\n\t\t\t\t\t\t\t\t\t\t\n\t\t\t\t\t\t\t\t\t\t<img loading=\"lazy\" decoding=\"async\" class=\"size- skip-lazy\" src=\"https:\/\/www.denhandwierker.lu\/wp-content\/uploads\/2021\/01\/TERRASSE-600x403.jpg\" alt=\"\" height=\"403\" width=\"600\" srcset=\"https:\/\/www.denhandwierker.lu\/wp-content\/uploads\/2021\/01\/TERRASSE-600x403.jpg 600w, https:\/\/www.denhandwierker.lu\/wp-content\/uploads\/2021\/01\/TERRASSE-400x269.jpg 400w\" sizes=\"auto, (min-width: 1000px) 33.3vw, (min-width: 690px) 50vw, 100vw\" \/>\t\t\t\t\t\t\t\t\t\t\n\t\t\t\t\t\t\t\t\t\t<div class=\"work-info-bg\"><\/div>\n\t\t\t\t\t\t\t\t\t\t<div class=\"work-info\">\n\t\t\t\t\t\t\t\t\t\t\t\n\t\t\t\t\t\t\t\t\t\t\t\t\t\t\t\t\t\t\t\t\t\t\t\n\t\t\t\t\t\t\t\t\t\t\t\t\n\t\t\t\t\t\t\t\t\t\t\t\t\t\t\t\t\t\t\t\t\t\t\t\t\t\t\t<a href=\"https:\/\/www.denhandwierker.lu\/wp-content\/uploads\/2021\/01\/TERRASSE.jpg\"  class=\"pretty_photo\"><\/a>  \n\t\t\t\t\t\t\t\t\t\t\t\t\t\t\t\t\t\t\t\t\t\t\t\t\t\n\t\t\t\t\t\t\t\t\t\t\t\n\t\t\t\t\t\t\t\t\t\t\t<div class=\"vert-center\">\n\t\t\t\t\t\t\t\t\t\t\t\t\t\n\t\t\t\t\t\t\t\t\t\t\t\t\t<h3>Terra\u00e7o<\/h3> \n\t\t\t\t\t\t\t\t\t\t\t\t\t<p>27 Janeiro 2021<\/p>\t\t\t\t\t\t\t\t\t\t\t<\/div><!--\/vert-center-->\n\t\t\t\t\t\t\t\t\t\t\t\n\t\t\t\t\t\t\t\t\t\t<\/div>\n\t\t\t\t\t\t\t\t\t<\/div><!--work-item-->\n\t\t\t\t\t\t\t\t\t\n\t\t\t\t\t\t\t\t\t\t\t\t\t\t\t\t\n\t\t\t\t\t\t\t\t\n\t\t\t\t\t\t\t<\/div><!--\/inner-wrap-->\n\t\t\t\t\t\t<\/div><!--\/col-->\n\t\t\t\t\t\t\n\t\t\t\t\t\t\t\t\t\t\t\n\t\t\t\t\t\t\t\t\t\t\t\t\n\t\t\t\t\t\t<div class=\"col span_4  element mobiliario \"  data-project-cat=\"mobiliario \" data-default-color=\"true\" data-title-color=\"\" data-subtitle-color=\"\">\n\t\t\t\t\t\t\t\n\t\t\t\t\t\t\t<div class=\"inner-wrap animated\" data-animation=\"perspective\">\n\t\t\t\t\t\t\t\t\n\t\t\t\t\t\t\t\t\t\t\t\t\t\t\t\t\t\n\t\t\t\t\t\t\t\t\t<div class=\"work-item style-2\" data-custom-content=\"\">\n\t\t\t\t\t\t\t\t\t\t\n\t\t\t\t\t\t\t\t\t\t<img loading=\"lazy\" decoding=\"async\" class=\"size- skip-lazy\" src=\"https:\/\/www.denhandwierker.lu\/wp-content\/uploads\/2021\/01\/TABLE-600x403.jpg\" alt=\"\" height=\"403\" width=\"600\" srcset=\"https:\/\/www.denhandwierker.lu\/wp-content\/uploads\/2021\/01\/TABLE-600x403.jpg 600w, https:\/\/www.denhandwierker.lu\/wp-content\/uploads\/2021\/01\/TABLE-400x269.jpg 400w\" sizes=\"auto, (min-width: 1000px) 33.3vw, (min-width: 690px) 50vw, 100vw\" \/>\t\t\t\t\t\t\t\t\t\t\n\t\t\t\t\t\t\t\t\t\t<div class=\"work-info-bg\"><\/div>\n\t\t\t\t\t\t\t\t\t\t<div class=\"work-info\">\n\t\t\t\t\t\t\t\t\t\t\t\n\t\t\t\t\t\t\t\t\t\t\t\t\t\t\t\t\t\t\t\t\t\t\t\n\t\t\t\t\t\t\t\t\t\t\t\t\n\t\t\t\t\t\t\t\t\t\t\t\t\t\t\t\t\t\t\t\t\t\t\t\t\t\t\t<a href=\"https:\/\/www.denhandwierker.lu\/wp-content\/uploads\/2021\/01\/TABLE.jpg\"  class=\"pretty_photo\"><\/a>  \n\t\t\t\t\t\t\t\t\t\t\t\t\t\t\t\t\t\t\t\t\t\t\t\t\t\n\t\t\t\t\t\t\t\t\t\t\t\n\t\t\t\t\t\t\t\t\t\t\t<div class=\"vert-center\">\n\t\t\t\t\t\t\t\t\t\t\t\t\t\n\t\t\t\t\t\t\t\t\t\t\t\t\t<h3>Tabela<\/h3> \n\t\t\t\t\t\t\t\t\t\t\t\t\t<p>27 Janeiro 2021<\/p>\t\t\t\t\t\t\t\t\t\t\t<\/div><!--\/vert-center-->\n\t\t\t\t\t\t\t\t\t\t\t\n\t\t\t\t\t\t\t\t\t\t<\/div>\n\t\t\t\t\t\t\t\t\t<\/div><!--work-item-->\n\t\t\t\t\t\t\t\t\t\n\t\t\t\t\t\t\t\t\t\t\t\t\t\t\t\t\n\t\t\t\t\t\t\t\t\n\t\t\t\t\t\t\t<\/div><!--\/inner-wrap-->\n\t\t\t\t\t\t<\/div><!--\/col-->\n\t\t\t\t\t\t\n\t\t\t\t\t\t\t\t\t\t\t\n\t\t\t\t\t\t\t\t\t\t\t\t\n\t\t\t\t\t\t<div class=\"col span_4  element marcenaria-exterior \"  data-project-cat=\"marcenaria-exterior \" data-default-color=\"true\" data-title-color=\"\" data-subtitle-color=\"\">\n\t\t\t\t\t\t\t\n\t\t\t\t\t\t\t<div class=\"inner-wrap animated\" data-animation=\"perspective\">\n\t\t\t\t\t\t\t\t\n\t\t\t\t\t\t\t\t\t\t\t\t\t\t\t\t\t\n\t\t\t\t\t\t\t\t\t<div class=\"work-item style-2\" data-custom-content=\"\">\n\t\t\t\t\t\t\t\t\t\t\n\t\t\t\t\t\t\t\t\t\t<img loading=\"lazy\" decoding=\"async\" class=\"size- skip-lazy\" src=\"https:\/\/www.denhandwierker.lu\/wp-content\/uploads\/2021\/01\/PORTE_SUR_MESURE-600x403.jpg\" alt=\"\" height=\"403\" width=\"600\" srcset=\"https:\/\/www.denhandwierker.lu\/wp-content\/uploads\/2021\/01\/PORTE_SUR_MESURE-600x403.jpg 600w, https:\/\/www.denhandwierker.lu\/wp-content\/uploads\/2021\/01\/PORTE_SUR_MESURE-400x269.jpg 400w\" sizes=\"auto, (min-width: 1000px) 33.3vw, (min-width: 690px) 50vw, 100vw\" \/>\t\t\t\t\t\t\t\t\t\t\n\t\t\t\t\t\t\t\t\t\t<div class=\"work-info-bg\"><\/div>\n\t\t\t\t\t\t\t\t\t\t<div class=\"work-info\">\n\t\t\t\t\t\t\t\t\t\t\t\n\t\t\t\t\t\t\t\t\t\t\t\t\t\t\t\t\t\t\t\t\t\t\t\n\t\t\t\t\t\t\t\t\t\t\t\t\n\t\t\t\t\t\t\t\t\t\t\t\t\t\t\t\t\t\t\t\t\t\t\t\t\t\t\t<a href=\"https:\/\/www.denhandwierker.lu\/wp-content\/uploads\/2021\/01\/PORTE_SUR_MESURE.jpg\"  class=\"pretty_photo\"><\/a>  \n\t\t\t\t\t\t\t\t\t\t\t\t\t\t\t\t\t\t\t\t\t\t\t\t\t\n\t\t\t\t\t\t\t\t\t\t\t\n\t\t\t\t\t\t\t\t\t\t\t<div class=\"vert-center\">\n\t\t\t\t\t\t\t\t\t\t\t\t\t\n\t\t\t\t\t\t\t\t\t\t\t\t\t<h3>Porta \u00e0 medida<\/h3> \n\t\t\t\t\t\t\t\t\t\t\t\t\t<p>27 Janeiro 2021<\/p>\t\t\t\t\t\t\t\t\t\t\t<\/div><!--\/vert-center-->\n\t\t\t\t\t\t\t\t\t\t\t\n\t\t\t\t\t\t\t\t\t\t<\/div>\n\t\t\t\t\t\t\t\t\t<\/div><!--work-item-->\n\t\t\t\t\t\t\t\t\t\n\t\t\t\t\t\t\t\t\t\t\t\t\t\t\t\t\n\t\t\t\t\t\t\t\t\n\t\t\t\t\t\t\t<\/div><!--\/inner-wrap-->\n\t\t\t\t\t\t<\/div><!--\/col-->\n\t\t\t\t\t\t\n\t\t\t\t\t\t\t\t\t\t\t\n\t\t\t\t\t\t\t\t\t\t\t\t\n\t\t\t\t\t\t<div class=\"col span_4  element marcenaria-de-interiores mobiliario \"  data-project-cat=\"marcenaria-de-interiores mobiliario \" data-default-color=\"true\" data-title-color=\"\" data-subtitle-color=\"\">\n\t\t\t\t\t\t\t\n\t\t\t\t\t\t\t<div class=\"inner-wrap animated\" data-animation=\"perspective\">\n\t\t\t\t\t\t\t\t\n\t\t\t\t\t\t\t\t\t\t\t\t\t\t\t\t\t\n\t\t\t\t\t\t\t\t\t<div class=\"work-item style-2\" data-custom-content=\"\">\n\t\t\t\t\t\t\t\t\t\t\n\t\t\t\t\t\t\t\t\t\t<img loading=\"lazy\" decoding=\"async\" class=\"size- skip-lazy\" src=\"https:\/\/www.denhandwierker.lu\/wp-content\/uploads\/2021\/01\/PORTE_PARQUET_MEUBLE-600x403.jpg\" alt=\"\" height=\"403\" width=\"600\" srcset=\"https:\/\/www.denhandwierker.lu\/wp-content\/uploads\/2021\/01\/PORTE_PARQUET_MEUBLE-600x403.jpg 600w, https:\/\/www.denhandwierker.lu\/wp-content\/uploads\/2021\/01\/PORTE_PARQUET_MEUBLE-400x269.jpg 400w\" sizes=\"auto, (min-width: 1000px) 33.3vw, (min-width: 690px) 50vw, 100vw\" \/>\t\t\t\t\t\t\t\t\t\t\n\t\t\t\t\t\t\t\t\t\t<div class=\"work-info-bg\"><\/div>\n\t\t\t\t\t\t\t\t\t\t<div class=\"work-info\">\n\t\t\t\t\t\t\t\t\t\t\t\n\t\t\t\t\t\t\t\t\t\t\t\t\t\t\t\t\t\t\t\t\t\t\t\n\t\t\t\t\t\t\t\t\t\t\t\t\n\t\t\t\t\t\t\t\t\t\t\t\t\t\t\t\t\t\t\t\t\t\t\t\t\t\t\t<a href=\"https:\/\/www.denhandwierker.lu\/wp-content\/uploads\/2021\/01\/PORTE_PARQUET_MEUBLE.jpg\"  class=\"pretty_photo\"><\/a>  \n\t\t\t\t\t\t\t\t\t\t\t\t\t\t\t\t\t\t\t\t\t\t\t\t\t\n\t\t\t\t\t\t\t\t\t\t\t\n\t\t\t\t\t\t\t\t\t\t\t<div class=\"vert-center\">\n\t\t\t\t\t\t\t\t\t\t\t\t\t\n\t\t\t\t\t\t\t\t\t\t\t\t\t<h3>Unidade de arruma\u00e7\u00e3o &#8211; vesti\u00e1rio<\/h3> \n\t\t\t\t\t\t\t\t\t\t\t\t\t<p>27 Janeiro 2021<\/p>\t\t\t\t\t\t\t\t\t\t\t<\/div><!--\/vert-center-->\n\t\t\t\t\t\t\t\t\t\t\t\n\t\t\t\t\t\t\t\t\t\t<\/div>\n\t\t\t\t\t\t\t\t\t<\/div><!--work-item-->\n\t\t\t\t\t\t\t\t\t\n\t\t\t\t\t\t\t\t\t\t\t\t\t\t\t\t\n\t\t\t\t\t\t\t\t\n\t\t\t\t\t\t\t<\/div><!--\/inner-wrap-->\n\t\t\t\t\t\t<\/div><!--\/col-->\n\t\t\t\t\t\t\n\t\t\t\t\t\t\t\t\t\t\t\n\t\t\t\t\t\t\t\t\t\t\t\t\n\t\t\t\t\t\t<div class=\"col span_4  element quartos marcenaria-de-interiores mobiliario \"  data-project-cat=\"quartos marcenaria-de-interiores mobiliario \" data-default-color=\"true\" data-title-color=\"\" data-subtitle-color=\"\">\n\t\t\t\t\t\t\t\n\t\t\t\t\t\t\t<div class=\"inner-wrap animated\" data-animation=\"perspective\">\n\t\t\t\t\t\t\t\t\n\t\t\t\t\t\t\t\t\t\t\t\t\t\t\t\t\t\n\t\t\t\t\t\t\t\t\t<div class=\"work-item style-2\" data-custom-content=\"\">\n\t\t\t\t\t\t\t\t\t\t\n\t\t\t\t\t\t\t\t\t\t<img loading=\"lazy\" decoding=\"async\" class=\"size- skip-lazy\" src=\"https:\/\/www.denhandwierker.lu\/wp-content\/uploads\/2021\/01\/PORTE_PARQUET_MEUBLE_5-600x403.jpg\" alt=\"\" height=\"403\" width=\"600\" srcset=\"https:\/\/www.denhandwierker.lu\/wp-content\/uploads\/2021\/01\/PORTE_PARQUET_MEUBLE_5-600x403.jpg 600w, https:\/\/www.denhandwierker.lu\/wp-content\/uploads\/2021\/01\/PORTE_PARQUET_MEUBLE_5-400x269.jpg 400w\" sizes=\"auto, (min-width: 1000px) 33.3vw, (min-width: 690px) 50vw, 100vw\" \/>\t\t\t\t\t\t\t\t\t\t\n\t\t\t\t\t\t\t\t\t\t<div class=\"work-info-bg\"><\/div>\n\t\t\t\t\t\t\t\t\t\t<div class=\"work-info\">\n\t\t\t\t\t\t\t\t\t\t\t\n\t\t\t\t\t\t\t\t\t\t\t\t\t\t\t\t\t\t\t\t\t\t\t\n\t\t\t\t\t\t\t\t\t\t\t\t\n\t\t\t\t\t\t\t\t\t\t\t\t\t\t\t\t\t\t\t\t\t\t\t\t\t\t\t<a href=\"https:\/\/www.denhandwierker.lu\/wp-content\/uploads\/2021\/01\/PORTE_PARQUET_MEUBLE_5.jpg\"  class=\"pretty_photo\"><\/a>  \n\t\t\t\t\t\t\t\t\t\t\t\t\t\t\t\t\t\t\t\t\t\t\t\t\t\n\t\t\t\t\t\t\t\t\t\t\t\n\t\t\t\t\t\t\t\t\t\t\t<div class=\"vert-center\">\n\t\t\t\t\t\t\t\t\t\t\t\t\t\n\t\t\t\t\t\t\t\t\t\t\t\t\t<h3>Unidade de armazenamento<\/h3> \n\t\t\t\t\t\t\t\t\t\t\t\t\t<p>27 Janeiro 2021<\/p>\t\t\t\t\t\t\t\t\t\t\t<\/div><!--\/vert-center-->\n\t\t\t\t\t\t\t\t\t\t\t\n\t\t\t\t\t\t\t\t\t\t<\/div>\n\t\t\t\t\t\t\t\t\t<\/div><!--work-item-->\n\t\t\t\t\t\t\t\t\t\n\t\t\t\t\t\t\t\t\t\t\t\t\t\t\t\t\n\t\t\t\t\t\t\t\t\n\t\t\t\t\t\t\t<\/div><!--\/inner-wrap-->\n\t\t\t\t\t\t<\/div><!--\/col-->\n\t\t\t\t\t\t\n\t\t\t\t\t\t\t\t\t\t\t\n\t\t\t\t\t\t\t\t\t\t\t\t\n\t\t\t\t\t\t<div class=\"col span_4  element escadas marcenaria-de-interiores \"  data-project-cat=\"escadas marcenaria-de-interiores \" data-default-color=\"true\" data-title-color=\"\" data-subtitle-color=\"\">\n\t\t\t\t\t\t\t\n\t\t\t\t\t\t\t<div class=\"inner-wrap animated\" data-animation=\"perspective\">\n\t\t\t\t\t\t\t\t\n\t\t\t\t\t\t\t\t\t\t\t\t\t\t\t\t\t\n\t\t\t\t\t\t\t\t\t<div class=\"work-item style-2\" data-custom-content=\"\">\n\t\t\t\t\t\t\t\t\t\t\n\t\t\t\t\t\t\t\t\t\t<img loading=\"lazy\" decoding=\"async\" class=\"size- skip-lazy\" src=\"https:\/\/www.denhandwierker.lu\/wp-content\/uploads\/2021\/01\/PORTE_PARQUET_MEUBLE_4-600x403.jpg\" alt=\"\" height=\"403\" width=\"600\" srcset=\"https:\/\/www.denhandwierker.lu\/wp-content\/uploads\/2021\/01\/PORTE_PARQUET_MEUBLE_4-600x403.jpg 600w, https:\/\/www.denhandwierker.lu\/wp-content\/uploads\/2021\/01\/PORTE_PARQUET_MEUBLE_4-400x269.jpg 400w\" sizes=\"auto, (min-width: 1000px) 33.3vw, (min-width: 690px) 50vw, 100vw\" \/>\t\t\t\t\t\t\t\t\t\t\n\t\t\t\t\t\t\t\t\t\t<div class=\"work-info-bg\"><\/div>\n\t\t\t\t\t\t\t\t\t\t<div class=\"work-info\">\n\t\t\t\t\t\t\t\t\t\t\t\n\t\t\t\t\t\t\t\t\t\t\t\t\t\t\t\t\t\t\t\t\t\t\t\n\t\t\t\t\t\t\t\t\t\t\t\t\n\t\t\t\t\t\t\t\t\t\t\t\t\t\t\t\t\t\t\t\t\t\t\t\t\t\t\t<a href=\"https:\/\/www.denhandwierker.lu\/wp-content\/uploads\/2021\/01\/PORTE_PARQUET_MEUBLE_4.jpg\"  class=\"pretty_photo\"><\/a>  \n\t\t\t\t\t\t\t\t\t\t\t\t\t\t\t\t\t\t\t\t\t\t\t\t\t\n\t\t\t\t\t\t\t\t\t\t\t\n\t\t\t\t\t\t\t\t\t\t\t<div class=\"vert-center\">\n\t\t\t\t\t\t\t\t\t\t\t\t\t\n\t\t\t\t\t\t\t\t\t\t\t\t\t<h3>Escadas<\/h3> \n\t\t\t\t\t\t\t\t\t\t\t\t\t<p>27 Janeiro 2021<\/p>\t\t\t\t\t\t\t\t\t\t\t<\/div><!--\/vert-center-->\n\t\t\t\t\t\t\t\t\t\t\t\n\t\t\t\t\t\t\t\t\t\t<\/div>\n\t\t\t\t\t\t\t\t\t<\/div><!--work-item-->\n\t\t\t\t\t\t\t\t\t\n\t\t\t\t\t\t\t\t\t\t\t\t\t\t\t\t\n\t\t\t\t\t\t\t\t\n\t\t\t\t\t\t\t<\/div><!--\/inner-wrap-->\n\t\t\t\t\t\t<\/div><!--\/col-->\n\t\t\t\t\t\t\n\t\t\t\t\t\t\t\t\t\t\t\n\t\t\t\t\t\t\t\t\t\t\t\t\n\t\t\t\t\t\t<div class=\"col span_4  element marcenaria-de-interiores \"  data-project-cat=\"marcenaria-de-interiores \" data-default-color=\"true\" data-title-color=\"\" data-subtitle-color=\"\">\n\t\t\t\t\t\t\t\n\t\t\t\t\t\t\t<div class=\"inner-wrap animated\" data-animation=\"perspective\">\n\t\t\t\t\t\t\t\t\n\t\t\t\t\t\t\t\t\t\t\t\t\t\t\t\t\t\n\t\t\t\t\t\t\t\t\t<div class=\"work-item style-2\" data-custom-content=\"\">\n\t\t\t\t\t\t\t\t\t\t\n\t\t\t\t\t\t\t\t\t\t<img loading=\"lazy\" decoding=\"async\" class=\"size- skip-lazy\" src=\"https:\/\/www.denhandwierker.lu\/wp-content\/uploads\/2021\/01\/PORTE_PARQUET_MEUBLE_3-600x403.jpg\" alt=\"\" height=\"403\" width=\"600\" srcset=\"https:\/\/www.denhandwierker.lu\/wp-content\/uploads\/2021\/01\/PORTE_PARQUET_MEUBLE_3-600x403.jpg 600w, https:\/\/www.denhandwierker.lu\/wp-content\/uploads\/2021\/01\/PORTE_PARQUET_MEUBLE_3-400x269.jpg 400w\" sizes=\"auto, (min-width: 1000px) 33.3vw, (min-width: 690px) 50vw, 100vw\" \/>\t\t\t\t\t\t\t\t\t\t\n\t\t\t\t\t\t\t\t\t\t<div class=\"work-info-bg\"><\/div>\n\t\t\t\t\t\t\t\t\t\t<div class=\"work-info\">\n\t\t\t\t\t\t\t\t\t\t\t\n\t\t\t\t\t\t\t\t\t\t\t\t\t\t\t\t\t\t\t\t\t\t\t\n\t\t\t\t\t\t\t\t\t\t\t\t\n\t\t\t\t\t\t\t\t\t\t\t\t\t\t\t\t\t\t\t\t\t\t\t\t\t\t\t<a href=\"https:\/\/www.denhandwierker.lu\/wp-content\/uploads\/2021\/01\/PORTE_PARQUET_MEUBLE_3.jpg\"  class=\"pretty_photo\"><\/a>  \n\t\t\t\t\t\t\t\t\t\t\t\t\t\t\t\t\t\t\t\t\t\t\t\t\t\n\t\t\t\t\t\t\t\t\t\t\t\n\t\t\t\t\t\t\t\t\t\t\t<div class=\"vert-center\">\n\t\t\t\t\t\t\t\t\t\t\t\t\t\n\t\t\t\t\t\t\t\t\t\t\t\t\t<h3>Parquet<\/h3> \n\t\t\t\t\t\t\t\t\t\t\t\t\t<p>27 Janeiro 2021<\/p>\t\t\t\t\t\t\t\t\t\t\t<\/div><!--\/vert-center-->\n\t\t\t\t\t\t\t\t\t\t\t\n\t\t\t\t\t\t\t\t\t\t<\/div>\n\t\t\t\t\t\t\t\t\t<\/div><!--work-item-->\n\t\t\t\t\t\t\t\t\t\n\t\t\t\t\t\t\t\t\t\t\t\t\t\t\t\t\n\t\t\t\t\t\t\t\t\n\t\t\t\t\t\t\t<\/div><!--\/inner-wrap-->\n\t\t\t\t\t\t<\/div><!--\/col-->\n\t\t\t\t\t\t\n\t\t\t\t\t\t\t\t\t\t\t\n\t\t\t\t\t\t\t\t\t\t\t\t\n\t\t\t\t\t\t<div class=\"col span_4  element marcenaria-exterior \"  data-project-cat=\"marcenaria-exterior \" data-default-color=\"true\" data-title-color=\"\" data-subtitle-color=\"\">\n\t\t\t\t\t\t\t\n\t\t\t\t\t\t\t<div class=\"inner-wrap animated\" data-animation=\"perspective\">\n\t\t\t\t\t\t\t\t\n\t\t\t\t\t\t\t\t\t\t\t\t\t\t\t\t\t\n\t\t\t\t\t\t\t\t\t<div class=\"work-item style-2\" data-custom-content=\"\">\n\t\t\t\t\t\t\t\t\t\t\n\t\t\t\t\t\t\t\t\t\t<img loading=\"lazy\" decoding=\"async\" class=\"size- skip-lazy\" src=\"https:\/\/www.denhandwierker.lu\/wp-content\/uploads\/2021\/01\/PORTE_ENTREE_1-600x403.jpg\" alt=\"\" height=\"403\" width=\"600\" srcset=\"https:\/\/www.denhandwierker.lu\/wp-content\/uploads\/2021\/01\/PORTE_ENTREE_1-600x403.jpg 600w, https:\/\/www.denhandwierker.lu\/wp-content\/uploads\/2021\/01\/PORTE_ENTREE_1-400x269.jpg 400w\" sizes=\"auto, (min-width: 1000px) 33.3vw, (min-width: 690px) 50vw, 100vw\" \/>\t\t\t\t\t\t\t\t\t\t\n\t\t\t\t\t\t\t\t\t\t<div class=\"work-info-bg\"><\/div>\n\t\t\t\t\t\t\t\t\t\t<div class=\"work-info\">\n\t\t\t\t\t\t\t\t\t\t\t\n\t\t\t\t\t\t\t\t\t\t\t\t\t\t\t\t\t\t\t\t\t\t\t\n\t\t\t\t\t\t\t\t\t\t\t\t\n\t\t\t\t\t\t\t\t\t\t\t\t\t\t\t\t\t\t\t\t\t\t\t\t\t\t\t<a href=\"https:\/\/www.denhandwierker.lu\/wp-content\/uploads\/2021\/01\/PORTE_ENTREE_1.jpg\"  class=\"pretty_photo\"><\/a>  \n\t\t\t\t\t\t\t\t\t\t\t\t\t\t\t\t\t\t\t\t\t\t\t\t\t\n\t\t\t\t\t\t\t\t\t\t\t\n\t\t\t\t\t\t\t\t\t\t\t<div class=\"vert-center\">\n\t\t\t\t\t\t\t\t\t\t\t\t\t\n\t\t\t\t\t\t\t\t\t\t\t\t\t<h3>Porta de entrada<\/h3> \n\t\t\t\t\t\t\t\t\t\t\t\t\t<p>27 Janeiro 2021<\/p>\t\t\t\t\t\t\t\t\t\t\t<\/div><!--\/vert-center-->\n\t\t\t\t\t\t\t\t\t\t\t\n\t\t\t\t\t\t\t\t\t\t<\/div>\n\t\t\t\t\t\t\t\t\t<\/div><!--work-item-->\n\t\t\t\t\t\t\t\t\t\n\t\t\t\t\t\t\t\t\t\t\t\t\t\t\t\t\n\t\t\t\t\t\t\t\t\n\t\t\t\t\t\t\t<\/div><!--\/inner-wrap-->\n\t\t\t\t\t\t<\/div><!--\/col-->\n\t\t\t\t\t\t\n\t\t\t\t\t\t\t\t\t\t\t\n\t\t\t\t\t\t\t\t\t\t\t\t\n\t\t\t\t\t\t<div class=\"col span_4  element sala-de-estar marcenaria-de-interiores mobiliario \"  data-project-cat=\"sala-de-estar marcenaria-de-interiores mobiliario \" data-default-color=\"true\" data-title-color=\"\" data-subtitle-color=\"\">\n\t\t\t\t\t\t\t\n\t\t\t\t\t\t\t<div class=\"inner-wrap animated\" data-animation=\"perspective\">\n\t\t\t\t\t\t\t\t\n\t\t\t\t\t\t\t\t\t\t\t\t\t\t\t\t\t\n\t\t\t\t\t\t\t\t\t<div class=\"work-item style-2\" data-custom-content=\"\">\n\t\t\t\t\t\t\t\t\t\t\n\t\t\t\t\t\t\t\t\t\t<img loading=\"lazy\" decoding=\"async\" class=\"size- skip-lazy\" src=\"https:\/\/www.denhandwierker.lu\/wp-content\/uploads\/2021\/01\/MEUBLES_PORTE-600x403.jpg\" alt=\"\" height=\"403\" width=\"600\" srcset=\"https:\/\/www.denhandwierker.lu\/wp-content\/uploads\/2021\/01\/MEUBLES_PORTE-600x403.jpg 600w, https:\/\/www.denhandwierker.lu\/wp-content\/uploads\/2021\/01\/MEUBLES_PORTE-400x269.jpg 400w\" sizes=\"auto, (min-width: 1000px) 33.3vw, (min-width: 690px) 50vw, 100vw\" \/>\t\t\t\t\t\t\t\t\t\t\n\t\t\t\t\t\t\t\t\t\t<div class=\"work-info-bg\"><\/div>\n\t\t\t\t\t\t\t\t\t\t<div class=\"work-info\">\n\t\t\t\t\t\t\t\t\t\t\t\n\t\t\t\t\t\t\t\t\t\t\t\t\t\t\t\t\t\t\t\t\t\t\t\n\t\t\t\t\t\t\t\t\t\t\t\t\n\t\t\t\t\t\t\t\t\t\t\t\t\t\t\t\t\t\t\t\t\t\t\t\t\t\t\t<a href=\"https:\/\/www.denhandwierker.lu\/wp-content\/uploads\/2021\/01\/MEUBLES_PORTE.jpg\"  class=\"pretty_photo\"><\/a>  \n\t\t\t\t\t\t\t\t\t\t\t\t\t\t\t\t\t\t\t\t\t\t\t\t\t\n\t\t\t\t\t\t\t\t\t\t\t\n\t\t\t\t\t\t\t\t\t\t\t<div class=\"vert-center\">\n\t\t\t\t\t\t\t\t\t\t\t\t\t\n\t\t\t\t\t\t\t\t\t\t\t\t\t<h3>Unidade de armazenamento &#8211; Porte<\/h3> \n\t\t\t\t\t\t\t\t\t\t\t\t\t<p>27 Janeiro 2021<\/p>\t\t\t\t\t\t\t\t\t\t\t<\/div><!--\/vert-center-->\n\t\t\t\t\t\t\t\t\t\t\t\n\t\t\t\t\t\t\t\t\t\t<\/div>\n\t\t\t\t\t\t\t\t\t<\/div><!--work-item-->\n\t\t\t\t\t\t\t\t\t\n\t\t\t\t\t\t\t\t\t\t\t\t\t\t\t\t\n\t\t\t\t\t\t\t\t\n\t\t\t\t\t\t\t<\/div><!--\/inner-wrap-->\n\t\t\t\t\t\t<\/div><!--\/col-->\n\t\t\t\t\t\t\n\t\t\t\t\t\t\t\t\t\t\t\n\t\t\t\t\t\t\t\t\t\t\t\t\n\t\t\t\t\t\t<div class=\"col span_4  element marcenaria-de-interiores mobiliario \"  data-project-cat=\"marcenaria-de-interiores mobiliario \" data-default-color=\"true\" data-title-color=\"\" data-subtitle-color=\"\">\n\t\t\t\t\t\t\t\n\t\t\t\t\t\t\t<div class=\"inner-wrap animated\" data-animation=\"perspective\">\n\t\t\t\t\t\t\t\t\n\t\t\t\t\t\t\t\t\t\t\t\t\t\t\t\t\t\n\t\t\t\t\t\t\t\t\t<div class=\"work-item style-2\" data-custom-content=\"\">\n\t\t\t\t\t\t\t\t\t\t\n\t\t\t\t\t\t\t\t\t\t<img loading=\"lazy\" decoding=\"async\" class=\"size- skip-lazy\" src=\"https:\/\/www.denhandwierker.lu\/wp-content\/uploads\/2021\/01\/MEUBLES_05-600x403.jpg\" alt=\"\" height=\"403\" width=\"600\" srcset=\"https:\/\/www.denhandwierker.lu\/wp-content\/uploads\/2021\/01\/MEUBLES_05-600x403.jpg 600w, https:\/\/www.denhandwierker.lu\/wp-content\/uploads\/2021\/01\/MEUBLES_05-400x269.jpg 400w\" sizes=\"auto, (min-width: 1000px) 33.3vw, (min-width: 690px) 50vw, 100vw\" \/>\t\t\t\t\t\t\t\t\t\t\n\t\t\t\t\t\t\t\t\t\t<div class=\"work-info-bg\"><\/div>\n\t\t\t\t\t\t\t\t\t\t<div class=\"work-info\">\n\t\t\t\t\t\t\t\t\t\t\t\n\t\t\t\t\t\t\t\t\t\t\t\t\t\t\t\t\t\t\t\t\t\t\t\n\t\t\t\t\t\t\t\t\t\t\t\t\n\t\t\t\t\t\t\t\t\t\t\t\t\t\t\t\t\t\t\t\t\t\t\t\t\t\t\t<a href=\"https:\/\/www.denhandwierker.lu\/wp-content\/uploads\/2021\/01\/MEUBLES_05.jpg\"  class=\"pretty_photo\"><\/a>  \n\t\t\t\t\t\t\t\t\t\t\t\t\t\t\t\t\t\t\t\t\t\t\t\t\t\n\t\t\t\t\t\t\t\t\t\t\t\n\t\t\t\t\t\t\t\t\t\t\t<div class=\"vert-center\">\n\t\t\t\t\t\t\t\t\t\t\t\t\t\n\t\t\t\t\t\t\t\t\t\t\t\t\t<h3>Vesti\u00e1rio<\/h3> \n\t\t\t\t\t\t\t\t\t\t\t\t\t<p>27 Janeiro 2021<\/p>\t\t\t\t\t\t\t\t\t\t\t<\/div><!--\/vert-center-->\n\t\t\t\t\t\t\t\t\t\t\t\n\t\t\t\t\t\t\t\t\t\t<\/div>\n\t\t\t\t\t\t\t\t\t<\/div><!--work-item-->\n\t\t\t\t\t\t\t\t\t\n\t\t\t\t\t\t\t\t\t\t\t\t\t\t\t\t\n\t\t\t\t\t\t\t\t\n\t\t\t\t\t\t\t<\/div><!--\/inner-wrap-->\n\t\t\t\t\t\t<\/div><!--\/col-->\n\t\t\t\t\t\t\n\t\t\t\t\t\t\t\t\t\t\t\n\t\t\t\t\t\t\t\t\t\t\t\t\n\t\t\t\t\t\t<div class=\"col span_4  element marcenaria-de-interiores mobiliario \"  data-project-cat=\"marcenaria-de-interiores mobiliario \" data-default-color=\"true\" data-title-color=\"\" data-subtitle-color=\"\">\n\t\t\t\t\t\t\t\n\t\t\t\t\t\t\t<div class=\"inner-wrap animated\" data-animation=\"perspective\">\n\t\t\t\t\t\t\t\t\n\t\t\t\t\t\t\t\t\t\t\t\t\t\t\t\t\t\n\t\t\t\t\t\t\t\t\t<div class=\"work-item style-2\" data-custom-content=\"\">\n\t\t\t\t\t\t\t\t\t\t\n\t\t\t\t\t\t\t\t\t\t<img loading=\"lazy\" decoding=\"async\" class=\"size- skip-lazy\" src=\"https:\/\/www.denhandwierker.lu\/wp-content\/uploads\/2021\/01\/MEUBLES_04-600x403.jpg\" alt=\"\" height=\"403\" width=\"600\" srcset=\"https:\/\/www.denhandwierker.lu\/wp-content\/uploads\/2021\/01\/MEUBLES_04-600x403.jpg 600w, https:\/\/www.denhandwierker.lu\/wp-content\/uploads\/2021\/01\/MEUBLES_04-400x269.jpg 400w\" sizes=\"auto, (min-width: 1000px) 33.3vw, (min-width: 690px) 50vw, 100vw\" \/>\t\t\t\t\t\t\t\t\t\t\n\t\t\t\t\t\t\t\t\t\t<div class=\"work-info-bg\"><\/div>\n\t\t\t\t\t\t\t\t\t\t<div class=\"work-info\">\n\t\t\t\t\t\t\t\t\t\t\t\n\t\t\t\t\t\t\t\t\t\t\t\t\t\t\t\t\t\t\t\t\t\t\t\n\t\t\t\t\t\t\t\t\t\t\t\t\n\t\t\t\t\t\t\t\t\t\t\t\t\t\t\t\t\t\t\t\t\t\t\t\t\t\t\t<a href=\"https:\/\/www.denhandwierker.lu\/wp-content\/uploads\/2021\/01\/MEUBLES_04.jpg\"  class=\"pretty_photo\"><\/a>  \n\t\t\t\t\t\t\t\t\t\t\t\t\t\t\t\t\t\t\t\t\t\t\t\t\t\n\t\t\t\t\t\t\t\t\t\t\t\n\t\t\t\t\t\t\t\t\t\t\t<div class=\"vert-center\">\n\t\t\t\t\t\t\t\t\t\t\t\t\t\n\t\t\t\t\t\t\t\t\t\t\t\t\t<h3>Lavandaria<\/h3> \n\t\t\t\t\t\t\t\t\t\t\t\t\t<p>27 Janeiro 2021<\/p>\t\t\t\t\t\t\t\t\t\t\t<\/div><!--\/vert-center-->\n\t\t\t\t\t\t\t\t\t\t\t\n\t\t\t\t\t\t\t\t\t\t<\/div>\n\t\t\t\t\t\t\t\t\t<\/div><!--work-item-->\n\t\t\t\t\t\t\t\t\t\n\t\t\t\t\t\t\t\t\t\t\t\t\t\t\t\t\n\t\t\t\t\t\t\t\t\n\t\t\t\t\t\t\t<\/div><!--\/inner-wrap-->\n\t\t\t\t\t\t<\/div><!--\/col-->\n\t\t\t\t\t\t\n\t\t\t\t\t\t\t\t\t\t\t\n\t\t\t\t\t\t\t\t\t\t\t\t\n\t\t\t\t\t\t<div class=\"col span_4  element marcenaria-de-interiores mobiliario \"  data-project-cat=\"marcenaria-de-interiores mobiliario \" data-default-color=\"true\" data-title-color=\"\" data-subtitle-color=\"\">\n\t\t\t\t\t\t\t\n\t\t\t\t\t\t\t<div class=\"inner-wrap animated\" data-animation=\"perspective\">\n\t\t\t\t\t\t\t\t\n\t\t\t\t\t\t\t\t\t\t\t\t\t\t\t\t\t\n\t\t\t\t\t\t\t\t\t<div class=\"work-item style-2\" data-custom-content=\"\">\n\t\t\t\t\t\t\t\t\t\t\n\t\t\t\t\t\t\t\t\t\t<img loading=\"lazy\" decoding=\"async\" class=\"size- skip-lazy\" src=\"https:\/\/www.denhandwierker.lu\/wp-content\/uploads\/2021\/01\/MEUBLES_04_6-600x403.jpg\" alt=\"\" height=\"403\" width=\"600\" srcset=\"https:\/\/www.denhandwierker.lu\/wp-content\/uploads\/2021\/01\/MEUBLES_04_6-600x403.jpg 600w, https:\/\/www.denhandwierker.lu\/wp-content\/uploads\/2021\/01\/MEUBLES_04_6-400x269.jpg 400w\" sizes=\"auto, (min-width: 1000px) 33.3vw, (min-width: 690px) 50vw, 100vw\" \/>\t\t\t\t\t\t\t\t\t\t\n\t\t\t\t\t\t\t\t\t\t<div class=\"work-info-bg\"><\/div>\n\t\t\t\t\t\t\t\t\t\t<div class=\"work-info\">\n\t\t\t\t\t\t\t\t\t\t\t\n\t\t\t\t\t\t\t\t\t\t\t\t\t\t\t\t\t\t\t\t\t\t\t\n\t\t\t\t\t\t\t\t\t\t\t\t\n\t\t\t\t\t\t\t\t\t\t\t\t\t\t\t\t\t\t\t\t\t\t\t\t\t\t\t<a href=\"https:\/\/www.denhandwierker.lu\/wp-content\/uploads\/2021\/01\/MEUBLES_04_6.jpg\"  class=\"pretty_photo\"><\/a>  \n\t\t\t\t\t\t\t\t\t\t\t\t\t\t\t\t\t\t\t\t\t\t\t\t\t\n\t\t\t\t\t\t\t\t\t\t\t\n\t\t\t\t\t\t\t\t\t\t\t<div class=\"vert-center\">\n\t\t\t\t\t\t\t\t\t\t\t\t\t\n\t\t\t\t\t\t\t\t\t\t\t\t\t<h3>Mobili\u00e1rio<\/h3> \n\t\t\t\t\t\t\t\t\t\t\t\t\t<p>27 Janeiro 2021<\/p>\t\t\t\t\t\t\t\t\t\t\t<\/div><!--\/vert-center-->\n\t\t\t\t\t\t\t\t\t\t\t\n\t\t\t\t\t\t\t\t\t\t<\/div>\n\t\t\t\t\t\t\t\t\t<\/div><!--work-item-->\n\t\t\t\t\t\t\t\t\t\n\t\t\t\t\t\t\t\t\t\t\t\t\t\t\t\t\n\t\t\t\t\t\t\t\t\n\t\t\t\t\t\t\t<\/div><!--\/inner-wrap-->\n\t\t\t\t\t\t<\/div><!--\/col-->\n\t\t\t\t\t\t\n\t\t\t\t\t\t\t\t\t\t\t\n\t\t\t\t\t\t\t\t\t\t\t\t\n\t\t\t\t\t\t<div class=\"col span_4  element marcenaria-de-interiores mobiliario \"  data-project-cat=\"marcenaria-de-interiores mobiliario \" data-default-color=\"true\" data-title-color=\"\" data-subtitle-color=\"\">\n\t\t\t\t\t\t\t\n\t\t\t\t\t\t\t<div class=\"inner-wrap animated\" data-animation=\"perspective\">\n\t\t\t\t\t\t\t\t\n\t\t\t\t\t\t\t\t\t\t\t\t\t\t\t\t\t\n\t\t\t\t\t\t\t\t\t<div class=\"work-item style-2\" data-custom-content=\"\">\n\t\t\t\t\t\t\t\t\t\t\n\t\t\t\t\t\t\t\t\t\t<img loading=\"lazy\" decoding=\"async\" class=\"size- skip-lazy\" src=\"https:\/\/www.denhandwierker.lu\/wp-content\/uploads\/2021\/01\/MEUBLES_04_4-600x403.jpg\" alt=\"\" height=\"403\" width=\"600\" srcset=\"https:\/\/www.denhandwierker.lu\/wp-content\/uploads\/2021\/01\/MEUBLES_04_4-600x403.jpg 600w, https:\/\/www.denhandwierker.lu\/wp-content\/uploads\/2021\/01\/MEUBLES_04_4-400x269.jpg 400w\" sizes=\"auto, (min-width: 1000px) 33.3vw, (min-width: 690px) 50vw, 100vw\" \/>\t\t\t\t\t\t\t\t\t\t\n\t\t\t\t\t\t\t\t\t\t<div class=\"work-info-bg\"><\/div>\n\t\t\t\t\t\t\t\t\t\t<div class=\"work-info\">\n\t\t\t\t\t\t\t\t\t\t\t\n\t\t\t\t\t\t\t\t\t\t\t\t\t\t\t\t\t\t\t\t\t\t\t\n\t\t\t\t\t\t\t\t\t\t\t\t\n\t\t\t\t\t\t\t\t\t\t\t\t\t\t\t\t\t\t\t\t\t\t\t\t\t\t\t<a href=\"https:\/\/www.denhandwierker.lu\/wp-content\/uploads\/2021\/01\/MEUBLES_04_4.jpg\"  class=\"pretty_photo\"><\/a>  \n\t\t\t\t\t\t\t\t\t\t\t\t\t\t\t\t\t\t\t\t\t\t\t\t\t\n\t\t\t\t\t\t\t\t\t\t\t\n\t\t\t\t\t\t\t\t\t\t\t<div class=\"vert-center\">\n\t\t\t\t\t\t\t\t\t\t\t\t\t\n\t\t\t\t\t\t\t\t\t\t\t\t\t<h3>Unidade de armazenamento<\/h3> \n\t\t\t\t\t\t\t\t\t\t\t\t\t<p>27 Janeiro 2021<\/p>\t\t\t\t\t\t\t\t\t\t\t<\/div><!--\/vert-center-->\n\t\t\t\t\t\t\t\t\t\t\t\n\t\t\t\t\t\t\t\t\t\t<\/div>\n\t\t\t\t\t\t\t\t\t<\/div><!--work-item-->\n\t\t\t\t\t\t\t\t\t\n\t\t\t\t\t\t\t\t\t\t\t\t\t\t\t\t\n\t\t\t\t\t\t\t\t\n\t\t\t\t\t\t\t<\/div><!--\/inner-wrap-->\n\t\t\t\t\t\t<\/div><!--\/col-->\n\t\t\t\t\t\t\n\t\t\t\t\t\t\t\t\t\t\t\n\t\t\t\t\t\t\t\t\t\t\t\t\n\t\t\t\t\t\t<div class=\"col span_4  element marcenaria-de-interiores mobiliario \"  data-project-cat=\"marcenaria-de-interiores mobiliario \" data-default-color=\"true\" data-title-color=\"\" data-subtitle-color=\"\">\n\t\t\t\t\t\t\t\n\t\t\t\t\t\t\t<div class=\"inner-wrap animated\" data-animation=\"perspective\">\n\t\t\t\t\t\t\t\t\n\t\t\t\t\t\t\t\t\t\t\t\t\t\t\t\t\t\n\t\t\t\t\t\t\t\t\t<div class=\"work-item style-2\" data-custom-content=\"\">\n\t\t\t\t\t\t\t\t\t\t\n\t\t\t\t\t\t\t\t\t\t<img loading=\"lazy\" decoding=\"async\" class=\"size- skip-lazy\" src=\"https:\/\/www.denhandwierker.lu\/wp-content\/uploads\/2021\/01\/MEUBLES_04_3-600x403.jpg\" alt=\"\" height=\"403\" width=\"600\" srcset=\"https:\/\/www.denhandwierker.lu\/wp-content\/uploads\/2021\/01\/MEUBLES_04_3-600x403.jpg 600w, https:\/\/www.denhandwierker.lu\/wp-content\/uploads\/2021\/01\/MEUBLES_04_3-400x269.jpg 400w\" sizes=\"auto, (min-width: 1000px) 33.3vw, (min-width: 690px) 50vw, 100vw\" \/>\t\t\t\t\t\t\t\t\t\t\n\t\t\t\t\t\t\t\t\t\t<div class=\"work-info-bg\"><\/div>\n\t\t\t\t\t\t\t\t\t\t<div class=\"work-info\">\n\t\t\t\t\t\t\t\t\t\t\t\n\t\t\t\t\t\t\t\t\t\t\t\t\t\t\t\t\t\t\t\t\t\t\t\n\t\t\t\t\t\t\t\t\t\t\t\t\n\t\t\t\t\t\t\t\t\t\t\t\t\t\t\t\t\t\t\t\t\t\t\t\t\t\t\t<a href=\"https:\/\/www.denhandwierker.lu\/wp-content\/uploads\/2021\/01\/MEUBLES_04_3.jpg\"  class=\"pretty_photo\"><\/a>  \n\t\t\t\t\t\t\t\t\t\t\t\t\t\t\t\t\t\t\t\t\t\t\t\t\t\n\t\t\t\t\t\t\t\t\t\t\t\n\t\t\t\t\t\t\t\t\t\t\t<div class=\"vert-center\">\n\t\t\t\t\t\t\t\t\t\t\t\t\t\n\t\t\t\t\t\t\t\t\t\t\t\t\t<h3>Unidade de armazenamento<\/h3> \n\t\t\t\t\t\t\t\t\t\t\t\t\t<p>27 Janeiro 2021<\/p>\t\t\t\t\t\t\t\t\t\t\t<\/div><!--\/vert-center-->\n\t\t\t\t\t\t\t\t\t\t\t\n\t\t\t\t\t\t\t\t\t\t<\/div>\n\t\t\t\t\t\t\t\t\t<\/div><!--work-item-->\n\t\t\t\t\t\t\t\t\t\n\t\t\t\t\t\t\t\t\t\t\t\t\t\t\t\t\n\t\t\t\t\t\t\t\t\n\t\t\t\t\t\t\t<\/div><!--\/inner-wrap-->\n\t\t\t\t\t\t<\/div><!--\/col-->\n\t\t\t\t\t\t\n\t\t\t\t\t\t\t\t\t\t\t\n\t\t\t\t\t\t\t\t\t\t\t\t\n\t\t\t\t\t\t<div class=\"col span_4  element marcenaria-de-interiores mobiliario \"  data-project-cat=\"marcenaria-de-interiores mobiliario \" data-default-color=\"true\" data-title-color=\"\" data-subtitle-color=\"\">\n\t\t\t\t\t\t\t\n\t\t\t\t\t\t\t<div class=\"inner-wrap animated\" data-animation=\"perspective\">\n\t\t\t\t\t\t\t\t\n\t\t\t\t\t\t\t\t\t\t\t\t\t\t\t\t\t\n\t\t\t\t\t\t\t\t\t<div class=\"work-item style-2\" data-custom-content=\"\">\n\t\t\t\t\t\t\t\t\t\t\n\t\t\t\t\t\t\t\t\t\t<img loading=\"lazy\" decoding=\"async\" class=\"size- skip-lazy\" src=\"https:\/\/www.denhandwierker.lu\/wp-content\/uploads\/2021\/01\/MEUBLES_04_2-600x403.jpg\" alt=\"\" height=\"403\" width=\"600\" srcset=\"https:\/\/www.denhandwierker.lu\/wp-content\/uploads\/2021\/01\/MEUBLES_04_2-600x403.jpg 600w, https:\/\/www.denhandwierker.lu\/wp-content\/uploads\/2021\/01\/MEUBLES_04_2-400x269.jpg 400w\" sizes=\"auto, (min-width: 1000px) 33.3vw, (min-width: 690px) 50vw, 100vw\" \/>\t\t\t\t\t\t\t\t\t\t\n\t\t\t\t\t\t\t\t\t\t<div class=\"work-info-bg\"><\/div>\n\t\t\t\t\t\t\t\t\t\t<div class=\"work-info\">\n\t\t\t\t\t\t\t\t\t\t\t\n\t\t\t\t\t\t\t\t\t\t\t\t\t\t\t\t\t\t\t\t\t\t\t\n\t\t\t\t\t\t\t\t\t\t\t\t\n\t\t\t\t\t\t\t\t\t\t\t\t\t\t\t\t\t\t\t\t\t\t\t\t\t\t\t<a href=\"https:\/\/www.denhandwierker.lu\/wp-content\/uploads\/2021\/01\/MEUBLES_04_2.jpg\"  class=\"pretty_photo\"><\/a>  \n\t\t\t\t\t\t\t\t\t\t\t\t\t\t\t\t\t\t\t\t\t\t\t\t\t\n\t\t\t\t\t\t\t\t\t\t\t\n\t\t\t\t\t\t\t\t\t\t\t<div class=\"vert-center\">\n\t\t\t\t\t\t\t\t\t\t\t\t\t\n\t\t\t\t\t\t\t\t\t\t\t\t\t<h3>Unidade de armazenamento<\/h3> \n\t\t\t\t\t\t\t\t\t\t\t\t\t<p>27 Janeiro 2021<\/p>\t\t\t\t\t\t\t\t\t\t\t<\/div><!--\/vert-center-->\n\t\t\t\t\t\t\t\t\t\t\t\n\t\t\t\t\t\t\t\t\t\t<\/div>\n\t\t\t\t\t\t\t\t\t<\/div><!--work-item-->\n\t\t\t\t\t\t\t\t\t\n\t\t\t\t\t\t\t\t\t\t\t\t\t\t\t\t\n\t\t\t\t\t\t\t\t\n\t\t\t\t\t\t\t<\/div><!--\/inner-wrap-->\n\t\t\t\t\t\t<\/div><!--\/col-->\n\t\t\t\t\t\t\n\t\t\t\t\t\t\t\t\t\t\t\n\t\t\t\t\t\t\t\t\t\t\t\t\n\t\t\t\t\t\t<div class=\"col span_4  element marcenaria-de-interiores mobiliario \"  data-project-cat=\"marcenaria-de-interiores mobiliario \" data-default-color=\"true\" data-title-color=\"\" data-subtitle-color=\"\">\n\t\t\t\t\t\t\t\n\t\t\t\t\t\t\t<div class=\"inner-wrap animated\" data-animation=\"perspective\">\n\t\t\t\t\t\t\t\t\n\t\t\t\t\t\t\t\t\t\t\t\t\t\t\t\t\t\n\t\t\t\t\t\t\t\t\t<div class=\"work-item style-2\" data-custom-content=\"\">\n\t\t\t\t\t\t\t\t\t\t\n\t\t\t\t\t\t\t\t\t\t<img loading=\"lazy\" decoding=\"async\" class=\"size- skip-lazy\" src=\"https:\/\/www.denhandwierker.lu\/wp-content\/uploads\/2021\/01\/MEUBLES_04_1-600x403.jpg\" alt=\"\" height=\"403\" width=\"600\" srcset=\"https:\/\/www.denhandwierker.lu\/wp-content\/uploads\/2021\/01\/MEUBLES_04_1-600x403.jpg 600w, https:\/\/www.denhandwierker.lu\/wp-content\/uploads\/2021\/01\/MEUBLES_04_1-400x269.jpg 400w\" sizes=\"auto, (min-width: 1000px) 33.3vw, (min-width: 690px) 50vw, 100vw\" \/>\t\t\t\t\t\t\t\t\t\t\n\t\t\t\t\t\t\t\t\t\t<div class=\"work-info-bg\"><\/div>\n\t\t\t\t\t\t\t\t\t\t<div class=\"work-info\">\n\t\t\t\t\t\t\t\t\t\t\t\n\t\t\t\t\t\t\t\t\t\t\t\t\t\t\t\t\t\t\t\t\t\t\t\n\t\t\t\t\t\t\t\t\t\t\t\t\n\t\t\t\t\t\t\t\t\t\t\t\t\t\t\t\t\t\t\t\t\t\t\t\t\t\t\t<a href=\"https:\/\/www.denhandwierker.lu\/wp-content\/uploads\/2021\/01\/MEUBLES_04_1.jpg\"  class=\"pretty_photo\"><\/a>  \n\t\t\t\t\t\t\t\t\t\t\t\t\t\t\t\t\t\t\t\t\t\t\t\t\t\n\t\t\t\t\t\t\t\t\t\t\t\n\t\t\t\t\t\t\t\t\t\t\t<div class=\"vert-center\">\n\t\t\t\t\t\t\t\t\t\t\t\t\t\n\t\t\t\t\t\t\t\t\t\t\t\t\t<h3>M\u00f3vel de toucador<\/h3> \n\t\t\t\t\t\t\t\t\t\t\t\t\t<p>27 Janeiro 2021<\/p>\t\t\t\t\t\t\t\t\t\t\t<\/div><!--\/vert-center-->\n\t\t\t\t\t\t\t\t\t\t\t\n\t\t\t\t\t\t\t\t\t\t<\/div>\n\t\t\t\t\t\t\t\t\t<\/div><!--work-item-->\n\t\t\t\t\t\t\t\t\t\n\t\t\t\t\t\t\t\t\t\t\t\t\t\t\t\t\n\t\t\t\t\t\t\t\t\n\t\t\t\t\t\t\t<\/div><!--\/inner-wrap-->\n\t\t\t\t\t\t<\/div><!--\/col-->\n\t\t\t\t\t\t\n\t\t\t\t\t\t\t\t\t\t\t\n\t\t\t\t\t\t\t\t\t\t\t\t\n\t\t\t\t\t\t<div class=\"col span_4  element marcenaria-de-interiores mobiliario \"  data-project-cat=\"marcenaria-de-interiores mobiliario \" data-default-color=\"true\" data-title-color=\"\" data-subtitle-color=\"\">\n\t\t\t\t\t\t\t\n\t\t\t\t\t\t\t<div class=\"inner-wrap animated\" data-animation=\"perspective\">\n\t\t\t\t\t\t\t\t\n\t\t\t\t\t\t\t\t\t\t\t\t\t\t\t\t\t\n\t\t\t\t\t\t\t\t\t<div class=\"work-item style-2\" data-custom-content=\"\">\n\t\t\t\t\t\t\t\t\t\t\n\t\t\t\t\t\t\t\t\t\t<img loading=\"lazy\" decoding=\"async\" class=\"size- skip-lazy\" src=\"https:\/\/www.denhandwierker.lu\/wp-content\/uploads\/2021\/01\/MEUBLES_03_4-600x403.jpg\" alt=\"\" height=\"403\" width=\"600\" srcset=\"https:\/\/www.denhandwierker.lu\/wp-content\/uploads\/2021\/01\/MEUBLES_03_4-600x403.jpg 600w, https:\/\/www.denhandwierker.lu\/wp-content\/uploads\/2021\/01\/MEUBLES_03_4-400x269.jpg 400w\" sizes=\"auto, (min-width: 1000px) 33.3vw, (min-width: 690px) 50vw, 100vw\" \/>\t\t\t\t\t\t\t\t\t\t\n\t\t\t\t\t\t\t\t\t\t<div class=\"work-info-bg\"><\/div>\n\t\t\t\t\t\t\t\t\t\t<div class=\"work-info\">\n\t\t\t\t\t\t\t\t\t\t\t\n\t\t\t\t\t\t\t\t\t\t\t\t\t\t\t\t\t\t\t\t\t\t\t\n\t\t\t\t\t\t\t\t\t\t\t\t\n\t\t\t\t\t\t\t\t\t\t\t\t\t\t\t\t\t\t\t\t\t\t\t\t\t\t\t<a href=\"https:\/\/www.denhandwierker.lu\/wp-content\/uploads\/2021\/01\/MEUBLES_03_4.jpg\"  class=\"pretty_photo\"><\/a>  \n\t\t\t\t\t\t\t\t\t\t\t\t\t\t\t\t\t\t\t\t\t\t\t\t\t\n\t\t\t\t\t\t\t\t\t\t\t\n\t\t\t\t\t\t\t\t\t\t\t<div class=\"vert-center\">\n\t\t\t\t\t\t\t\t\t\t\t\t\t\n\t\t\t\t\t\t\t\t\t\t\t\t\t<h3>Vesti\u00e1rio<\/h3> \n\t\t\t\t\t\t\t\t\t\t\t\t\t<p>27 Janeiro 2021<\/p>\t\t\t\t\t\t\t\t\t\t\t<\/div><!--\/vert-center-->\n\t\t\t\t\t\t\t\t\t\t\t\n\t\t\t\t\t\t\t\t\t\t<\/div>\n\t\t\t\t\t\t\t\t\t<\/div><!--work-item-->\n\t\t\t\t\t\t\t\t\t\n\t\t\t\t\t\t\t\t\t\t\t\t\t\t\t\t\n\t\t\t\t\t\t\t\t\n\t\t\t\t\t\t\t<\/div><!--\/inner-wrap-->\n\t\t\t\t\t\t<\/div><!--\/col-->\n\t\t\t\t\t\t\n\t\t\t\t\t\t\t\t\t\t\t\n\t\t\t\t\t\t\t\t\t\t\t\t\n\t\t\t\t\t\t<div class=\"col span_4  element marcenaria-de-interiores mobiliario \"  data-project-cat=\"marcenaria-de-interiores mobiliario \" data-default-color=\"true\" data-title-color=\"\" data-subtitle-color=\"\">\n\t\t\t\t\t\t\t\n\t\t\t\t\t\t\t<div class=\"inner-wrap animated\" data-animation=\"perspective\">\n\t\t\t\t\t\t\t\t\n\t\t\t\t\t\t\t\t\t\t\t\t\t\t\t\t\t\n\t\t\t\t\t\t\t\t\t<div class=\"work-item style-2\" data-custom-content=\"\">\n\t\t\t\t\t\t\t\t\t\t\n\t\t\t\t\t\t\t\t\t\t<img loading=\"lazy\" decoding=\"async\" class=\"size- skip-lazy\" src=\"https:\/\/www.denhandwierker.lu\/wp-content\/uploads\/2021\/01\/MEUBLES_03_1-600x403.jpg\" alt=\"\" height=\"403\" width=\"600\" srcset=\"https:\/\/www.denhandwierker.lu\/wp-content\/uploads\/2021\/01\/MEUBLES_03_1-600x403.jpg 600w, https:\/\/www.denhandwierker.lu\/wp-content\/uploads\/2021\/01\/MEUBLES_03_1-400x269.jpg 400w\" sizes=\"auto, (min-width: 1000px) 33.3vw, (min-width: 690px) 50vw, 100vw\" \/>\t\t\t\t\t\t\t\t\t\t\n\t\t\t\t\t\t\t\t\t\t<div class=\"work-info-bg\"><\/div>\n\t\t\t\t\t\t\t\t\t\t<div class=\"work-info\">\n\t\t\t\t\t\t\t\t\t\t\t\n\t\t\t\t\t\t\t\t\t\t\t\t\t\t\t\t\t\t\t\t\t\t\t\n\t\t\t\t\t\t\t\t\t\t\t\t\n\t\t\t\t\t\t\t\t\t\t\t\t\t\t\t\t\t\t\t\t\t\t\t\t\t\t\t<a href=\"https:\/\/www.denhandwierker.lu\/wp-content\/uploads\/2021\/01\/MEUBLES_03_1.jpg\"  class=\"pretty_photo\"><\/a>  \n\t\t\t\t\t\t\t\t\t\t\t\t\t\t\t\t\t\t\t\t\t\t\t\t\t\n\t\t\t\t\t\t\t\t\t\t\t\n\t\t\t\t\t\t\t\t\t\t\t<div class=\"vert-center\">\n\t\t\t\t\t\t\t\t\t\t\t\t\t\n\t\t\t\t\t\t\t\t\t\t\t\t\t<h3>Vesti\u00e1rio<\/h3> \n\t\t\t\t\t\t\t\t\t\t\t\t\t<p>27 Janeiro 2021<\/p>\t\t\t\t\t\t\t\t\t\t\t<\/div><!--\/vert-center-->\n\t\t\t\t\t\t\t\t\t\t\t\n\t\t\t\t\t\t\t\t\t\t<\/div>\n\t\t\t\t\t\t\t\t\t<\/div><!--work-item-->\n\t\t\t\t\t\t\t\t\t\n\t\t\t\t\t\t\t\t\t\t\t\t\t\t\t\t\n\t\t\t\t\t\t\t\t\n\t\t\t\t\t\t\t<\/div><!--\/inner-wrap-->\n\t\t\t\t\t\t<\/div><!--\/col-->\n\t\t\t\t\t\t\n\t\t\t\t\t\t\t\t\t\t\t\n\t\t\t\t\t\t\t\t\t\t\t\t\n\t\t\t\t\t\t<div class=\"col span_4  element marcenaria-de-interiores mobiliario \"  data-project-cat=\"marcenaria-de-interiores mobiliario \" data-default-color=\"true\" data-title-color=\"\" data-subtitle-color=\"\">\n\t\t\t\t\t\t\t\n\t\t\t\t\t\t\t<div class=\"inner-wrap animated\" data-animation=\"perspective\">\n\t\t\t\t\t\t\t\t\n\t\t\t\t\t\t\t\t\t\t\t\t\t\t\t\t\t\n\t\t\t\t\t\t\t\t\t<div class=\"work-item style-2\" data-custom-content=\"\">\n\t\t\t\t\t\t\t\t\t\t\n\t\t\t\t\t\t\t\t\t\t<img loading=\"lazy\" decoding=\"async\" class=\"size- skip-lazy\" src=\"https:\/\/www.denhandwierker.lu\/wp-content\/uploads\/2021\/01\/MEUBLES_02_4-600x403.jpg\" alt=\"\" height=\"403\" width=\"600\" srcset=\"https:\/\/www.denhandwierker.lu\/wp-content\/uploads\/2021\/01\/MEUBLES_02_4-600x403.jpg 600w, https:\/\/www.denhandwierker.lu\/wp-content\/uploads\/2021\/01\/MEUBLES_02_4-400x269.jpg 400w\" sizes=\"auto, (min-width: 1000px) 33.3vw, (min-width: 690px) 50vw, 100vw\" \/>\t\t\t\t\t\t\t\t\t\t\n\t\t\t\t\t\t\t\t\t\t<div class=\"work-info-bg\"><\/div>\n\t\t\t\t\t\t\t\t\t\t<div class=\"work-info\">\n\t\t\t\t\t\t\t\t\t\t\t\n\t\t\t\t\t\t\t\t\t\t\t\t\t\t\t\t\t\t\t\t\t\t\t\n\t\t\t\t\t\t\t\t\t\t\t\t\n\t\t\t\t\t\t\t\t\t\t\t\t\t\t\t\t\t\t\t\t\t\t\t\t\t\t\t<a href=\"https:\/\/www.denhandwierker.lu\/wp-content\/uploads\/2021\/01\/MEUBLES_02_4.jpg\"  class=\"pretty_photo\"><\/a>  \n\t\t\t\t\t\t\t\t\t\t\t\t\t\t\t\t\t\t\t\t\t\t\t\t\t\n\t\t\t\t\t\t\t\t\t\t\t\n\t\t\t\t\t\t\t\t\t\t\t<div class=\"vert-center\">\n\t\t\t\t\t\t\t\t\t\t\t\t\t\n\t\t\t\t\t\t\t\t\t\t\t\t\t<h3>Unidade de arruma\u00e7\u00e3o &#8211; vesti\u00e1rio<\/h3> \n\t\t\t\t\t\t\t\t\t\t\t\t\t<p>27 Janeiro 2021<\/p>\t\t\t\t\t\t\t\t\t\t\t<\/div><!--\/vert-center-->\n\t\t\t\t\t\t\t\t\t\t\t\n\t\t\t\t\t\t\t\t\t\t<\/div>\n\t\t\t\t\t\t\t\t\t<\/div><!--work-item-->\n\t\t\t\t\t\t\t\t\t\n\t\t\t\t\t\t\t\t\t\t\t\t\t\t\t\t\n\t\t\t\t\t\t\t\t\n\t\t\t\t\t\t\t<\/div><!--\/inner-wrap-->\n\t\t\t\t\t\t<\/div><!--\/col-->\n\t\t\t\t\t\t\n\t\t\t\t\t\t\t\t\t\t\t\n\t\t\t\t\t\t\t\t\t\t\t\t\n\t\t\t\t\t\t<div class=\"col span_4  element marcenaria-de-interiores mobiliario \"  data-project-cat=\"marcenaria-de-interiores mobiliario \" data-default-color=\"true\" data-title-color=\"\" data-subtitle-color=\"\">\n\t\t\t\t\t\t\t\n\t\t\t\t\t\t\t<div class=\"inner-wrap animated\" data-animation=\"perspective\">\n\t\t\t\t\t\t\t\t\n\t\t\t\t\t\t\t\t\t\t\t\t\t\t\t\t\t\n\t\t\t\t\t\t\t\t\t<div class=\"work-item style-2\" data-custom-content=\"\">\n\t\t\t\t\t\t\t\t\t\t\n\t\t\t\t\t\t\t\t\t\t<img loading=\"lazy\" decoding=\"async\" class=\"size- skip-lazy\" src=\"https:\/\/www.denhandwierker.lu\/wp-content\/uploads\/2021\/01\/MEUBLES_02-600x403.jpg\" alt=\"\" height=\"403\" width=\"600\" srcset=\"https:\/\/www.denhandwierker.lu\/wp-content\/uploads\/2021\/01\/MEUBLES_02-600x403.jpg 600w, https:\/\/www.denhandwierker.lu\/wp-content\/uploads\/2021\/01\/MEUBLES_02-400x269.jpg 400w\" sizes=\"auto, (min-width: 1000px) 33.3vw, (min-width: 690px) 50vw, 100vw\" \/>\t\t\t\t\t\t\t\t\t\t\n\t\t\t\t\t\t\t\t\t\t<div class=\"work-info-bg\"><\/div>\n\t\t\t\t\t\t\t\t\t\t<div class=\"work-info\">\n\t\t\t\t\t\t\t\t\t\t\t\n\t\t\t\t\t\t\t\t\t\t\t\t\t\t\t\t\t\t\t\t\t\t\t\n\t\t\t\t\t\t\t\t\t\t\t\t\n\t\t\t\t\t\t\t\t\t\t\t\t\t\t\t\t\t\t\t\t\t\t\t\t\t\t\t<a href=\"https:\/\/www.denhandwierker.lu\/wp-content\/uploads\/2021\/01\/MEUBLES_02.jpg\"  class=\"pretty_photo\"><\/a>  \n\t\t\t\t\t\t\t\t\t\t\t\t\t\t\t\t\t\t\t\t\t\t\t\t\t\n\t\t\t\t\t\t\t\t\t\t\t\n\t\t\t\t\t\t\t\t\t\t\t<div class=\"vert-center\">\n\t\t\t\t\t\t\t\t\t\t\t\t\t\n\t\t\t\t\t\t\t\t\t\t\t\t\t<h3>Arruma\u00e7\u00e3o por baixo da escada<\/h3> \n\t\t\t\t\t\t\t\t\t\t\t\t\t<p>27 Janeiro 2021<\/p>\t\t\t\t\t\t\t\t\t\t\t<\/div><!--\/vert-center-->\n\t\t\t\t\t\t\t\t\t\t\t\n\t\t\t\t\t\t\t\t\t\t<\/div>\n\t\t\t\t\t\t\t\t\t<\/div><!--work-item-->\n\t\t\t\t\t\t\t\t\t\n\t\t\t\t\t\t\t\t\t\t\t\t\t\t\t\t\n\t\t\t\t\t\t\t\t\n\t\t\t\t\t\t\t<\/div><!--\/inner-wrap-->\n\t\t\t\t\t\t<\/div><!--\/col-->\n\t\t\t\t\t\t\n\t\t\t\t\t\t\t\t\t\t\t\n\t\t\t\t\t\t\t\t\t\t\t\t\n\t\t\t\t\t\t<div class=\"col span_4  element marcenaria-de-interiores mobiliario \"  data-project-cat=\"marcenaria-de-interiores mobiliario \" data-default-color=\"true\" data-title-color=\"\" data-subtitle-color=\"\">\n\t\t\t\t\t\t\t\n\t\t\t\t\t\t\t<div class=\"inner-wrap animated\" data-animation=\"perspective\">\n\t\t\t\t\t\t\t\t\n\t\t\t\t\t\t\t\t\t\t\t\t\t\t\t\t\t\n\t\t\t\t\t\t\t\t\t<div class=\"work-item style-2\" data-custom-content=\"\">\n\t\t\t\t\t\t\t\t\t\t\n\t\t\t\t\t\t\t\t\t\t<img loading=\"lazy\" decoding=\"async\" class=\"size- skip-lazy\" src=\"https:\/\/www.denhandwierker.lu\/wp-content\/uploads\/2021\/01\/MEUBLES_02_1-600x403.jpg\" alt=\"\" height=\"403\" width=\"600\" srcset=\"https:\/\/www.denhandwierker.lu\/wp-content\/uploads\/2021\/01\/MEUBLES_02_1-600x403.jpg 600w, https:\/\/www.denhandwierker.lu\/wp-content\/uploads\/2021\/01\/MEUBLES_02_1-400x269.jpg 400w\" sizes=\"auto, (min-width: 1000px) 33.3vw, (min-width: 690px) 50vw, 100vw\" \/>\t\t\t\t\t\t\t\t\t\t\n\t\t\t\t\t\t\t\t\t\t<div class=\"work-info-bg\"><\/div>\n\t\t\t\t\t\t\t\t\t\t<div class=\"work-info\">\n\t\t\t\t\t\t\t\t\t\t\t\n\t\t\t\t\t\t\t\t\t\t\t\t\t\t\t\t\t\t\t\t\t\t\t\n\t\t\t\t\t\t\t\t\t\t\t\t\n\t\t\t\t\t\t\t\t\t\t\t\t\t\t\t\t\t\t\t\t\t\t\t\t\t\t\t<a href=\"https:\/\/www.denhandwierker.lu\/wp-content\/uploads\/2021\/01\/MEUBLES_02_1.jpg\"  class=\"pretty_photo\"><\/a>  \n\t\t\t\t\t\t\t\t\t\t\t\t\t\t\t\t\t\t\t\t\t\t\t\t\t\n\t\t\t\t\t\t\t\t\t\t\t\n\t\t\t\t\t\t\t\t\t\t\t<div class=\"vert-center\">\n\t\t\t\t\t\t\t\t\t\t\t\t\t\n\t\t\t\t\t\t\t\t\t\t\t\t\t<h3>Unidade de arruma\u00e7\u00e3o &#8211; Vestir<\/h3> \n\t\t\t\t\t\t\t\t\t\t\t\t\t<p>27 Janeiro 2021<\/p>\t\t\t\t\t\t\t\t\t\t\t<\/div><!--\/vert-center-->\n\t\t\t\t\t\t\t\t\t\t\t\n\t\t\t\t\t\t\t\t\t\t<\/div>\n\t\t\t\t\t\t\t\t\t<\/div><!--work-item-->\n\t\t\t\t\t\t\t\t\t\n\t\t\t\t\t\t\t\t\t\t\t\t\t\t\t\t\n\t\t\t\t\t\t\t\t\n\t\t\t\t\t\t\t<\/div><!--\/inner-wrap-->\n\t\t\t\t\t\t<\/div><!--\/col-->\n\t\t\t\t\t\t\n\t\t\t\t\t\t\t\t\t\t\t\n\t\t\t\t\t\t\t\t\t\t\t\t\n\t\t\t\t\t\t<div class=\"col span_4  element terracos marcenaria-exterior \"  data-project-cat=\"terracos marcenaria-exterior \" data-default-color=\"true\" data-title-color=\"\" data-subtitle-color=\"\">\n\t\t\t\t\t\t\t\n\t\t\t\t\t\t\t<div class=\"inner-wrap animated\" data-animation=\"perspective\">\n\t\t\t\t\t\t\t\t\n\t\t\t\t\t\t\t\t\t\t\t\t\t\t\t\t\t\n\t\t\t\t\t\t\t\t\t<div class=\"work-item style-2\" data-custom-content=\"\">\n\t\t\t\t\t\t\t\t\t\t\n\t\t\t\t\t\t\t\t\t\t<img loading=\"lazy\" decoding=\"async\" class=\"size- skip-lazy\" src=\"https:\/\/www.denhandwierker.lu\/wp-content\/uploads\/2021\/01\/MEUBLE_TERRASSE_02_3-600x403.jpg\" alt=\"\" height=\"403\" width=\"600\" srcset=\"https:\/\/www.denhandwierker.lu\/wp-content\/uploads\/2021\/01\/MEUBLE_TERRASSE_02_3-600x403.jpg 600w, https:\/\/www.denhandwierker.lu\/wp-content\/uploads\/2021\/01\/MEUBLE_TERRASSE_02_3-400x269.jpg 400w\" sizes=\"auto, (min-width: 1000px) 33.3vw, (min-width: 690px) 50vw, 100vw\" \/>\t\t\t\t\t\t\t\t\t\t\n\t\t\t\t\t\t\t\t\t\t<div class=\"work-info-bg\"><\/div>\n\t\t\t\t\t\t\t\t\t\t<div class=\"work-info\">\n\t\t\t\t\t\t\t\t\t\t\t\n\t\t\t\t\t\t\t\t\t\t\t\t\t\t\t\t\t\t\t\t\t\t\t\n\t\t\t\t\t\t\t\t\t\t\t\t\n\t\t\t\t\t\t\t\t\t\t\t\t\t\t\t\t\t\t\t\t\t\t\t\t\t\t\t<a href=\"https:\/\/www.denhandwierker.lu\/wp-content\/uploads\/2021\/01\/MEUBLE_TERRASSE_02_3.jpg\"  class=\"pretty_photo\"><\/a>  \n\t\t\t\t\t\t\t\t\t\t\t\t\t\t\t\t\t\t\t\t\t\t\t\t\t\n\t\t\t\t\t\t\t\t\t\t\t\n\t\t\t\t\t\t\t\t\t\t\t<div class=\"vert-center\">\n\t\t\t\t\t\t\t\t\t\t\t\t\t\n\t\t\t\t\t\t\t\t\t\t\t\t\t<h3>Terra\u00e7o<\/h3> \n\t\t\t\t\t\t\t\t\t\t\t\t\t<p>27 Janeiro 2021<\/p>\t\t\t\t\t\t\t\t\t\t\t<\/div><!--\/vert-center-->\n\t\t\t\t\t\t\t\t\t\t\t\n\t\t\t\t\t\t\t\t\t\t<\/div>\n\t\t\t\t\t\t\t\t\t<\/div><!--work-item-->\n\t\t\t\t\t\t\t\t\t\n\t\t\t\t\t\t\t\t\t\t\t\t\t\t\t\t\n\t\t\t\t\t\t\t\t\n\t\t\t\t\t\t\t<\/div><!--\/inner-wrap-->\n\t\t\t\t\t\t<\/div><!--\/col-->\n\t\t\t\t\t\t\n\t\t\t\t\t\t\t\t\t\t\t\n\t\t\t\t\t\t\t\t\t\t\t\t\n\t\t\t\t\t\t<div class=\"col span_4  element marcenaria-de-interiores mobiliario \"  data-project-cat=\"marcenaria-de-interiores mobiliario \" data-default-color=\"true\" data-title-color=\"\" data-subtitle-color=\"\">\n\t\t\t\t\t\t\t\n\t\t\t\t\t\t\t<div class=\"inner-wrap animated\" data-animation=\"perspective\">\n\t\t\t\t\t\t\t\t\n\t\t\t\t\t\t\t\t\t\t\t\t\t\t\t\t\t\n\t\t\t\t\t\t\t\t\t<div class=\"work-item style-2\" data-custom-content=\"\">\n\t\t\t\t\t\t\t\t\t\t\n\t\t\t\t\t\t\t\t\t\t<img loading=\"lazy\" decoding=\"async\" class=\"size- skip-lazy\" src=\"https:\/\/www.denhandwierker.lu\/wp-content\/uploads\/2021\/01\/MEUBLES_01-600x403.jpg\" alt=\"\" height=\"403\" width=\"600\" srcset=\"https:\/\/www.denhandwierker.lu\/wp-content\/uploads\/2021\/01\/MEUBLES_01-600x403.jpg 600w, https:\/\/www.denhandwierker.lu\/wp-content\/uploads\/2021\/01\/MEUBLES_01-400x269.jpg 400w\" sizes=\"auto, (min-width: 1000px) 33.3vw, (min-width: 690px) 50vw, 100vw\" \/>\t\t\t\t\t\t\t\t\t\t\n\t\t\t\t\t\t\t\t\t\t<div class=\"work-info-bg\"><\/div>\n\t\t\t\t\t\t\t\t\t\t<div class=\"work-info\">\n\t\t\t\t\t\t\t\t\t\t\t\n\t\t\t\t\t\t\t\t\t\t\t\t\t\t\t\t\t\t\t\t\t\t\t\n\t\t\t\t\t\t\t\t\t\t\t\t\n\t\t\t\t\t\t\t\t\t\t\t\t\t\t\t\t\t\t\t\t\t\t\t\t\t\t\t<a href=\"https:\/\/www.denhandwierker.lu\/wp-content\/uploads\/2021\/01\/MEUBLES_01.jpg\"  class=\"pretty_photo\"><\/a>  \n\t\t\t\t\t\t\t\t\t\t\t\t\t\t\t\t\t\t\t\t\t\t\t\t\t\n\t\t\t\t\t\t\t\t\t\t\t\n\t\t\t\t\t\t\t\t\t\t\t<div class=\"vert-center\">\n\t\t\t\t\t\t\t\t\t\t\t\t\t\n\t\t\t\t\t\t\t\t\t\t\t\t\t<h3>Arruma\u00e7\u00e3o e cabina de duche<\/h3> \n\t\t\t\t\t\t\t\t\t\t\t\t\t<p>27 Janeiro 2021<\/p>\t\t\t\t\t\t\t\t\t\t\t<\/div><!--\/vert-center-->\n\t\t\t\t\t\t\t\t\t\t\t\n\t\t\t\t\t\t\t\t\t\t<\/div>\n\t\t\t\t\t\t\t\t\t<\/div><!--work-item-->\n\t\t\t\t\t\t\t\t\t\n\t\t\t\t\t\t\t\t\t\t\t\t\t\t\t\t\n\t\t\t\t\t\t\t\t\n\t\t\t\t\t\t\t<\/div><!--\/inner-wrap-->\n\t\t\t\t\t\t<\/div><!--\/col-->\n\t\t\t\t\t\t\n\t\t\t\t\t\t\t\t\t\t\t\n\t\t\t\t\t\t\t\t\t\t\t\t\n\t\t\t\t\t\t<div class=\"col span_4  element marcenaria-exterior mobiliario \"  data-project-cat=\"marcenaria-exterior mobiliario \" data-default-color=\"true\" data-title-color=\"\" data-subtitle-color=\"\">\n\t\t\t\t\t\t\t\n\t\t\t\t\t\t\t<div class=\"inner-wrap animated\" data-animation=\"perspective\">\n\t\t\t\t\t\t\t\t\n\t\t\t\t\t\t\t\t\t\t\t\t\t\t\t\t\t\n\t\t\t\t\t\t\t\t\t<div class=\"work-item style-2\" data-custom-content=\"\">\n\t\t\t\t\t\t\t\t\t\t\n\t\t\t\t\t\t\t\t\t\t<img loading=\"lazy\" decoding=\"async\" class=\"size- skip-lazy\" src=\"https:\/\/www.denhandwierker.lu\/wp-content\/uploads\/2021\/01\/MEUBLE_TERRASSE_03-600x403.jpg\" alt=\"\" height=\"403\" width=\"600\" srcset=\"https:\/\/www.denhandwierker.lu\/wp-content\/uploads\/2021\/01\/MEUBLE_TERRASSE_03-600x403.jpg 600w, https:\/\/www.denhandwierker.lu\/wp-content\/uploads\/2021\/01\/MEUBLE_TERRASSE_03-400x269.jpg 400w\" sizes=\"auto, (min-width: 1000px) 33.3vw, (min-width: 690px) 50vw, 100vw\" \/>\t\t\t\t\t\t\t\t\t\t\n\t\t\t\t\t\t\t\t\t\t<div class=\"work-info-bg\"><\/div>\n\t\t\t\t\t\t\t\t\t\t<div class=\"work-info\">\n\t\t\t\t\t\t\t\t\t\t\t\n\t\t\t\t\t\t\t\t\t\t\t\t\t\t\t\t\t\t\t\t\t\t\t\n\t\t\t\t\t\t\t\t\t\t\t\t\n\t\t\t\t\t\t\t\t\t\t\t\t\t\t\t\t\t\t\t\t\t\t\t\t\t\t\t<a href=\"https:\/\/www.denhandwierker.lu\/wp-content\/uploads\/2021\/01\/MEUBLE_TERRASSE_03.jpg\"  class=\"pretty_photo\"><\/a>  \n\t\t\t\t\t\t\t\t\t\t\t\t\t\t\t\t\t\t\t\t\t\t\t\t\t\n\t\t\t\t\t\t\t\t\t\t\t\n\t\t\t\t\t\t\t\t\t\t\t<div class=\"vert-center\">\n\t\t\t\t\t\t\t\t\t\t\t\t\t\n\t\t\t\t\t\t\t\t\t\t\t\t\t<h3>Mesa e cadeira no terra\u00e7o<\/h3> \n\t\t\t\t\t\t\t\t\t\t\t\t\t<p>27 Janeiro 2021<\/p>\t\t\t\t\t\t\t\t\t\t\t<\/div><!--\/vert-center-->\n\t\t\t\t\t\t\t\t\t\t\t\n\t\t\t\t\t\t\t\t\t\t<\/div>\n\t\t\t\t\t\t\t\t\t<\/div><!--work-item-->\n\t\t\t\t\t\t\t\t\t\n\t\t\t\t\t\t\t\t\t\t\t\t\t\t\t\t\n\t\t\t\t\t\t\t\t\n\t\t\t\t\t\t\t<\/div><!--\/inner-wrap-->\n\t\t\t\t\t\t<\/div><!--\/col-->\n\t\t\t\t\t\t\n\t\t\t\t\t\t\t\t\t\t\t\n\t\t\t\t\t\t\t\t\t\t\t\t\n\t\t\t\t\t\t<div class=\"col span_4  element marcenaria-exterior mobiliario \"  data-project-cat=\"marcenaria-exterior mobiliario \" data-default-color=\"true\" data-title-color=\"\" data-subtitle-color=\"\">\n\t\t\t\t\t\t\t\n\t\t\t\t\t\t\t<div class=\"inner-wrap animated\" data-animation=\"perspective\">\n\t\t\t\t\t\t\t\t\n\t\t\t\t\t\t\t\t\t\t\t\t\t\t\t\t\t\n\t\t\t\t\t\t\t\t\t<div class=\"work-item style-2\" data-custom-content=\"\">\n\t\t\t\t\t\t\t\t\t\t\n\t\t\t\t\t\t\t\t\t\t<img loading=\"lazy\" decoding=\"async\" class=\"size- skip-lazy\" src=\"https:\/\/www.denhandwierker.lu\/wp-content\/uploads\/2021\/01\/MEUBLE_TERRASSE_02_4-600x403.jpg\" alt=\"\" height=\"403\" width=\"600\" srcset=\"https:\/\/www.denhandwierker.lu\/wp-content\/uploads\/2021\/01\/MEUBLE_TERRASSE_02_4-600x403.jpg 600w, https:\/\/www.denhandwierker.lu\/wp-content\/uploads\/2021\/01\/MEUBLE_TERRASSE_02_4-400x269.jpg 400w\" sizes=\"auto, (min-width: 1000px) 33.3vw, (min-width: 690px) 50vw, 100vw\" \/>\t\t\t\t\t\t\t\t\t\t\n\t\t\t\t\t\t\t\t\t\t<div class=\"work-info-bg\"><\/div>\n\t\t\t\t\t\t\t\t\t\t<div class=\"work-info\">\n\t\t\t\t\t\t\t\t\t\t\t\n\t\t\t\t\t\t\t\t\t\t\t\t\t\t\t\t\t\t\t\t\t\t\t\n\t\t\t\t\t\t\t\t\t\t\t\t\n\t\t\t\t\t\t\t\t\t\t\t\t\t\t\t\t\t\t\t\t\t\t\t\t\t\t\t<a href=\"https:\/\/www.denhandwierker.lu\/wp-content\/uploads\/2021\/01\/MEUBLE_TERRASSE_02_4.jpg\"  class=\"pretty_photo\"><\/a>  \n\t\t\t\t\t\t\t\t\t\t\t\t\t\t\t\t\t\t\t\t\t\t\t\t\t\n\t\t\t\t\t\t\t\t\t\t\t\n\t\t\t\t\t\t\t\t\t\t\t<div class=\"vert-center\">\n\t\t\t\t\t\t\t\t\t\t\t\t\t\n\t\t\t\t\t\t\t\t\t\t\t\t\t<h3>Mobili\u00e1rio de terra\u00e7o<\/h3> \n\t\t\t\t\t\t\t\t\t\t\t\t\t<p>27 Janeiro 2021<\/p>\t\t\t\t\t\t\t\t\t\t\t<\/div><!--\/vert-center-->\n\t\t\t\t\t\t\t\t\t\t\t\n\t\t\t\t\t\t\t\t\t\t<\/div>\n\t\t\t\t\t\t\t\t\t<\/div><!--work-item-->\n\t\t\t\t\t\t\t\t\t\n\t\t\t\t\t\t\t\t\t\t\t\t\t\t\t\t\n\t\t\t\t\t\t\t\t\n\t\t\t\t\t\t\t<\/div><!--\/inner-wrap-->\n\t\t\t\t\t\t<\/div><!--\/col-->\n\t\t\t\t\t\t\n\t\t\t\t\t\t\t\t\t\t\t\n\t\t\t\t\t\t\t\t\t\t\t\t\n\t\t\t\t\t\t<div class=\"col span_4  element marcenaria-exterior mobiliario \"  data-project-cat=\"marcenaria-exterior mobiliario \" data-default-color=\"true\" data-title-color=\"\" data-subtitle-color=\"\">\n\t\t\t\t\t\t\t\n\t\t\t\t\t\t\t<div class=\"inner-wrap animated\" data-animation=\"perspective\">\n\t\t\t\t\t\t\t\t\n\t\t\t\t\t\t\t\t\t\t\t\t\t\t\t\t\t\n\t\t\t\t\t\t\t\t\t<div class=\"work-item style-2\" data-custom-content=\"\">\n\t\t\t\t\t\t\t\t\t\t\n\t\t\t\t\t\t\t\t\t\t<img loading=\"lazy\" decoding=\"async\" class=\"size- skip-lazy\" src=\"https:\/\/www.denhandwierker.lu\/wp-content\/uploads\/2021\/01\/MEUBLE_TERRASSE_02_2-600x403.jpg\" alt=\"\" height=\"403\" width=\"600\" srcset=\"https:\/\/www.denhandwierker.lu\/wp-content\/uploads\/2021\/01\/MEUBLE_TERRASSE_02_2-600x403.jpg 600w, https:\/\/www.denhandwierker.lu\/wp-content\/uploads\/2021\/01\/MEUBLE_TERRASSE_02_2-400x269.jpg 400w\" sizes=\"auto, (min-width: 1000px) 33.3vw, (min-width: 690px) 50vw, 100vw\" \/>\t\t\t\t\t\t\t\t\t\t\n\t\t\t\t\t\t\t\t\t\t<div class=\"work-info-bg\"><\/div>\n\t\t\t\t\t\t\t\t\t\t<div class=\"work-info\">\n\t\t\t\t\t\t\t\t\t\t\t\n\t\t\t\t\t\t\t\t\t\t\t\t\t\t\t\t\t\t\t\t\t\t\t\n\t\t\t\t\t\t\t\t\t\t\t\t\n\t\t\t\t\t\t\t\t\t\t\t\t\t\t\t\t\t\t\t\t\t\t\t\t\t\t\t<a href=\"https:\/\/www.denhandwierker.lu\/wp-content\/uploads\/2021\/01\/MEUBLE_TERRASSE_02_2.jpg\"  class=\"pretty_photo\"><\/a>  \n\t\t\t\t\t\t\t\t\t\t\t\t\t\t\t\t\t\t\t\t\t\t\t\t\t\n\t\t\t\t\t\t\t\t\t\t\t\n\t\t\t\t\t\t\t\t\t\t\t<div class=\"vert-center\">\n\t\t\t\t\t\t\t\t\t\t\t\t\t\n\t\t\t\t\t\t\t\t\t\t\t\t\t<h3>Banco no terra\u00e7o<\/h3> \n\t\t\t\t\t\t\t\t\t\t\t\t\t<p>27 Janeiro 2021<\/p>\t\t\t\t\t\t\t\t\t\t\t<\/div><!--\/vert-center-->\n\t\t\t\t\t\t\t\t\t\t\t\n\t\t\t\t\t\t\t\t\t\t<\/div>\n\t\t\t\t\t\t\t\t\t<\/div><!--work-item-->\n\t\t\t\t\t\t\t\t\t\n\t\t\t\t\t\t\t\t\t\t\t\t\t\t\t\t\n\t\t\t\t\t\t\t\t\n\t\t\t\t\t\t\t<\/div><!--\/inner-wrap-->\n\t\t\t\t\t\t<\/div><!--\/col-->\n\t\t\t\t\t\t\n\t\t\t\t\t\t\t\t\t\t\t\n\t\t\t\t\t\t\t\t\t\t\t\t\n\t\t\t\t\t\t<div class=\"col span_4  element marcenaria-exterior mobiliario \"  data-project-cat=\"marcenaria-exterior mobiliario \" data-default-color=\"true\" data-title-color=\"\" data-subtitle-color=\"\">\n\t\t\t\t\t\t\t\n\t\t\t\t\t\t\t<div class=\"inner-wrap animated\" data-animation=\"perspective\">\n\t\t\t\t\t\t\t\t\n\t\t\t\t\t\t\t\t\t\t\t\t\t\t\t\t\t\n\t\t\t\t\t\t\t\t\t<div class=\"work-item style-2\" data-custom-content=\"\">\n\t\t\t\t\t\t\t\t\t\t\n\t\t\t\t\t\t\t\t\t\t<img loading=\"lazy\" decoding=\"async\" class=\"size- skip-lazy\" src=\"https:\/\/www.denhandwierker.lu\/wp-content\/uploads\/2021\/01\/MEUBLE_TERRASSE_01-600x403.jpg\" alt=\"\" height=\"403\" width=\"600\" srcset=\"https:\/\/www.denhandwierker.lu\/wp-content\/uploads\/2021\/01\/MEUBLE_TERRASSE_01-600x403.jpg 600w, https:\/\/www.denhandwierker.lu\/wp-content\/uploads\/2021\/01\/MEUBLE_TERRASSE_01-400x269.jpg 400w\" sizes=\"auto, (min-width: 1000px) 33.3vw, (min-width: 690px) 50vw, 100vw\" \/>\t\t\t\t\t\t\t\t\t\t\n\t\t\t\t\t\t\t\t\t\t<div class=\"work-info-bg\"><\/div>\n\t\t\t\t\t\t\t\t\t\t<div class=\"work-info\">\n\t\t\t\t\t\t\t\t\t\t\t\n\t\t\t\t\t\t\t\t\t\t\t\t\t\t\t\t\t\t\t\t\t\t\t\n\t\t\t\t\t\t\t\t\t\t\t\t\n\t\t\t\t\t\t\t\t\t\t\t\t\t\t\t\t\t\t\t\t\t\t\t\t\t\t\t<a href=\"https:\/\/www.denhandwierker.lu\/wp-content\/uploads\/2021\/01\/MEUBLE_TERRASSE_01.jpg\"  class=\"pretty_photo\"><\/a>  \n\t\t\t\t\t\t\t\t\t\t\t\t\t\t\t\t\t\t\t\t\t\t\t\t\t\n\t\t\t\t\t\t\t\t\t\t\t\n\t\t\t\t\t\t\t\t\t\t\t<div class=\"vert-center\">\n\t\t\t\t\t\t\t\t\t\t\t\t\t\n\t\t\t\t\t\t\t\t\t\t\t\t\t<h3>Mobili\u00e1rio de terra\u00e7o<\/h3> \n\t\t\t\t\t\t\t\t\t\t\t\t\t<p>27 Janeiro 2021<\/p>\t\t\t\t\t\t\t\t\t\t\t<\/div><!--\/vert-center-->\n\t\t\t\t\t\t\t\t\t\t\t\n\t\t\t\t\t\t\t\t\t\t<\/div>\n\t\t\t\t\t\t\t\t\t<\/div><!--work-item-->\n\t\t\t\t\t\t\t\t\t\n\t\t\t\t\t\t\t\t\t\t\t\t\t\t\t\t\n\t\t\t\t\t\t\t\t\n\t\t\t\t\t\t\t<\/div><!--\/inner-wrap-->\n\t\t\t\t\t\t<\/div><!--\/col-->\n\t\t\t\t\t\t\n\t\t\t\t\t\t\t\t\t\t\t\n\t\t\t\t\t\t\t\t\t\t\t\t\n\t\t\t\t\t\t<div class=\"col span_4  element sala-de-estar marcenaria-de-interiores mobiliario \"  data-project-cat=\"sala-de-estar marcenaria-de-interiores mobiliario \" data-default-color=\"true\" data-title-color=\"\" data-subtitle-color=\"\">\n\t\t\t\t\t\t\t\n\t\t\t\t\t\t\t<div class=\"inner-wrap animated\" data-animation=\"perspective\">\n\t\t\t\t\t\t\t\t\n\t\t\t\t\t\t\t\t\t\t\t\t\t\t\t\t\t\n\t\t\t\t\t\t\t\t\t<div class=\"work-item style-2\" data-custom-content=\"\">\n\t\t\t\t\t\t\t\t\t\t\n\t\t\t\t\t\t\t\t\t\t<img loading=\"lazy\" decoding=\"async\" class=\"size- skip-lazy\" src=\"https:\/\/www.denhandwierker.lu\/wp-content\/uploads\/2021\/01\/MEUBLE_ETAGERE_3-600x403.jpg\" alt=\"\" height=\"403\" width=\"600\" srcset=\"https:\/\/www.denhandwierker.lu\/wp-content\/uploads\/2021\/01\/MEUBLE_ETAGERE_3-600x403.jpg 600w, https:\/\/www.denhandwierker.lu\/wp-content\/uploads\/2021\/01\/MEUBLE_ETAGERE_3-400x269.jpg 400w\" sizes=\"auto, (min-width: 1000px) 33.3vw, (min-width: 690px) 50vw, 100vw\" \/>\t\t\t\t\t\t\t\t\t\t\n\t\t\t\t\t\t\t\t\t\t<div class=\"work-info-bg\"><\/div>\n\t\t\t\t\t\t\t\t\t\t<div class=\"work-info\">\n\t\t\t\t\t\t\t\t\t\t\t\n\t\t\t\t\t\t\t\t\t\t\t\t\t\t\t\t\t\t\t\t\t\t\t\n\t\t\t\t\t\t\t\t\t\t\t\t\n\t\t\t\t\t\t\t\t\t\t\t\t\t\t\t\t\t\t\t\t\t\t\t\t\t\t\t<a href=\"https:\/\/www.denhandwierker.lu\/wp-content\/uploads\/2021\/01\/MEUBLE_ETAGERE_3.jpg\"  class=\"pretty_photo\"><\/a>  \n\t\t\t\t\t\t\t\t\t\t\t\t\t\t\t\t\t\t\t\t\t\t\t\t\t\n\t\t\t\t\t\t\t\t\t\t\t\n\t\t\t\t\t\t\t\t\t\t\t<div class=\"vert-center\">\n\t\t\t\t\t\t\t\t\t\t\t\t\t\n\t\t\t\t\t\t\t\t\t\t\t\t\t<h3>Estante<\/h3> \n\t\t\t\t\t\t\t\t\t\t\t\t\t<p>27 Janeiro 2021<\/p>\t\t\t\t\t\t\t\t\t\t\t<\/div><!--\/vert-center-->\n\t\t\t\t\t\t\t\t\t\t\t\n\t\t\t\t\t\t\t\t\t\t<\/div>\n\t\t\t\t\t\t\t\t\t<\/div><!--work-item-->\n\t\t\t\t\t\t\t\t\t\n\t\t\t\t\t\t\t\t\t\t\t\t\t\t\t\t\n\t\t\t\t\t\t\t\t\n\t\t\t\t\t\t\t<\/div><!--\/inner-wrap-->\n\t\t\t\t\t\t<\/div><!--\/col-->\n\t\t\t\t\t\t\n\t\t\t\t\t\t\t\t\t\t\t\n\t\t\t\t\t\t\t\t\t\t\t\t\n\t\t\t\t\t\t<div class=\"col span_4  element marcenaria-de-interiores mobiliario \"  data-project-cat=\"marcenaria-de-interiores mobiliario \" data-default-color=\"true\" data-title-color=\"\" data-subtitle-color=\"\">\n\t\t\t\t\t\t\t\n\t\t\t\t\t\t\t<div class=\"inner-wrap animated\" data-animation=\"perspective\">\n\t\t\t\t\t\t\t\t\n\t\t\t\t\t\t\t\t\t\t\t\t\t\t\t\t\t\n\t\t\t\t\t\t\t\t\t<div class=\"work-item style-2\" data-custom-content=\"\">\n\t\t\t\t\t\t\t\t\t\t\n\t\t\t\t\t\t\t\t\t\t<img loading=\"lazy\" decoding=\"async\" class=\"size- skip-lazy\" src=\"https:\/\/www.denhandwierker.lu\/wp-content\/uploads\/2021\/01\/MEUBLE_ETAGERE_1-600x403.jpg\" alt=\"\" height=\"403\" width=\"600\" srcset=\"https:\/\/www.denhandwierker.lu\/wp-content\/uploads\/2021\/01\/MEUBLE_ETAGERE_1-600x403.jpg 600w, https:\/\/www.denhandwierker.lu\/wp-content\/uploads\/2021\/01\/MEUBLE_ETAGERE_1-400x269.jpg 400w\" sizes=\"auto, (min-width: 1000px) 33.3vw, (min-width: 690px) 50vw, 100vw\" \/>\t\t\t\t\t\t\t\t\t\t\n\t\t\t\t\t\t\t\t\t\t<div class=\"work-info-bg\"><\/div>\n\t\t\t\t\t\t\t\t\t\t<div class=\"work-info\">\n\t\t\t\t\t\t\t\t\t\t\t\n\t\t\t\t\t\t\t\t\t\t\t\t\t\t\t\t\t\t\t\t\t\t\t\n\t\t\t\t\t\t\t\t\t\t\t\t\n\t\t\t\t\t\t\t\t\t\t\t\t\t\t\t\t\t\t\t\t\t\t\t\t\t\t\t<a href=\"https:\/\/www.denhandwierker.lu\/wp-content\/uploads\/2021\/01\/MEUBLE_ETAGERE_1.jpg\"  class=\"pretty_photo\"><\/a>  \n\t\t\t\t\t\t\t\t\t\t\t\t\t\t\t\t\t\t\t\t\t\t\t\t\t\n\t\t\t\t\t\t\t\t\t\t\t\n\t\t\t\t\t\t\t\t\t\t\t<div class=\"vert-center\">\n\t\t\t\t\t\t\t\t\t\t\t\t\t\n\t\t\t\t\t\t\t\t\t\t\t\t\t<h3>Unidade de armazenamento<\/h3> \n\t\t\t\t\t\t\t\t\t\t\t\t\t<p>27 Janeiro 2021<\/p>\t\t\t\t\t\t\t\t\t\t\t<\/div><!--\/vert-center-->\n\t\t\t\t\t\t\t\t\t\t\t\n\t\t\t\t\t\t\t\t\t\t<\/div>\n\t\t\t\t\t\t\t\t\t<\/div><!--work-item-->\n\t\t\t\t\t\t\t\t\t\n\t\t\t\t\t\t\t\t\t\t\t\t\t\t\t\t\n\t\t\t\t\t\t\t\t\n\t\t\t\t\t\t\t<\/div><!--\/inner-wrap-->\n\t\t\t\t\t\t<\/div><!--\/col-->\n\t\t\t\t\t\t\n\t\t\t\t\t\t\t\t\t\t\t\n\t\t\t\t\t\t\t\t\t\t\t\t\n\t\t\t\t\t\t<div class=\"col span_4  element marcenaria-de-interiores mobiliario \"  data-project-cat=\"marcenaria-de-interiores mobiliario \" data-default-color=\"true\" data-title-color=\"\" data-subtitle-color=\"\">\n\t\t\t\t\t\t\t\n\t\t\t\t\t\t\t<div class=\"inner-wrap animated\" data-animation=\"perspective\">\n\t\t\t\t\t\t\t\t\n\t\t\t\t\t\t\t\t\t\t\t\t\t\t\t\t\t\n\t\t\t\t\t\t\t\t\t<div class=\"work-item style-2\" data-custom-content=\"\">\n\t\t\t\t\t\t\t\t\t\t\n\t\t\t\t\t\t\t\t\t\t<img loading=\"lazy\" decoding=\"async\" class=\"size- skip-lazy\" src=\"https:\/\/www.denhandwierker.lu\/wp-content\/uploads\/2021\/01\/MEUBLE_ET_PARQUET_02_1-600x403.jpg\" alt=\"\" height=\"403\" width=\"600\" srcset=\"https:\/\/www.denhandwierker.lu\/wp-content\/uploads\/2021\/01\/MEUBLE_ET_PARQUET_02_1-600x403.jpg 600w, https:\/\/www.denhandwierker.lu\/wp-content\/uploads\/2021\/01\/MEUBLE_ET_PARQUET_02_1-400x269.jpg 400w\" sizes=\"auto, (min-width: 1000px) 33.3vw, (min-width: 690px) 50vw, 100vw\" \/>\t\t\t\t\t\t\t\t\t\t\n\t\t\t\t\t\t\t\t\t\t<div class=\"work-info-bg\"><\/div>\n\t\t\t\t\t\t\t\t\t\t<div class=\"work-info\">\n\t\t\t\t\t\t\t\t\t\t\t\n\t\t\t\t\t\t\t\t\t\t\t\t\t\t\t\t\t\t\t\t\t\t\t\n\t\t\t\t\t\t\t\t\t\t\t\t\n\t\t\t\t\t\t\t\t\t\t\t\t\t\t\t\t\t\t\t\t\t\t\t\t\t\t\t<a href=\"https:\/\/www.denhandwierker.lu\/wp-content\/uploads\/2021\/01\/MEUBLE_ET_PARQUET_02_1.jpg\"  class=\"pretty_photo\"><\/a>  \n\t\t\t\t\t\t\t\t\t\t\t\t\t\t\t\t\t\t\t\t\t\t\t\t\t\n\t\t\t\t\t\t\t\t\t\t\t\n\t\t\t\t\t\t\t\t\t\t\t<div class=\"vert-center\">\n\t\t\t\t\t\t\t\t\t\t\t\t\t\n\t\t\t\t\t\t\t\t\t\t\t\t\t<h3>Mobili\u00e1rio e parquet<\/h3> \n\t\t\t\t\t\t\t\t\t\t\t\t\t<p>27 Janeiro 2021<\/p>\t\t\t\t\t\t\t\t\t\t\t<\/div><!--\/vert-center-->\n\t\t\t\t\t\t\t\t\t\t\t\n\t\t\t\t\t\t\t\t\t\t<\/div>\n\t\t\t\t\t\t\t\t\t<\/div><!--work-item-->\n\t\t\t\t\t\t\t\t\t\n\t\t\t\t\t\t\t\t\t\t\t\t\t\t\t\t\n\t\t\t\t\t\t\t\t\n\t\t\t\t\t\t\t<\/div><!--\/inner-wrap-->\n\t\t\t\t\t\t<\/div><!--\/col-->\n\t\t\t\t\t\t\n\t\t\t\t\t\t\t\t\t\t\t\n\t\t\t\t\t\t\t\t\t\t\t\t\n\t\t\t\t\t\t<div class=\"col span_4  element marcenaria-de-interiores mobiliario \"  data-project-cat=\"marcenaria-de-interiores mobiliario \" data-default-color=\"true\" data-title-color=\"\" data-subtitle-color=\"\">\n\t\t\t\t\t\t\t\n\t\t\t\t\t\t\t<div class=\"inner-wrap animated\" data-animation=\"perspective\">\n\t\t\t\t\t\t\t\t\n\t\t\t\t\t\t\t\t\t\t\t\t\t\t\t\t\t\n\t\t\t\t\t\t\t\t\t<div class=\"work-item style-2\" data-custom-content=\"\">\n\t\t\t\t\t\t\t\t\t\t\n\t\t\t\t\t\t\t\t\t\t<img loading=\"lazy\" decoding=\"async\" class=\"size- skip-lazy\" src=\"https:\/\/www.denhandwierker.lu\/wp-content\/uploads\/2021\/01\/MEUBLE_ET_PARQUET_01-600x403.jpg\" alt=\"\" height=\"403\" width=\"600\" srcset=\"https:\/\/www.denhandwierker.lu\/wp-content\/uploads\/2021\/01\/MEUBLE_ET_PARQUET_01-600x403.jpg 600w, https:\/\/www.denhandwierker.lu\/wp-content\/uploads\/2021\/01\/MEUBLE_ET_PARQUET_01-400x269.jpg 400w\" sizes=\"auto, (min-width: 1000px) 33.3vw, (min-width: 690px) 50vw, 100vw\" \/>\t\t\t\t\t\t\t\t\t\t\n\t\t\t\t\t\t\t\t\t\t<div class=\"work-info-bg\"><\/div>\n\t\t\t\t\t\t\t\t\t\t<div class=\"work-info\">\n\t\t\t\t\t\t\t\t\t\t\t\n\t\t\t\t\t\t\t\t\t\t\t\t\t\t\t\t\t\t\t\t\t\t\t\n\t\t\t\t\t\t\t\t\t\t\t\t\n\t\t\t\t\t\t\t\t\t\t\t\t\t\t\t\t\t\t\t\t\t\t\t\t\t\t\t<a href=\"https:\/\/www.denhandwierker.lu\/wp-content\/uploads\/2021\/01\/MEUBLE_ET_PARQUET_01.jpg\"  class=\"pretty_photo\"><\/a>  \n\t\t\t\t\t\t\t\t\t\t\t\t\t\t\t\t\t\t\t\t\t\t\t\t\t\n\t\t\t\t\t\t\t\t\t\t\t\n\t\t\t\t\t\t\t\t\t\t\t<div class=\"vert-center\">\n\t\t\t\t\t\t\t\t\t\t\t\t\t\n\t\t\t\t\t\t\t\t\t\t\t\t\t<h3>Mobili\u00e1rio e parquet<\/h3> \n\t\t\t\t\t\t\t\t\t\t\t\t\t<p>27 Janeiro 2021<\/p>\t\t\t\t\t\t\t\t\t\t\t<\/div><!--\/vert-center-->\n\t\t\t\t\t\t\t\t\t\t\t\n\t\t\t\t\t\t\t\t\t\t<\/div>\n\t\t\t\t\t\t\t\t\t<\/div><!--work-item-->\n\t\t\t\t\t\t\t\t\t\n\t\t\t\t\t\t\t\t\t\t\t\t\t\t\t\t\n\t\t\t\t\t\t\t\t\n\t\t\t\t\t\t\t<\/div><!--\/inner-wrap-->\n\t\t\t\t\t\t<\/div><!--\/col-->\n\t\t\t\t\t\t\n\t\t\t\t\t\t\t\t\t\t\t\n\t\t\t\t\t\t\t\t\t\t\t\t\n\t\t\t\t\t\t<div class=\"col span_4  element marcenaria-de-interiores mobiliario \"  data-project-cat=\"marcenaria-de-interiores mobiliario \" data-default-color=\"true\" data-title-color=\"\" data-subtitle-color=\"\">\n\t\t\t\t\t\t\t\n\t\t\t\t\t\t\t<div class=\"inner-wrap animated\" data-animation=\"perspective\">\n\t\t\t\t\t\t\t\t\n\t\t\t\t\t\t\t\t\t\t\t\t\t\t\t\t\t\n\t\t\t\t\t\t\t\t\t<div class=\"work-item style-2\" data-custom-content=\"\">\n\t\t\t\t\t\t\t\t\t\t\n\t\t\t\t\t\t\t\t\t\t<img loading=\"lazy\" decoding=\"async\" class=\"size- skip-lazy\" src=\"https:\/\/www.denhandwierker.lu\/wp-content\/uploads\/2021\/01\/MANGE_DEBOUT-600x403.jpg\" alt=\"\" height=\"403\" width=\"600\" srcset=\"https:\/\/www.denhandwierker.lu\/wp-content\/uploads\/2021\/01\/MANGE_DEBOUT-600x403.jpg 600w, https:\/\/www.denhandwierker.lu\/wp-content\/uploads\/2021\/01\/MANGE_DEBOUT-400x269.jpg 400w\" sizes=\"auto, (min-width: 1000px) 33.3vw, (min-width: 690px) 50vw, 100vw\" \/>\t\t\t\t\t\t\t\t\t\t\n\t\t\t\t\t\t\t\t\t\t<div class=\"work-info-bg\"><\/div>\n\t\t\t\t\t\t\t\t\t\t<div class=\"work-info\">\n\t\t\t\t\t\t\t\t\t\t\t\n\t\t\t\t\t\t\t\t\t\t\t\t\t\t\t\t\t\t\t\t\t\t\t\n\t\t\t\t\t\t\t\t\t\t\t\t\n\t\t\t\t\t\t\t\t\t\t\t\t\t\t\t\t\t\t\t\t\t\t\t\t\t\t\t<a href=\"https:\/\/www.denhandwierker.lu\/wp-content\/uploads\/2021\/01\/MANGE_DEBOUT.jpg\"  class=\"pretty_photo\"><\/a>  \n\t\t\t\t\t\t\t\t\t\t\t\t\t\t\t\t\t\t\t\t\t\t\t\t\t\n\t\t\t\t\t\t\t\t\t\t\t\n\t\t\t\t\t\t\t\t\t\t\t<div class=\"vert-center\">\n\t\t\t\t\t\t\t\t\t\t\t\t\t\n\t\t\t\t\t\t\t\t\t\t\t\t\t<h3>Come de p\u00e9<\/h3> \n\t\t\t\t\t\t\t\t\t\t\t\t\t<p>27 Janeiro 2021<\/p>\t\t\t\t\t\t\t\t\t\t\t<\/div><!--\/vert-center-->\n\t\t\t\t\t\t\t\t\t\t\t\n\t\t\t\t\t\t\t\t\t\t<\/div>\n\t\t\t\t\t\t\t\t\t<\/div><!--work-item-->\n\t\t\t\t\t\t\t\t\t\n\t\t\t\t\t\t\t\t\t\t\t\t\t\t\t\t\n\t\t\t\t\t\t\t\t\n\t\t\t\t\t\t\t<\/div><!--\/inner-wrap-->\n\t\t\t\t\t\t<\/div><!--\/col-->\n\t\t\t\t\t\t\n\t\t\t\t\t\t\t\t\t\t\t\n\t\t\t\t\t\t\t\t\t\t\t\t\n\t\t\t\t\t\t<div class=\"col span_4  element marcenaria-exterior \"  data-project-cat=\"marcenaria-exterior \" data-default-color=\"true\" data-title-color=\"\" data-subtitle-color=\"\">\n\t\t\t\t\t\t\t\n\t\t\t\t\t\t\t<div class=\"inner-wrap animated\" data-animation=\"perspective\">\n\t\t\t\t\t\t\t\t\n\t\t\t\t\t\t\t\t\t\t\t\t\t\t\t\t\t\n\t\t\t\t\t\t\t\t\t<div class=\"work-item style-2\" data-custom-content=\"\">\n\t\t\t\t\t\t\t\t\t\t\n\t\t\t\t\t\t\t\t\t\t<img loading=\"lazy\" decoding=\"async\" class=\"size- skip-lazy\" src=\"https:\/\/www.denhandwierker.lu\/wp-content\/uploads\/2021\/01\/JEUX_ENFANTS-600x403.jpg\" alt=\"\" height=\"403\" width=\"600\" srcset=\"https:\/\/www.denhandwierker.lu\/wp-content\/uploads\/2021\/01\/JEUX_ENFANTS-600x403.jpg 600w, https:\/\/www.denhandwierker.lu\/wp-content\/uploads\/2021\/01\/JEUX_ENFANTS-400x269.jpg 400w\" sizes=\"auto, (min-width: 1000px) 33.3vw, (min-width: 690px) 50vw, 100vw\" \/>\t\t\t\t\t\t\t\t\t\t\n\t\t\t\t\t\t\t\t\t\t<div class=\"work-info-bg\"><\/div>\n\t\t\t\t\t\t\t\t\t\t<div class=\"work-info\">\n\t\t\t\t\t\t\t\t\t\t\t\n\t\t\t\t\t\t\t\t\t\t\t\t\t\t\t\t\t\t\t\t\t\t\t\n\t\t\t\t\t\t\t\t\t\t\t\t\n\t\t\t\t\t\t\t\t\t\t\t\t\t\t\t\t\t\t\t\t\t\t\t\t\t\t\t<a href=\"https:\/\/www.denhandwierker.lu\/wp-content\/uploads\/2021\/01\/JEUX_ENFANTS.jpg\"  class=\"pretty_photo\"><\/a>  \n\t\t\t\t\t\t\t\t\t\t\t\t\t\t\t\t\t\t\t\t\t\t\t\t\t\n\t\t\t\t\t\t\t\t\t\t\t\n\t\t\t\t\t\t\t\t\t\t\t<div class=\"vert-center\">\n\t\t\t\t\t\t\t\t\t\t\t\t\t\n\t\t\t\t\t\t\t\t\t\t\t\t\t<h3>Jogos para crian\u00e7as<\/h3> \n\t\t\t\t\t\t\t\t\t\t\t\t\t<p>27 Janeiro 2021<\/p>\t\t\t\t\t\t\t\t\t\t\t<\/div><!--\/vert-center-->\n\t\t\t\t\t\t\t\t\t\t\t\n\t\t\t\t\t\t\t\t\t\t<\/div>\n\t\t\t\t\t\t\t\t\t<\/div><!--work-item-->\n\t\t\t\t\t\t\t\t\t\n\t\t\t\t\t\t\t\t\t\t\t\t\t\t\t\t\n\t\t\t\t\t\t\t\t\n\t\t\t\t\t\t\t<\/div><!--\/inner-wrap-->\n\t\t\t\t\t\t<\/div><!--\/col-->\n\t\t\t\t\t\t\n\t\t\t\t\t\t\t\t\t\t\t\n\t\t\t\t\t\t\t\t\t\t\t\t\n\t\t\t\t\t\t<div class=\"col span_4  element marcenaria-exterior \"  data-project-cat=\"marcenaria-exterior \" data-default-color=\"true\" data-title-color=\"\" data-subtitle-color=\"\">\n\t\t\t\t\t\t\t\n\t\t\t\t\t\t\t<div class=\"inner-wrap animated\" data-animation=\"perspective\">\n\t\t\t\t\t\t\t\t\n\t\t\t\t\t\t\t\t\t\t\t\t\t\t\t\t\t\n\t\t\t\t\t\t\t\t\t<div class=\"work-item style-2\" data-custom-content=\"\">\n\t\t\t\t\t\t\t\t\t\t\n\t\t\t\t\t\t\t\t\t\t<img loading=\"lazy\" decoding=\"async\" class=\"size- skip-lazy\" src=\"https:\/\/www.denhandwierker.lu\/wp-content\/uploads\/2021\/01\/FACADE_01_4-600x403.jpg\" alt=\"\" height=\"403\" width=\"600\" srcset=\"https:\/\/www.denhandwierker.lu\/wp-content\/uploads\/2021\/01\/FACADE_01_4-600x403.jpg 600w, https:\/\/www.denhandwierker.lu\/wp-content\/uploads\/2021\/01\/FACADE_01_4-400x269.jpg 400w\" sizes=\"auto, (min-width: 1000px) 33.3vw, (min-width: 690px) 50vw, 100vw\" \/>\t\t\t\t\t\t\t\t\t\t\n\t\t\t\t\t\t\t\t\t\t<div class=\"work-info-bg\"><\/div>\n\t\t\t\t\t\t\t\t\t\t<div class=\"work-info\">\n\t\t\t\t\t\t\t\t\t\t\t\n\t\t\t\t\t\t\t\t\t\t\t\t\t\t\t\t\t\t\t\t\t\t\t\n\t\t\t\t\t\t\t\t\t\t\t\t\n\t\t\t\t\t\t\t\t\t\t\t\t\t\t\t\t\t\t\t\t\t\t\t\t\t\t\t<a href=\"https:\/\/www.denhandwierker.lu\/wp-content\/uploads\/2021\/01\/FACADE_01_4.jpg\"  class=\"pretty_photo\"><\/a>  \n\t\t\t\t\t\t\t\t\t\t\t\t\t\t\t\t\t\t\t\t\t\t\t\t\t\n\t\t\t\t\t\t\t\t\t\t\t\n\t\t\t\t\t\t\t\t\t\t\t<div class=\"vert-center\">\n\t\t\t\t\t\t\t\t\t\t\t\t\t\n\t\t\t\t\t\t\t\t\t\t\t\t\t<h3>Frente<\/h3> \n\t\t\t\t\t\t\t\t\t\t\t\t\t<p>27 Janeiro 2021<\/p>\t\t\t\t\t\t\t\t\t\t\t<\/div><!--\/vert-center-->\n\t\t\t\t\t\t\t\t\t\t\t\n\t\t\t\t\t\t\t\t\t\t<\/div>\n\t\t\t\t\t\t\t\t\t<\/div><!--work-item-->\n\t\t\t\t\t\t\t\t\t\n\t\t\t\t\t\t\t\t\t\t\t\t\t\t\t\t\n\t\t\t\t\t\t\t\t\n\t\t\t\t\t\t\t<\/div><!--\/inner-wrap-->\n\t\t\t\t\t\t<\/div><!--\/col-->\n\t\t\t\t\t\t\n\t\t\t\t\t\t\t\t\t\t\t\n\t\t\t\t\t\t\t\t\t\t\t\t\n\t\t\t\t\t\t<div class=\"col span_4  element escadas marcenaria-de-interiores \"  data-project-cat=\"escadas marcenaria-de-interiores \" data-default-color=\"true\" data-title-color=\"\" data-subtitle-color=\"\">\n\t\t\t\t\t\t\t\n\t\t\t\t\t\t\t<div class=\"inner-wrap animated\" data-animation=\"perspective\">\n\t\t\t\t\t\t\t\t\n\t\t\t\t\t\t\t\t\t\t\t\t\t\t\t\t\t\n\t\t\t\t\t\t\t\t\t<div class=\"work-item style-2\" data-custom-content=\"\">\n\t\t\t\t\t\t\t\t\t\t\n\t\t\t\t\t\t\t\t\t\t<img loading=\"lazy\" decoding=\"async\" class=\"size- skip-lazy\" src=\"https:\/\/www.denhandwierker.lu\/wp-content\/uploads\/2021\/01\/ESCALIER_MEUBLE_2-600x403.jpg\" alt=\"\" height=\"403\" width=\"600\" srcset=\"https:\/\/www.denhandwierker.lu\/wp-content\/uploads\/2021\/01\/ESCALIER_MEUBLE_2-600x403.jpg 600w, https:\/\/www.denhandwierker.lu\/wp-content\/uploads\/2021\/01\/ESCALIER_MEUBLE_2-400x269.jpg 400w\" sizes=\"auto, (min-width: 1000px) 33.3vw, (min-width: 690px) 50vw, 100vw\" \/>\t\t\t\t\t\t\t\t\t\t\n\t\t\t\t\t\t\t\t\t\t<div class=\"work-info-bg\"><\/div>\n\t\t\t\t\t\t\t\t\t\t<div class=\"work-info\">\n\t\t\t\t\t\t\t\t\t\t\t\n\t\t\t\t\t\t\t\t\t\t\t\t\t\t\t\t\t\t\t\t\t\t\t\n\t\t\t\t\t\t\t\t\t\t\t\t\n\t\t\t\t\t\t\t\t\t\t\t\t\t\t\t\t\t\t\t\t\t\t\t\t\t\t\t<a href=\"https:\/\/www.denhandwierker.lu\/wp-content\/uploads\/2021\/01\/ESCALIER_MEUBLE_2.jpg\"  class=\"pretty_photo\"><\/a>  \n\t\t\t\t\t\t\t\t\t\t\t\t\t\t\t\t\t\t\t\t\t\t\t\t\t\n\t\t\t\t\t\t\t\t\t\t\t\n\t\t\t\t\t\t\t\t\t\t\t<div class=\"vert-center\">\n\t\t\t\t\t\t\t\t\t\t\t\t\t\n\t\t\t\t\t\t\t\t\t\t\t\t\t<h3>Escada mobilada<\/h3> \n\t\t\t\t\t\t\t\t\t\t\t\t\t<p>27 Janeiro 2021<\/p>\t\t\t\t\t\t\t\t\t\t\t<\/div><!--\/vert-center-->\n\t\t\t\t\t\t\t\t\t\t\t\n\t\t\t\t\t\t\t\t\t\t<\/div>\n\t\t\t\t\t\t\t\t\t<\/div><!--work-item-->\n\t\t\t\t\t\t\t\t\t\n\t\t\t\t\t\t\t\t\t\t\t\t\t\t\t\t\n\t\t\t\t\t\t\t\t\n\t\t\t\t\t\t\t<\/div><!--\/inner-wrap-->\n\t\t\t\t\t\t<\/div><!--\/col-->\n\t\t\t\t\t\t\n\t\t\t\t\t\t\t\t\t\t\t\n\t\t\t\t\t\t\t\t\t\t\t\t\n\t\t\t\t\t\t<div class=\"col span_4  element escadas marcenaria-de-interiores \"  data-project-cat=\"escadas marcenaria-de-interiores \" data-default-color=\"true\" data-title-color=\"\" data-subtitle-color=\"\">\n\t\t\t\t\t\t\t\n\t\t\t\t\t\t\t<div class=\"inner-wrap animated\" data-animation=\"perspective\">\n\t\t\t\t\t\t\t\t\n\t\t\t\t\t\t\t\t\t\t\t\t\t\t\t\t\t\n\t\t\t\t\t\t\t\t\t<div class=\"work-item style-2\" data-custom-content=\"\">\n\t\t\t\t\t\t\t\t\t\t\n\t\t\t\t\t\t\t\t\t\t<img loading=\"lazy\" decoding=\"async\" class=\"size- skip-lazy\" src=\"https:\/\/www.denhandwierker.lu\/wp-content\/uploads\/2021\/01\/ESCALIER_03-600x403.jpg\" alt=\"\" height=\"403\" width=\"600\" srcset=\"https:\/\/www.denhandwierker.lu\/wp-content\/uploads\/2021\/01\/ESCALIER_03-600x403.jpg 600w, https:\/\/www.denhandwierker.lu\/wp-content\/uploads\/2021\/01\/ESCALIER_03-400x269.jpg 400w\" sizes=\"auto, (min-width: 1000px) 33.3vw, (min-width: 690px) 50vw, 100vw\" \/>\t\t\t\t\t\t\t\t\t\t\n\t\t\t\t\t\t\t\t\t\t<div class=\"work-info-bg\"><\/div>\n\t\t\t\t\t\t\t\t\t\t<div class=\"work-info\">\n\t\t\t\t\t\t\t\t\t\t\t\n\t\t\t\t\t\t\t\t\t\t\t\t\t\t\t\t\t\t\t\t\t\t\t\n\t\t\t\t\t\t\t\t\t\t\t\t\n\t\t\t\t\t\t\t\t\t\t\t\t\t\t\t\t\t\t\t\t\t\t\t\t\t\t\t<a href=\"https:\/\/www.denhandwierker.lu\/wp-content\/uploads\/2021\/01\/ESCALIER_03.jpg\"  class=\"pretty_photo\"><\/a>  \n\t\t\t\t\t\t\t\t\t\t\t\t\t\t\t\t\t\t\t\t\t\t\t\t\t\n\t\t\t\t\t\t\t\t\t\t\t\n\t\t\t\t\t\t\t\t\t\t\t<div class=\"vert-center\">\n\t\t\t\t\t\t\t\t\t\t\t\t\t\n\t\t\t\t\t\t\t\t\t\t\t\t\t<h3>Escadas<\/h3> \n\t\t\t\t\t\t\t\t\t\t\t\t\t<p>27 Janeiro 2021<\/p>\t\t\t\t\t\t\t\t\t\t\t<\/div><!--\/vert-center-->\n\t\t\t\t\t\t\t\t\t\t\t\n\t\t\t\t\t\t\t\t\t\t<\/div>\n\t\t\t\t\t\t\t\t\t<\/div><!--work-item-->\n\t\t\t\t\t\t\t\t\t\n\t\t\t\t\t\t\t\t\t\t\t\t\t\t\t\t\n\t\t\t\t\t\t\t\t\n\t\t\t\t\t\t\t<\/div><!--\/inner-wrap-->\n\t\t\t\t\t\t<\/div><!--\/col-->\n\t\t\t\t\t\t\n\t\t\t\t\t\t\t\t\t\t\t\n\t\t\t\t\t\t\t\t\t\t\t\t\n\t\t\t\t\t\t<div class=\"col span_4  element escadas marcenaria-de-interiores \"  data-project-cat=\"escadas marcenaria-de-interiores \" data-default-color=\"true\" data-title-color=\"\" data-subtitle-color=\"\">\n\t\t\t\t\t\t\t\n\t\t\t\t\t\t\t<div class=\"inner-wrap animated\" data-animation=\"perspective\">\n\t\t\t\t\t\t\t\t\n\t\t\t\t\t\t\t\t\t\t\t\t\t\t\t\t\t\n\t\t\t\t\t\t\t\t\t<div class=\"work-item style-2\" data-custom-content=\"\">\n\t\t\t\t\t\t\t\t\t\t\n\t\t\t\t\t\t\t\t\t\t<img loading=\"lazy\" decoding=\"async\" class=\"size- skip-lazy\" src=\"https:\/\/www.denhandwierker.lu\/wp-content\/uploads\/2021\/01\/ESCALIER_02_1-600x403.jpg\" alt=\"\" height=\"403\" width=\"600\" srcset=\"https:\/\/www.denhandwierker.lu\/wp-content\/uploads\/2021\/01\/ESCALIER_02_1-600x403.jpg 600w, https:\/\/www.denhandwierker.lu\/wp-content\/uploads\/2021\/01\/ESCALIER_02_1-400x269.jpg 400w\" sizes=\"auto, (min-width: 1000px) 33.3vw, (min-width: 690px) 50vw, 100vw\" \/>\t\t\t\t\t\t\t\t\t\t\n\t\t\t\t\t\t\t\t\t\t<div class=\"work-info-bg\"><\/div>\n\t\t\t\t\t\t\t\t\t\t<div class=\"work-info\">\n\t\t\t\t\t\t\t\t\t\t\t\n\t\t\t\t\t\t\t\t\t\t\t\t\t\t\t\t\t\t\t\t\t\t\t\n\t\t\t\t\t\t\t\t\t\t\t\t\n\t\t\t\t\t\t\t\t\t\t\t\t\t\t\t\t\t\t\t\t\t\t\t\t\t\t\t<a href=\"https:\/\/www.denhandwierker.lu\/wp-content\/uploads\/2021\/01\/ESCALIER_02_1.jpg\"  class=\"pretty_photo\"><\/a>  \n\t\t\t\t\t\t\t\t\t\t\t\t\t\t\t\t\t\t\t\t\t\t\t\t\t\n\t\t\t\t\t\t\t\t\t\t\t\n\t\t\t\t\t\t\t\t\t\t\t<div class=\"vert-center\">\n\t\t\t\t\t\t\t\t\t\t\t\t\t\n\t\t\t\t\t\t\t\t\t\t\t\t\t<h3>Escadas<\/h3> \n\t\t\t\t\t\t\t\t\t\t\t\t\t<p>27 Janeiro 2021<\/p>\t\t\t\t\t\t\t\t\t\t\t<\/div><!--\/vert-center-->\n\t\t\t\t\t\t\t\t\t\t\t\n\t\t\t\t\t\t\t\t\t\t<\/div>\n\t\t\t\t\t\t\t\t\t<\/div><!--work-item-->\n\t\t\t\t\t\t\t\t\t\n\t\t\t\t\t\t\t\t\t\t\t\t\t\t\t\t\n\t\t\t\t\t\t\t\t\n\t\t\t\t\t\t\t<\/div><!--\/inner-wrap-->\n\t\t\t\t\t\t<\/div><!--\/col-->\n\t\t\t\t\t\t\n\t\t\t\t\t\t\t\t\t\t\t\n\t\t\t\t\t\t\t\t\t\t\t\t\n\t\t\t\t\t\t<div class=\"col span_4  element escadas marcenaria-de-interiores \"  data-project-cat=\"escadas marcenaria-de-interiores \" data-default-color=\"true\" data-title-color=\"\" data-subtitle-color=\"\">\n\t\t\t\t\t\t\t\n\t\t\t\t\t\t\t<div class=\"inner-wrap animated\" data-animation=\"perspective\">\n\t\t\t\t\t\t\t\t\n\t\t\t\t\t\t\t\t\t\t\t\t\t\t\t\t\t\n\t\t\t\t\t\t\t\t\t<div class=\"work-item style-2\" data-custom-content=\"\">\n\t\t\t\t\t\t\t\t\t\t\n\t\t\t\t\t\t\t\t\t\t<img loading=\"lazy\" decoding=\"async\" class=\"size- skip-lazy\" src=\"https:\/\/www.denhandwierker.lu\/wp-content\/uploads\/2021\/01\/ESCALIER-600x403.jpg\" alt=\"\" height=\"403\" width=\"600\" srcset=\"https:\/\/www.denhandwierker.lu\/wp-content\/uploads\/2021\/01\/ESCALIER-600x403.jpg 600w, https:\/\/www.denhandwierker.lu\/wp-content\/uploads\/2021\/01\/ESCALIER-400x269.jpg 400w\" sizes=\"auto, (min-width: 1000px) 33.3vw, (min-width: 690px) 50vw, 100vw\" \/>\t\t\t\t\t\t\t\t\t\t\n\t\t\t\t\t\t\t\t\t\t<div class=\"work-info-bg\"><\/div>\n\t\t\t\t\t\t\t\t\t\t<div class=\"work-info\">\n\t\t\t\t\t\t\t\t\t\t\t\n\t\t\t\t\t\t\t\t\t\t\t\t\t\t\t\t\t\t\t\t\t\t\t\n\t\t\t\t\t\t\t\t\t\t\t\t\n\t\t\t\t\t\t\t\t\t\t\t\t\t\t\t\t\t\t\t\t\t\t\t\t\t\t\t<a href=\"https:\/\/www.denhandwierker.lu\/wp-content\/uploads\/2021\/01\/ESCALIER.jpg\"  class=\"pretty_photo\"><\/a>  \n\t\t\t\t\t\t\t\t\t\t\t\t\t\t\t\t\t\t\t\t\t\t\t\t\t\n\t\t\t\t\t\t\t\t\t\t\t\n\t\t\t\t\t\t\t\t\t\t\t<div class=\"vert-center\">\n\t\t\t\t\t\t\t\t\t\t\t\t\t\n\t\t\t\t\t\t\t\t\t\t\t\t\t<h3>Escadas<\/h3> \n\t\t\t\t\t\t\t\t\t\t\t\t\t<p>27 Janeiro 2021<\/p>\t\t\t\t\t\t\t\t\t\t\t<\/div><!--\/vert-center-->\n\t\t\t\t\t\t\t\t\t\t\t\n\t\t\t\t\t\t\t\t\t\t<\/div>\n\t\t\t\t\t\t\t\t\t<\/div><!--work-item-->\n\t\t\t\t\t\t\t\t\t\n\t\t\t\t\t\t\t\t\t\t\t\t\t\t\t\t\n\t\t\t\t\t\t\t\t\n\t\t\t\t\t\t\t<\/div><!--\/inner-wrap-->\n\t\t\t\t\t\t<\/div><!--\/col-->\n\t\t\t\t\t\t\n\t\t\t\t\t\t\t\t\t\t\t\n\t\t\t\t\t\t\t\t\t\t\t\t\n\t\t\t\t\t\t<div class=\"col span_4  element marcenaria-de-interiores \"  data-project-cat=\"marcenaria-de-interiores \" data-default-color=\"true\" data-title-color=\"\" data-subtitle-color=\"\">\n\t\t\t\t\t\t\t\n\t\t\t\t\t\t\t<div class=\"inner-wrap animated\" data-animation=\"perspective\">\n\t\t\t\t\t\t\t\t\n\t\t\t\t\t\t\t\t\t\t\t\t\t\t\t\t\t\n\t\t\t\t\t\t\t\t\t<div class=\"work-item style-2\" data-custom-content=\"\">\n\t\t\t\t\t\t\t\t\t\t\n\t\t\t\t\t\t\t\t\t\t<img loading=\"lazy\" decoding=\"async\" class=\"size- skip-lazy\" src=\"https:\/\/www.denhandwierker.lu\/wp-content\/uploads\/2021\/01\/DECO_MUR_3-600x403.jpg\" alt=\"\" height=\"403\" width=\"600\" srcset=\"https:\/\/www.denhandwierker.lu\/wp-content\/uploads\/2021\/01\/DECO_MUR_3-600x403.jpg 600w, https:\/\/www.denhandwierker.lu\/wp-content\/uploads\/2021\/01\/DECO_MUR_3-400x269.jpg 400w\" sizes=\"auto, (min-width: 1000px) 33.3vw, (min-width: 690px) 50vw, 100vw\" \/>\t\t\t\t\t\t\t\t\t\t\n\t\t\t\t\t\t\t\t\t\t<div class=\"work-info-bg\"><\/div>\n\t\t\t\t\t\t\t\t\t\t<div class=\"work-info\">\n\t\t\t\t\t\t\t\t\t\t\t\n\t\t\t\t\t\t\t\t\t\t\t\t\t\t\t\t\t\t\t\t\t\t\t\n\t\t\t\t\t\t\t\t\t\t\t\t\n\t\t\t\t\t\t\t\t\t\t\t\t\t\t\t\t\t\t\t\t\t\t\t\t\t\t\t<a href=\"https:\/\/www.denhandwierker.lu\/wp-content\/uploads\/2021\/01\/DECO_MUR_3.jpg\"  class=\"pretty_photo\"><\/a>  \n\t\t\t\t\t\t\t\t\t\t\t\t\t\t\t\t\t\t\t\t\t\t\t\t\t\n\t\t\t\t\t\t\t\t\t\t\t\n\t\t\t\t\t\t\t\t\t\t\t<div class=\"vert-center\">\n\t\t\t\t\t\t\t\t\t\t\t\t\t\n\t\t\t\t\t\t\t\t\t\t\t\t\t<h3>Decora\u00e7\u00e3o de parede<\/h3> \n\t\t\t\t\t\t\t\t\t\t\t\t\t<p>27 Janeiro 2021<\/p>\t\t\t\t\t\t\t\t\t\t\t<\/div><!--\/vert-center-->\n\t\t\t\t\t\t\t\t\t\t\t\n\t\t\t\t\t\t\t\t\t\t<\/div>\n\t\t\t\t\t\t\t\t\t<\/div><!--work-item-->\n\t\t\t\t\t\t\t\t\t\n\t\t\t\t\t\t\t\t\t\t\t\t\t\t\t\t\n\t\t\t\t\t\t\t\t\n\t\t\t\t\t\t\t<\/div><!--\/inner-wrap-->\n\t\t\t\t\t\t<\/div><!--\/col-->\n\t\t\t\t\t\t\n\t\t\t\t\t\t\t\t\t\t\t\n\t\t\t\t\t\t\t\t\t\t\t\t\n\t\t\t\t\t\t<div class=\"col span_4  element marcenaria-de-interiores cozinhas \"  data-project-cat=\"marcenaria-de-interiores cozinhas \" data-default-color=\"true\" data-title-color=\"\" data-subtitle-color=\"\">\n\t\t\t\t\t\t\t\n\t\t\t\t\t\t\t<div class=\"inner-wrap animated\" data-animation=\"perspective\">\n\t\t\t\t\t\t\t\t\n\t\t\t\t\t\t\t\t\t\t\t\t\t\t\t\t\t\n\t\t\t\t\t\t\t\t\t<div class=\"work-item style-2\" data-custom-content=\"\">\n\t\t\t\t\t\t\t\t\t\t\n\t\t\t\t\t\t\t\t\t\t<img loading=\"lazy\" decoding=\"async\" class=\"size- skip-lazy\" src=\"https:\/\/www.denhandwierker.lu\/wp-content\/uploads\/2021\/01\/CUISINE_02_1-600x403.jpg\" alt=\"\" height=\"403\" width=\"600\" srcset=\"https:\/\/www.denhandwierker.lu\/wp-content\/uploads\/2021\/01\/CUISINE_02_1-600x403.jpg 600w, https:\/\/www.denhandwierker.lu\/wp-content\/uploads\/2021\/01\/CUISINE_02_1-400x269.jpg 400w\" sizes=\"auto, (min-width: 1000px) 33.3vw, (min-width: 690px) 50vw, 100vw\" \/>\t\t\t\t\t\t\t\t\t\t\n\t\t\t\t\t\t\t\t\t\t<div class=\"work-info-bg\"><\/div>\n\t\t\t\t\t\t\t\t\t\t<div class=\"work-info\">\n\t\t\t\t\t\t\t\t\t\t\t\n\t\t\t\t\t\t\t\t\t\t\t\t\t\t\t\t\t\t\t\t\t\t\t\n\t\t\t\t\t\t\t\t\t\t\t\t\n\t\t\t\t\t\t\t\t\t\t\t\t\t\t\t\t\t\t\t\t\t\t\t\t\t\t\t<a href=\"https:\/\/www.denhandwierker.lu\/wp-content\/uploads\/2021\/01\/CUISINE_02_1.jpg\"  class=\"pretty_photo\"><\/a>  \n\t\t\t\t\t\t\t\t\t\t\t\t\t\t\t\t\t\t\t\t\t\t\t\t\t\n\t\t\t\t\t\t\t\t\t\t\t\n\t\t\t\t\t\t\t\t\t\t\t<div class=\"vert-center\">\n\t\t\t\t\t\t\t\t\t\t\t\t\t\n\t\t\t\t\t\t\t\t\t\t\t\t\t<h3>Cozinha<\/h3> \n\t\t\t\t\t\t\t\t\t\t\t\t\t<p>27 Janeiro 2021<\/p>\t\t\t\t\t\t\t\t\t\t\t<\/div><!--\/vert-center-->\n\t\t\t\t\t\t\t\t\t\t\t\n\t\t\t\t\t\t\t\t\t\t<\/div>\n\t\t\t\t\t\t\t\t\t<\/div><!--work-item-->\n\t\t\t\t\t\t\t\t\t\n\t\t\t\t\t\t\t\t\t\t\t\t\t\t\t\t\n\t\t\t\t\t\t\t\t\n\t\t\t\t\t\t\t<\/div><!--\/inner-wrap-->\n\t\t\t\t\t\t<\/div><!--\/col-->\n\t\t\t\t\t\t\n\t\t\t\t\t\t\t\t\t\t\t\n\t\t\t\t\t\t\t\t\t\t\t\t\n\t\t\t\t\t\t<div class=\"col span_4  element marcenaria-de-interiores cozinhas \"  data-project-cat=\"marcenaria-de-interiores cozinhas \" data-default-color=\"true\" data-title-color=\"\" data-subtitle-color=\"\">\n\t\t\t\t\t\t\t\n\t\t\t\t\t\t\t<div class=\"inner-wrap animated\" data-animation=\"perspective\">\n\t\t\t\t\t\t\t\t\n\t\t\t\t\t\t\t\t\t\t\t\t\t\t\t\t\t\n\t\t\t\t\t\t\t\t\t<div class=\"work-item style-2\" data-custom-content=\"\">\n\t\t\t\t\t\t\t\t\t\t\n\t\t\t\t\t\t\t\t\t\t<img loading=\"lazy\" decoding=\"async\" class=\"size- skip-lazy\" src=\"https:\/\/www.denhandwierker.lu\/wp-content\/uploads\/2021\/01\/CUISINE_01_2-600x403.jpg\" alt=\"\" height=\"403\" width=\"600\" srcset=\"https:\/\/www.denhandwierker.lu\/wp-content\/uploads\/2021\/01\/CUISINE_01_2-600x403.jpg 600w, https:\/\/www.denhandwierker.lu\/wp-content\/uploads\/2021\/01\/CUISINE_01_2-400x269.jpg 400w\" sizes=\"auto, (min-width: 1000px) 33.3vw, (min-width: 690px) 50vw, 100vw\" \/>\t\t\t\t\t\t\t\t\t\t\n\t\t\t\t\t\t\t\t\t\t<div class=\"work-info-bg\"><\/div>\n\t\t\t\t\t\t\t\t\t\t<div class=\"work-info\">\n\t\t\t\t\t\t\t\t\t\t\t\n\t\t\t\t\t\t\t\t\t\t\t\t\t\t\t\t\t\t\t\t\t\t\t\n\t\t\t\t\t\t\t\t\t\t\t\t\n\t\t\t\t\t\t\t\t\t\t\t\t\t\t\t\t\t\t\t\t\t\t\t\t\t\t\t<a href=\"https:\/\/www.denhandwierker.lu\/wp-content\/uploads\/2021\/01\/CUISINE_01_2.jpg\"  class=\"pretty_photo\"><\/a>  \n\t\t\t\t\t\t\t\t\t\t\t\t\t\t\t\t\t\t\t\t\t\t\t\t\t\n\t\t\t\t\t\t\t\t\t\t\t\n\t\t\t\t\t\t\t\t\t\t\t<div class=\"vert-center\">\n\t\t\t\t\t\t\t\t\t\t\t\t\t\n\t\t\t\t\t\t\t\t\t\t\t\t\t<h3>Cozinha<\/h3> \n\t\t\t\t\t\t\t\t\t\t\t\t\t<p>27 Janeiro 2021<\/p>\t\t\t\t\t\t\t\t\t\t\t<\/div><!--\/vert-center-->\n\t\t\t\t\t\t\t\t\t\t\t\n\t\t\t\t\t\t\t\t\t\t<\/div>\n\t\t\t\t\t\t\t\t\t<\/div><!--work-item-->\n\t\t\t\t\t\t\t\t\t\n\t\t\t\t\t\t\t\t\t\t\t\t\t\t\t\t\n\t\t\t\t\t\t\t\t\n\t\t\t\t\t\t\t<\/div><!--\/inner-wrap-->\n\t\t\t\t\t\t<\/div><!--\/col-->\n\t\t\t\t\t\t\n\t\t\t\t\t\t\t\t\t\t\t\n\t\t\t\t\t\t\t\t\t\t\t\t\n\t\t\t\t\t\t<div class=\"col span_4  element marcenaria-de-interiores \"  data-project-cat=\"marcenaria-de-interiores \" data-default-color=\"true\" data-title-color=\"\" data-subtitle-color=\"\">\n\t\t\t\t\t\t\t\n\t\t\t\t\t\t\t<div class=\"inner-wrap animated\" data-animation=\"perspective\">\n\t\t\t\t\t\t\t\t\n\t\t\t\t\t\t\t\t\t\t\t\t\t\t\t\t\t\n\t\t\t\t\t\t\t\t\t<div class=\"work-item style-2\" data-custom-content=\"\">\n\t\t\t\t\t\t\t\t\t\t\n\t\t\t\t\t\t\t\t\t\t<img loading=\"lazy\" decoding=\"async\" class=\"size- skip-lazy\" src=\"https:\/\/www.denhandwierker.lu\/wp-content\/uploads\/2021\/01\/COMPTOIR_3-600x403.jpg\" alt=\"\" height=\"403\" width=\"600\" srcset=\"https:\/\/www.denhandwierker.lu\/wp-content\/uploads\/2021\/01\/COMPTOIR_3-600x403.jpg 600w, https:\/\/www.denhandwierker.lu\/wp-content\/uploads\/2021\/01\/COMPTOIR_3-400x269.jpg 400w\" sizes=\"auto, (min-width: 1000px) 33.3vw, (min-width: 690px) 50vw, 100vw\" \/>\t\t\t\t\t\t\t\t\t\t\n\t\t\t\t\t\t\t\t\t\t<div class=\"work-info-bg\"><\/div>\n\t\t\t\t\t\t\t\t\t\t<div class=\"work-info\">\n\t\t\t\t\t\t\t\t\t\t\t\n\t\t\t\t\t\t\t\t\t\t\t\t\t\t\t\t\t\t\t\t\t\t\t\n\t\t\t\t\t\t\t\t\t\t\t\t\n\t\t\t\t\t\t\t\t\t\t\t\t\t\t\t\t\t\t\t\t\t\t\t\t\t\t\t<a href=\"https:\/\/www.denhandwierker.lu\/wp-content\/uploads\/2021\/01\/COMPTOIR_3.jpg\"  class=\"pretty_photo\"><\/a>  \n\t\t\t\t\t\t\t\t\t\t\t\t\t\t\t\t\t\t\t\t\t\t\t\t\t\n\t\t\t\t\t\t\t\t\t\t\t\n\t\t\t\t\t\t\t\t\t\t\t<div class=\"vert-center\">\n\t\t\t\t\t\t\t\t\t\t\t\t\t\n\t\t\t\t\t\t\t\t\t\t\t\t\t<h3>Contador<\/h3> \n\t\t\t\t\t\t\t\t\t\t\t\t\t<p>27 Janeiro 2021<\/p>\t\t\t\t\t\t\t\t\t\t\t<\/div><!--\/vert-center-->\n\t\t\t\t\t\t\t\t\t\t\t\n\t\t\t\t\t\t\t\t\t\t<\/div>\n\t\t\t\t\t\t\t\t\t<\/div><!--work-item-->\n\t\t\t\t\t\t\t\t\t\n\t\t\t\t\t\t\t\t\t\t\t\t\t\t\t\t\n\t\t\t\t\t\t\t\t\n\t\t\t\t\t\t\t<\/div><!--\/inner-wrap-->\n\t\t\t\t\t\t<\/div><!--\/col-->\n\t\t\t\t\t\t\n\t\t\t\t\t\t\t\t\t\t\t\n\t\t\t\t\t\t\t\t\t\t\t\t\n\t\t\t\t\t\t<div class=\"col span_4  element marcenaria-de-interiores \"  data-project-cat=\"marcenaria-de-interiores \" data-default-color=\"true\" data-title-color=\"\" data-subtitle-color=\"\">\n\t\t\t\t\t\t\t\n\t\t\t\t\t\t\t<div class=\"inner-wrap animated\" data-animation=\"perspective\">\n\t\t\t\t\t\t\t\t\n\t\t\t\t\t\t\t\t\t\t\t\t\t\t\t\t\t\n\t\t\t\t\t\t\t\t\t<div class=\"work-item style-2\" data-custom-content=\"\">\n\t\t\t\t\t\t\t\t\t\t\n\t\t\t\t\t\t\t\t\t\t<img loading=\"lazy\" decoding=\"async\" class=\"size- skip-lazy\" src=\"https:\/\/www.denhandwierker.lu\/wp-content\/uploads\/2021\/01\/CLOISON-LIT-600x403.jpg\" alt=\"\" height=\"403\" width=\"600\" srcset=\"https:\/\/www.denhandwierker.lu\/wp-content\/uploads\/2021\/01\/CLOISON-LIT-600x403.jpg 600w, https:\/\/www.denhandwierker.lu\/wp-content\/uploads\/2021\/01\/CLOISON-LIT-400x269.jpg 400w\" sizes=\"auto, (min-width: 1000px) 33.3vw, (min-width: 690px) 50vw, 100vw\" \/>\t\t\t\t\t\t\t\t\t\t\n\t\t\t\t\t\t\t\t\t\t<div class=\"work-info-bg\"><\/div>\n\t\t\t\t\t\t\t\t\t\t<div class=\"work-info\">\n\t\t\t\t\t\t\t\t\t\t\t\n\t\t\t\t\t\t\t\t\t\t\t\t\t\t\t\t\t\t\t\t\t\t\t\n\t\t\t\t\t\t\t\t\t\t\t\t\n\t\t\t\t\t\t\t\t\t\t\t\t\t\t\t\t\t\t\t\t\t\t\t\t\t\t\t<a href=\"https:\/\/www.denhandwierker.lu\/wp-content\/uploads\/2021\/01\/CLOISON-LIT.jpg\"  class=\"pretty_photo\"><\/a>  \n\t\t\t\t\t\t\t\t\t\t\t\t\t\t\t\t\t\t\t\t\t\t\t\t\t\n\t\t\t\t\t\t\t\t\t\t\t\n\t\t\t\t\t\t\t\t\t\t\t<div class=\"vert-center\">\n\t\t\t\t\t\t\t\t\t\t\t\t\t\n\t\t\t\t\t\t\t\t\t\t\t\t\t<h3>Divis\u00f3ria de cama<\/h3> \n\t\t\t\t\t\t\t\t\t\t\t\t\t<p>27 Janeiro 2021<\/p>\t\t\t\t\t\t\t\t\t\t\t<\/div><!--\/vert-center-->\n\t\t\t\t\t\t\t\t\t\t\t\n\t\t\t\t\t\t\t\t\t\t<\/div>\n\t\t\t\t\t\t\t\t\t<\/div><!--work-item-->\n\t\t\t\t\t\t\t\t\t\n\t\t\t\t\t\t\t\t\t\t\t\t\t\t\t\t\n\t\t\t\t\t\t\t\t\n\t\t\t\t\t\t\t<\/div><!--\/inner-wrap-->\n\t\t\t\t\t\t<\/div><!--\/col-->\n\t\t\t\t\t\t\n\t\t\t\t\t\t\t\t\t\t\t\n\t\t\t\t\t\t\t\t\t\t\t\t\n\t\t\t\t\t\t<div class=\"col span_4  element marcenaria-exterior \"  data-project-cat=\"marcenaria-exterior \" data-default-color=\"true\" data-title-color=\"\" data-subtitle-color=\"\">\n\t\t\t\t\t\t\t\n\t\t\t\t\t\t\t<div class=\"inner-wrap animated\" data-animation=\"perspective\">\n\t\t\t\t\t\t\t\t\n\t\t\t\t\t\t\t\t\t\t\t\t\t\t\t\t\t\n\t\t\t\t\t\t\t\t\t<div class=\"work-item style-2\" data-custom-content=\"\">\n\t\t\t\t\t\t\t\t\t\t\n\t\t\t\t\t\t\t\t\t\t<img loading=\"lazy\" decoding=\"async\" class=\"size- skip-lazy\" src=\"https:\/\/www.denhandwierker.lu\/wp-content\/uploads\/2018\/09\/image1-5-600x403.jpg\" alt=\"\" height=\"403\" width=\"600\" srcset=\"https:\/\/www.denhandwierker.lu\/wp-content\/uploads\/2018\/09\/image1-5-600x403.jpg 600w, https:\/\/www.denhandwierker.lu\/wp-content\/uploads\/2018\/09\/image1-5-400x269.jpg 400w\" sizes=\"auto, (min-width: 1000px) 33.3vw, (min-width: 690px) 50vw, 100vw\" \/>\t\t\t\t\t\t\t\t\t\t\n\t\t\t\t\t\t\t\t\t\t<div class=\"work-info-bg\"><\/div>\n\t\t\t\t\t\t\t\t\t\t<div class=\"work-info\">\n\t\t\t\t\t\t\t\t\t\t\t\n\t\t\t\t\t\t\t\t\t\t\t\t\t\t\t\t\t\t\t\t\t\t\t\n\t\t\t\t\t\t\t\t\t\t\t\t\n\t\t\t\t\t\t\t\t\t\t\t\t\t\t\t\t\t\t\t\t\t\t\t\t\t\t\t<a href=\"https:\/\/www.denhandwierker.lu\/wp-content\/uploads\/2018\/09\/image1-5.jpg\"  class=\"pretty_photo\"><\/a>  \n\t\t\t\t\t\t\t\t\t\t\t\t\t\t\t\t\t\t\t\t\t\t\t\t\t\n\t\t\t\t\t\t\t\t\t\t\t\n\t\t\t\t\t\t\t\t\t\t\t<div class=\"vert-center\">\n\t\t\t\t\t\t\t\t\t\t\t\t\t\n\t\t\t\t\t\t\t\t\t\t\t\t\t<h3>Antes de colocar o telhado na casa<\/h3> \n\t\t\t\t\t\t\t\t\t\t\t\t\t<p>28 Setembro 2018<\/p>\t\t\t\t\t\t\t\t\t\t\t<\/div><!--\/vert-center-->\n\t\t\t\t\t\t\t\t\t\t\t\n\t\t\t\t\t\t\t\t\t\t<\/div>\n\t\t\t\t\t\t\t\t\t<\/div><!--work-item-->\n\t\t\t\t\t\t\t\t\t\n\t\t\t\t\t\t\t\t\t\t\t\t\t\t\t\t\n\t\t\t\t\t\t\t\t\n\t\t\t\t\t\t\t<\/div><!--\/inner-wrap-->\n\t\t\t\t\t\t<\/div><!--\/col-->\n\t\t\t\t\t\t\n\t\t\t\t\t\t\t\t\t\t\t\n\t\t\t\t\t\t\t\t\t\t\t\t\n\t\t\t\t\t\t<div class=\"col span_4  element marcenaria-exterior \"  data-project-cat=\"marcenaria-exterior \" data-default-color=\"true\" data-title-color=\"\" data-subtitle-color=\"\">\n\t\t\t\t\t\t\t\n\t\t\t\t\t\t\t<div class=\"inner-wrap animated\" data-animation=\"perspective\">\n\t\t\t\t\t\t\t\t\n\t\t\t\t\t\t\t\t\t\t\t\t\t\t\t\t\t\n\t\t\t\t\t\t\t\t\t<div class=\"work-item style-2\" data-custom-content=\"\">\n\t\t\t\t\t\t\t\t\t\t\n\t\t\t\t\t\t\t\t\t\t<img loading=\"lazy\" decoding=\"async\" class=\"size- skip-lazy\" src=\"https:\/\/www.denhandwierker.lu\/wp-content\/uploads\/2018\/09\/image1-4-600x403.jpg\" alt=\"\" height=\"403\" width=\"600\" srcset=\"https:\/\/www.denhandwierker.lu\/wp-content\/uploads\/2018\/09\/image1-4-600x403.jpg 600w, https:\/\/www.denhandwierker.lu\/wp-content\/uploads\/2018\/09\/image1-4-400x269.jpg 400w\" sizes=\"auto, (min-width: 1000px) 33.3vw, (min-width: 690px) 50vw, 100vw\" \/>\t\t\t\t\t\t\t\t\t\t\n\t\t\t\t\t\t\t\t\t\t<div class=\"work-info-bg\"><\/div>\n\t\t\t\t\t\t\t\t\t\t<div class=\"work-info\">\n\t\t\t\t\t\t\t\t\t\t\t\n\t\t\t\t\t\t\t\t\t\t\t\t\t\t\t\t\t\t\t\t\t\t\t\n\t\t\t\t\t\t\t\t\t\t\t\t\n\t\t\t\t\t\t\t\t\t\t\t\t\t\t\t\t\t\t\t\t\t\t\t\t\t\t\t<a href=\"https:\/\/www.denhandwierker.lu\/wp-content\/uploads\/2018\/09\/image1-4.jpg\"  class=\"pretty_photo\"><\/a>  \n\t\t\t\t\t\t\t\t\t\t\t\t\t\t\t\t\t\t\t\t\t\t\t\t\t\n\t\t\t\t\t\t\t\t\t\t\t\n\t\t\t\t\t\t\t\t\t\t\t<div class=\"vert-center\">\n\t\t\t\t\t\t\t\t\t\t\t\t\t\n\t\t\t\t\t\t\t\t\t\t\t\t\t<h3>Casa da piscina<\/h3> \n\t\t\t\t\t\t\t\t\t\t\t\t\t<p>28 Setembro 2018<\/p>\t\t\t\t\t\t\t\t\t\t\t<\/div><!--\/vert-center-->\n\t\t\t\t\t\t\t\t\t\t\t\n\t\t\t\t\t\t\t\t\t\t<\/div>\n\t\t\t\t\t\t\t\t\t<\/div><!--work-item-->\n\t\t\t\t\t\t\t\t\t\n\t\t\t\t\t\t\t\t\t\t\t\t\t\t\t\t\n\t\t\t\t\t\t\t\t\n\t\t\t\t\t\t\t<\/div><!--\/inner-wrap-->\n\t\t\t\t\t\t<\/div><!--\/col-->\n\t\t\t\t\t\t\n\t\t\t\t\t\t\t\t\t\t\t\n\t\t\t\t\t\t\t\t\t\t\t\t\n\t\t\t\t\t\t<div class=\"col span_4  element escadas marcenaria-de-interiores \"  data-project-cat=\"escadas marcenaria-de-interiores \" data-default-color=\"true\" data-title-color=\"\" data-subtitle-color=\"\">\n\t\t\t\t\t\t\t\n\t\t\t\t\t\t\t<div class=\"inner-wrap animated\" data-animation=\"perspective\">\n\t\t\t\t\t\t\t\t\n\t\t\t\t\t\t\t\t\t\t\t\t\t\t\t\t\t\n\t\t\t\t\t\t\t\t\t<div class=\"work-item style-2\" data-custom-content=\"\">\n\t\t\t\t\t\t\t\t\t\t\n\t\t\t\t\t\t\t\t\t\t<img loading=\"lazy\" decoding=\"async\" class=\"size- skip-lazy\" src=\"https:\/\/www.denhandwierker.lu\/wp-content\/uploads\/2018\/09\/meuble-escalier-garde-corps-4-600x403.jpg\" alt=\"\" height=\"403\" width=\"600\" srcset=\"https:\/\/www.denhandwierker.lu\/wp-content\/uploads\/2018\/09\/meuble-escalier-garde-corps-4-600x403.jpg 600w, https:\/\/www.denhandwierker.lu\/wp-content\/uploads\/2018\/09\/meuble-escalier-garde-corps-4-400x269.jpg 400w\" sizes=\"auto, (min-width: 1000px) 33.3vw, (min-width: 690px) 50vw, 100vw\" \/>\t\t\t\t\t\t\t\t\t\t\n\t\t\t\t\t\t\t\t\t\t<div class=\"work-info-bg\"><\/div>\n\t\t\t\t\t\t\t\t\t\t<div class=\"work-info\">\n\t\t\t\t\t\t\t\t\t\t\t\n\t\t\t\t\t\t\t\t\t\t\t\t\t\t\t\t\t\t\t\t\t\t\t\n\t\t\t\t\t\t\t\t\t\t\t\t\n\t\t\t\t\t\t\t\t\t\t\t\t\t\t\t\t\t\t\t\t\t\t\t\t\t\t\t<a href=\"https:\/\/www.denhandwierker.lu\/wp-content\/uploads\/2018\/09\/meuble-escalier-garde-corps-4.jpg\"  class=\"pretty_photo\"><\/a>  \n\t\t\t\t\t\t\t\t\t\t\t\t\t\t\t\t\t\t\t\t\t\t\t\t\t\n\t\t\t\t\t\t\t\t\t\t\t\n\t\t\t\t\t\t\t\t\t\t\t<div class=\"vert-center\">\n\t\t\t\t\t\t\t\t\t\t\t\t\t\n\t\t\t\t\t\t\t\t\t\t\t\t\t<h3>Arruma\u00e7\u00e3o para escadas<\/h3> \n\t\t\t\t\t\t\t\t\t\t\t\t\t<p>28 Setembro 2018<\/p>\t\t\t\t\t\t\t\t\t\t\t<\/div><!--\/vert-center-->\n\t\t\t\t\t\t\t\t\t\t\t\n\t\t\t\t\t\t\t\t\t\t<\/div>\n\t\t\t\t\t\t\t\t\t<\/div><!--work-item-->\n\t\t\t\t\t\t\t\t\t\n\t\t\t\t\t\t\t\t\t\t\t\t\t\t\t\t\n\t\t\t\t\t\t\t\t\n\t\t\t\t\t\t\t<\/div><!--\/inner-wrap-->\n\t\t\t\t\t\t<\/div><!--\/col-->\n\t\t\t\t\t\t\n\t\t\t\t\t\t\t\t\t\t\t\n\t\t\t\t\t\t\t\t\t\t\t\t\n\t\t\t\t\t\t<div class=\"col span_4  element escadas serralheiro marcenaria-de-interiores \"  data-project-cat=\"escadas serralheiro marcenaria-de-interiores \" data-default-color=\"true\" data-title-color=\"\" data-subtitle-color=\"\">\n\t\t\t\t\t\t\t\n\t\t\t\t\t\t\t<div class=\"inner-wrap animated\" data-animation=\"perspective\">\n\t\t\t\t\t\t\t\t\n\t\t\t\t\t\t\t\t\t\t\t\t\t\t\t\t\t\n\t\t\t\t\t\t\t\t\t<div class=\"work-item style-2\" data-custom-content=\"\">\n\t\t\t\t\t\t\t\t\t\t\n\t\t\t\t\t\t\t\t\t\t<img loading=\"lazy\" decoding=\"async\" class=\"size- skip-lazy\" src=\"https:\/\/www.denhandwierker.lu\/wp-content\/uploads\/2018\/09\/meuble-escalier-garde-corps-2-600x403.jpg\" alt=\"\" height=\"403\" width=\"600\" srcset=\"https:\/\/www.denhandwierker.lu\/wp-content\/uploads\/2018\/09\/meuble-escalier-garde-corps-2-600x403.jpg 600w, https:\/\/www.denhandwierker.lu\/wp-content\/uploads\/2018\/09\/meuble-escalier-garde-corps-2-400x269.jpg 400w\" sizes=\"auto, (min-width: 1000px) 33.3vw, (min-width: 690px) 50vw, 100vw\" \/>\t\t\t\t\t\t\t\t\t\t\n\t\t\t\t\t\t\t\t\t\t<div class=\"work-info-bg\"><\/div>\n\t\t\t\t\t\t\t\t\t\t<div class=\"work-info\">\n\t\t\t\t\t\t\t\t\t\t\t\n\t\t\t\t\t\t\t\t\t\t\t\t\t\t\t\t\t\t\t\t\t\t\t\n\t\t\t\t\t\t\t\t\t\t\t\t\n\t\t\t\t\t\t\t\t\t\t\t\t\t\t\t\t\t\t\t\t\t\t\t\t\t\t\t<a href=\"https:\/\/www.denhandwierker.lu\/wp-content\/uploads\/2018\/09\/meuble-escalier-garde-corps-2.jpg\"  class=\"pretty_photo\"><\/a>  \n\t\t\t\t\t\t\t\t\t\t\t\t\t\t\t\t\t\t\t\t\t\t\t\t\t\n\t\t\t\t\t\t\t\t\t\t\t\n\t\t\t\t\t\t\t\t\t\t\t<div class=\"vert-center\">\n\t\t\t\t\t\t\t\t\t\t\t\t\t\n\t\t\t\t\t\t\t\t\t\t\t\t\t<h3>Guarda-costas<\/h3> \n\t\t\t\t\t\t\t\t\t\t\t\t\t<p>28 Setembro 2018<\/p>\t\t\t\t\t\t\t\t\t\t\t<\/div><!--\/vert-center-->\n\t\t\t\t\t\t\t\t\t\t\t\n\t\t\t\t\t\t\t\t\t\t<\/div>\n\t\t\t\t\t\t\t\t\t<\/div><!--work-item-->\n\t\t\t\t\t\t\t\t\t\n\t\t\t\t\t\t\t\t\t\t\t\t\t\t\t\t\n\t\t\t\t\t\t\t\t\n\t\t\t\t\t\t\t<\/div><!--\/inner-wrap-->\n\t\t\t\t\t\t<\/div><!--\/col-->\n\t\t\t\t\t\t\n\t\t\t\t\t\t\t\t\t\t\t\n\t\t\t\t\t\t\t\t\t\t\t\t\n\t\t\t\t\t\t<div class=\"col span_4  element marcenaria-de-interiores mobiliario \"  data-project-cat=\"marcenaria-de-interiores mobiliario \" data-default-color=\"true\" data-title-color=\"\" data-subtitle-color=\"\">\n\t\t\t\t\t\t\t\n\t\t\t\t\t\t\t<div class=\"inner-wrap animated\" data-animation=\"perspective\">\n\t\t\t\t\t\t\t\t\n\t\t\t\t\t\t\t\t\t\t\t\t\t\t\t\t\t\n\t\t\t\t\t\t\t\t\t<div class=\"work-item style-2\" data-custom-content=\"\">\n\t\t\t\t\t\t\t\t\t\t\n\t\t\t\t\t\t\t\t\t\t<img loading=\"lazy\" decoding=\"async\" class=\"size- skip-lazy\" src=\"https:\/\/www.denhandwierker.lu\/wp-content\/uploads\/2018\/09\/meuble-sous-toiture-2-600x403.jpg\" alt=\"\" height=\"403\" width=\"600\" srcset=\"https:\/\/www.denhandwierker.lu\/wp-content\/uploads\/2018\/09\/meuble-sous-toiture-2-600x403.jpg 600w, https:\/\/www.denhandwierker.lu\/wp-content\/uploads\/2018\/09\/meuble-sous-toiture-2-400x269.jpg 400w\" sizes=\"auto, (min-width: 1000px) 33.3vw, (min-width: 690px) 50vw, 100vw\" \/>\t\t\t\t\t\t\t\t\t\t\n\t\t\t\t\t\t\t\t\t\t<div class=\"work-info-bg\"><\/div>\n\t\t\t\t\t\t\t\t\t\t<div class=\"work-info\">\n\t\t\t\t\t\t\t\t\t\t\t\n\t\t\t\t\t\t\t\t\t\t\t\t\t\t\t\t\t\t\t\t\t\t\t\n\t\t\t\t\t\t\t\t\t\t\t\t\n\t\t\t\t\t\t\t\t\t\t\t\t\t\t\t\t\t\t\t\t\t\t\t\t\t\t\t<a href=\"https:\/\/www.denhandwierker.lu\/wp-content\/uploads\/2018\/09\/meuble-sous-toiture-2.jpg\"  class=\"pretty_photo\"><\/a>  \n\t\t\t\t\t\t\t\t\t\t\t\t\t\t\t\t\t\t\t\t\t\t\t\t\t\n\t\t\t\t\t\t\t\t\t\t\t\n\t\t\t\t\t\t\t\t\t\t\t<div class=\"vert-center\">\n\t\t\t\t\t\t\t\t\t\t\t\t\t\n\t\t\t\t\t\t\t\t\t\t\t\t\t<h3>Mobili\u00e1rio sob o teto<\/h3> \n\t\t\t\t\t\t\t\t\t\t\t\t\t<p>28 Setembro 2018<\/p>\t\t\t\t\t\t\t\t\t\t\t<\/div><!--\/vert-center-->\n\t\t\t\t\t\t\t\t\t\t\t\n\t\t\t\t\t\t\t\t\t\t<\/div>\n\t\t\t\t\t\t\t\t\t<\/div><!--work-item-->\n\t\t\t\t\t\t\t\t\t\n\t\t\t\t\t\t\t\t\t\t\t\t\t\t\t\t\n\t\t\t\t\t\t\t\t\n\t\t\t\t\t\t\t<\/div><!--\/inner-wrap-->\n\t\t\t\t\t\t<\/div><!--\/col-->\n\t\t\t\t\t\t\n\t\t\t\t\t\t\t\t\t\t\t\n\t\t\t\t\t\t\t\t\t\t\t\t\n\t\t\t\t\t\t<div class=\"col span_4  element escritorios marcenaria-de-interiores mobiliario \"  data-project-cat=\"escritorios marcenaria-de-interiores mobiliario \" data-default-color=\"true\" data-title-color=\"\" data-subtitle-color=\"\">\n\t\t\t\t\t\t\t\n\t\t\t\t\t\t\t<div class=\"inner-wrap animated\" data-animation=\"perspective\">\n\t\t\t\t\t\t\t\t\n\t\t\t\t\t\t\t\t\t\t\t\t\t\t\t\t\t\n\t\t\t\t\t\t\t\t\t<div class=\"work-item style-2\" data-custom-content=\"\">\n\t\t\t\t\t\t\t\t\t\t\n\t\t\t\t\t\t\t\t\t\t<img loading=\"lazy\" decoding=\"async\" class=\"size- skip-lazy\" src=\"https:\/\/www.denhandwierker.lu\/wp-content\/uploads\/2018\/09\/image1-2-600x403.jpg\" alt=\"\" height=\"403\" width=\"600\" srcset=\"https:\/\/www.denhandwierker.lu\/wp-content\/uploads\/2018\/09\/image1-2-600x403.jpg 600w, https:\/\/www.denhandwierker.lu\/wp-content\/uploads\/2018\/09\/image1-2-400x269.jpg 400w\" sizes=\"auto, (min-width: 1000px) 33.3vw, (min-width: 690px) 50vw, 100vw\" \/>\t\t\t\t\t\t\t\t\t\t\n\t\t\t\t\t\t\t\t\t\t<div class=\"work-info-bg\"><\/div>\n\t\t\t\t\t\t\t\t\t\t<div class=\"work-info\">\n\t\t\t\t\t\t\t\t\t\t\t\n\t\t\t\t\t\t\t\t\t\t\t\t\t\t\t\t\t\t\t\t\t\t\t\n\t\t\t\t\t\t\t\t\t\t\t\t\n\t\t\t\t\t\t\t\t\t\t\t\t\t\t\t\t\t\t\t\t\t\t\t\t\t\t\t<a href=\"https:\/\/www.denhandwierker.lu\/wp-content\/uploads\/2018\/09\/image1-2.jpg\"  class=\"pretty_photo\"><\/a>  \n\t\t\t\t\t\t\t\t\t\t\t\t\t\t\t\t\t\t\t\t\t\t\t\t\t\n\t\t\t\t\t\t\t\t\t\t\t\n\t\t\t\t\t\t\t\t\t\t\t<div class=\"vert-center\">\n\t\t\t\t\t\t\t\t\t\t\t\t\t\n\t\t\t\t\t\t\t\t\t\t\t\t\t<h3>Secret\u00e1ria &#8211; unidade de arruma\u00e7\u00e3o<\/h3> \n\t\t\t\t\t\t\t\t\t\t\t\t\t<p>28 Setembro 2018<\/p>\t\t\t\t\t\t\t\t\t\t\t<\/div><!--\/vert-center-->\n\t\t\t\t\t\t\t\t\t\t\t\n\t\t\t\t\t\t\t\t\t\t<\/div>\n\t\t\t\t\t\t\t\t\t<\/div><!--work-item-->\n\t\t\t\t\t\t\t\t\t\n\t\t\t\t\t\t\t\t\t\t\t\t\t\t\t\t\n\t\t\t\t\t\t\t\t\n\t\t\t\t\t\t\t<\/div><!--\/inner-wrap-->\n\t\t\t\t\t\t<\/div><!--\/col-->\n\t\t\t\t\t\t\n\t\t\t\t\t\t\t\t\t\t\t\n\t\t\t\t\t\t\t\t\t\t\t\t\n\t\t\t\t\t\t<div class=\"col span_4  element marcenaria-de-interiores mobiliario \"  data-project-cat=\"marcenaria-de-interiores mobiliario \" data-default-color=\"true\" data-title-color=\"\" data-subtitle-color=\"\">\n\t\t\t\t\t\t\t\n\t\t\t\t\t\t\t<div class=\"inner-wrap animated\" data-animation=\"perspective\">\n\t\t\t\t\t\t\t\t\n\t\t\t\t\t\t\t\t\t\t\t\t\t\t\t\t\t\n\t\t\t\t\t\t\t\t\t<div class=\"work-item style-2\" data-custom-content=\"\">\n\t\t\t\t\t\t\t\t\t\t\n\t\t\t\t\t\t\t\t\t\t<img loading=\"lazy\" decoding=\"async\" class=\"size- skip-lazy\" src=\"https:\/\/www.denhandwierker.lu\/wp-content\/uploads\/2018\/09\/image1-6-600x403.jpg\" alt=\"\" height=\"403\" width=\"600\" srcset=\"https:\/\/www.denhandwierker.lu\/wp-content\/uploads\/2018\/09\/image1-6-600x403.jpg 600w, https:\/\/www.denhandwierker.lu\/wp-content\/uploads\/2018\/09\/image1-6-400x269.jpg 400w\" sizes=\"auto, (min-width: 1000px) 33.3vw, (min-width: 690px) 50vw, 100vw\" \/>\t\t\t\t\t\t\t\t\t\t\n\t\t\t\t\t\t\t\t\t\t<div class=\"work-info-bg\"><\/div>\n\t\t\t\t\t\t\t\t\t\t<div class=\"work-info\">\n\t\t\t\t\t\t\t\t\t\t\t\n\t\t\t\t\t\t\t\t\t\t\t\t\t\t\t\t\t\t\t\t\t\t\t\n\t\t\t\t\t\t\t\t\t\t\t\t\n\t\t\t\t\t\t\t\t\t\t\t\t\t\t\t\t\t\t\t\t\t\t\t\t\t\t\t<a href=\"https:\/\/www.denhandwierker.lu\/wp-content\/uploads\/2018\/09\/image1-6.jpg\"  class=\"pretty_photo\"><\/a>  \n\t\t\t\t\t\t\t\t\t\t\t\t\t\t\t\t\t\t\t\t\t\t\t\t\t\n\t\t\t\t\t\t\t\t\t\t\t\n\t\t\t\t\t\t\t\t\t\t\t<div class=\"vert-center\">\n\t\t\t\t\t\t\t\t\t\t\t\t\t\n\t\t\t\t\t\t\t\t\t\t\t\t\t<h3>Mobili\u00e1rio de corredor feito \u00e0 medida &#8211; corrim\u00f5es<\/h3> \n\t\t\t\t\t\t\t\t\t\t\t\t\t<p>28 Setembro 2018<\/p>\t\t\t\t\t\t\t\t\t\t\t<\/div><!--\/vert-center-->\n\t\t\t\t\t\t\t\t\t\t\t\n\t\t\t\t\t\t\t\t\t\t<\/div>\n\t\t\t\t\t\t\t\t\t<\/div><!--work-item-->\n\t\t\t\t\t\t\t\t\t\n\t\t\t\t\t\t\t\t\t\t\t\t\t\t\t\t\n\t\t\t\t\t\t\t\t\n\t\t\t\t\t\t\t<\/div><!--\/inner-wrap-->\n\t\t\t\t\t\t<\/div><!--\/col-->\n\t\t\t\t\t\t\n\t\t\t\t\t\t\t\t\t\t\t\n\t\t\t\t\t\t\t\t\t\t\t\t\n\t\t\t\t\t\t<div class=\"col span_4  element terracos marcenaria-exterior \"  data-project-cat=\"terracos marcenaria-exterior \" data-default-color=\"true\" data-title-color=\"\" data-subtitle-color=\"\">\n\t\t\t\t\t\t\t\n\t\t\t\t\t\t\t<div class=\"inner-wrap animated\" data-animation=\"perspective\">\n\t\t\t\t\t\t\t\t\n\t\t\t\t\t\t\t\t\t\t\t\t\t\t\t\t\t\n\t\t\t\t\t\t\t\t\t<div class=\"work-item style-2\" data-custom-content=\"\">\n\t\t\t\t\t\t\t\t\t\t\n\t\t\t\t\t\t\t\t\t\t<img loading=\"lazy\" decoding=\"async\" class=\"size- skip-lazy\" src=\"https:\/\/www.denhandwierker.lu\/wp-content\/uploads\/2018\/09\/image1-3-600x403.jpg\" alt=\"\" height=\"403\" width=\"600\" srcset=\"https:\/\/www.denhandwierker.lu\/wp-content\/uploads\/2018\/09\/image1-3-600x403.jpg 600w, https:\/\/www.denhandwierker.lu\/wp-content\/uploads\/2018\/09\/image1-3-400x269.jpg 400w\" sizes=\"auto, (min-width: 1000px) 33.3vw, (min-width: 690px) 50vw, 100vw\" \/>\t\t\t\t\t\t\t\t\t\t\n\t\t\t\t\t\t\t\t\t\t<div class=\"work-info-bg\"><\/div>\n\t\t\t\t\t\t\t\t\t\t<div class=\"work-info\">\n\t\t\t\t\t\t\t\t\t\t\t\n\t\t\t\t\t\t\t\t\t\t\t\t\t\t\t\t\t\t\t\t\t\t\t\n\t\t\t\t\t\t\t\t\t\t\t\t\n\t\t\t\t\t\t\t\t\t\t\t\t\t\t\t\t\t\t\t\t\t\t\t\t\t\t\t<a href=\"https:\/\/www.denhandwierker.lu\/wp-content\/uploads\/2018\/09\/image1-3.jpg\"  class=\"pretty_photo\"><\/a>  \n\t\t\t\t\t\t\t\t\t\t\t\t\t\t\t\t\t\t\t\t\t\t\t\t\t\n\t\t\t\t\t\t\t\t\t\t\t\n\t\t\t\t\t\t\t\t\t\t\t<div class=\"vert-center\">\n\t\t\t\t\t\t\t\t\t\t\t\t\t\n\t\t\t\t\t\t\t\t\t\t\t\t\t<h3>Terra\u00e7o em madeira ex\u00f3tica<\/h3> \n\t\t\t\t\t\t\t\t\t\t\t\t\t<p>28 Setembro 2018<\/p>\t\t\t\t\t\t\t\t\t\t\t<\/div><!--\/vert-center-->\n\t\t\t\t\t\t\t\t\t\t\t\n\t\t\t\t\t\t\t\t\t\t<\/div>\n\t\t\t\t\t\t\t\t\t<\/div><!--work-item-->\n\t\t\t\t\t\t\t\t\t\n\t\t\t\t\t\t\t\t\t\t\t\t\t\t\t\t\n\t\t\t\t\t\t\t\t\n\t\t\t\t\t\t\t<\/div><!--\/inner-wrap-->\n\t\t\t\t\t\t<\/div><!--\/col-->\n\t\t\t\t\t\t\n\t\t\t\t\t\t\t\t\t\t\t\n\t\t\t\t\t\t\t\t\t\t\t\t\n\t\t\t\t\t\t<div class=\"col span_4  element quartos marcenaria-de-interiores mobiliario \"  data-project-cat=\"quartos marcenaria-de-interiores mobiliario \" data-default-color=\"true\" data-title-color=\"\" data-subtitle-color=\"\">\n\t\t\t\t\t\t\t\n\t\t\t\t\t\t\t<div class=\"inner-wrap animated\" data-animation=\"perspective\">\n\t\t\t\t\t\t\t\t\n\t\t\t\t\t\t\t\t\t\t\t\t\t\t\t\t\t\n\t\t\t\t\t\t\t\t\t<div class=\"work-item style-2\" data-custom-content=\"\">\n\t\t\t\t\t\t\t\t\t\t\n\t\t\t\t\t\t\t\t\t\t<img loading=\"lazy\" decoding=\"async\" class=\"size- skip-lazy\" src=\"https:\/\/www.denhandwierker.lu\/wp-content\/uploads\/2018\/09\/dressing02-600x403.jpg\" alt=\"\" height=\"403\" width=\"600\" srcset=\"https:\/\/www.denhandwierker.lu\/wp-content\/uploads\/2018\/09\/dressing02-600x403.jpg 600w, https:\/\/www.denhandwierker.lu\/wp-content\/uploads\/2018\/09\/dressing02-400x269.jpg 400w\" sizes=\"auto, (min-width: 1000px) 33.3vw, (min-width: 690px) 50vw, 100vw\" \/>\t\t\t\t\t\t\t\t\t\t\n\t\t\t\t\t\t\t\t\t\t<div class=\"work-info-bg\"><\/div>\n\t\t\t\t\t\t\t\t\t\t<div class=\"work-info\">\n\t\t\t\t\t\t\t\t\t\t\t\n\t\t\t\t\t\t\t\t\t\t\t\t\t\t\t\t\t\t\t\t\t\t\t\n\t\t\t\t\t\t\t\t\t\t\t\t\n\t\t\t\t\t\t\t\t\t\t\t\t\t\t\t\t\t\t\t\t\t\t\t\t\t\t\t<a href=\"https:\/\/www.denhandwierker.lu\/wp-content\/uploads\/2018\/09\/dressing02.jpg\"  class=\"pretty_photo\"><\/a>  \n\t\t\t\t\t\t\t\t\t\t\t\t\t\t\t\t\t\t\t\t\t\t\t\t\t\n\t\t\t\t\t\t\t\t\t\t\t\n\t\t\t\t\t\t\t\t\t\t\t<div class=\"vert-center\">\n\t\t\t\t\t\t\t\t\t\t\t\t\t\n\t\t\t\t\t\t\t\t\t\t\t\t\t<h3>Vesti\u00e1rio<\/h3> \n\t\t\t\t\t\t\t\t\t\t\t\t\t<p>27 Setembro 2018<\/p>\t\t\t\t\t\t\t\t\t\t\t<\/div><!--\/vert-center-->\n\t\t\t\t\t\t\t\t\t\t\t\n\t\t\t\t\t\t\t\t\t\t<\/div>\n\t\t\t\t\t\t\t\t\t<\/div><!--work-item-->\n\t\t\t\t\t\t\t\t\t\n\t\t\t\t\t\t\t\t\t\t\t\t\t\t\t\t\n\t\t\t\t\t\t\t\t\n\t\t\t\t\t\t\t<\/div><!--\/inner-wrap-->\n\t\t\t\t\t\t<\/div><!--\/col-->\n\t\t\t\t\t\t\n\t\t\t\t\t\t\t\t\t\t\t\n\t\t\t\t\t\t\t\t\t\t\t\t\n\t\t\t\t\t\t<div class=\"col span_4  element terracos \"  data-project-cat=\"terracos \" data-default-color=\"true\" data-title-color=\"\" data-subtitle-color=\"\">\n\t\t\t\t\t\t\t\n\t\t\t\t\t\t\t<div class=\"inner-wrap animated\" data-animation=\"perspective\">\n\t\t\t\t\t\t\t\t\n\t\t\t\t\t\t\t\t\t\t\t\t\t\t\t\t\t\n\t\t\t\t\t\t\t\t\t<div class=\"work-item style-2\" data-custom-content=\"\">\n\t\t\t\t\t\t\t\t\t\t\n\t\t\t\t\t\t\t\t\t\t<img loading=\"lazy\" decoding=\"async\" class=\"size- skip-lazy\" src=\"https:\/\/www.denhandwierker.lu\/wp-content\/uploads\/2018\/03\/Terrasse-IPE-2-600x403.jpg\" alt=\"\" height=\"403\" width=\"600\" srcset=\"https:\/\/www.denhandwierker.lu\/wp-content\/uploads\/2018\/03\/Terrasse-IPE-2-600x403.jpg 600w, https:\/\/www.denhandwierker.lu\/wp-content\/uploads\/2018\/03\/Terrasse-IPE-2-400x269.jpg 400w\" sizes=\"auto, (min-width: 1000px) 33.3vw, (min-width: 690px) 50vw, 100vw\" \/>\t\t\t\t\t\t\t\t\t\t\n\t\t\t\t\t\t\t\t\t\t<div class=\"work-info-bg\"><\/div>\n\t\t\t\t\t\t\t\t\t\t<div class=\"work-info\">\n\t\t\t\t\t\t\t\t\t\t\t\n\t\t\t\t\t\t\t\t\t\t\t\t\t\t\t\t\t\t\t\t\t\t\t\n\t\t\t\t\t\t\t\t\t\t\t\t\n\t\t\t\t\t\t\t\t\t\t\t\t\t\t\t\t\t\t\t\t\t\t\t\t\t\t\t<a href=\"https:\/\/www.denhandwierker.lu\/wp-content\/uploads\/2018\/03\/Terrasse-IPE-2.jpg\"  class=\"pretty_photo\"><\/a>  \n\t\t\t\t\t\t\t\t\t\t\t\t\t\t\t\t\t\t\t\t\t\t\t\t\t\n\t\t\t\t\t\t\t\t\t\t\t\n\t\t\t\t\t\t\t\t\t\t\t<div class=\"vert-center\">\n\t\t\t\t\t\t\t\t\t\t\t\t\t\n\t\t\t\t\t\t\t\t\t\t\t\t\t<h3>Terra\u00e7o IPE<\/h3> \n\t\t\t\t\t\t\t\t\t\t\t\t\t<p>16 Mar\u00e7o 2018<\/p>\t\t\t\t\t\t\t\t\t\t\t<\/div><!--\/vert-center-->\n\t\t\t\t\t\t\t\t\t\t\t\n\t\t\t\t\t\t\t\t\t\t<\/div>\n\t\t\t\t\t\t\t\t\t<\/div><!--work-item-->\n\t\t\t\t\t\t\t\t\t\n\t\t\t\t\t\t\t\t\t\t\t\t\t\t\t\t\n\t\t\t\t\t\t\t\t\n\t\t\t\t\t\t\t<\/div><!--\/inner-wrap-->\n\t\t\t\t\t\t<\/div><!--\/col-->\n\t\t\t\t\t\t\n\t\t\t\t\t\t\t\t\t\t\t\n\t\t\t\t\t\t\t\t\t\t\t\t\n\t\t\t\t\t\t<div class=\"col span_4  element mobiliario \"  data-project-cat=\"mobiliario \" data-default-color=\"true\" data-title-color=\"\" data-subtitle-color=\"\">\n\t\t\t\t\t\t\t\n\t\t\t\t\t\t\t<div class=\"inner-wrap animated\" data-animation=\"perspective\">\n\t\t\t\t\t\t\t\t\n\t\t\t\t\t\t\t\t\t\t\t\t\t\t\t\t\t\n\t\t\t\t\t\t\t\t\t<div class=\"work-item style-2\" data-custom-content=\"\">\n\t\t\t\t\t\t\t\t\t\t\n\t\t\t\t\t\t\t\t\t\t<img loading=\"lazy\" decoding=\"async\" class=\"size- skip-lazy\" src=\"https:\/\/www.denhandwierker.lu\/wp-content\/uploads\/2018\/03\/Table-Bud-Inox-Trespa-600x403.jpg\" alt=\"\" height=\"403\" width=\"600\" srcset=\"https:\/\/www.denhandwierker.lu\/wp-content\/uploads\/2018\/03\/Table-Bud-Inox-Trespa-600x403.jpg 600w, https:\/\/www.denhandwierker.lu\/wp-content\/uploads\/2018\/03\/Table-Bud-Inox-Trespa-400x269.jpg 400w\" sizes=\"auto, (min-width: 1000px) 33.3vw, (min-width: 690px) 50vw, 100vw\" \/>\t\t\t\t\t\t\t\t\t\t\n\t\t\t\t\t\t\t\t\t\t<div class=\"work-info-bg\"><\/div>\n\t\t\t\t\t\t\t\t\t\t<div class=\"work-info\">\n\t\t\t\t\t\t\t\t\t\t\t\n\t\t\t\t\t\t\t\t\t\t\t\t\t\t\t\t\t\t\t\t\t\t\t\n\t\t\t\t\t\t\t\t\t\t\t\t\n\t\t\t\t\t\t\t\t\t\t\t\t\t\t\t\t\t\t\t\t\t\t\t\t\t\t\t<a href=\"https:\/\/www.denhandwierker.lu\/wp-content\/uploads\/2018\/03\/Table-Bud-Inox-Trespa.jpg\"  class=\"pretty_photo\"><\/a>  \n\t\t\t\t\t\t\t\t\t\t\t\t\t\t\t\t\t\t\t\t\t\t\t\t\t\n\t\t\t\t\t\t\t\t\t\t\t\n\t\t\t\t\t\t\t\t\t\t\t<div class=\"vert-center\">\n\t\t\t\t\t\t\t\t\t\t\t\t\t\n\t\t\t\t\t\t\t\t\t\t\t\t\t<h3>Come de p\u00e9<\/h3> \n\t\t\t\t\t\t\t\t\t\t\t\t\t<p>16 Mar\u00e7o 2018<\/p>\t\t\t\t\t\t\t\t\t\t\t<\/div><!--\/vert-center-->\n\t\t\t\t\t\t\t\t\t\t\t\n\t\t\t\t\t\t\t\t\t\t<\/div>\n\t\t\t\t\t\t\t\t\t<\/div><!--work-item-->\n\t\t\t\t\t\t\t\t\t\n\t\t\t\t\t\t\t\t\t\t\t\t\t\t\t\t\n\t\t\t\t\t\t\t\t\n\t\t\t\t\t\t\t<\/div><!--\/inner-wrap-->\n\t\t\t\t\t\t<\/div><!--\/col-->\n\t\t\t\t\t\t\n\t\t\t\t\t\t\t\t\t\t\t\n\t\t\t\t\t\t\t\t\t\t\t\t\n\t\t\t\t\t\t<div class=\"col span_4  element marcenaria-de-interiores \"  data-project-cat=\"marcenaria-de-interiores \" data-default-color=\"true\" data-title-color=\"\" data-subtitle-color=\"\">\n\t\t\t\t\t\t\t\n\t\t\t\t\t\t\t<div class=\"inner-wrap animated\" data-animation=\"perspective\">\n\t\t\t\t\t\t\t\t\n\t\t\t\t\t\t\t\t\t\t\t\t\t\t\t\t\t\n\t\t\t\t\t\t\t\t\t<div class=\"work-item style-2\" data-custom-content=\"\">\n\t\t\t\t\t\t\t\t\t\t\n\t\t\t\t\t\t\t\t\t\t<img loading=\"lazy\" decoding=\"async\" class=\"size- skip-lazy\" src=\"https:\/\/www.denhandwierker.lu\/wp-content\/uploads\/2018\/03\/Stand-Foire-4-600x403.jpg\" alt=\"\" height=\"403\" width=\"600\" srcset=\"https:\/\/www.denhandwierker.lu\/wp-content\/uploads\/2018\/03\/Stand-Foire-4-600x403.jpg 600w, https:\/\/www.denhandwierker.lu\/wp-content\/uploads\/2018\/03\/Stand-Foire-4-400x269.jpg 400w\" sizes=\"auto, (min-width: 1000px) 33.3vw, (min-width: 690px) 50vw, 100vw\" \/>\t\t\t\t\t\t\t\t\t\t\n\t\t\t\t\t\t\t\t\t\t<div class=\"work-info-bg\"><\/div>\n\t\t\t\t\t\t\t\t\t\t<div class=\"work-info\">\n\t\t\t\t\t\t\t\t\t\t\t\n\t\t\t\t\t\t\t\t\t\t\t\t\t\t\t\t\t\t\t\t\t\t\t\n\t\t\t\t\t\t\t\t\t\t\t\t\n\t\t\t\t\t\t\t\t\t\t\t\t\t\t\t\t\t\t\t\t\t\t\t\t\t\t\t<a href=\"https:\/\/www.denhandwierker.lu\/wp-content\/uploads\/2018\/03\/Stand-Foire-4.jpg\"  class=\"pretty_photo\"><\/a>  \n\t\t\t\t\t\t\t\t\t\t\t\t\t\t\t\t\t\t\t\t\t\t\t\t\t\n\t\t\t\t\t\t\t\t\t\t\t\n\t\t\t\t\t\t\t\t\t\t\t<div class=\"vert-center\">\n\t\t\t\t\t\t\t\t\t\t\t\t\t\n\t\t\t\t\t\t\t\t\t\t\t\t\t<h3>Stand de feira \u00e0 medida<\/h3> \n\t\t\t\t\t\t\t\t\t\t\t\t\t<p>16 Mar\u00e7o 2018<\/p>\t\t\t\t\t\t\t\t\t\t\t<\/div><!--\/vert-center-->\n\t\t\t\t\t\t\t\t\t\t\t\n\t\t\t\t\t\t\t\t\t\t<\/div>\n\t\t\t\t\t\t\t\t\t<\/div><!--work-item-->\n\t\t\t\t\t\t\t\t\t\n\t\t\t\t\t\t\t\t\t\t\t\t\t\t\t\t\n\t\t\t\t\t\t\t\t\n\t\t\t\t\t\t\t<\/div><!--\/inner-wrap-->\n\t\t\t\t\t\t<\/div><!--\/col-->\n\t\t\t\t\t\t\n\t\t\t\t\t\t\t\t\t\t\t\n\t\t\t\t\t\t\t\t\t\t\t\t\n\t\t\t\t\t\t<div class=\"col span_4  element serralheiro \"  data-project-cat=\"serralheiro \" data-default-color=\"true\" data-title-color=\"\" data-subtitle-color=\"\">\n\t\t\t\t\t\t\t\n\t\t\t\t\t\t\t<div class=\"inner-wrap animated\" data-animation=\"perspective\">\n\t\t\t\t\t\t\t\t\n\t\t\t\t\t\t\t\t\t\t\t\t\t\t\t\t\t\n\t\t\t\t\t\t\t\t\t<div class=\"work-item style-2\" data-custom-content=\"\">\n\t\t\t\t\t\t\t\t\t\t\n\t\t\t\t\t\t\t\t\t\t<img loading=\"lazy\" decoding=\"async\" class=\"size- skip-lazy\" src=\"https:\/\/www.denhandwierker.lu\/wp-content\/uploads\/2018\/03\/Serrurerie-Grille-Exterieur-apres-600x403.jpg\" alt=\"\" height=\"403\" width=\"600\" srcset=\"https:\/\/www.denhandwierker.lu\/wp-content\/uploads\/2018\/03\/Serrurerie-Grille-Exterieur-apres-600x403.jpg 600w, https:\/\/www.denhandwierker.lu\/wp-content\/uploads\/2018\/03\/Serrurerie-Grille-Exterieur-apres-400x269.jpg 400w\" sizes=\"auto, (min-width: 1000px) 33.3vw, (min-width: 690px) 50vw, 100vw\" \/>\t\t\t\t\t\t\t\t\t\t\n\t\t\t\t\t\t\t\t\t\t<div class=\"work-info-bg\"><\/div>\n\t\t\t\t\t\t\t\t\t\t<div class=\"work-info\">\n\t\t\t\t\t\t\t\t\t\t\t\n\t\t\t\t\t\t\t\t\t\t\t\t\t\t\t\t\t\t\t\t\t\t\t\n\t\t\t\t\t\t\t\t\t\t\t\t\n\t\t\t\t\t\t\t\t\t\t\t\t\t\t\t\t\t\t\t\t\t\t\t\t\t\t\t<a href=\"https:\/\/www.denhandwierker.lu\/wp-content\/uploads\/2018\/03\/Serrurerie-Grille-Exterieur-apres.jpg\"  class=\"pretty_photo\"><\/a>  \n\t\t\t\t\t\t\t\t\t\t\t\t\t\t\t\t\t\t\t\t\t\t\t\t\t\n\t\t\t\t\t\t\t\t\t\t\t\n\t\t\t\t\t\t\t\t\t\t\t<div class=\"vert-center\">\n\t\t\t\t\t\t\t\t\t\t\t\t\t\n\t\t\t\t\t\t\t\t\t\t\t\t\t<h3>Malha externa<\/h3> \n\t\t\t\t\t\t\t\t\t\t\t\t\t<p>16 Mar\u00e7o 2018<\/p>\t\t\t\t\t\t\t\t\t\t\t<\/div><!--\/vert-center-->\n\t\t\t\t\t\t\t\t\t\t\t\n\t\t\t\t\t\t\t\t\t\t<\/div>\n\t\t\t\t\t\t\t\t\t<\/div><!--work-item-->\n\t\t\t\t\t\t\t\t\t\n\t\t\t\t\t\t\t\t\t\t\t\t\t\t\t\t\n\t\t\t\t\t\t\t\t\n\t\t\t\t\t\t\t<\/div><!--\/inner-wrap-->\n\t\t\t\t\t\t<\/div><!--\/col-->\n\t\t\t\t\t\t\n\t\t\t\t\t\t\t\t\t\t\t\n\t\t\t\t\t\t\t\t\t\t\t\t\n\t\t\t\t\t\t<div class=\"col span_4  element mobiliario \"  data-project-cat=\"mobiliario \" data-default-color=\"true\" data-title-color=\"\" data-subtitle-color=\"\">\n\t\t\t\t\t\t\t\n\t\t\t\t\t\t\t<div class=\"inner-wrap animated\" data-animation=\"perspective\">\n\t\t\t\t\t\t\t\t\n\t\t\t\t\t\t\t\t\t\t\t\t\t\t\t\t\t\n\t\t\t\t\t\t\t\t\t<div class=\"work-item style-2\" data-custom-content=\"\">\n\t\t\t\t\t\t\t\t\t\t\n\t\t\t\t\t\t\t\t\t\t<img loading=\"lazy\" decoding=\"async\" class=\"size- skip-lazy\" src=\"https:\/\/www.denhandwierker.lu\/wp-content\/uploads\/2018\/03\/reception-special-600x403.jpg\" alt=\"\" height=\"403\" width=\"600\" srcset=\"https:\/\/www.denhandwierker.lu\/wp-content\/uploads\/2018\/03\/reception-special-600x403.jpg 600w, https:\/\/www.denhandwierker.lu\/wp-content\/uploads\/2018\/03\/reception-special-400x269.jpg 400w\" sizes=\"auto, (min-width: 1000px) 33.3vw, (min-width: 690px) 50vw, 100vw\" \/>\t\t\t\t\t\t\t\t\t\t\n\t\t\t\t\t\t\t\t\t\t<div class=\"work-info-bg\"><\/div>\n\t\t\t\t\t\t\t\t\t\t<div class=\"work-info\">\n\t\t\t\t\t\t\t\t\t\t\t\n\t\t\t\t\t\t\t\t\t\t\t\t\t\t\t\t\t\t\t\t\t\t\t\n\t\t\t\t\t\t\t\t\t\t\t\t\n\t\t\t\t\t\t\t\t\t\t\t\t\t\t\t\t\t\t\t\t\t\t\t\t\t\t\t<a href=\"https:\/\/www.denhandwierker.lu\/wp-content\/uploads\/2018\/03\/reception-special.jpg\"  class=\"pretty_photo\"><\/a>  \n\t\t\t\t\t\t\t\t\t\t\t\t\t\t\t\t\t\t\t\t\t\t\t\t\t\n\t\t\t\t\t\t\t\t\t\t\t\n\t\t\t\t\t\t\t\t\t\t\t<div class=\"vert-center\">\n\t\t\t\t\t\t\t\t\t\t\t\t\t\n\t\t\t\t\t\t\t\t\t\t\t\t\t<h3>Mobili\u00e1rio de rece\u00e7\u00e3o<\/h3> \n\t\t\t\t\t\t\t\t\t\t\t\t\t<p>16 Mar\u00e7o 2018<\/p>\t\t\t\t\t\t\t\t\t\t\t<\/div><!--\/vert-center-->\n\t\t\t\t\t\t\t\t\t\t\t\n\t\t\t\t\t\t\t\t\t\t<\/div>\n\t\t\t\t\t\t\t\t\t<\/div><!--work-item-->\n\t\t\t\t\t\t\t\t\t\n\t\t\t\t\t\t\t\t\t\t\t\t\t\t\t\t\n\t\t\t\t\t\t\t\t\n\t\t\t\t\t\t\t<\/div><!--\/inner-wrap-->\n\t\t\t\t\t\t<\/div><!--\/col-->\n\t\t\t\t\t\t\n\t\t\t\t\t\t\t\t\t\t\t\n\t\t\t\t\t\t\t\t\t\t\t\t\n\t\t\t\t\t\t<div class=\"col span_4  element terracos \"  data-project-cat=\"terracos \" data-default-color=\"true\" data-title-color=\"\" data-subtitle-color=\"\">\n\t\t\t\t\t\t\t\n\t\t\t\t\t\t\t<div class=\"inner-wrap animated\" data-animation=\"perspective\">\n\t\t\t\t\t\t\t\t\n\t\t\t\t\t\t\t\t\t\t\t\t\t\t\t\t\t\n\t\t\t\t\t\t\t\t\t<div class=\"work-item style-2\" data-custom-content=\"\">\n\t\t\t\t\t\t\t\t\t\t\n\t\t\t\t\t\t\t\t\t\t<img loading=\"lazy\" decoding=\"async\" class=\"size- skip-lazy\" src=\"https:\/\/www.denhandwierker.lu\/wp-content\/uploads\/2018\/03\/Terrasse-megawood-2-600x403.jpg\" alt=\"\" height=\"403\" width=\"600\" srcset=\"https:\/\/www.denhandwierker.lu\/wp-content\/uploads\/2018\/03\/Terrasse-megawood-2-600x403.jpg 600w, https:\/\/www.denhandwierker.lu\/wp-content\/uploads\/2018\/03\/Terrasse-megawood-2-400x269.jpg 400w\" sizes=\"auto, (min-width: 1000px) 33.3vw, (min-width: 690px) 50vw, 100vw\" \/>\t\t\t\t\t\t\t\t\t\t\n\t\t\t\t\t\t\t\t\t\t<div class=\"work-info-bg\"><\/div>\n\t\t\t\t\t\t\t\t\t\t<div class=\"work-info\">\n\t\t\t\t\t\t\t\t\t\t\t\n\t\t\t\t\t\t\t\t\t\t\t\t\t\t\t\t\t\t\t\t\t\t\t\n\t\t\t\t\t\t\t\t\t\t\t\t\n\t\t\t\t\t\t\t\t\t\t\t\t\t\t\t\t\t\t\t\t\t\t\t\t\t\t\t<a href=\"https:\/\/www.denhandwierker.lu\/wp-content\/uploads\/2018\/03\/Terrasse-megawood-2.jpg\"  class=\"pretty_photo\"><\/a>  \n\t\t\t\t\t\t\t\t\t\t\t\t\t\t\t\t\t\t\t\t\t\t\t\t\t\n\t\t\t\t\t\t\t\t\t\t\t\n\t\t\t\t\t\t\t\t\t\t\t<div class=\"vert-center\">\n\t\t\t\t\t\t\t\t\t\t\t\t\t\n\t\t\t\t\t\t\t\t\t\t\t\t\t<h3>Terra\u00e7o Megawood<\/h3> \n\t\t\t\t\t\t\t\t\t\t\t\t\t<p>16 Mar\u00e7o 2018<\/p>\t\t\t\t\t\t\t\t\t\t\t<\/div><!--\/vert-center-->\n\t\t\t\t\t\t\t\t\t\t\t\n\t\t\t\t\t\t\t\t\t\t<\/div>\n\t\t\t\t\t\t\t\t\t<\/div><!--work-item-->\n\t\t\t\t\t\t\t\t\t\n\t\t\t\t\t\t\t\t\t\t\t\t\t\t\t\t\n\t\t\t\t\t\t\t\t\n\t\t\t\t\t\t\t<\/div><!--\/inner-wrap-->\n\t\t\t\t\t\t<\/div><!--\/col-->\n\t\t\t\t\t\t\n\t\t\t\t\t\t\t\t\t\t\t\n\t\t\t\t\t\t\t\t\t\t\t\t\n\t\t\t\t\t\t<div class=\"col span_4  element marcenaria-de-interiores \"  data-project-cat=\"marcenaria-de-interiores \" data-default-color=\"true\" data-title-color=\"\" data-subtitle-color=\"\">\n\t\t\t\t\t\t\t\n\t\t\t\t\t\t\t<div class=\"inner-wrap animated\" data-animation=\"perspective\">\n\t\t\t\t\t\t\t\t\n\t\t\t\t\t\t\t\t\t\t\t\t\t\t\t\t\t\n\t\t\t\t\t\t\t\t\t<div class=\"work-item style-2\" data-custom-content=\"\">\n\t\t\t\t\t\t\t\t\t\t\n\t\t\t\t\t\t\t\t\t\t<img loading=\"lazy\" decoding=\"async\" class=\"size- skip-lazy\" src=\"https:\/\/www.denhandwierker.lu\/wp-content\/uploads\/2018\/03\/meuble-sur-mesure-sous-toiture-600x403.jpg\" alt=\"\" height=\"403\" width=\"600\" srcset=\"https:\/\/www.denhandwierker.lu\/wp-content\/uploads\/2018\/03\/meuble-sur-mesure-sous-toiture-600x403.jpg 600w, https:\/\/www.denhandwierker.lu\/wp-content\/uploads\/2018\/03\/meuble-sur-mesure-sous-toiture-400x269.jpg 400w\" sizes=\"auto, (min-width: 1000px) 33.3vw, (min-width: 690px) 50vw, 100vw\" \/>\t\t\t\t\t\t\t\t\t\t\n\t\t\t\t\t\t\t\t\t\t<div class=\"work-info-bg\"><\/div>\n\t\t\t\t\t\t\t\t\t\t<div class=\"work-info\">\n\t\t\t\t\t\t\t\t\t\t\t\n\t\t\t\t\t\t\t\t\t\t\t\t\t\t\t\t\t\t\t\t\t\t\t\n\t\t\t\t\t\t\t\t\t\t\t\t\n\t\t\t\t\t\t\t\t\t\t\t\t\t\t\t\t\t\t\t\t\t\t\t\t\t\t\t<a href=\"https:\/\/www.denhandwierker.lu\/wp-content\/uploads\/2018\/03\/meuble-sur-mesure-sous-toiture.jpg\"  class=\"pretty_photo\"><\/a>  \n\t\t\t\t\t\t\t\t\t\t\t\t\t\t\t\t\t\t\t\t\t\t\t\t\t\n\t\t\t\t\t\t\t\t\t\t\t\n\t\t\t\t\t\t\t\t\t\t\t<div class=\"vert-center\">\n\t\t\t\t\t\t\t\t\t\t\t\t\t\n\t\t\t\t\t\t\t\t\t\t\t\t\t<h3>Mobili\u00e1rio sob o teto<\/h3> \n\t\t\t\t\t\t\t\t\t\t\t\t\t<p>16 Mar\u00e7o 2018<\/p>\t\t\t\t\t\t\t\t\t\t\t<\/div><!--\/vert-center-->\n\t\t\t\t\t\t\t\t\t\t\t\n\t\t\t\t\t\t\t\t\t\t<\/div>\n\t\t\t\t\t\t\t\t\t<\/div><!--work-item-->\n\t\t\t\t\t\t\t\t\t\n\t\t\t\t\t\t\t\t\t\t\t\t\t\t\t\t\n\t\t\t\t\t\t\t\t\n\t\t\t\t\t\t\t<\/div><!--\/inner-wrap-->\n\t\t\t\t\t\t<\/div><!--\/col-->\n\t\t\t\t\t\t\n\t\t\t\t\t\t\t\t\t\t\t\n\t\t\t\t\t\t\t\t\t\t\t\t\n\t\t\t\t\t\t<div class=\"col span_4  element marcenaria-exterior mobiliario \"  data-project-cat=\"marcenaria-exterior mobiliario \" data-default-color=\"true\" data-title-color=\"\" data-subtitle-color=\"\">\n\t\t\t\t\t\t\t\n\t\t\t\t\t\t\t<div class=\"inner-wrap animated\" data-animation=\"perspective\">\n\t\t\t\t\t\t\t\t\n\t\t\t\t\t\t\t\t\t\t\t\t\t\t\t\t\t\n\t\t\t\t\t\t\t\t\t<div class=\"work-item style-2\" data-custom-content=\"\">\n\t\t\t\t\t\t\t\t\t\t\n\t\t\t\t\t\t\t\t\t\t<img loading=\"lazy\" decoding=\"async\" class=\"size- skip-lazy\" src=\"https:\/\/www.denhandwierker.lu\/wp-content\/uploads\/2018\/03\/Table-Bois-rustique-600x403.jpg\" alt=\"\" height=\"403\" width=\"600\" srcset=\"https:\/\/www.denhandwierker.lu\/wp-content\/uploads\/2018\/03\/Table-Bois-rustique-600x403.jpg 600w, https:\/\/www.denhandwierker.lu\/wp-content\/uploads\/2018\/03\/Table-Bois-rustique-400x269.jpg 400w\" sizes=\"auto, (min-width: 1000px) 33.3vw, (min-width: 690px) 50vw, 100vw\" \/>\t\t\t\t\t\t\t\t\t\t\n\t\t\t\t\t\t\t\t\t\t<div class=\"work-info-bg\"><\/div>\n\t\t\t\t\t\t\t\t\t\t<div class=\"work-info\">\n\t\t\t\t\t\t\t\t\t\t\t\n\t\t\t\t\t\t\t\t\t\t\t\t\t\t\t\t\t\t\t\t\t\t\t\n\t\t\t\t\t\t\t\t\t\t\t\t\n\t\t\t\t\t\t\t\t\t\t\t\t\t\t\t\t\t\t\t\t\t\t\t\t\t\t\t<a href=\"https:\/\/www.denhandwierker.lu\/wp-content\/uploads\/2018\/03\/Table-Bois-rustique.jpg\"  class=\"pretty_photo\"><\/a>  \n\t\t\t\t\t\t\t\t\t\t\t\t\t\t\t\t\t\t\t\t\t\t\t\t\t\n\t\t\t\t\t\t\t\t\t\t\t\n\t\t\t\t\t\t\t\t\t\t\t<div class=\"vert-center\">\n\t\t\t\t\t\t\t\t\t\t\t\t\t\n\t\t\t\t\t\t\t\t\t\t\t\t\t<h3>Mesa de exterior em madeira<\/h3> \n\t\t\t\t\t\t\t\t\t\t\t\t\t<p>16 Mar\u00e7o 2018<\/p>\t\t\t\t\t\t\t\t\t\t\t<\/div><!--\/vert-center-->\n\t\t\t\t\t\t\t\t\t\t\t\n\t\t\t\t\t\t\t\t\t\t<\/div>\n\t\t\t\t\t\t\t\t\t<\/div><!--work-item-->\n\t\t\t\t\t\t\t\t\t\n\t\t\t\t\t\t\t\t\t\t\t\t\t\t\t\t\n\t\t\t\t\t\t\t\t\n\t\t\t\t\t\t\t<\/div><!--\/inner-wrap-->\n\t\t\t\t\t\t<\/div><!--\/col-->\n\t\t\t\t\t\t\n\t\t\t\t\t\t\t\t\t\t\t\n\t\t\t\t\t\t\t\t\t\t\t\t\n\t\t\t\t\t\t<div class=\"col span_4  element escritorios marcenaria-de-interiores mobiliario \"  data-project-cat=\"escritorios marcenaria-de-interiores mobiliario \" data-default-color=\"true\" data-title-color=\"\" data-subtitle-color=\"\">\n\t\t\t\t\t\t\t\n\t\t\t\t\t\t\t<div class=\"inner-wrap animated\" data-animation=\"perspective\">\n\t\t\t\t\t\t\t\t\n\t\t\t\t\t\t\t\t\t\t\t\t\t\t\t\t\t\n\t\t\t\t\t\t\t\t\t<div class=\"work-item style-2\" data-custom-content=\"\">\n\t\t\t\t\t\t\t\t\t\t\n\t\t\t\t\t\t\t\t\t\t<img loading=\"lazy\" decoding=\"async\" class=\"size- skip-lazy\" src=\"https:\/\/www.denhandwierker.lu\/wp-content\/uploads\/2018\/03\/meuble-bureau-600x403.jpg\" alt=\"\" height=\"403\" width=\"600\" srcset=\"https:\/\/www.denhandwierker.lu\/wp-content\/uploads\/2018\/03\/meuble-bureau-600x403.jpg 600w, https:\/\/www.denhandwierker.lu\/wp-content\/uploads\/2018\/03\/meuble-bureau-400x269.jpg 400w\" sizes=\"auto, (min-width: 1000px) 33.3vw, (min-width: 690px) 50vw, 100vw\" \/>\t\t\t\t\t\t\t\t\t\t\n\t\t\t\t\t\t\t\t\t\t<div class=\"work-info-bg\"><\/div>\n\t\t\t\t\t\t\t\t\t\t<div class=\"work-info\">\n\t\t\t\t\t\t\t\t\t\t\t\n\t\t\t\t\t\t\t\t\t\t\t\t\t\t\t\t\t\t\t\t\t\t\t\n\t\t\t\t\t\t\t\t\t\t\t\t\n\t\t\t\t\t\t\t\t\t\t\t\t\t\t\t\t\t\t\t\t\t\t\t\t\t\t\t<a href=\"https:\/\/www.denhandwierker.lu\/wp-content\/uploads\/2018\/03\/meuble-bureau.jpg\"  class=\"pretty_photo\"><\/a>  \n\t\t\t\t\t\t\t\t\t\t\t\t\t\t\t\t\t\t\t\t\t\t\t\t\t\n\t\t\t\t\t\t\t\t\t\t\t\n\t\t\t\t\t\t\t\t\t\t\t<div class=\"vert-center\">\n\t\t\t\t\t\t\t\t\t\t\t\t\t\n\t\t\t\t\t\t\t\t\t\t\t\t\t<h3>Mobili\u00e1rio de escrit\u00f3rio<\/h3> \n\t\t\t\t\t\t\t\t\t\t\t\t\t<p>16 Mar\u00e7o 2018<\/p>\t\t\t\t\t\t\t\t\t\t\t<\/div><!--\/vert-center-->\n\t\t\t\t\t\t\t\t\t\t\t\n\t\t\t\t\t\t\t\t\t\t<\/div>\n\t\t\t\t\t\t\t\t\t<\/div><!--work-item-->\n\t\t\t\t\t\t\t\t\t\n\t\t\t\t\t\t\t\t\t\t\t\t\t\t\t\t\n\t\t\t\t\t\t\t\t\n\t\t\t\t\t\t\t<\/div><!--\/inner-wrap-->\n\t\t\t\t\t\t<\/div><!--\/col-->\n\t\t\t\t\t\t\n\t\t\t\t\t\t\t\t\t\t\t\n\t\t\t\t\t\t\t\t\t\t\t\t\n\t\t\t\t\t\t<div class=\"col span_4  element terracos \"  data-project-cat=\"terracos \" data-default-color=\"true\" data-title-color=\"\" data-subtitle-color=\"\">\n\t\t\t\t\t\t\t\n\t\t\t\t\t\t\t<div class=\"inner-wrap animated\" data-animation=\"perspective\">\n\t\t\t\t\t\t\t\t\n\t\t\t\t\t\t\t\t\t\t\t\t\t\t\t\t\t\n\t\t\t\t\t\t\t\t\t<div class=\"work-item style-2\" data-custom-content=\"\">\n\t\t\t\t\t\t\t\t\t\t\n\t\t\t\t\t\t\t\t\t\t<img loading=\"lazy\" decoding=\"async\" class=\"size- skip-lazy\" src=\"https:\/\/www.denhandwierker.lu\/wp-content\/uploads\/2018\/03\/Terrasse-IPE-3-600x403.jpg\" alt=\"\" height=\"403\" width=\"600\" srcset=\"https:\/\/www.denhandwierker.lu\/wp-content\/uploads\/2018\/03\/Terrasse-IPE-3-600x403.jpg 600w, https:\/\/www.denhandwierker.lu\/wp-content\/uploads\/2018\/03\/Terrasse-IPE-3-400x269.jpg 400w\" sizes=\"auto, (min-width: 1000px) 33.3vw, (min-width: 690px) 50vw, 100vw\" \/>\t\t\t\t\t\t\t\t\t\t\n\t\t\t\t\t\t\t\t\t\t<div class=\"work-info-bg\"><\/div>\n\t\t\t\t\t\t\t\t\t\t<div class=\"work-info\">\n\t\t\t\t\t\t\t\t\t\t\t\n\t\t\t\t\t\t\t\t\t\t\t\t\t\t\t\t\t\t\t\t\t\t\t\n\t\t\t\t\t\t\t\t\t\t\t\t\n\t\t\t\t\t\t\t\t\t\t\t\t\t\t\t\t\t\t\t\t\t\t\t\t\t\t\t<a href=\"https:\/\/www.denhandwierker.lu\/wp-content\/uploads\/2018\/03\/Terrasse-IPE-3.jpg\"  class=\"pretty_photo\"><\/a>  \n\t\t\t\t\t\t\t\t\t\t\t\t\t\t\t\t\t\t\t\t\t\t\t\t\t\n\t\t\t\t\t\t\t\t\t\t\t\n\t\t\t\t\t\t\t\t\t\t\t<div class=\"vert-center\">\n\t\t\t\t\t\t\t\t\t\t\t\t\t\n\t\t\t\t\t\t\t\t\t\t\t\t\t<h3>Terra\u00e7o IPE<\/h3> \n\t\t\t\t\t\t\t\t\t\t\t\t\t<p>16 Mar\u00e7o 2018<\/p>\t\t\t\t\t\t\t\t\t\t\t<\/div><!--\/vert-center-->\n\t\t\t\t\t\t\t\t\t\t\t\n\t\t\t\t\t\t\t\t\t\t<\/div>\n\t\t\t\t\t\t\t\t\t<\/div><!--work-item-->\n\t\t\t\t\t\t\t\t\t\n\t\t\t\t\t\t\t\t\t\t\t\t\t\t\t\t\n\t\t\t\t\t\t\t\t\n\t\t\t\t\t\t\t<\/div><!--\/inner-wrap-->\n\t\t\t\t\t\t<\/div><!--\/col-->\n\t\t\t\t\t\t\n\t\t\t\t\t\t\t\t\t\t\t\n\t\t\t\t\t\t\t\t\t\t\t\t\n\t\t\t\t\t\t<div class=\"col span_4  element marcenaria-de-interiores mobiliario \"  data-project-cat=\"marcenaria-de-interiores mobiliario \" data-default-color=\"true\" data-title-color=\"\" data-subtitle-color=\"\">\n\t\t\t\t\t\t\t\n\t\t\t\t\t\t\t<div class=\"inner-wrap animated\" data-animation=\"perspective\">\n\t\t\t\t\t\t\t\t\n\t\t\t\t\t\t\t\t\t\t\t\t\t\t\t\t\t\n\t\t\t\t\t\t\t\t\t<div class=\"work-item style-2\" data-custom-content=\"\">\n\t\t\t\t\t\t\t\t\t\t\n\t\t\t\t\t\t\t\t\t\t<img loading=\"lazy\" decoding=\"async\" class=\"size- skip-lazy\" src=\"https:\/\/www.denhandwierker.lu\/wp-content\/uploads\/2018\/03\/meuble-buanderie-600x403.jpg\" alt=\"\" height=\"403\" width=\"600\" srcset=\"https:\/\/www.denhandwierker.lu\/wp-content\/uploads\/2018\/03\/meuble-buanderie-600x403.jpg 600w, https:\/\/www.denhandwierker.lu\/wp-content\/uploads\/2018\/03\/meuble-buanderie-400x269.jpg 400w\" sizes=\"auto, (min-width: 1000px) 33.3vw, (min-width: 690px) 50vw, 100vw\" \/>\t\t\t\t\t\t\t\t\t\t\n\t\t\t\t\t\t\t\t\t\t<div class=\"work-info-bg\"><\/div>\n\t\t\t\t\t\t\t\t\t\t<div class=\"work-info\">\n\t\t\t\t\t\t\t\t\t\t\t\n\t\t\t\t\t\t\t\t\t\t\t\t\t\t\t\t\t\t\t\t\t\t\t\n\t\t\t\t\t\t\t\t\t\t\t\t\n\t\t\t\t\t\t\t\t\t\t\t\t\t\t\t\t\t\t\t\t\t\t\t\t\t\t\t<a href=\"https:\/\/www.denhandwierker.lu\/wp-content\/uploads\/2018\/03\/meuble-buanderie.jpg\"  class=\"pretty_photo\"><\/a>  \n\t\t\t\t\t\t\t\t\t\t\t\t\t\t\t\t\t\t\t\t\t\t\t\t\t\n\t\t\t\t\t\t\t\t\t\t\t\n\t\t\t\t\t\t\t\t\t\t\t<div class=\"vert-center\">\n\t\t\t\t\t\t\t\t\t\t\t\t\t\n\t\t\t\t\t\t\t\t\t\t\t\t\t<h3>Arm\u00e1rio de lavandaria<\/h3> \n\t\t\t\t\t\t\t\t\t\t\t\t\t<p>16 Mar\u00e7o 2018<\/p>\t\t\t\t\t\t\t\t\t\t\t<\/div><!--\/vert-center-->\n\t\t\t\t\t\t\t\t\t\t\t\n\t\t\t\t\t\t\t\t\t\t<\/div>\n\t\t\t\t\t\t\t\t\t<\/div><!--work-item-->\n\t\t\t\t\t\t\t\t\t\n\t\t\t\t\t\t\t\t\t\t\t\t\t\t\t\t\n\t\t\t\t\t\t\t\t\n\t\t\t\t\t\t\t<\/div><!--\/inner-wrap-->\n\t\t\t\t\t\t<\/div><!--\/col-->\n\t\t\t\t\t\t\n\t\t\t\t\t\t\t\t\t\t\t\n\t\t\t\t\t\t\t\t\t\t\t\t\n\t\t\t\t\t\t<div class=\"col span_4  element serralheiro \"  data-project-cat=\"serralheiro \" data-default-color=\"true\" data-title-color=\"\" data-subtitle-color=\"\">\n\t\t\t\t\t\t\t\n\t\t\t\t\t\t\t<div class=\"inner-wrap animated\" data-animation=\"perspective\">\n\t\t\t\t\t\t\t\t\n\t\t\t\t\t\t\t\t\t\t\t\t\t\t\t\t\t\n\t\t\t\t\t\t\t\t\t<div class=\"work-item style-2\" data-custom-content=\"\">\n\t\t\t\t\t\t\t\t\t\t\n\t\t\t\t\t\t\t\t\t\t<img loading=\"lazy\" decoding=\"async\" class=\"size- skip-lazy\" src=\"https:\/\/www.denhandwierker.lu\/wp-content\/uploads\/2018\/03\/Serrurerie-Kirsch-1-600x403.jpg\" alt=\"\" height=\"403\" width=\"600\" srcset=\"https:\/\/www.denhandwierker.lu\/wp-content\/uploads\/2018\/03\/Serrurerie-Kirsch-1-600x403.jpg 600w, https:\/\/www.denhandwierker.lu\/wp-content\/uploads\/2018\/03\/Serrurerie-Kirsch-1-400x269.jpg 400w\" sizes=\"auto, (min-width: 1000px) 33.3vw, (min-width: 690px) 50vw, 100vw\" \/>\t\t\t\t\t\t\t\t\t\t\n\t\t\t\t\t\t\t\t\t\t<div class=\"work-info-bg\"><\/div>\n\t\t\t\t\t\t\t\t\t\t<div class=\"work-info\">\n\t\t\t\t\t\t\t\t\t\t\t\n\t\t\t\t\t\t\t\t\t\t\t\t\t\t\t\t\t\t\t\t\t\t\t\n\t\t\t\t\t\t\t\t\t\t\t\t\n\t\t\t\t\t\t\t\t\t\t\t\t\t\t\t\t\t\t\t\t\t\t\t\t\t\t\t<a href=\"https:\/\/www.denhandwierker.lu\/wp-content\/uploads\/2018\/03\/Serrurerie-Kirsch-1.jpg\"  class=\"pretty_photo\"><\/a>  \n\t\t\t\t\t\t\t\t\t\t\t\t\t\t\t\t\t\t\t\t\t\t\t\t\t\n\t\t\t\t\t\t\t\t\t\t\t\n\t\t\t\t\t\t\t\t\t\t\t<div class=\"vert-center\">\n\t\t\t\t\t\t\t\t\t\t\t\t\t\n\t\t\t\t\t\t\t\t\t\t\t\t\t<h3>Grades e pain\u00e9is<\/h3> \n\t\t\t\t\t\t\t\t\t\t\t\t\t<p>16 Mar\u00e7o 2018<\/p>\t\t\t\t\t\t\t\t\t\t\t<\/div><!--\/vert-center-->\n\t\t\t\t\t\t\t\t\t\t\t\n\t\t\t\t\t\t\t\t\t\t<\/div>\n\t\t\t\t\t\t\t\t\t<\/div><!--work-item-->\n\t\t\t\t\t\t\t\t\t\n\t\t\t\t\t\t\t\t\t\t\t\t\t\t\t\t\n\t\t\t\t\t\t\t\t\n\t\t\t\t\t\t\t<\/div><!--\/inner-wrap-->\n\t\t\t\t\t\t<\/div><!--\/col-->\n\t\t\t\t\t\t\n\t\t\t\t\t\t\t\t\t\t\t\n\t\t\t\t\t\t\t\t\t\t\t\t\n\t\t\t\t\t\t<div class=\"col span_4  element marcenaria-de-interiores \"  data-project-cat=\"marcenaria-de-interiores \" data-default-color=\"true\" data-title-color=\"\" data-subtitle-color=\"\">\n\t\t\t\t\t\t\t\n\t\t\t\t\t\t\t<div class=\"inner-wrap animated\" data-animation=\"perspective\">\n\t\t\t\t\t\t\t\t\n\t\t\t\t\t\t\t\t\t\t\t\t\t\t\t\t\t\n\t\t\t\t\t\t\t\t\t<div class=\"work-item style-2\" data-custom-content=\"\">\n\t\t\t\t\t\t\t\t\t\t\n\t\t\t\t\t\t\t\t\t\t<img loading=\"lazy\" decoding=\"async\" class=\"size- skip-lazy\" src=\"https:\/\/www.denhandwierker.lu\/wp-content\/uploads\/2018\/03\/meuble-7-600x403.jpg\" alt=\"\" height=\"403\" width=\"600\" srcset=\"https:\/\/www.denhandwierker.lu\/wp-content\/uploads\/2018\/03\/meuble-7-600x403.jpg 600w, https:\/\/www.denhandwierker.lu\/wp-content\/uploads\/2018\/03\/meuble-7-400x269.jpg 400w\" sizes=\"auto, (min-width: 1000px) 33.3vw, (min-width: 690px) 50vw, 100vw\" \/>\t\t\t\t\t\t\t\t\t\t\n\t\t\t\t\t\t\t\t\t\t<div class=\"work-info-bg\"><\/div>\n\t\t\t\t\t\t\t\t\t\t<div class=\"work-info\">\n\t\t\t\t\t\t\t\t\t\t\t\n\t\t\t\t\t\t\t\t\t\t\t\t\t\t\t\t\t\t\t\t\t\t\t\n\t\t\t\t\t\t\t\t\t\t\t\t\n\t\t\t\t\t\t\t\t\t\t\t\t\t\t\t\t\t\t\t\t\t\t\t\t\t\t\t<a href=\"https:\/\/www.denhandwierker.lu\/wp-content\/uploads\/2018\/03\/meuble-7.jpg\"  class=\"pretty_photo\"><\/a>  \n\t\t\t\t\t\t\t\t\t\t\t\t\t\t\t\t\t\t\t\t\t\t\t\t\t\n\t\t\t\t\t\t\t\t\t\t\t\n\t\t\t\t\t\t\t\t\t\t\t<div class=\"vert-center\">\n\t\t\t\t\t\t\t\t\t\t\t\t\t\n\t\t\t\t\t\t\t\t\t\t\t\t\t<h3>Mobili\u00e1rio de sala de jantar<\/h3> \n\t\t\t\t\t\t\t\t\t\t\t\t\t<p>16 Mar\u00e7o 2018<\/p>\t\t\t\t\t\t\t\t\t\t\t<\/div><!--\/vert-center-->\n\t\t\t\t\t\t\t\t\t\t\t\n\t\t\t\t\t\t\t\t\t\t<\/div>\n\t\t\t\t\t\t\t\t\t<\/div><!--work-item-->\n\t\t\t\t\t\t\t\t\t\n\t\t\t\t\t\t\t\t\t\t\t\t\t\t\t\t\n\t\t\t\t\t\t\t\t\n\t\t\t\t\t\t\t<\/div><!--\/inner-wrap-->\n\t\t\t\t\t\t<\/div><!--\/col-->\n\t\t\t\t\t\t\n\t\t\t\t\t\t\t\t\t\t\t\n\t\t\t\t\t\t\t\t\t\t\t\t\n\t\t\t\t\t\t<div class=\"col span_4  element marcenaria-de-interiores \"  data-project-cat=\"marcenaria-de-interiores \" data-default-color=\"true\" data-title-color=\"\" data-subtitle-color=\"\">\n\t\t\t\t\t\t\t\n\t\t\t\t\t\t\t<div class=\"inner-wrap animated\" data-animation=\"perspective\">\n\t\t\t\t\t\t\t\t\n\t\t\t\t\t\t\t\t\t\t\t\t\t\t\t\t\t\n\t\t\t\t\t\t\t\t\t<div class=\"work-item style-2\" data-custom-content=\"\">\n\t\t\t\t\t\t\t\t\t\t\n\t\t\t\t\t\t\t\t\t\t<img loading=\"lazy\" decoding=\"async\" class=\"size- skip-lazy\" src=\"https:\/\/www.denhandwierker.lu\/wp-content\/uploads\/2018\/03\/meuble-5-600x403.jpg\" alt=\"\" height=\"403\" width=\"600\" srcset=\"https:\/\/www.denhandwierker.lu\/wp-content\/uploads\/2018\/03\/meuble-5-600x403.jpg 600w, https:\/\/www.denhandwierker.lu\/wp-content\/uploads\/2018\/03\/meuble-5-400x269.jpg 400w\" sizes=\"auto, (min-width: 1000px) 33.3vw, (min-width: 690px) 50vw, 100vw\" \/>\t\t\t\t\t\t\t\t\t\t\n\t\t\t\t\t\t\t\t\t\t<div class=\"work-info-bg\"><\/div>\n\t\t\t\t\t\t\t\t\t\t<div class=\"work-info\">\n\t\t\t\t\t\t\t\t\t\t\t\n\t\t\t\t\t\t\t\t\t\t\t\t\t\t\t\t\t\t\t\t\t\t\t\n\t\t\t\t\t\t\t\t\t\t\t\t\n\t\t\t\t\t\t\t\t\t\t\t\t\t\t\t\t\t\t\t\t\t\t\t\t\t\t\t<a href=\"https:\/\/www.denhandwierker.lu\/wp-content\/uploads\/2018\/03\/meuble-5.jpg\"  class=\"pretty_photo\"><\/a>  \n\t\t\t\t\t\t\t\t\t\t\t\t\t\t\t\t\t\t\t\t\t\t\t\t\t\n\t\t\t\t\t\t\t\t\t\t\t\n\t\t\t\t\t\t\t\t\t\t\t<div class=\"vert-center\">\n\t\t\t\t\t\t\t\t\t\t\t\t\t\n\t\t\t\t\t\t\t\t\t\t\t\t\t<h3>Roupeiros feitos \u00e0 medida<\/h3> \n\t\t\t\t\t\t\t\t\t\t\t\t\t<p>16 Mar\u00e7o 2018<\/p>\t\t\t\t\t\t\t\t\t\t\t<\/div><!--\/vert-center-->\n\t\t\t\t\t\t\t\t\t\t\t\n\t\t\t\t\t\t\t\t\t\t<\/div>\n\t\t\t\t\t\t\t\t\t<\/div><!--work-item-->\n\t\t\t\t\t\t\t\t\t\n\t\t\t\t\t\t\t\t\t\t\t\t\t\t\t\t\n\t\t\t\t\t\t\t\t\n\t\t\t\t\t\t\t<\/div><!--\/inner-wrap-->\n\t\t\t\t\t\t<\/div><!--\/col-->\n\t\t\t\t\t\t\n\t\t\t\t\t\t\t\t\t\t\t\n\t\t\t\t\t\t\t\t\t\t\t\t\n\t\t\t\t\t\t<div class=\"col span_4  element serralheiro marcenaria-exterior \"  data-project-cat=\"serralheiro marcenaria-exterior \" data-default-color=\"true\" data-title-color=\"\" data-subtitle-color=\"\">\n\t\t\t\t\t\t\t\n\t\t\t\t\t\t\t<div class=\"inner-wrap animated\" data-animation=\"perspective\">\n\t\t\t\t\t\t\t\t\n\t\t\t\t\t\t\t\t\t\t\t\t\t\t\t\t\t\n\t\t\t\t\t\t\t\t\t<div class=\"work-item style-2\" data-custom-content=\"\">\n\t\t\t\t\t\t\t\t\t\t\n\t\t\t\t\t\t\t\t\t\t<img loading=\"lazy\" decoding=\"async\" class=\"size- skip-lazy\" src=\"https:\/\/www.denhandwierker.lu\/wp-content\/uploads\/2018\/03\/serrurerie-Panneau-600x403.jpg\" alt=\"\" height=\"403\" width=\"600\" srcset=\"https:\/\/www.denhandwierker.lu\/wp-content\/uploads\/2018\/03\/serrurerie-Panneau-600x403.jpg 600w, https:\/\/www.denhandwierker.lu\/wp-content\/uploads\/2018\/03\/serrurerie-Panneau-400x269.jpg 400w\" sizes=\"auto, (min-width: 1000px) 33.3vw, (min-width: 690px) 50vw, 100vw\" \/>\t\t\t\t\t\t\t\t\t\t\n\t\t\t\t\t\t\t\t\t\t<div class=\"work-info-bg\"><\/div>\n\t\t\t\t\t\t\t\t\t\t<div class=\"work-info\">\n\t\t\t\t\t\t\t\t\t\t\t\n\t\t\t\t\t\t\t\t\t\t\t\t\t\t\t\t\t\t\t\t\t\t\t\n\t\t\t\t\t\t\t\t\t\t\t\t\n\t\t\t\t\t\t\t\t\t\t\t\t\t\t\t\t\t\t\t\t\t\t\t\t\t\t\t<a href=\"https:\/\/www.denhandwierker.lu\/wp-content\/uploads\/2018\/03\/serrurerie-Panneau.jpg\"  class=\"pretty_photo\"><\/a>  \n\t\t\t\t\t\t\t\t\t\t\t\t\t\t\t\t\t\t\t\t\t\t\t\t\t\n\t\t\t\t\t\t\t\t\t\t\t\n\t\t\t\t\t\t\t\t\t\t\t<div class=\"vert-center\">\n\t\t\t\t\t\t\t\t\t\t\t\t\t\n\t\t\t\t\t\t\t\t\t\t\t\t\t<h3>Cartazes<\/h3> \n\t\t\t\t\t\t\t\t\t\t\t\t\t<p>16 Mar\u00e7o 2018<\/p>\t\t\t\t\t\t\t\t\t\t\t<\/div><!--\/vert-center-->\n\t\t\t\t\t\t\t\t\t\t\t\n\t\t\t\t\t\t\t\t\t\t<\/div>\n\t\t\t\t\t\t\t\t\t<\/div><!--work-item-->\n\t\t\t\t\t\t\t\t\t\n\t\t\t\t\t\t\t\t\t\t\t\t\t\t\t\t\n\t\t\t\t\t\t\t\t\n\t\t\t\t\t\t\t<\/div><!--\/inner-wrap-->\n\t\t\t\t\t\t<\/div><!--\/col-->\n\t\t\t\t\t\t\n\t\t\t\t\t\t\t\t\t\t\t\n\t\t\t\t\t\t\t\t\t\t\t\t\n\t\t\t\t\t\t<div class=\"col span_4  element serralheiro \"  data-project-cat=\"serralheiro \" data-default-color=\"true\" data-title-color=\"\" data-subtitle-color=\"\">\n\t\t\t\t\t\t\t\n\t\t\t\t\t\t\t<div class=\"inner-wrap animated\" data-animation=\"perspective\">\n\t\t\t\t\t\t\t\t\n\t\t\t\t\t\t\t\t\t\t\t\t\t\t\t\t\t\n\t\t\t\t\t\t\t\t\t<div class=\"work-item style-2\" data-custom-content=\"\">\n\t\t\t\t\t\t\t\t\t\t\n\t\t\t\t\t\t\t\t\t\t<img loading=\"lazy\" decoding=\"async\" class=\"size- skip-lazy\" src=\"https:\/\/www.denhandwierker.lu\/wp-content\/uploads\/2018\/03\/Kirsch-Grill-1-600x403.jpg\" alt=\"\" height=\"403\" width=\"600\" srcset=\"https:\/\/www.denhandwierker.lu\/wp-content\/uploads\/2018\/03\/Kirsch-Grill-1-600x403.jpg 600w, https:\/\/www.denhandwierker.lu\/wp-content\/uploads\/2018\/03\/Kirsch-Grill-1-400x269.jpg 400w\" sizes=\"auto, (min-width: 1000px) 33.3vw, (min-width: 690px) 50vw, 100vw\" \/>\t\t\t\t\t\t\t\t\t\t\n\t\t\t\t\t\t\t\t\t\t<div class=\"work-info-bg\"><\/div>\n\t\t\t\t\t\t\t\t\t\t<div class=\"work-info\">\n\t\t\t\t\t\t\t\t\t\t\t\n\t\t\t\t\t\t\t\t\t\t\t\t\t\t\t\t\t\t\t\t\t\t\t\n\t\t\t\t\t\t\t\t\t\t\t\t\n\t\t\t\t\t\t\t\t\t\t\t\t\t\t\t\t\t\t\t\t\t\t\t\t\t\t\t<a href=\"https:\/\/www.denhandwierker.lu\/wp-content\/uploads\/2018\/03\/Kirsch-Grill-1.jpg\"  class=\"pretty_photo\"><\/a>  \n\t\t\t\t\t\t\t\t\t\t\t\t\t\t\t\t\t\t\t\t\t\t\t\t\t\n\t\t\t\t\t\t\t\t\t\t\t\n\t\t\t\t\t\t\t\t\t\t\t<div class=\"vert-center\">\n\t\t\t\t\t\t\t\t\t\t\t\t\t\n\t\t\t\t\t\t\t\t\t\t\t\t\t<h3>Grelha Kirsch<\/h3> \n\t\t\t\t\t\t\t\t\t\t\t\t\t<p>16 Mar\u00e7o 2018<\/p>\t\t\t\t\t\t\t\t\t\t\t<\/div><!--\/vert-center-->\n\t\t\t\t\t\t\t\t\t\t\t\n\t\t\t\t\t\t\t\t\t\t<\/div>\n\t\t\t\t\t\t\t\t\t<\/div><!--work-item-->\n\t\t\t\t\t\t\t\t\t\n\t\t\t\t\t\t\t\t\t\t\t\t\t\t\t\t\n\t\t\t\t\t\t\t\t\n\t\t\t\t\t\t\t<\/div><!--\/inner-wrap-->\n\t\t\t\t\t\t<\/div><!--\/col-->\n\t\t\t\t\t\t\n\t\t\t\t\t\t\t\t\t\t\t\n\t\t\t\t\t\t\t\t\t\t\t\t\n\t\t\t\t\t\t<div class=\"col span_4  element serralheiro mobiliario \"  data-project-cat=\"serralheiro mobiliario \" data-default-color=\"true\" data-title-color=\"\" data-subtitle-color=\"\">\n\t\t\t\t\t\t\t\n\t\t\t\t\t\t\t<div class=\"inner-wrap animated\" data-animation=\"perspective\">\n\t\t\t\t\t\t\t\t\n\t\t\t\t\t\t\t\t\t\t\t\t\t\t\t\t\t\n\t\t\t\t\t\t\t\t\t<div class=\"work-item style-2\" data-custom-content=\"\">\n\t\t\t\t\t\t\t\t\t\t\n\t\t\t\t\t\t\t\t\t\t<img loading=\"lazy\" decoding=\"async\" class=\"size- skip-lazy\" src=\"https:\/\/www.denhandwierker.lu\/wp-content\/uploads\/2018\/03\/Table-construction-Metallique-Bois-600x403.jpg\" alt=\"\" height=\"403\" width=\"600\" srcset=\"https:\/\/www.denhandwierker.lu\/wp-content\/uploads\/2018\/03\/Table-construction-Metallique-Bois-600x403.jpg 600w, https:\/\/www.denhandwierker.lu\/wp-content\/uploads\/2018\/03\/Table-construction-Metallique-Bois-400x269.jpg 400w\" sizes=\"auto, (min-width: 1000px) 33.3vw, (min-width: 690px) 50vw, 100vw\" \/>\t\t\t\t\t\t\t\t\t\t\n\t\t\t\t\t\t\t\t\t\t<div class=\"work-info-bg\"><\/div>\n\t\t\t\t\t\t\t\t\t\t<div class=\"work-info\">\n\t\t\t\t\t\t\t\t\t\t\t\n\t\t\t\t\t\t\t\t\t\t\t\t\t\t\t\t\t\t\t\t\t\t\t\n\t\t\t\t\t\t\t\t\t\t\t\t\n\t\t\t\t\t\t\t\t\t\t\t\t\t\t\t\t\t\t\t\t\t\t\t\t\t\t\t<a href=\"https:\/\/www.denhandwierker.lu\/wp-content\/uploads\/2018\/03\/Table-construction-Metallique-Bois.jpg\"  class=\"pretty_photo\"><\/a>  \n\t\t\t\t\t\t\t\t\t\t\t\t\t\t\t\t\t\t\t\t\t\t\t\t\t\n\t\t\t\t\t\t\t\t\t\t\t\n\t\t\t\t\t\t\t\t\t\t\t<div class=\"vert-center\">\n\t\t\t\t\t\t\t\t\t\t\t\t\t\n\t\t\t\t\t\t\t\t\t\t\t\t\t<h3>Mesa com p\u00e9s met\u00e1licos<\/h3> \n\t\t\t\t\t\t\t\t\t\t\t\t\t<p>16 Mar\u00e7o 2018<\/p>\t\t\t\t\t\t\t\t\t\t\t<\/div><!--\/vert-center-->\n\t\t\t\t\t\t\t\t\t\t\t\n\t\t\t\t\t\t\t\t\t\t<\/div>\n\t\t\t\t\t\t\t\t\t<\/div><!--work-item-->\n\t\t\t\t\t\t\t\t\t\n\t\t\t\t\t\t\t\t\t\t\t\t\t\t\t\t\n\t\t\t\t\t\t\t\t\n\t\t\t\t\t\t\t<\/div><!--\/inner-wrap-->\n\t\t\t\t\t\t<\/div><!--\/col-->\n\t\t\t\t\t\t\n\t\t\t\t\t\t\t\t\t\t\t\n\t\t\t\t\t\t\t\t\t\t\t\t\n\t\t\t\t\t\t<div class=\"col span_4  element quartos marcenaria-de-interiores mobiliario \"  data-project-cat=\"quartos marcenaria-de-interiores mobiliario \" data-default-color=\"true\" data-title-color=\"\" data-subtitle-color=\"\">\n\t\t\t\t\t\t\t\n\t\t\t\t\t\t\t<div class=\"inner-wrap animated\" data-animation=\"perspective\">\n\t\t\t\t\t\t\t\t\n\t\t\t\t\t\t\t\t\t\t\t\t\t\t\t\t\t\n\t\t\t\t\t\t\t\t\t<div class=\"work-item style-2\" data-custom-content=\"\">\n\t\t\t\t\t\t\t\t\t\t\n\t\t\t\t\t\t\t\t\t\t<img loading=\"lazy\" decoding=\"async\" class=\"size- skip-lazy\" src=\"https:\/\/www.denhandwierker.lu\/wp-content\/uploads\/2018\/03\/lit-avec-meuble-600x403.jpg\" alt=\"\" height=\"403\" width=\"600\" srcset=\"https:\/\/www.denhandwierker.lu\/wp-content\/uploads\/2018\/03\/lit-avec-meuble-600x403.jpg 600w, https:\/\/www.denhandwierker.lu\/wp-content\/uploads\/2018\/03\/lit-avec-meuble-400x269.jpg 400w\" sizes=\"auto, (min-width: 1000px) 33.3vw, (min-width: 690px) 50vw, 100vw\" \/>\t\t\t\t\t\t\t\t\t\t\n\t\t\t\t\t\t\t\t\t\t<div class=\"work-info-bg\"><\/div>\n\t\t\t\t\t\t\t\t\t\t<div class=\"work-info\">\n\t\t\t\t\t\t\t\t\t\t\t\n\t\t\t\t\t\t\t\t\t\t\t\t\t\t\t\t\t\t\t\t\t\t\t\n\t\t\t\t\t\t\t\t\t\t\t\t\n\t\t\t\t\t\t\t\t\t\t\t\t\t\t\t\t\t\t\t\t\t\t\t\t\t\t\t<a href=\"https:\/\/www.denhandwierker.lu\/wp-content\/uploads\/2018\/03\/lit-avec-meuble.jpg\"  class=\"pretty_photo\"><\/a>  \n\t\t\t\t\t\t\t\t\t\t\t\t\t\t\t\t\t\t\t\t\t\t\t\t\t\n\t\t\t\t\t\t\t\t\t\t\t\n\t\t\t\t\t\t\t\t\t\t\t<div class=\"vert-center\">\n\t\t\t\t\t\t\t\t\t\t\t\t\t\n\t\t\t\t\t\t\t\t\t\t\t\t\t<h3>Cama integrada no m\u00f3vel<\/h3> \n\t\t\t\t\t\t\t\t\t\t\t\t\t<p>16 Mar\u00e7o 2018<\/p>\t\t\t\t\t\t\t\t\t\t\t<\/div><!--\/vert-center-->\n\t\t\t\t\t\t\t\t\t\t\t\n\t\t\t\t\t\t\t\t\t\t<\/div>\n\t\t\t\t\t\t\t\t\t<\/div><!--work-item-->\n\t\t\t\t\t\t\t\t\t\n\t\t\t\t\t\t\t\t\t\t\t\t\t\t\t\t\n\t\t\t\t\t\t\t\t\n\t\t\t\t\t\t\t<\/div><!--\/inner-wrap-->\n\t\t\t\t\t\t<\/div><!--\/col-->\n\t\t\t\t\t\t\n\t\t\t\t\t\t\t\t\t\t\t\n\t\t\t\t\t\t\t\t\t\t\t\t\n\t\t\t\t\t\t<div class=\"col span_4  element marcenaria-de-interiores mobiliario \"  data-project-cat=\"marcenaria-de-interiores mobiliario \" data-default-color=\"true\" data-title-color=\"\" data-subtitle-color=\"\">\n\t\t\t\t\t\t\t\n\t\t\t\t\t\t\t<div class=\"inner-wrap animated\" data-animation=\"perspective\">\n\t\t\t\t\t\t\t\t\n\t\t\t\t\t\t\t\t\t\t\t\t\t\t\t\t\t\n\t\t\t\t\t\t\t\t\t<div class=\"work-item style-2\" data-custom-content=\"\">\n\t\t\t\t\t\t\t\t\t\t\n\t\t\t\t\t\t\t\t\t\t<img loading=\"lazy\" decoding=\"async\" class=\"size- skip-lazy\" src=\"https:\/\/www.denhandwierker.lu\/wp-content\/uploads\/2018\/03\/meuble-etagere-sur-mesure-600x403.jpg\" alt=\"\" height=\"403\" width=\"600\" srcset=\"https:\/\/www.denhandwierker.lu\/wp-content\/uploads\/2018\/03\/meuble-etagere-sur-mesure-600x403.jpg 600w, https:\/\/www.denhandwierker.lu\/wp-content\/uploads\/2018\/03\/meuble-etagere-sur-mesure-400x269.jpg 400w\" sizes=\"auto, (min-width: 1000px) 33.3vw, (min-width: 690px) 50vw, 100vw\" \/>\t\t\t\t\t\t\t\t\t\t\n\t\t\t\t\t\t\t\t\t\t<div class=\"work-info-bg\"><\/div>\n\t\t\t\t\t\t\t\t\t\t<div class=\"work-info\">\n\t\t\t\t\t\t\t\t\t\t\t\n\t\t\t\t\t\t\t\t\t\t\t\t\t\t\t\t\t\t\t\t\t\t\t\n\t\t\t\t\t\t\t\t\t\t\t\t\n\t\t\t\t\t\t\t\t\t\t\t\t\t\t\t\t\t\t\t\t\t\t\t\t\t\t\t<a href=\"https:\/\/www.denhandwierker.lu\/wp-content\/uploads\/2018\/03\/meuble-etagere-sur-mesure.jpg\"  class=\"pretty_photo\"><\/a>  \n\t\t\t\t\t\t\t\t\t\t\t\t\t\t\t\t\t\t\t\t\t\t\t\t\t\n\t\t\t\t\t\t\t\t\t\t\t\n\t\t\t\t\t\t\t\t\t\t\t<div class=\"vert-center\">\n\t\t\t\t\t\t\t\t\t\t\t\t\t\n\t\t\t\t\t\t\t\t\t\t\t\t\t<h3>Estante<\/h3> \n\t\t\t\t\t\t\t\t\t\t\t\t\t<p>16 Mar\u00e7o 2018<\/p>\t\t\t\t\t\t\t\t\t\t\t<\/div><!--\/vert-center-->\n\t\t\t\t\t\t\t\t\t\t\t\n\t\t\t\t\t\t\t\t\t\t<\/div>\n\t\t\t\t\t\t\t\t\t<\/div><!--work-item-->\n\t\t\t\t\t\t\t\t\t\n\t\t\t\t\t\t\t\t\t\t\t\t\t\t\t\t\n\t\t\t\t\t\t\t\t\n\t\t\t\t\t\t\t<\/div><!--\/inner-wrap-->\n\t\t\t\t\t\t<\/div><!--\/col-->\n\t\t\t\t\t\t\n\t\t\t\t\t\t\t\t\t\t\t\n\t\t\t\t\t\t\t\t\t\t\t\t\n\t\t\t\t\t\t<div class=\"col span_4  element serralheiro \"  data-project-cat=\"serralheiro \" data-default-color=\"true\" data-title-color=\"\" data-subtitle-color=\"\">\n\t\t\t\t\t\t\t\n\t\t\t\t\t\t\t<div class=\"inner-wrap animated\" data-animation=\"perspective\">\n\t\t\t\t\t\t\t\t\n\t\t\t\t\t\t\t\t\t\t\t\t\t\t\t\t\t\n\t\t\t\t\t\t\t\t\t<div class=\"work-item style-2\" data-custom-content=\"\">\n\t\t\t\t\t\t\t\t\t\t\n\t\t\t\t\t\t\t\t\t\t<img loading=\"lazy\" decoding=\"async\" class=\"size- skip-lazy\" src=\"https:\/\/www.denhandwierker.lu\/wp-content\/uploads\/2018\/03\/Grill-fini-600x403.jpg\" alt=\"\" height=\"403\" width=\"600\" srcset=\"https:\/\/www.denhandwierker.lu\/wp-content\/uploads\/2018\/03\/Grill-fini-600x403.jpg 600w, https:\/\/www.denhandwierker.lu\/wp-content\/uploads\/2018\/03\/Grill-fini-400x269.jpg 400w\" sizes=\"auto, (min-width: 1000px) 33.3vw, (min-width: 690px) 50vw, 100vw\" \/>\t\t\t\t\t\t\t\t\t\t\n\t\t\t\t\t\t\t\t\t\t<div class=\"work-info-bg\"><\/div>\n\t\t\t\t\t\t\t\t\t\t<div class=\"work-info\">\n\t\t\t\t\t\t\t\t\t\t\t\n\t\t\t\t\t\t\t\t\t\t\t\t\t\t\t\t\t\t\t\t\t\t\t\n\t\t\t\t\t\t\t\t\t\t\t\t\n\t\t\t\t\t\t\t\t\t\t\t\t\t\t\t\t\t\t\t\t\t\t\t\t\t\t\t<a href=\"https:\/\/www.denhandwierker.lu\/wp-content\/uploads\/2018\/03\/Grill-fini.jpg\"  class=\"pretty_photo\"><\/a>  \n\t\t\t\t\t\t\t\t\t\t\t\t\t\t\t\t\t\t\t\t\t\t\t\t\t\n\t\t\t\t\t\t\t\t\t\t\t\n\t\t\t\t\t\t\t\t\t\t\t<div class=\"vert-center\">\n\t\t\t\t\t\t\t\t\t\t\t\t\t\n\t\t\t\t\t\t\t\t\t\t\t\t\t<h3>Grelhador m\u00f3vel<\/h3> \n\t\t\t\t\t\t\t\t\t\t\t\t\t<p>16 Mar\u00e7o 2018<\/p>\t\t\t\t\t\t\t\t\t\t\t<\/div><!--\/vert-center-->\n\t\t\t\t\t\t\t\t\t\t\t\n\t\t\t\t\t\t\t\t\t\t<\/div>\n\t\t\t\t\t\t\t\t\t<\/div><!--work-item-->\n\t\t\t\t\t\t\t\t\t\n\t\t\t\t\t\t\t\t\t\t\t\t\t\t\t\t\n\t\t\t\t\t\t\t\t\n\t\t\t\t\t\t\t<\/div><!--\/inner-wrap-->\n\t\t\t\t\t\t<\/div><!--\/col-->\n\t\t\t\t\t\t\n\t\t\t\t\t\t\t\t\t\t\t\n\t\t\t\t\t\t\t\t\t\t\t\t\n\t\t\t\t\t\t<div class=\"col span_4  element terracos marcenaria-exterior \"  data-project-cat=\"terracos marcenaria-exterior \" data-default-color=\"true\" data-title-color=\"\" data-subtitle-color=\"\">\n\t\t\t\t\t\t\t\n\t\t\t\t\t\t\t<div class=\"inner-wrap animated\" data-animation=\"perspective\">\n\t\t\t\t\t\t\t\t\n\t\t\t\t\t\t\t\t\t\t\t\t\t\t\t\t\t\n\t\t\t\t\t\t\t\t\t<div class=\"work-item style-2\" data-custom-content=\"\">\n\t\t\t\t\t\t\t\t\t\t\n\t\t\t\t\t\t\t\t\t\t<img loading=\"lazy\" decoding=\"async\" class=\"size- skip-lazy\" src=\"https:\/\/www.denhandwierker.lu\/wp-content\/uploads\/2018\/03\/facade-terrasse-600x403.jpg\" alt=\"\" height=\"403\" width=\"600\" srcset=\"https:\/\/www.denhandwierker.lu\/wp-content\/uploads\/2018\/03\/facade-terrasse-600x403.jpg 600w, https:\/\/www.denhandwierker.lu\/wp-content\/uploads\/2018\/03\/facade-terrasse-400x269.jpg 400w\" sizes=\"auto, (min-width: 1000px) 33.3vw, (min-width: 690px) 50vw, 100vw\" \/>\t\t\t\t\t\t\t\t\t\t\n\t\t\t\t\t\t\t\t\t\t<div class=\"work-info-bg\"><\/div>\n\t\t\t\t\t\t\t\t\t\t<div class=\"work-info\">\n\t\t\t\t\t\t\t\t\t\t\t\n\t\t\t\t\t\t\t\t\t\t\t\t\t\t\t\t\t\t\t\t\t\t\t\n\t\t\t\t\t\t\t\t\t\t\t\t\n\t\t\t\t\t\t\t\t\t\t\t\t\t\t\t\t\t\t\t\t\t\t\t\t\t\t\t<a href=\"https:\/\/www.denhandwierker.lu\/wp-content\/uploads\/2018\/03\/facade-terrasse.jpg\"  class=\"pretty_photo\"><\/a>  \n\t\t\t\t\t\t\t\t\t\t\t\t\t\t\t\t\t\t\t\t\t\t\t\t\t\n\t\t\t\t\t\t\t\t\t\t\t\n\t\t\t\t\t\t\t\t\t\t\t<div class=\"vert-center\">\n\t\t\t\t\t\t\t\t\t\t\t\t\t\n\t\t\t\t\t\t\t\t\t\t\t\t\t<h3>Fachada e terra\u00e7o<\/h3> \n\t\t\t\t\t\t\t\t\t\t\t\t\t<p>16 Mar\u00e7o 2018<\/p>\t\t\t\t\t\t\t\t\t\t\t<\/div><!--\/vert-center-->\n\t\t\t\t\t\t\t\t\t\t\t\n\t\t\t\t\t\t\t\t\t\t<\/div>\n\t\t\t\t\t\t\t\t\t<\/div><!--work-item-->\n\t\t\t\t\t\t\t\t\t\n\t\t\t\t\t\t\t\t\t\t\t\t\t\t\t\t\n\t\t\t\t\t\t\t\t\n\t\t\t\t\t\t\t<\/div><!--\/inner-wrap-->\n\t\t\t\t\t\t<\/div><!--\/col-->\n\t\t\t\t\t\t\n\t\t\t\t\t\t\t\t\t\t\t\n\t\t\t\t\t\t\t\t\t\t\t\t\n\t\t\t\t\t\t<div class=\"col span_4  element marcenaria-exterior \"  data-project-cat=\"marcenaria-exterior \" data-default-color=\"true\" data-title-color=\"\" data-subtitle-color=\"\">\n\t\t\t\t\t\t\t\n\t\t\t\t\t\t\t<div class=\"inner-wrap animated\" data-animation=\"perspective\">\n\t\t\t\t\t\t\t\t\n\t\t\t\t\t\t\t\t\t\t\t\t\t\t\t\t\t\n\t\t\t\t\t\t\t\t\t<div class=\"work-item style-2\" data-custom-content=\"\">\n\t\t\t\t\t\t\t\t\t\t\n\t\t\t\t\t\t\t\t\t\t<img loading=\"lazy\" decoding=\"async\" class=\"size- skip-lazy\" src=\"https:\/\/www.denhandwierker.lu\/wp-content\/uploads\/2018\/03\/facade-rhombusprofil-600x403.jpg\" alt=\"\" height=\"403\" width=\"600\" srcset=\"https:\/\/www.denhandwierker.lu\/wp-content\/uploads\/2018\/03\/facade-rhombusprofil-600x403.jpg 600w, https:\/\/www.denhandwierker.lu\/wp-content\/uploads\/2018\/03\/facade-rhombusprofil-400x269.jpg 400w\" sizes=\"auto, (min-width: 1000px) 33.3vw, (min-width: 690px) 50vw, 100vw\" \/>\t\t\t\t\t\t\t\t\t\t\n\t\t\t\t\t\t\t\t\t\t<div class=\"work-info-bg\"><\/div>\n\t\t\t\t\t\t\t\t\t\t<div class=\"work-info\">\n\t\t\t\t\t\t\t\t\t\t\t\n\t\t\t\t\t\t\t\t\t\t\t\t\t\t\t\t\t\t\t\t\t\t\t\n\t\t\t\t\t\t\t\t\t\t\t\t\n\t\t\t\t\t\t\t\t\t\t\t\t\t\t\t\t\t\t\t\t\t\t\t\t\t\t\t<a href=\"https:\/\/www.denhandwierker.lu\/wp-content\/uploads\/2018\/03\/facade-rhombusprofil.jpg\"  class=\"pretty_photo\"><\/a>  \n\t\t\t\t\t\t\t\t\t\t\t\t\t\t\t\t\t\t\t\t\t\t\t\t\t\n\t\t\t\t\t\t\t\t\t\t\t\n\t\t\t\t\t\t\t\t\t\t\t<div class=\"vert-center\">\n\t\t\t\t\t\t\t\t\t\t\t\t\t\n\t\t\t\t\t\t\t\t\t\t\t\t\t<h3>Revestimento de paredes baixas<\/h3> \n\t\t\t\t\t\t\t\t\t\t\t\t\t<p>16 Mar\u00e7o 2018<\/p>\t\t\t\t\t\t\t\t\t\t\t<\/div><!--\/vert-center-->\n\t\t\t\t\t\t\t\t\t\t\t\n\t\t\t\t\t\t\t\t\t\t<\/div>\n\t\t\t\t\t\t\t\t\t<\/div><!--work-item-->\n\t\t\t\t\t\t\t\t\t\n\t\t\t\t\t\t\t\t\t\t\t\t\t\t\t\t\n\t\t\t\t\t\t\t\t\n\t\t\t\t\t\t\t<\/div><!--\/inner-wrap-->\n\t\t\t\t\t\t<\/div><!--\/col-->\n\t\t\t\t\t\t\n\t\t\t\t\t\t\t\t\t\t\t\n\t\t\t\t\t\t\t\t\t\t\t\t\n\t\t\t\t\t\t<div class=\"col span_4  element escadas \"  data-project-cat=\"escadas \" data-default-color=\"true\" data-title-color=\"\" data-subtitle-color=\"\">\n\t\t\t\t\t\t\t\n\t\t\t\t\t\t\t<div class=\"inner-wrap animated\" data-animation=\"perspective\">\n\t\t\t\t\t\t\t\t\n\t\t\t\t\t\t\t\t\t\t\t\t\t\t\t\t\t\n\t\t\t\t\t\t\t\t\t<div class=\"work-item style-2\" data-custom-content=\"\">\n\t\t\t\t\t\t\t\t\t\t\n\t\t\t\t\t\t\t\t\t\t<img loading=\"lazy\" decoding=\"async\" class=\"size- skip-lazy\" src=\"https:\/\/www.denhandwierker.lu\/wp-content\/uploads\/2018\/03\/escalier-4-600x403.jpg\" alt=\"\" height=\"403\" width=\"600\" srcset=\"https:\/\/www.denhandwierker.lu\/wp-content\/uploads\/2018\/03\/escalier-4-600x403.jpg 600w, https:\/\/www.denhandwierker.lu\/wp-content\/uploads\/2018\/03\/escalier-4-400x269.jpg 400w\" sizes=\"auto, (min-width: 1000px) 33.3vw, (min-width: 690px) 50vw, 100vw\" \/>\t\t\t\t\t\t\t\t\t\t\n\t\t\t\t\t\t\t\t\t\t<div class=\"work-info-bg\"><\/div>\n\t\t\t\t\t\t\t\t\t\t<div class=\"work-info\">\n\t\t\t\t\t\t\t\t\t\t\t\n\t\t\t\t\t\t\t\t\t\t\t\t\t\t\t\t\t\t\t\t\t\t\t\n\t\t\t\t\t\t\t\t\t\t\t\t\n\t\t\t\t\t\t\t\t\t\t\t\t\t\t\t\t\t\t\t\t\t\t\t\t\t\t\t<a href=\"https:\/\/www.denhandwierker.lu\/wp-content\/uploads\/2018\/03\/escalier-4.jpg\"  class=\"pretty_photo\"><\/a>  \n\t\t\t\t\t\t\t\t\t\t\t\t\t\t\t\t\t\t\t\t\t\t\t\t\t\n\t\t\t\t\t\t\t\t\t\t\t\n\t\t\t\t\t\t\t\t\t\t\t<div class=\"vert-center\">\n\t\t\t\t\t\t\t\t\t\t\t\t\t\n\t\t\t\t\t\t\t\t\t\t\t\t\t<h3>Acesso \u00e0 escotilha<\/h3> \n\t\t\t\t\t\t\t\t\t\t\t\t\t<p>16 Mar\u00e7o 2018<\/p>\t\t\t\t\t\t\t\t\t\t\t<\/div><!--\/vert-center-->\n\t\t\t\t\t\t\t\t\t\t\t\n\t\t\t\t\t\t\t\t\t\t<\/div>\n\t\t\t\t\t\t\t\t\t<\/div><!--work-item-->\n\t\t\t\t\t\t\t\t\t\n\t\t\t\t\t\t\t\t\t\t\t\t\t\t\t\t\n\t\t\t\t\t\t\t\t\n\t\t\t\t\t\t\t<\/div><!--\/inner-wrap-->\n\t\t\t\t\t\t<\/div><!--\/col-->\n\t\t\t\t\t\t\n\t\t\t\t\t\t\t\t\t\t\t\n\t\t\t\t\t\t\t\t\t\t\t\t\n\t\t\t\t\t\t<div class=\"col span_4  element escadas marcenaria-de-interiores \"  data-project-cat=\"escadas marcenaria-de-interiores \" data-default-color=\"true\" data-title-color=\"\" data-subtitle-color=\"\">\n\t\t\t\t\t\t\t\n\t\t\t\t\t\t\t<div class=\"inner-wrap animated\" data-animation=\"perspective\">\n\t\t\t\t\t\t\t\t\n\t\t\t\t\t\t\t\t\t\t\t\t\t\t\t\t\t\n\t\t\t\t\t\t\t\t\t<div class=\"work-item style-2\" data-custom-content=\"\">\n\t\t\t\t\t\t\t\t\t\t\n\t\t\t\t\t\t\t\t\t\t<img loading=\"lazy\" decoding=\"async\" class=\"size- skip-lazy\" src=\"https:\/\/www.denhandwierker.lu\/wp-content\/uploads\/2018\/03\/Escalier-3-600x403.jpg\" alt=\"\" height=\"403\" width=\"600\" srcset=\"https:\/\/www.denhandwierker.lu\/wp-content\/uploads\/2018\/03\/Escalier-3-600x403.jpg 600w, https:\/\/www.denhandwierker.lu\/wp-content\/uploads\/2018\/03\/Escalier-3-400x269.jpg 400w\" sizes=\"auto, (min-width: 1000px) 33.3vw, (min-width: 690px) 50vw, 100vw\" \/>\t\t\t\t\t\t\t\t\t\t\n\t\t\t\t\t\t\t\t\t\t<div class=\"work-info-bg\"><\/div>\n\t\t\t\t\t\t\t\t\t\t<div class=\"work-info\">\n\t\t\t\t\t\t\t\t\t\t\t\n\t\t\t\t\t\t\t\t\t\t\t\t\t\t\t\t\t\t\t\t\t\t\t\n\t\t\t\t\t\t\t\t\t\t\t\t\n\t\t\t\t\t\t\t\t\t\t\t\t\t\t\t\t\t\t\t\t\t\t\t\t\t\t\t<a href=\"https:\/\/www.denhandwierker.lu\/wp-content\/uploads\/2018\/03\/Escalier-3.jpg\"  class=\"pretty_photo\"><\/a>  \n\t\t\t\t\t\t\t\t\t\t\t\t\t\t\t\t\t\t\t\t\t\t\t\t\t\n\t\t\t\t\t\t\t\t\t\t\t\n\t\t\t\t\t\t\t\t\t\t\t<div class=\"vert-center\">\n\t\t\t\t\t\t\t\t\t\t\t\t\t\n\t\t\t\t\t\t\t\t\t\t\t\t\t<h3>Escada interior<\/h3> \n\t\t\t\t\t\t\t\t\t\t\t\t\t<p>16 Mar\u00e7o 2018<\/p>\t\t\t\t\t\t\t\t\t\t\t<\/div><!--\/vert-center-->\n\t\t\t\t\t\t\t\t\t\t\t\n\t\t\t\t\t\t\t\t\t\t<\/div>\n\t\t\t\t\t\t\t\t\t<\/div><!--work-item-->\n\t\t\t\t\t\t\t\t\t\n\t\t\t\t\t\t\t\t\t\t\t\t\t\t\t\t\n\t\t\t\t\t\t\t\t\n\t\t\t\t\t\t\t<\/div><!--\/inner-wrap-->\n\t\t\t\t\t\t<\/div><!--\/col-->\n\t\t\t\t\t\t\n\t\t\t\t\t\t\t\t\t\t\t\n\t\t\t\t\t\t\t\t\t\t\t\t\n\t\t\t\t\t\t<div class=\"col span_4  element marcenaria-de-interiores \"  data-project-cat=\"marcenaria-de-interiores \" data-default-color=\"true\" data-title-color=\"\" data-subtitle-color=\"\">\n\t\t\t\t\t\t\t\n\t\t\t\t\t\t\t<div class=\"inner-wrap animated\" data-animation=\"perspective\">\n\t\t\t\t\t\t\t\t\n\t\t\t\t\t\t\t\t\t\t\t\t\t\t\t\t\t\n\t\t\t\t\t\t\t\t\t<div class=\"work-item style-2\" data-custom-content=\"\">\n\t\t\t\t\t\t\t\t\t\t\n\t\t\t\t\t\t\t\t\t\t<img loading=\"lazy\" decoding=\"async\" class=\"size- skip-lazy\" src=\"https:\/\/www.denhandwierker.lu\/wp-content\/uploads\/2018\/01\/cloison-exposition-1-600x403.jpg\" alt=\"\" height=\"403\" width=\"600\" srcset=\"https:\/\/www.denhandwierker.lu\/wp-content\/uploads\/2018\/01\/cloison-exposition-1-600x403.jpg 600w, https:\/\/www.denhandwierker.lu\/wp-content\/uploads\/2018\/01\/cloison-exposition-1-400x269.jpg 400w\" sizes=\"auto, (min-width: 1000px) 33.3vw, (min-width: 690px) 50vw, 100vw\" \/>\t\t\t\t\t\t\t\t\t\t\n\t\t\t\t\t\t\t\t\t\t<div class=\"work-info-bg\"><\/div>\n\t\t\t\t\t\t\t\t\t\t<div class=\"work-info\">\n\t\t\t\t\t\t\t\t\t\t\t\n\t\t\t\t\t\t\t\t\t\t\t\t\t\t\t\t\t\t\t\t\t\t\t\n\t\t\t\t\t\t\t\t\t\t\t\t\n\t\t\t\t\t\t\t\t\t\t\t\t\t\t\t\t\t\t\t\t\t\t\t\t\t\t\t<a href=\"https:\/\/www.denhandwierker.lu\/wp-content\/uploads\/2018\/01\/cloison-exposition-1.jpg\"  class=\"pretty_photo\"><\/a>  \n\t\t\t\t\t\t\t\t\t\t\t\t\t\t\t\t\t\t\t\t\t\t\t\t\t\n\t\t\t\t\t\t\t\t\t\t\t\n\t\t\t\t\t\t\t\t\t\t\t<div class=\"vert-center\">\n\t\t\t\t\t\t\t\t\t\t\t\t\t\n\t\t\t\t\t\t\t\t\t\t\t\t\t<h3>Divis\u00f3rias de exposi\u00e7\u00e3o<\/h3> \n\t\t\t\t\t\t\t\t\t\t\t\t\t<p>30 Janeiro 2018<\/p>\t\t\t\t\t\t\t\t\t\t\t<\/div><!--\/vert-center-->\n\t\t\t\t\t\t\t\t\t\t\t\n\t\t\t\t\t\t\t\t\t\t<\/div>\n\t\t\t\t\t\t\t\t\t<\/div><!--work-item-->\n\t\t\t\t\t\t\t\t\t\n\t\t\t\t\t\t\t\t\t\t\t\t\t\t\t\t\n\t\t\t\t\t\t\t\t\n\t\t\t\t\t\t\t<\/div><!--\/inner-wrap-->\n\t\t\t\t\t\t<\/div><!--\/col-->\n\t\t\t\t\t\t\n\t\t\t\t\t\t\t\t\t\t\t\n\t\t\t\t\t\t\t\t\t\t\t\t\n\t\t\t\t\t\t<div class=\"col span_4  element marcenaria-exterior \"  data-project-cat=\"marcenaria-exterior \" data-default-color=\"true\" data-title-color=\"\" data-subtitle-color=\"\">\n\t\t\t\t\t\t\t\n\t\t\t\t\t\t\t<div class=\"inner-wrap animated\" data-animation=\"perspective\">\n\t\t\t\t\t\t\t\t\n\t\t\t\t\t\t\t\t\t\t\t\t\t\t\t\t\t\n\t\t\t\t\t\t\t\t\t<div class=\"work-item style-2\" data-custom-content=\"\">\n\t\t\t\t\t\t\t\t\t\t\n\t\t\t\t\t\t\t\t\t\t<img loading=\"lazy\" decoding=\"async\" class=\"size- skip-lazy\" src=\"https:\/\/www.denhandwierker.lu\/wp-content\/uploads\/2018\/01\/cloture-avant-1-600x403.jpg\" alt=\"\" height=\"403\" width=\"600\" srcset=\"https:\/\/www.denhandwierker.lu\/wp-content\/uploads\/2018\/01\/cloture-avant-1-600x403.jpg 600w, https:\/\/www.denhandwierker.lu\/wp-content\/uploads\/2018\/01\/cloture-avant-1-400x269.jpg 400w\" sizes=\"auto, (min-width: 1000px) 33.3vw, (min-width: 690px) 50vw, 100vw\" \/>\t\t\t\t\t\t\t\t\t\t\n\t\t\t\t\t\t\t\t\t\t<div class=\"work-info-bg\"><\/div>\n\t\t\t\t\t\t\t\t\t\t<div class=\"work-info\">\n\t\t\t\t\t\t\t\t\t\t\t\n\t\t\t\t\t\t\t\t\t\t\t\t\t\t\t\t\t\t\t\t\t\t\t\n\t\t\t\t\t\t\t\t\t\t\t\t\n\t\t\t\t\t\t\t\t\t\t\t\t\t\t\t\t\t\t\t\t\t\t\t\t\t\t\t<a href=\"https:\/\/www.denhandwierker.lu\/wp-content\/uploads\/2018\/01\/cloture-avant-1.jpg\"  class=\"pretty_photo\"><\/a>  \n\t\t\t\t\t\t\t\t\t\t\t\t\t\t\t\t\t\t\t\t\t\t\t\t\t\n\t\t\t\t\t\t\t\t\t\t\t\n\t\t\t\t\t\t\t\t\t\t\t<div class=\"vert-center\">\n\t\t\t\t\t\t\t\t\t\t\t\t\t\n\t\t\t\t\t\t\t\t\t\t\t\t\t<h3>Veda\u00e7\u00f5es de madeira<\/h3> \n\t\t\t\t\t\t\t\t\t\t\t\t\t<p>30 Janeiro 2018<\/p>\t\t\t\t\t\t\t\t\t\t\t<\/div><!--\/vert-center-->\n\t\t\t\t\t\t\t\t\t\t\t\n\t\t\t\t\t\t\t\t\t\t<\/div>\n\t\t\t\t\t\t\t\t\t<\/div><!--work-item-->\n\t\t\t\t\t\t\t\t\t\n\t\t\t\t\t\t\t\t\t\t\t\t\t\t\t\t\n\t\t\t\t\t\t\t\t\n\t\t\t\t\t\t\t<\/div><!--\/inner-wrap-->\n\t\t\t\t\t\t<\/div><!--\/col-->\n\t\t\t\t\t\t\n\t\t\t\t\t\t\t\t\t\t\t\n\t\t\t\t\t\t\t\t\t\t\t\t\n\t\t\t\t\t\t<div class=\"col span_4  element marcenaria-de-interiores \"  data-project-cat=\"marcenaria-de-interiores \" data-default-color=\"true\" data-title-color=\"\" data-subtitle-color=\"\">\n\t\t\t\t\t\t\t\n\t\t\t\t\t\t\t<div class=\"inner-wrap animated\" data-animation=\"perspective\">\n\t\t\t\t\t\t\t\t\n\t\t\t\t\t\t\t\t\t\t\t\t\t\t\t\t\t\n\t\t\t\t\t\t\t\t\t<div class=\"work-item style-2\" data-custom-content=\"\">\n\t\t\t\t\t\t\t\t\t\t\n\t\t\t\t\t\t\t\t\t\t<img loading=\"lazy\" decoding=\"async\" class=\"size- skip-lazy\" src=\"https:\/\/www.denhandwierker.lu\/wp-content\/uploads\/2018\/01\/conptoir-Battin-2-600x403.jpg\" alt=\"\" height=\"403\" width=\"600\" srcset=\"https:\/\/www.denhandwierker.lu\/wp-content\/uploads\/2018\/01\/conptoir-Battin-2-600x403.jpg 600w, https:\/\/www.denhandwierker.lu\/wp-content\/uploads\/2018\/01\/conptoir-Battin-2-400x269.jpg 400w\" sizes=\"auto, (min-width: 1000px) 33.3vw, (min-width: 690px) 50vw, 100vw\" \/>\t\t\t\t\t\t\t\t\t\t\n\t\t\t\t\t\t\t\t\t\t<div class=\"work-info-bg\"><\/div>\n\t\t\t\t\t\t\t\t\t\t<div class=\"work-info\">\n\t\t\t\t\t\t\t\t\t\t\t\n\t\t\t\t\t\t\t\t\t\t\t\t\t\t\t\t\t\t\t\t\t\t\t\n\t\t\t\t\t\t\t\t\t\t\t\t\n\t\t\t\t\t\t\t\t\t\t\t\t\t\t\t\t\t\t\t\t\t\t\t\t\t\t\t<a href=\"https:\/\/www.denhandwierker.lu\/wp-content\/uploads\/2018\/01\/conptoir-Battin-2.jpg\"  class=\"pretty_photo\"><\/a>  \n\t\t\t\t\t\t\t\t\t\t\t\t\t\t\t\t\t\t\t\t\t\t\t\t\t\n\t\t\t\t\t\t\t\t\t\t\t\n\t\t\t\t\t\t\t\t\t\t\t<div class=\"vert-center\">\n\t\t\t\t\t\t\t\t\t\t\t\t\t\n\t\t\t\t\t\t\t\t\t\t\t\t\t<h3>Mostra o contador<\/h3> \n\t\t\t\t\t\t\t\t\t\t\t\t\t<p>30 Janeiro 2018<\/p>\t\t\t\t\t\t\t\t\t\t\t<\/div><!--\/vert-center-->\n\t\t\t\t\t\t\t\t\t\t\t\n\t\t\t\t\t\t\t\t\t\t<\/div>\n\t\t\t\t\t\t\t\t\t<\/div><!--work-item-->\n\t\t\t\t\t\t\t\t\t\n\t\t\t\t\t\t\t\t\t\t\t\t\t\t\t\t\n\t\t\t\t\t\t\t\t\n\t\t\t\t\t\t\t<\/div><!--\/inner-wrap-->\n\t\t\t\t\t\t<\/div><!--\/col-->\n\t\t\t\t\t\t\n\t\t\t\t\t\t\t\t\t\t\t\n\t\t\t\t\t\t\t\t\t\t\t\t\n\t\t\t\t\t\t<div class=\"col span_4  element marcenaria-exterior marcenaria-de-interiores \"  data-project-cat=\"marcenaria-exterior marcenaria-de-interiores \" data-default-color=\"true\" data-title-color=\"\" data-subtitle-color=\"\">\n\t\t\t\t\t\t\t\n\t\t\t\t\t\t\t<div class=\"inner-wrap animated\" data-animation=\"perspective\">\n\t\t\t\t\t\t\t\t\n\t\t\t\t\t\t\t\t\t\t\t\t\t\t\t\t\t\n\t\t\t\t\t\t\t\t\t<div class=\"work-item style-2\" data-custom-content=\"\">\n\t\t\t\t\t\t\t\t\t\t\n\t\t\t\t\t\t\t\t\t\t<img loading=\"lazy\" decoding=\"async\" class=\"size- skip-lazy\" src=\"https:\/\/www.denhandwierker.lu\/wp-content\/uploads\/2018\/01\/Conptoir-Montage-2-600x403.jpg\" alt=\"\" height=\"403\" width=\"600\" srcset=\"https:\/\/www.denhandwierker.lu\/wp-content\/uploads\/2018\/01\/Conptoir-Montage-2-600x403.jpg 600w, https:\/\/www.denhandwierker.lu\/wp-content\/uploads\/2018\/01\/Conptoir-Montage-2-400x269.jpg 400w\" sizes=\"auto, (min-width: 1000px) 33.3vw, (min-width: 690px) 50vw, 100vw\" \/>\t\t\t\t\t\t\t\t\t\t\n\t\t\t\t\t\t\t\t\t\t<div class=\"work-info-bg\"><\/div>\n\t\t\t\t\t\t\t\t\t\t<div class=\"work-info\">\n\t\t\t\t\t\t\t\t\t\t\t\n\t\t\t\t\t\t\t\t\t\t\t\t\t\t\t\t\t\t\t\t\t\t\t\n\t\t\t\t\t\t\t\t\t\t\t\t\n\t\t\t\t\t\t\t\t\t\t\t\t\t\t\t\t\t\t\t\t\t\t\t\t\t\t\t<a href=\"https:\/\/www.denhandwierker.lu\/wp-content\/uploads\/2018\/01\/Conptoir-Montage-2.jpg\"  class=\"pretty_photo\"><\/a>  \n\t\t\t\t\t\t\t\t\t\t\t\t\t\t\t\t\t\t\t\t\t\t\t\t\t\n\t\t\t\t\t\t\t\t\t\t\t\n\t\t\t\t\t\t\t\t\t\t\t<div class=\"vert-center\">\n\t\t\t\t\t\t\t\t\t\t\t\t\t\n\t\t\t\t\t\t\t\t\t\t\t\t\t<h3>Stand de exposi\u00e7\u00e3o<\/h3> \n\t\t\t\t\t\t\t\t\t\t\t\t\t<p>30 Janeiro 2018<\/p>\t\t\t\t\t\t\t\t\t\t\t<\/div><!--\/vert-center-->\n\t\t\t\t\t\t\t\t\t\t\t\n\t\t\t\t\t\t\t\t\t\t<\/div>\n\t\t\t\t\t\t\t\t\t<\/div><!--work-item-->\n\t\t\t\t\t\t\t\t\t\n\t\t\t\t\t\t\t\t\t\t\t\t\t\t\t\t\n\t\t\t\t\t\t\t\t\n\t\t\t\t\t\t\t<\/div><!--\/inner-wrap-->\n\t\t\t\t\t\t<\/div><!--\/col-->\n\t\t\t\t\t\t\n\t\t\t\t\t\t\t\t\t\t\t\n\t\t\t\t\t\t\t\t\t\t\t\t\n\t\t\t\t\t\t<div class=\"col span_4  element escadas marcenaria-de-interiores \"  data-project-cat=\"escadas marcenaria-de-interiores \" data-default-color=\"true\" data-title-color=\"\" data-subtitle-color=\"\">\n\t\t\t\t\t\t\t\n\t\t\t\t\t\t\t<div class=\"inner-wrap animated\" data-animation=\"perspective\">\n\t\t\t\t\t\t\t\t\n\t\t\t\t\t\t\t\t\t\t\t\t\t\t\t\t\t\n\t\t\t\t\t\t\t\t\t<div class=\"work-item style-2\" data-custom-content=\"\">\n\t\t\t\t\t\t\t\t\t\t\n\t\t\t\t\t\t\t\t\t\t<img loading=\"lazy\" decoding=\"async\" class=\"size- skip-lazy\" src=\"https:\/\/www.denhandwierker.lu\/wp-content\/uploads\/2018\/01\/escalier-1-600x403.jpg\" alt=\"\" height=\"403\" width=\"600\" srcset=\"https:\/\/www.denhandwierker.lu\/wp-content\/uploads\/2018\/01\/escalier-1-600x403.jpg 600w, https:\/\/www.denhandwierker.lu\/wp-content\/uploads\/2018\/01\/escalier-1-400x269.jpg 400w\" sizes=\"auto, (min-width: 1000px) 33.3vw, (min-width: 690px) 50vw, 100vw\" \/>\t\t\t\t\t\t\t\t\t\t\n\t\t\t\t\t\t\t\t\t\t<div class=\"work-info-bg\"><\/div>\n\t\t\t\t\t\t\t\t\t\t<div class=\"work-info\">\n\t\t\t\t\t\t\t\t\t\t\t\n\t\t\t\t\t\t\t\t\t\t\t\t\t\t\t\t\t\t\t\t\t\t\t\n\t\t\t\t\t\t\t\t\t\t\t\t\n\t\t\t\t\t\t\t\t\t\t\t\t\t\t\t\t\t\t\t\t\t\t\t\t\t\t\t<a href=\"https:\/\/www.denhandwierker.lu\/wp-content\/uploads\/2018\/01\/escalier-1.jpg\"  class=\"pretty_photo\"><\/a>  \n\t\t\t\t\t\t\t\t\t\t\t\t\t\t\t\t\t\t\t\t\t\t\t\t\t\n\t\t\t\t\t\t\t\t\t\t\t\n\t\t\t\t\t\t\t\t\t\t\t<div class=\"vert-center\">\n\t\t\t\t\t\t\t\t\t\t\t\t\t\n\t\t\t\t\t\t\t\t\t\t\t\t\t<h3>Escada da mezzanine<\/h3> \n\t\t\t\t\t\t\t\t\t\t\t\t\t<p>31 Janeiro 2018<\/p>\t\t\t\t\t\t\t\t\t\t\t<\/div><!--\/vert-center-->\n\t\t\t\t\t\t\t\t\t\t\t\n\t\t\t\t\t\t\t\t\t\t<\/div>\n\t\t\t\t\t\t\t\t\t<\/div><!--work-item-->\n\t\t\t\t\t\t\t\t\t\n\t\t\t\t\t\t\t\t\t\t\t\t\t\t\t\t\n\t\t\t\t\t\t\t\t\n\t\t\t\t\t\t\t<\/div><!--\/inner-wrap-->\n\t\t\t\t\t\t<\/div><!--\/col-->\n\t\t\t\t\t\t\n\t\t\t\t\t\t\t\t\t\t\t\n\t\t\t\t\t\t\t\t\t\t\t\t\n\t\t\t\t\t\t<div class=\"col span_4  element escadas serralheiro \"  data-project-cat=\"escadas serralheiro \" data-default-color=\"true\" data-title-color=\"\" data-subtitle-color=\"\">\n\t\t\t\t\t\t\t\n\t\t\t\t\t\t\t<div class=\"inner-wrap animated\" data-animation=\"perspective\">\n\t\t\t\t\t\t\t\t\n\t\t\t\t\t\t\t\t\t\t\t\t\t\t\t\t\t\n\t\t\t\t\t\t\t\t\t<div class=\"work-item style-2\" data-custom-content=\"\">\n\t\t\t\t\t\t\t\t\t\t\n\t\t\t\t\t\t\t\t\t\t<img loading=\"lazy\" decoding=\"async\" class=\"size- skip-lazy\" src=\"https:\/\/www.denhandwierker.lu\/wp-content\/uploads\/2018\/01\/escalier-2-600x403.jpg\" alt=\"\" height=\"403\" width=\"600\" srcset=\"https:\/\/www.denhandwierker.lu\/wp-content\/uploads\/2018\/01\/escalier-2-600x403.jpg 600w, https:\/\/www.denhandwierker.lu\/wp-content\/uploads\/2018\/01\/escalier-2-400x269.jpg 400w\" sizes=\"auto, (min-width: 1000px) 33.3vw, (min-width: 690px) 50vw, 100vw\" \/>\t\t\t\t\t\t\t\t\t\t\n\t\t\t\t\t\t\t\t\t\t<div class=\"work-info-bg\"><\/div>\n\t\t\t\t\t\t\t\t\t\t<div class=\"work-info\">\n\t\t\t\t\t\t\t\t\t\t\t\n\t\t\t\t\t\t\t\t\t\t\t\t\t\t\t\t\t\t\t\t\t\t\t\n\t\t\t\t\t\t\t\t\t\t\t\t\n\t\t\t\t\t\t\t\t\t\t\t\t\t\t\t\t\t\t\t\t\t\t\t\t\t\t\t<a href=\"https:\/\/www.denhandwierker.lu\/wp-content\/uploads\/2018\/01\/escalier-2.jpg\"  class=\"pretty_photo\"><\/a>  \n\t\t\t\t\t\t\t\t\t\t\t\t\t\t\t\t\t\t\t\t\t\t\t\t\t\n\t\t\t\t\t\t\t\t\t\t\t\n\t\t\t\t\t\t\t\t\t\t\t<div class=\"vert-center\">\n\t\t\t\t\t\t\t\t\t\t\t\t\t\n\t\t\t\t\t\t\t\t\t\t\t\t\t<h3>Passarela met\u00e1lica<\/h3> \n\t\t\t\t\t\t\t\t\t\t\t\t\t<p>31 Janeiro 2018<\/p>\t\t\t\t\t\t\t\t\t\t\t<\/div><!--\/vert-center-->\n\t\t\t\t\t\t\t\t\t\t\t\n\t\t\t\t\t\t\t\t\t\t<\/div>\n\t\t\t\t\t\t\t\t\t<\/div><!--work-item-->\n\t\t\t\t\t\t\t\t\t\n\t\t\t\t\t\t\t\t\t\t\t\t\t\t\t\t\n\t\t\t\t\t\t\t\t\n\t\t\t\t\t\t\t<\/div><!--\/inner-wrap-->\n\t\t\t\t\t\t<\/div><!--\/col-->\n\t\t\t\t\t\t\n\t\t\t\t\t\t\t\t\t\t\n\t\t\t\t<\/div><!--\/portfolio-->\n\t\t\t<\/div><!--\/portfolio wrap-->\n\t\t\t\n\t\t\t[\/vc_column][\/vc_row][vc_row type=&#8221;in_container&#8221; full_screen_row_position=&#8221;middle&#8221; scene_position=&#8221;center&#8221; text_color=&#8221;dark&#8221; text_align=&#8221;left&#8221; overlay_strength=&#8221;0.3&#8243; shape_divider_position=&#8221;bottom&#8221;][vc_column column_padding=&#8221;no-extra-padding&#8221; column_padding_position=&#8221;all&#8221; background_color_opacity=&#8221;1&#8243; background_hover_color_opacity=&#8221;1&#8243; column_shadow=&#8221;none&#8221; column_border_radius=&#8221;none&#8221; width=&#8221;1\/1&#8243; tablet_text_alignment=&#8221;default&#8221; phone_text_alignment=&#8221;default&#8221; column_border_width=&#8221;none&#8221; column_border_style=&#8221;solid&#8221;][divider line_type=&#8221;No Line&#8221; custom_height=&#8221;100&#8243;][\/vc_column][\/vc_row]\n","protected":false},"excerpt":{"rendered":"<p>[vc_row type=&#8221;in_container&#8221; full_screen_row_position=&#8221;middle&#8221; scene_position=&#8221;center&#8221; text_color=&#8221;dark&#8221; text_align=&#8221;left&#8221; top_padding=&#8221;80&#8243; bottom_padding=&#8221;80&#8243; overlay_strength=&#8221;0.3&#8243; shape_divider_position=&#8221;bottom&#8221; shape_type=&#8221;&#8221;][vc_column enable_animation=&#8221;true&#8221; animation=&#8221;fade-in-from-bottom&#8221; centered_text=&#8221;true&#8221; column_padding=&#8221;no-extra-padding&#8221; column_padding_position=&#8221;all&#8221; background_color_opacity=&#8221;1&#8243; background_hover_color_opacity=&#8221;1&#8243; column_shadow=&#8221;none&#8221; column_border_radius=&#8221;none&#8221; width=&#8221;1\/1&#8243; tablet_text_alignment=&#8221;default&#8221; phone_text_alignment=&#8221;default&#8221; column_border_width=&#8221;none&#8221; column_border_style=&#8221;solid&#8221;][vc_column_text]Saber-fazer AS NOSSAS REALIZA\u00c7\u00d5ES [\/vc_column_text][\/vc_column][\/vc_row][vc_row type=&#8221;in_container&#8221;&#8230;<\/p>\n","protected":false},"author":8,"featured_media":0,"parent":0,"menu_order":49,"comment_status":"closed","ping_status":"closed","template":"","meta":{"footnotes":""},"class_list":["post-1848","page","type-page","status-publish"],"yoast_head":"<!-- This site is optimized with the Yoast SEO plugin v23.9 - https:\/\/yoast.com\/wordpress\/plugins\/seo\/ -->\n<title>Realiza\u00e7\u00f5es - DEN MOBILEN HANDWIERKER<\/title>\n<meta name=\"robots\" content=\"index, follow, max-snippet:-1, max-image-preview:large, max-video-preview:-1\" \/>\n<link rel=\"canonical\" href=\"https:\/\/www.denhandwierker.lu\/pt-pt\/realizacoes\/\" \/>\n<meta property=\"og:locale\" content=\"pt_PT\" \/>\n<meta property=\"og:type\" content=\"article\" \/>\n<meta property=\"og:title\" content=\"Realiza\u00e7\u00f5es - DEN MOBILEN HANDWIERKER\" \/>\n<meta property=\"og:description\" content=\"[vc_row type=&#8221;in_container&#8221; full_screen_row_position=&#8221;middle&#8221; scene_position=&#8221;center&#8221; text_color=&#8221;dark&#8221; text_align=&#8221;left&#8221; top_padding=&#8221;80&#8243; bottom_padding=&#8221;80&#8243; overlay_strength=&#8221;0.3&#8243; shape_divider_position=&#8221;bottom&#8221; shape_type=&#8221;&#8221;][vc_column enable_animation=&#8221;true&#8221; animation=&#8221;fade-in-from-bottom&#8221; centered_text=&#8221;true&#8221; column_padding=&#8221;no-extra-padding&#8221; column_padding_position=&#8221;all&#8221; background_color_opacity=&#8221;1&#8243; background_hover_color_opacity=&#8221;1&#8243; column_shadow=&#8221;none&#8221; column_border_radius=&#8221;none&#8221; width=&#8221;1\/1&#8243; tablet_text_alignment=&#8221;default&#8221; phone_text_alignment=&#8221;default&#8221; column_border_width=&#8221;none&#8221; column_border_style=&#8221;solid&#8221;][vc_column_text]Saber-fazer AS NOSSAS REALIZA\u00c7\u00d5ES [\/vc_column_text][\/vc_column][\/vc_row][vc_row type=&#8221;in_container&#8221;...\" \/>\n<meta property=\"og:url\" content=\"https:\/\/www.denhandwierker.lu\/pt-pt\/realizacoes\/\" \/>\n<meta property=\"og:site_name\" content=\"DEN MOBILEN HANDWIERKER\" \/>\n<meta property=\"article:modified_time\" content=\"2024-11-09T12:36:58+00:00\" \/>\n<meta name=\"twitter:card\" content=\"summary_large_image\" \/>\n<meta name=\"twitter:label1\" content=\"Tempo estimado de leitura\" \/>\n\t<meta name=\"twitter:data1\" content=\"1 minuto\" \/>\n<script type=\"application\/ld+json\" class=\"yoast-schema-graph\">{\"@context\":\"https:\/\/schema.org\",\"@graph\":[{\"@type\":\"WebPage\",\"@id\":\"https:\/\/www.denhandwierker.lu\/pt-pt\/realizacoes\/\",\"url\":\"https:\/\/www.denhandwierker.lu\/pt-pt\/realizacoes\/\",\"name\":\"Realiza\u00e7\u00f5es - DEN MOBILEN HANDWIERKER\",\"isPartOf\":{\"@id\":\"https:\/\/www.denhandwierker.lu\/pt-pt\/#website\"},\"datePublished\":\"2018-01-29T10:53:10+00:00\",\"dateModified\":\"2024-11-09T12:36:58+00:00\",\"breadcrumb\":{\"@id\":\"https:\/\/www.denhandwierker.lu\/pt-pt\/realizacoes\/#breadcrumb\"},\"inLanguage\":\"pt-PT\",\"potentialAction\":[{\"@type\":\"ReadAction\",\"target\":[\"https:\/\/www.denhandwierker.lu\/pt-pt\/realizacoes\/\"]}]},{\"@type\":\"BreadcrumbList\",\"@id\":\"https:\/\/www.denhandwierker.lu\/pt-pt\/realizacoes\/#breadcrumb\",\"itemListElement\":[{\"@type\":\"ListItem\",\"position\":1,\"name\":\"Accueil\",\"item\":\"https:\/\/www.denhandwierker.lu\/pt-pt\/o-teu-telemovel\/\"},{\"@type\":\"ListItem\",\"position\":2,\"name\":\"Realiza\u00e7\u00f5es\"}]},{\"@type\":\"WebSite\",\"@id\":\"https:\/\/www.denhandwierker.lu\/pt-pt\/#website\",\"url\":\"https:\/\/www.denhandwierker.lu\/pt-pt\/\",\"name\":\"DEN MOBILEN HANDWIERKER\",\"description\":\"Tous travaux en menuiserie, serrurerie et construction m\u00e9tallique \u00e0 Kehlen\",\"potentialAction\":[{\"@type\":\"SearchAction\",\"target\":{\"@type\":\"EntryPoint\",\"urlTemplate\":\"https:\/\/www.denhandwierker.lu\/pt-pt\/?s={search_term_string}\"},\"query-input\":{\"@type\":\"PropertyValueSpecification\",\"valueRequired\":true,\"valueName\":\"search_term_string\"}}],\"inLanguage\":\"pt-PT\"}]}<\/script>\n<!-- \/ Yoast SEO plugin. -->","yoast_head_json":{"title":"Realiza\u00e7\u00f5es - DEN MOBILEN HANDWIERKER","robots":{"index":"index","follow":"follow","max-snippet":"max-snippet:-1","max-image-preview":"max-image-preview:large","max-video-preview":"max-video-preview:-1"},"canonical":"https:\/\/www.denhandwierker.lu\/pt-pt\/realizacoes\/","og_locale":"pt_PT","og_type":"article","og_title":"Realiza\u00e7\u00f5es - DEN MOBILEN HANDWIERKER","og_description":"[vc_row type=&#8221;in_container&#8221; full_screen_row_position=&#8221;middle&#8221; scene_position=&#8221;center&#8221; text_color=&#8221;dark&#8221; text_align=&#8221;left&#8221; top_padding=&#8221;80&#8243; bottom_padding=&#8221;80&#8243; overlay_strength=&#8221;0.3&#8243; shape_divider_position=&#8221;bottom&#8221; shape_type=&#8221;&#8221;][vc_column enable_animation=&#8221;true&#8221; animation=&#8221;fade-in-from-bottom&#8221; centered_text=&#8221;true&#8221; column_padding=&#8221;no-extra-padding&#8221; column_padding_position=&#8221;all&#8221; background_color_opacity=&#8221;1&#8243; background_hover_color_opacity=&#8221;1&#8243; column_shadow=&#8221;none&#8221; column_border_radius=&#8221;none&#8221; width=&#8221;1\/1&#8243; tablet_text_alignment=&#8221;default&#8221; phone_text_alignment=&#8221;default&#8221; column_border_width=&#8221;none&#8221; column_border_style=&#8221;solid&#8221;][vc_column_text]Saber-fazer AS NOSSAS REALIZA\u00c7\u00d5ES [\/vc_column_text][\/vc_column][\/vc_row][vc_row type=&#8221;in_container&#8221;...","og_url":"https:\/\/www.denhandwierker.lu\/pt-pt\/realizacoes\/","og_site_name":"DEN MOBILEN HANDWIERKER","article_modified_time":"2024-11-09T12:36:58+00:00","twitter_card":"summary_large_image","twitter_misc":{"Tempo estimado de leitura":"1 minuto"},"schema":{"@context":"https:\/\/schema.org","@graph":[{"@type":"WebPage","@id":"https:\/\/www.denhandwierker.lu\/pt-pt\/realizacoes\/","url":"https:\/\/www.denhandwierker.lu\/pt-pt\/realizacoes\/","name":"Realiza\u00e7\u00f5es - DEN MOBILEN HANDWIERKER","isPartOf":{"@id":"https:\/\/www.denhandwierker.lu\/pt-pt\/#website"},"datePublished":"2018-01-29T10:53:10+00:00","dateModified":"2024-11-09T12:36:58+00:00","breadcrumb":{"@id":"https:\/\/www.denhandwierker.lu\/pt-pt\/realizacoes\/#breadcrumb"},"inLanguage":"pt-PT","potentialAction":[{"@type":"ReadAction","target":["https:\/\/www.denhandwierker.lu\/pt-pt\/realizacoes\/"]}]},{"@type":"BreadcrumbList","@id":"https:\/\/www.denhandwierker.lu\/pt-pt\/realizacoes\/#breadcrumb","itemListElement":[{"@type":"ListItem","position":1,"name":"Accueil","item":"https:\/\/www.denhandwierker.lu\/pt-pt\/o-teu-telemovel\/"},{"@type":"ListItem","position":2,"name":"Realiza\u00e7\u00f5es"}]},{"@type":"WebSite","@id":"https:\/\/www.denhandwierker.lu\/pt-pt\/#website","url":"https:\/\/www.denhandwierker.lu\/pt-pt\/","name":"DEN MOBILEN HANDWIERKER","description":"Tous travaux en menuiserie, serrurerie et construction m\u00e9tallique \u00e0 Kehlen","potentialAction":[{"@type":"SearchAction","target":{"@type":"EntryPoint","urlTemplate":"https:\/\/www.denhandwierker.lu\/pt-pt\/?s={search_term_string}"},"query-input":{"@type":"PropertyValueSpecification","valueRequired":true,"valueName":"search_term_string"}}],"inLanguage":"pt-PT"}]}},"_links":{"self":[{"href":"https:\/\/www.denhandwierker.lu\/pt-pt\/wp-json\/wp\/v2\/pages\/1848","targetHints":{"allow":["GET"]}}],"collection":[{"href":"https:\/\/www.denhandwierker.lu\/pt-pt\/wp-json\/wp\/v2\/pages"}],"about":[{"href":"https:\/\/www.denhandwierker.lu\/pt-pt\/wp-json\/wp\/v2\/types\/page"}],"author":[{"embeddable":true,"href":"https:\/\/www.denhandwierker.lu\/pt-pt\/wp-json\/wp\/v2\/users\/8"}],"replies":[{"embeddable":true,"href":"https:\/\/www.denhandwierker.lu\/pt-pt\/wp-json\/wp\/v2\/comments?post=1848"}],"version-history":[{"count":2,"href":"https:\/\/www.denhandwierker.lu\/pt-pt\/wp-json\/wp\/v2\/pages\/1848\/revisions"}],"predecessor-version":[{"id":1861,"href":"https:\/\/www.denhandwierker.lu\/pt-pt\/wp-json\/wp\/v2\/pages\/1848\/revisions\/1861"}],"wp:attachment":[{"href":"https:\/\/www.denhandwierker.lu\/pt-pt\/wp-json\/wp\/v2\/media?parent=1848"}],"curies":[{"name":"wp","href":"https:\/\/api.w.org\/{rel}","templated":true}]}}